{"id":56944,"date":"2019-03-06T08:23:20","date_gmt":"2019-03-06T08:23:20","guid":{"rendered":"https:\/\/demosites.io\/shop\/?page_id=5"},"modified":"2025-03-10T16:57:59","modified_gmt":"2025-03-10T16:57:59","slug":"home-3","status":"publish","type":"page","link":"https:\/\/ifoffice.pt\/","title":{"rendered":"Home"},"content":{"rendered":"\t\t<div data-elementor-type=\"wp-post\" data-elementor-id=\"56944\" class=\"elementor elementor-56944\">\n\t\t\t\t\t\t<section class=\"elementor-section elementor-top-section elementor-element elementor-element-f530edb elementor-section-boxed elementor-section-height-default elementor-section-height-default wpr-particle-no wpr-jarallax-no wpr-parallax-no wpr-sticky-section-no wpr-equal-height-no\" data-id=\"f530edb\" data-element_type=\"section\" data-e-type=\"section\">\n\t\t\t\t\t\t<div class=\"elementor-container elementor-column-gap-default\">\n\t\t\t\t\t<div class=\"elementor-column elementor-col-100 elementor-top-column elementor-element elementor-element-f54e746\" data-id=\"f54e746\" data-element_type=\"column\" data-e-type=\"column\">\n\t\t\t<div class=\"elementor-widget-wrap elementor-element-populated\">\n\t\t\t\t\t\t\t<\/div>\n\t\t<\/div>\n\t\t\t\t\t<\/div>\n\t\t<\/section>\n\t\t\t\t<section class=\"elementor-section elementor-top-section elementor-element elementor-element-6fb86c2 animated-slow elementor-hidden-tablet elementor-hidden-phone elementor-section-boxed elementor-section-height-default elementor-section-height-default wpr-particle-no wpr-jarallax-no wpr-parallax-no wpr-sticky-section-no wpr-equal-height-no elementor-invisible\" data-id=\"6fb86c2\" data-element_type=\"section\" data-e-type=\"section\" data-settings=\"{&quot;background_background&quot;:&quot;classic&quot;,&quot;animation&quot;:&quot;fadeIn&quot;}\">\n\t\t\t\t\t\t<div class=\"elementor-container elementor-column-gap-default\">\n\t\t\t\t\t<div class=\"elementor-column elementor-col-33 elementor-top-column elementor-element elementor-element-8dbcff1\" data-id=\"8dbcff1\" data-element_type=\"column\" data-e-type=\"column\">\n\t\t\t<div class=\"elementor-widget-wrap elementor-element-populated\">\n\t\t\t\t\t\t<div class=\"elementor-element elementor-element-b67f106 elementor-widget elementor-widget-wl-store-feature\" data-id=\"b67f106\" data-element_type=\"widget\" data-e-type=\"widget\" data-widget_type=\"wl-store-feature.default\">\n\t\t\t\t<div class=\"elementor-widget-container\">\n\t\t\t\t\t            <div class=\"ht-feature-wrap ht-feature-style-2\" >\n                <div class=\"ht-feature-inner\">\n                    <div class=\"ht-feature-img\"><i aria-hidden=\"true\" class=\"fas fa-shipping-fast\"><\/i><\/div>                    <div class=\"ht-feature-content\">\n                        <h4>Portes de Envio Gratuitos<\/h4><p>em compras superiores a 75\u20ac +iva<\/p>                    <\/div>\n                <\/div>\n            <\/div>\n        \t\t\t\t<\/div>\n\t\t\t\t<\/div>\n\t\t\t\t\t<\/div>\n\t\t<\/div>\n\t\t\t\t<div class=\"elementor-column elementor-col-33 elementor-top-column elementor-element elementor-element-7f67cf3\" data-id=\"7f67cf3\" data-element_type=\"column\" data-e-type=\"column\">\n\t\t\t<div class=\"elementor-widget-wrap elementor-element-populated\">\n\t\t\t\t\t\t<div class=\"elementor-element elementor-element-1902d13 elementor-widget elementor-widget-wl-store-feature\" data-id=\"1902d13\" data-element_type=\"widget\" data-e-type=\"widget\" data-widget_type=\"wl-store-feature.default\">\n\t\t\t\t<div class=\"elementor-widget-container\">\n\t\t\t\t\t            <div class=\"ht-feature-wrap ht-feature-style-2\" >\n                <div class=\"ht-feature-inner\">\n                    <div class=\"ht-feature-img\"><i aria-hidden=\"true\" class=\"fas fa-euro-sign\"><\/i><\/div>                    <div class=\"ht-feature-content\">\n                        <h4>PAGAMENTO SEGURO<\/h4><p>pagamentos online em seguran\u00e7a, sem riscos<\/p>                    <\/div>\n                <\/div>\n            <\/div>\n        \t\t\t\t<\/div>\n\t\t\t\t<\/div>\n\t\t\t\t\t<\/div>\n\t\t<\/div>\n\t\t\t\t<div class=\"elementor-column elementor-col-33 elementor-top-column elementor-element elementor-element-fcf87a1\" data-id=\"fcf87a1\" data-element_type=\"column\" data-e-type=\"column\">\n\t\t\t<div class=\"elementor-widget-wrap elementor-element-populated\">\n\t\t\t\t\t\t<div class=\"elementor-element elementor-element-46382d4 elementor-widget elementor-widget-wl-store-feature\" data-id=\"46382d4\" data-element_type=\"widget\" data-e-type=\"widget\" data-widget_type=\"wl-store-feature.default\">\n\t\t\t\t<div class=\"elementor-widget-container\">\n\t\t\t\t\t            <div class=\"ht-feature-wrap ht-feature-style-2\" >\n                <div class=\"ht-feature-inner\">\n                    <div class=\"ht-feature-img\"><i aria-hidden=\"true\" class=\"far fa-credit-card\"><\/i><\/div>                    <div class=\"ht-feature-content\">\n                        <h4>FORMAS DE PAGAMENTO<\/h4><p>MultiBanco | Transfer\u00eancia Banc\u00e1ria | PayPal<\/p>                    <\/div>\n                <\/div>\n            <\/div>\n        \t\t\t\t<\/div>\n\t\t\t\t<\/div>\n\t\t\t\t\t<\/div>\n\t\t<\/div>\n\t\t\t\t\t<\/div>\n\t\t<\/section>\n\t\t\t\t<section class=\"elementor-section elementor-top-section elementor-element elementor-element-d52ab87 elementor-section-full_width elementor-hidden-phone elementor-section-height-default elementor-section-height-default wpr-particle-no wpr-jarallax-no wpr-parallax-no wpr-sticky-section-no wpr-equal-height-no elementor-invisible\" data-id=\"d52ab87\" data-element_type=\"section\" data-e-type=\"section\" data-settings=\"{&quot;animation&quot;:&quot;fadeIn&quot;}\">\n\t\t\t\t\t\t<div class=\"elementor-container elementor-column-gap-default\">\n\t\t\t\t\t<div class=\"elementor-column elementor-col-25 elementor-top-column elementor-element elementor-element-c3e3cd6\" data-id=\"c3e3cd6\" data-element_type=\"column\" data-e-type=\"column\">\n\t\t\t<div class=\"elementor-widget-wrap\">\n\t\t\t\t\t\t\t<\/div>\n\t\t<\/div>\n\t\t\t\t<div class=\"elementor-column elementor-col-25 elementor-top-column elementor-element elementor-element-d2fddf8\" data-id=\"d2fddf8\" data-element_type=\"column\" data-e-type=\"column\" data-settings=\"{&quot;background_background&quot;:&quot;classic&quot;}\">\n\t\t\t<div class=\"elementor-widget-wrap elementor-element-populated\">\n\t\t\t\t\t<div class=\"elementor-background-overlay\"><\/div>\n\t\t\t\t\t\t<div class=\"elementor-element elementor-element-a6781d6 elementor-widget elementor-widget-heading\" data-id=\"a6781d6\" data-element_type=\"widget\" data-e-type=\"widget\" data-widget_type=\"heading.default\">\n\t\t\t\t<div class=\"elementor-widget-container\">\n\t\t\t\t\t<h2 class=\"elementor-heading-title elementor-size-default\"><a href=\"https:\/\/ifoffice.pt\/?product_cat=promocoes\">Destaques<br> do<br> M\u00eas<\/a><\/h2>\t\t\t\t<\/div>\n\t\t\t\t<\/div>\n\t\t\t\t\t<\/div>\n\t\t<\/div>\n\t\t\t\t<div class=\"elementor-column elementor-col-25 elementor-top-column elementor-element elementor-element-23187ea\" data-id=\"23187ea\" data-element_type=\"column\" data-e-type=\"column\">\n\t\t\t<div class=\"elementor-widget-wrap elementor-element-populated\">\n\t\t\t\t\t\t<div class=\"elementor-element elementor-element-7923b1f elementor-widget elementor-widget-woolentor-product-tab\" data-id=\"7923b1f\" data-element_type=\"widget\" data-e-type=\"widget\" data-widget_type=\"woolentor-product-tab.default\">\n\t\t\t\t<div class=\"elementor-widget-container\">\n\t\t\t\t\t          \n        <div class=\"product-style\">\n\n            \n                            <div class=\"ht-row\">\n                    <div id=\"product-slider-69f53797e5c45\" dir=\"ltr\" class=\"product-slider\" style='display:none' data-settings='{\"arrows\":true,\"dots\":false,\"autoplay\":true,\"autoplay_speed\":3000,\"animation_speed\":400,\"pause_on_hover\":true,\"rtl\":false,\"product_items\":4,\"scroll_columns\":2,\"tablet_width\":750,\"tablet_display_columns\":2,\"tablet_scroll_columns\":2,\"mobile_width\":480,\"mobile_display_columns\":1,\"mobile_scroll_columns\":1}'>\n                        <div class=\"slide-item ht-col-xs-12\">\n                            \n                                <div class=\"product-item mb-30 \">\n\n                                    <div class=\"product-inner\">\n                                        <div class=\"image-wrap\">\n                                            <a href=\"https:\/\/ifoffice.pt\/?product=cadeira-q-connect-gaming-orvieto\" class=\"image\">\n                                                <img fetchpriority=\"high\" decoding=\"async\" width=\"300\" height=\"229\" src=\"https:\/\/ifoffice.pt\/wp-content\/uploads\/2025\/04\/171700g-300x229.webp\" class=\"attachment-woocommerce_thumbnail size-woocommerce_thumbnail\" alt=\"Cadeira q-connect gaming orvieto imitacao de pele base metalica alt max 1200 larg 650 prof 650 mm rodas premium cor pret\" srcset=\"https:\/\/ifoffice.pt\/wp-content\/uploads\/2025\/04\/171700g-300x229.webp 300w, https:\/\/ifoffice.pt\/wp-content\/uploads\/2025\/04\/171700g-768x585.webp 768w, https:\/\/ifoffice.pt\/wp-content\/uploads\/2025\/04\/171700g-600x457.webp 600w, https:\/\/ifoffice.pt\/wp-content\/uploads\/2025\/04\/171700g-64x49.webp 64w, https:\/\/ifoffice.pt\/wp-content\/uploads\/2025\/04\/171700g.webp 1000w\" sizes=\"(max-width: 300px) 100vw, 300px\" \/>                                            <\/a>\n                                                                                                                                        <div class=\"actions style_two\">\n                                                    <a href=\"\/index.php?rest_route=%2Fwp%2Fv2%2Fpages%2F56944&#038;add-to-cart=135124\" aria-describedby=\"woocommerce_loop_add_to_cart_link_describedby_135124\" data-quantity=\"1\" class=\"button product_type_simple add_to_cart_button ajax_add_to_cart\" data-product_id=\"135124\" data-product_sku=\"171700\" aria-label=\"Adiciona ao carrinho: &ldquo;Cadeira q-connect gaming orvieto imitacao de pele base metalica alt max 1200 larg 650 prof 650 mm rodas premium cor pret&rdquo;\" rel=\"nofollow\" data-success_message=\"&ldquo;Cadeira q-connect gaming orvieto imitacao de pele base metalica alt max 1200 larg 650 prof 650 mm rodas premium cor pret&rdquo; foi adicionado ao seu carrinho\" role=\"button\">Adicionar<\/a>\t<span id=\"woocommerce_loop_add_to_cart_link_describedby_135124\" class=\"screen-reader-text\">\n\t\t\t<\/span>\n<div class=\"tooltip_no wishlist button-default yith-wcwl-add-to-wishlist add-to-wishlist-135124\"><div class=\"yith-wcwl-add-button show\"><a href=\"https:\/\/ifoffice.pt\/?page_id=121&#038;wishlist-action\" data-product-id=\"135124\" data-product-type=\"simple\" class=\"add_to_wishlist\" aria-label=\"Wishlist\" rel=\"nofollow\"><i class=\"fa fa-heart-o\"><\/i><span class=\"ht-product-action-tooltip\">Adicionar \u00e0 lista de Desejos<\/span><\/a><i class=\"fa fa-spinner fa-pulse ajax-loading\" style=\"visibility:hidden\"><\/i><\/div><div class=\"yith-wcwl-wishlistaddedbrowse hide\" style=\"display:none;\"><a class=\"\" href=\"https:\/\/ifoffice.pt\/?page_id=121&#038;wishlist-action\" aria-label=\"Wishlist\" rel=\"nofollow\"><i class=\"fa fa-heart\"><\/i><span class=\"ht-product-action-tooltip\">Veja a sua lista de favoritos<\/span><\/a><\/div><div class=\"yith-wcwl-wishlistexistsbrowse hide\" style=\"display:none\"><a href=\"https:\/\/ifoffice.pt\/?page_id=121&#038;wishlist-action\" class=\"\" aria-label=\"Wishlist\" rel=\"nofollow\"><i class=\"fa fa-heart\"><\/i><span class=\"ht-product-action-tooltip\">Produto adicionado!<\/span><\/a><\/div><\/div>                                                <\/div>\n                                            \n                                            \n                                        <\/div>\n                                        \n                                        <div class=\"content\">\n                                            <h4 class=\"title\"><a href=\"https:\/\/ifoffice.pt\/?product=cadeira-q-connect-gaming-orvieto\">Cadeira q-connect gaming orvieto imitacao de pele base metalica alt max 1200 larg 650 prof 650 mm rodas premium cor pret<\/a><\/h4>\n                                            \n\t<span class=\"price\"><span class=\"woocommerce-Price-amount amount\"><bdi><span class=\"woocommerce-Price-currencySymbol\">&euro;<\/span>226.90<\/bdi><\/span> <small class=\"woocommerce-price-suffix\">IVA inc.<\/small><\/span>\n                                                                                    <\/div>\n                                    <\/div>\n\n                                <\/div>\n\n                           \n                                <div class=\"product-item  \">\n\n                                    <div class=\"product-inner\">\n                                        <div class=\"image-wrap\">\n                                            <a href=\"https:\/\/ifoffice.pt\/?product=comando-power-a-sem-fios-enhanced-para-nintendo-switch-fortnite\" class=\"image\">\n                                                \n\t\n\t<img decoding=\"async\" width=\"300\" height=\"229\" src=\"https:\/\/ifoffice.pt\/wp-content\/uploads\/2024\/06\/171200g-300x229.webp\" class=\"attachment-woocommerce_thumbnail size-woocommerce_thumbnail\" alt=\"Comando power a sem fios enhanced para nintendo switch fortnite\" srcset=\"https:\/\/ifoffice.pt\/wp-content\/uploads\/2024\/06\/171200g-300x229.webp 300w, https:\/\/ifoffice.pt\/wp-content\/uploads\/2024\/06\/171200g-768x585.webp 768w, https:\/\/ifoffice.pt\/wp-content\/uploads\/2024\/06\/171200g-600x457.webp 600w, https:\/\/ifoffice.pt\/wp-content\/uploads\/2024\/06\/171200g-64x49.webp 64w, https:\/\/ifoffice.pt\/wp-content\/uploads\/2024\/06\/171200g.webp 1000w\" sizes=\"(max-width: 300px) 100vw, 300px\" \/>                                            <\/a>\n                                                                                                                                        <div class=\"actions style_two\">\n                                                    <a href=\"\/index.php?rest_route=%2Fwp%2Fv2%2Fpages%2F56944&#038;add-to-cart=133436\" aria-describedby=\"woocommerce_loop_add_to_cart_link_describedby_133436\" data-quantity=\"1\" class=\"button product_type_simple add_to_cart_button ajax_add_to_cart\" data-product_id=\"133436\" data-product_sku=\"171200\" aria-label=\"Adiciona ao carrinho: &ldquo;Comando power a sem fios enhanced para nintendo switch fortnite&rdquo;\" rel=\"nofollow\" data-success_message=\"&ldquo;Comando power a sem fios enhanced para nintendo switch fortnite&rdquo; foi adicionado ao seu carrinho\" role=\"button\">Adicionar<\/a>\t<span id=\"woocommerce_loop_add_to_cart_link_describedby_133436\" class=\"screen-reader-text\">\n\t\t\t<\/span>\n<div class=\"tooltip_no wishlist button-default yith-wcwl-add-to-wishlist add-to-wishlist-133436\"><div class=\"yith-wcwl-add-button show\"><a href=\"https:\/\/ifoffice.pt\/?page_id=121&#038;wishlist-action\" data-product-id=\"133436\" data-product-type=\"simple\" class=\"add_to_wishlist\" aria-label=\"Wishlist\" rel=\"nofollow\"><i class=\"fa fa-heart-o\"><\/i><span class=\"ht-product-action-tooltip\">Adicionar \u00e0 lista de Desejos<\/span><\/a><i class=\"fa fa-spinner fa-pulse ajax-loading\" style=\"visibility:hidden\"><\/i><\/div><div class=\"yith-wcwl-wishlistaddedbrowse hide\" style=\"display:none;\"><a class=\"\" href=\"https:\/\/ifoffice.pt\/?page_id=121&#038;wishlist-action\" aria-label=\"Wishlist\" rel=\"nofollow\"><i class=\"fa fa-heart\"><\/i><span class=\"ht-product-action-tooltip\">Veja a sua lista de favoritos<\/span><\/a><\/div><div class=\"yith-wcwl-wishlistexistsbrowse hide\" style=\"display:none\"><a href=\"https:\/\/ifoffice.pt\/?page_id=121&#038;wishlist-action\" class=\"\" aria-label=\"Wishlist\" rel=\"nofollow\"><i class=\"fa fa-heart\"><\/i><span class=\"ht-product-action-tooltip\">Produto adicionado!<\/span><\/a><\/div><\/div>                                                <\/div>\n                                            \n                                            \n                                        <\/div>\n                                        \n                                        <div class=\"content\">\n                                            <h4 class=\"title\"><a href=\"https:\/\/ifoffice.pt\/?product=comando-power-a-sem-fios-enhanced-para-nintendo-switch-fortnite\">Comando power a sem fios enhanced para nintendo switch fortnite<\/a><\/h4>\n                                            \n\t<span class=\"price\"><del aria-hidden=\"true\"><span class=\"woocommerce-Price-amount amount\"><bdi><span class=\"woocommerce-Price-currencySymbol\">&euro;<\/span>108.50<\/bdi><\/span><\/del> <span class=\"screen-reader-text\">O pre\u00e7o original era: &euro;108.50.<\/span><ins aria-hidden=\"true\"><span class=\"woocommerce-Price-amount amount\"><bdi><span class=\"woocommerce-Price-currencySymbol\">&euro;<\/span>83.30<\/bdi><\/span><\/ins><span class=\"screen-reader-text\">O pre\u00e7o atual \u00e9: &euro;83.30.<\/span> <small class=\"woocommerce-price-suffix\">IVA inc.<\/small><\/span>\n                                                                                    <\/div>\n                                    <\/div>\n\n                                <\/div>\n\n                                                       <\/div>\n                            <div class=\"slide-item ht-col-xs-12\">\n                                \n                                <div class=\"product-item mb-30 \">\n\n                                    <div class=\"product-inner\">\n                                        <div class=\"image-wrap\">\n                                            <a href=\"https:\/\/ifoffice.pt\/?product=caderno-espiral-liderpapel-din-a5-smart-capa-suave-80-f-60gr-pautado-7mm-dupla-margem-6-furos-cores-sortidas\" class=\"image\">\n                                                <img decoding=\"async\" width=\"300\" height=\"229\" src=\"https:\/\/ifoffice.pt\/wp-content\/uploads\/2023\/03\/08192g-300x229.jpg\" class=\"attachment-woocommerce_thumbnail size-woocommerce_thumbnail\" alt=\"Caderno espiral liderpapel A5 smart capa suave - Pautado\" srcset=\"https:\/\/ifoffice.pt\/wp-content\/uploads\/2023\/03\/08192g-300x229.jpg 300w, https:\/\/ifoffice.pt\/wp-content\/uploads\/2023\/03\/08192g-64x49.jpg 64w, https:\/\/ifoffice.pt\/wp-content\/uploads\/2023\/03\/08192g.jpg 420w\" sizes=\"(max-width: 300px) 100vw, 300px\" \/>                                            <\/a>\n                                                                                                                                        <div class=\"actions style_two\">\n                                                    <a href=\"\/index.php?rest_route=%2Fwp%2Fv2%2Fpages%2F56944&#038;add-to-cart=107137\" aria-describedby=\"woocommerce_loop_add_to_cart_link_describedby_107137\" data-quantity=\"1\" class=\"button product_type_simple add_to_cart_button ajax_add_to_cart\" data-product_id=\"107137\" data-product_sku=\"8192\" aria-label=\"Adiciona ao carrinho: &ldquo;Caderno espiral liderpapel A5 smart capa suave - Pautado&rdquo;\" rel=\"nofollow\" data-success_message=\"&ldquo;Caderno espiral liderpapel A5 smart capa suave - Pautado&rdquo; foi adicionado ao seu carrinho\" role=\"button\">Adicionar<\/a>\t<span id=\"woocommerce_loop_add_to_cart_link_describedby_107137\" class=\"screen-reader-text\">\n\t\t\t<\/span>\n<div class=\"tooltip_no wishlist button-default yith-wcwl-add-to-wishlist add-to-wishlist-107137\"><div class=\"yith-wcwl-add-button show\"><a href=\"https:\/\/ifoffice.pt\/?page_id=121&#038;wishlist-action\" data-product-id=\"107137\" data-product-type=\"simple\" class=\"add_to_wishlist\" aria-label=\"Wishlist\" rel=\"nofollow\"><i class=\"fa fa-heart-o\"><\/i><span class=\"ht-product-action-tooltip\">Adicionar \u00e0 lista de Desejos<\/span><\/a><i class=\"fa fa-spinner fa-pulse ajax-loading\" style=\"visibility:hidden\"><\/i><\/div><div class=\"yith-wcwl-wishlistaddedbrowse hide\" style=\"display:none;\"><a class=\"\" href=\"https:\/\/ifoffice.pt\/?page_id=121&#038;wishlist-action\" aria-label=\"Wishlist\" rel=\"nofollow\"><i class=\"fa fa-heart\"><\/i><span class=\"ht-product-action-tooltip\">Veja a sua lista de favoritos<\/span><\/a><\/div><div class=\"yith-wcwl-wishlistexistsbrowse hide\" style=\"display:none\"><a href=\"https:\/\/ifoffice.pt\/?page_id=121&#038;wishlist-action\" class=\"\" aria-label=\"Wishlist\" rel=\"nofollow\"><i class=\"fa fa-heart\"><\/i><span class=\"ht-product-action-tooltip\">Produto adicionado!<\/span><\/a><\/div><\/div>                                                <\/div>\n                                            \n                                            \n                                        <\/div>\n                                        \n                                        <div class=\"content\">\n                                            <h4 class=\"title\"><a href=\"https:\/\/ifoffice.pt\/?product=caderno-espiral-liderpapel-din-a5-smart-capa-suave-80-f-60gr-pautado-7mm-dupla-margem-6-furos-cores-sortidas\">Caderno espiral liderpapel A5 smart capa suave &#8211; Pautado<\/a><\/h4>\n                                            \n\t<span class=\"price\"><span class=\"woocommerce-Price-amount amount\"><bdi><span class=\"woocommerce-Price-currencySymbol\">&euro;<\/span>1.08<\/bdi><\/span> <small class=\"woocommerce-price-suffix\">IVA inc.<\/small><\/span>\n                                                                                    <\/div>\n                                    <\/div>\n\n                                <\/div>\n\n                           \n                                <div class=\"product-item  \">\n\n                                    <div class=\"product-inner\">\n                                        <div class=\"image-wrap\">\n                                            <a href=\"https:\/\/ifoffice.pt\/?product=cola-universal-bisnaga-35ml-safel\" class=\"image\">\n                                                <img loading=\"lazy\" decoding=\"async\" width=\"300\" height=\"229\" src=\"https:\/\/ifoffice.pt\/wp-content\/uploads\/2024\/02\/safel_cola_universal_bisnaga-1-300x229.webp\" class=\"attachment-woocommerce_thumbnail size-woocommerce_thumbnail\" alt=\"Cola Universal Bisnaga 35ml Safel\" \/>                                            <\/a>\n                                                                                                                                        <div class=\"actions style_two\">\n                                                    <a href=\"\/index.php?rest_route=%2Fwp%2Fv2%2Fpages%2F56944&#038;add-to-cart=133245\" aria-describedby=\"woocommerce_loop_add_to_cart_link_describedby_133245\" data-quantity=\"1\" class=\"button product_type_simple add_to_cart_button ajax_add_to_cart\" data-product_id=\"133245\" data-product_sku=\"2910135\" aria-label=\"Adiciona ao carrinho: &ldquo;Cola Universal Bisnaga 35ml Safel&rdquo;\" rel=\"nofollow\" data-success_message=\"&ldquo;Cola Universal Bisnaga 35ml Safel&rdquo; foi adicionado ao seu carrinho\" role=\"button\">Adicionar<\/a>\t<span id=\"woocommerce_loop_add_to_cart_link_describedby_133245\" class=\"screen-reader-text\">\n\t\t\t<\/span>\n<div class=\"tooltip_no wishlist button-default yith-wcwl-add-to-wishlist add-to-wishlist-133245\"><div class=\"yith-wcwl-add-button show\"><a href=\"https:\/\/ifoffice.pt\/?page_id=121&#038;wishlist-action\" data-product-id=\"133245\" data-product-type=\"simple\" class=\"add_to_wishlist\" aria-label=\"Wishlist\" rel=\"nofollow\"><i class=\"fa fa-heart-o\"><\/i><span class=\"ht-product-action-tooltip\">Adicionar \u00e0 lista de Desejos<\/span><\/a><i class=\"fa fa-spinner fa-pulse ajax-loading\" style=\"visibility:hidden\"><\/i><\/div><div class=\"yith-wcwl-wishlistaddedbrowse hide\" style=\"display:none;\"><a class=\"\" href=\"https:\/\/ifoffice.pt\/?page_id=121&#038;wishlist-action\" aria-label=\"Wishlist\" rel=\"nofollow\"><i class=\"fa fa-heart\"><\/i><span class=\"ht-product-action-tooltip\">Veja a sua lista de favoritos<\/span><\/a><\/div><div class=\"yith-wcwl-wishlistexistsbrowse hide\" style=\"display:none\"><a href=\"https:\/\/ifoffice.pt\/?page_id=121&#038;wishlist-action\" class=\"\" aria-label=\"Wishlist\" rel=\"nofollow\"><i class=\"fa fa-heart\"><\/i><span class=\"ht-product-action-tooltip\">Produto adicionado!<\/span><\/a><\/div><\/div>                                                <\/div>\n                                            \n                                            \n                                        <\/div>\n                                        \n                                        <div class=\"content\">\n                                            <h4 class=\"title\"><a href=\"https:\/\/ifoffice.pt\/?product=cola-universal-bisnaga-35ml-safel\">Cola Universal Bisnaga 35ml Safel<\/a><\/h4>\n                                            \n\t<span class=\"price\"><span class=\"woocommerce-Price-amount amount\"><bdi><span class=\"woocommerce-Price-currencySymbol\">&euro;<\/span>1.29<\/bdi><\/span> <small class=\"woocommerce-price-suffix\">IVA inc.<\/small><\/span>\n                                                                                    <\/div>\n                                    <\/div>\n\n                                <\/div>\n\n                                                       <\/div>\n                            <div class=\"slide-item ht-col-xs-12\">\n                                \n                                <div class=\"product-item mb-30 \">\n\n                                    <div class=\"product-inner\">\n                                        <div class=\"image-wrap\">\n                                            <a href=\"https:\/\/ifoffice.pt\/?product=papel-higienico-jumbo-2-folhas-12-rolos-de-100m\" class=\"image\">\n                                                <div class='container-image-and-badge  '><img loading=\"lazy\" decoding=\"async\" width=\"300\" height=\"229\" src=\"https:\/\/ifoffice.pt\/wp-content\/uploads\/2021\/04\/9000416-300x229.png\" class=\"attachment-woocommerce_thumbnail size-woocommerce_thumbnail\" alt=\"Papel higi\u00e9nico jumbo 2 folhas. 12 rolos\" srcset=\"https:\/\/ifoffice.pt\/wp-content\/uploads\/2021\/04\/9000416-300x229.png 300w, https:\/\/ifoffice.pt\/wp-content\/uploads\/2021\/04\/9000416-768x585.png 768w, https:\/\/ifoffice.pt\/wp-content\/uploads\/2021\/04\/9000416-600x457.png 600w, https:\/\/ifoffice.pt\/wp-content\/uploads\/2021\/04\/9000416-64x49.png 64w, https:\/\/ifoffice.pt\/wp-content\/uploads\/2021\/04\/9000416.png 1000w\" sizes=\"(max-width: 300px) 100vw, 300px\" \/>\n<div class='yith-wcbm-badge yith-wcbm-badge-106175 yith-wcbm-badge-text yith-wcbm-badge--on-product-104883 yith-wcbm-badge-text' data-position='{&quot;top&quot;:&quot;0&quot;,&quot;right&quot;:&quot;0&quot;,&quot;bottom&quot;:&quot;auto&quot;,&quot;left&quot;:&quot;auto&quot;}' data-transform=\"\">\n\t<div class='yith-wcbm-badge__wrap'>\n\t\t<div class=\"yith-wcbm-badge-text\"><p style=\"line-height: 16px\"><span style=\"color: #ffffff;font-size: 12pt\"><strong>TOP VENDAS!<\/strong><\/span><\/p><\/div>\n\t<\/div>\n<\/div>\n<!--yith-wcbm-badge-->\n<\/div><!--container-image-and-badge-->                                            <\/a>\n                                                                                                                                        <div class=\"actions style_two\">\n                                                    <a href=\"\/index.php?rest_route=%2Fwp%2Fv2%2Fpages%2F56944&#038;add-to-cart=104883\" aria-describedby=\"woocommerce_loop_add_to_cart_link_describedby_104883\" data-quantity=\"1\" class=\"button product_type_simple add_to_cart_button ajax_add_to_cart\" data-product_id=\"104883\" data-product_sku=\"9000416\" aria-label=\"Adiciona ao carrinho: &ldquo;Papel higi\u00e9nico jumbo 2 folhas. 12 rolos&rdquo;\" rel=\"nofollow\" data-success_message=\"&ldquo;Papel higi\u00e9nico jumbo 2 folhas. 12 rolos&rdquo; foi adicionado ao seu carrinho\" role=\"button\">Adicionar<\/a>\t<span id=\"woocommerce_loop_add_to_cart_link_describedby_104883\" class=\"screen-reader-text\">\n\t\t\t<\/span>\n<div class=\"tooltip_no wishlist button-default yith-wcwl-add-to-wishlist add-to-wishlist-104883\"><div class=\"yith-wcwl-add-button show\"><a href=\"https:\/\/ifoffice.pt\/?page_id=121&#038;wishlist-action\" data-product-id=\"104883\" data-product-type=\"simple\" class=\"add_to_wishlist\" aria-label=\"Wishlist\" rel=\"nofollow\"><i class=\"fa fa-heart-o\"><\/i><span class=\"ht-product-action-tooltip\">Adicionar \u00e0 lista de Desejos<\/span><\/a><i class=\"fa fa-spinner fa-pulse ajax-loading\" style=\"visibility:hidden\"><\/i><\/div><div class=\"yith-wcwl-wishlistaddedbrowse hide\" style=\"display:none;\"><a class=\"\" href=\"https:\/\/ifoffice.pt\/?page_id=121&#038;wishlist-action\" aria-label=\"Wishlist\" rel=\"nofollow\"><i class=\"fa fa-heart\"><\/i><span class=\"ht-product-action-tooltip\">Veja a sua lista de favoritos<\/span><\/a><\/div><div class=\"yith-wcwl-wishlistexistsbrowse hide\" style=\"display:none\"><a href=\"https:\/\/ifoffice.pt\/?page_id=121&#038;wishlist-action\" class=\"\" aria-label=\"Wishlist\" rel=\"nofollow\"><i class=\"fa fa-heart\"><\/i><span class=\"ht-product-action-tooltip\">Produto adicionado!<\/span><\/a><\/div><\/div>                                                <\/div>\n                                            \n                                            \n                                        <\/div>\n                                        \n                                        <div class=\"content\">\n                                            <h4 class=\"title\"><a href=\"https:\/\/ifoffice.pt\/?product=papel-higienico-jumbo-2-folhas-12-rolos-de-100m\">Papel higi\u00e9nico jumbo 2 folhas. 12 rolos<\/a><\/h4>\n                                            \n\t<span class=\"price\"><span class=\"woocommerce-Price-amount amount\"><bdi><span class=\"woocommerce-Price-currencySymbol\">&euro;<\/span>15.38<\/bdi><\/span> <small class=\"woocommerce-price-suffix\">IVA inc.<\/small><\/span>\n                                                                                    <\/div>\n                                    <\/div>\n\n                                <\/div>\n\n                           \n                                <div class=\"product-item  \">\n\n                                    <div class=\"product-inner\">\n                                        <div class=\"image-wrap\">\n                                            <a href=\"https:\/\/ifoffice.pt\/?product=marcador-edding-permanente-300-vermelho-ponta-redonda-15-mm\" class=\"image\">\n                                                \n\t\n\t<div class='container-image-and-badge  '><img loading=\"lazy\" decoding=\"async\" width=\"300\" height=\"229\" src=\"https:\/\/ifoffice.pt\/wp-content\/uploads\/2023\/03\/76498g-300x229.jpg\" class=\"attachment-woocommerce_thumbnail size-woocommerce_thumbnail\" alt=\"Marcador edding permanente 300 vermelho ponta redonda 1,5 mm\" srcset=\"https:\/\/ifoffice.pt\/wp-content\/uploads\/2023\/03\/76498g-300x229.jpg 300w, https:\/\/ifoffice.pt\/wp-content\/uploads\/2023\/03\/76498g-64x49.jpg 64w, https:\/\/ifoffice.pt\/wp-content\/uploads\/2023\/03\/76498g.jpg 420w\" sizes=\"(max-width: 300px) 100vw, 300px\" \/>\n<div class='yith-wcbm-badge yith-wcbm-badge-106036 yith-wcbm-badge-text yith-wcbm-badge--on-product-82917 yith-wcbm-badge-text' data-position='{&quot;top&quot;:&quot;0&quot;,&quot;right&quot;:&quot;0&quot;,&quot;bottom&quot;:&quot;auto&quot;,&quot;left&quot;:&quot;auto&quot;}' data-transform=\"\">\n\t<div class='yith-wcbm-badge__wrap'>\n\t\t<div class=\"yith-wcbm-badge-text\"><p><span style=\"color: #ffffff\"><strong>SUPER PRE\u00c7O!<\/strong><\/span><\/p><\/div>\n\t<\/div>\n<\/div>\n<!--yith-wcbm-badge-->\n<\/div><!--container-image-and-badge-->                                            <\/a>\n                                                                                                                                        <div class=\"actions style_two\">\n                                                    <a href=\"\/index.php?rest_route=%2Fwp%2Fv2%2Fpages%2F56944&#038;add-to-cart=82917\" aria-describedby=\"woocommerce_loop_add_to_cart_link_describedby_82917\" data-quantity=\"1\" class=\"button product_type_simple add_to_cart_button ajax_add_to_cart\" data-product_id=\"82917\" data-product_sku=\"76498\" aria-label=\"Adiciona ao carrinho: &ldquo;Marcador edding permanente 300 vermelho ponta redonda 1,5 mm&rdquo;\" rel=\"nofollow\" data-success_message=\"&ldquo;Marcador edding permanente 300 vermelho ponta redonda 1,5 mm&rdquo; foi adicionado ao seu carrinho\" role=\"button\">Adicionar<\/a>\t<span id=\"woocommerce_loop_add_to_cart_link_describedby_82917\" class=\"screen-reader-text\">\n\t\t\t<\/span>\n<div class=\"tooltip_no wishlist button-default yith-wcwl-add-to-wishlist add-to-wishlist-82917\"><div class=\"yith-wcwl-add-button show\"><a href=\"https:\/\/ifoffice.pt\/?page_id=121&#038;wishlist-action\" data-product-id=\"82917\" data-product-type=\"simple\" class=\"add_to_wishlist\" aria-label=\"Wishlist\" rel=\"nofollow\"><i class=\"fa fa-heart-o\"><\/i><span class=\"ht-product-action-tooltip\">Adicionar \u00e0 lista de Desejos<\/span><\/a><i class=\"fa fa-spinner fa-pulse ajax-loading\" style=\"visibility:hidden\"><\/i><\/div><div class=\"yith-wcwl-wishlistaddedbrowse hide\" style=\"display:none;\"><a class=\"\" href=\"https:\/\/ifoffice.pt\/?page_id=121&#038;wishlist-action\" aria-label=\"Wishlist\" rel=\"nofollow\"><i class=\"fa fa-heart\"><\/i><span class=\"ht-product-action-tooltip\">Veja a sua lista de favoritos<\/span><\/a><\/div><div class=\"yith-wcwl-wishlistexistsbrowse hide\" style=\"display:none\"><a href=\"https:\/\/ifoffice.pt\/?page_id=121&#038;wishlist-action\" class=\"\" aria-label=\"Wishlist\" rel=\"nofollow\"><i class=\"fa fa-heart\"><\/i><span class=\"ht-product-action-tooltip\">Produto adicionado!<\/span><\/a><\/div><\/div>                                                <\/div>\n                                            \n                                            \n                                        <\/div>\n                                        \n                                        <div class=\"content\">\n                                            <h4 class=\"title\"><a href=\"https:\/\/ifoffice.pt\/?product=marcador-edding-permanente-300-vermelho-ponta-redonda-15-mm\">Marcador edding permanente 300 vermelho ponta redonda 1,5 mm<\/a><\/h4>\n                                            \n\t<span class=\"price\"><del aria-hidden=\"true\"><span class=\"woocommerce-Price-amount amount\"><bdi><span class=\"woocommerce-Price-currencySymbol\">&euro;<\/span>15.33<\/bdi><\/span><\/del> <span class=\"screen-reader-text\">O pre\u00e7o original era: &euro;15.33.<\/span><ins aria-hidden=\"true\"><span class=\"woocommerce-Price-amount amount\"><bdi><span class=\"woocommerce-Price-currencySymbol\">&euro;<\/span>9.84<\/bdi><\/span><\/ins><span class=\"screen-reader-text\">O pre\u00e7o atual \u00e9: &euro;9.84.<\/span> <small class=\"woocommerce-price-suffix\">IVA inc.<\/small><\/span>\n                                                                                    <\/div>\n                                    <\/div>\n\n                                <\/div>\n\n                                                       <\/div>\n                            <div class=\"slide-item ht-col-xs-12\">\n                                \n                                <div class=\"product-item mb-30 \">\n\n                                    <div class=\"product-inner\">\n                                        <div class=\"image-wrap\">\n                                            <a href=\"https:\/\/ifoffice.pt\/?product=cadeira-de-escritorio-q-connect-malha-base-metal-alt-max-1000-mm-larg-560-mm-prof-570-mm-rodas-premium-cor-branco-cinza\" class=\"image\">\n                                                <img loading=\"lazy\" decoding=\"async\" width=\"300\" height=\"229\" src=\"https:\/\/ifoffice.pt\/wp-content\/uploads\/2024\/02\/169148g-1.jpg\" class=\"attachment-woocommerce_thumbnail size-woocommerce_thumbnail\" alt=\"Cadeira de escritorio q-connect siena malha base metalica alt max 1000 mm larg 560 mm prof 570 mm rodas premium cor cinz\" \/>                                            <\/a>\n                                                                                                                                        <div class=\"actions style_two\">\n                                                    <a href=\"\/index.php?rest_route=%2Fwp%2Fv2%2Fpages%2F56944&#038;add-to-cart=127500\" aria-describedby=\"woocommerce_loop_add_to_cart_link_describedby_127500\" data-quantity=\"1\" class=\"button product_type_simple add_to_cart_button ajax_add_to_cart\" data-product_id=\"127500\" data-product_sku=\"169148\" aria-label=\"Adiciona ao carrinho: &ldquo;Cadeira de escritorio q-connect siena malha base metalica alt max 1000 mm larg 560 mm prof 570 mm rodas premium cor cinz&rdquo;\" rel=\"nofollow\" data-success_message=\"&ldquo;Cadeira de escritorio q-connect siena malha base metalica alt max 1000 mm larg 560 mm prof 570 mm rodas premium cor cinz&rdquo; foi adicionado ao seu carrinho\" role=\"button\">Adicionar<\/a>\t<span id=\"woocommerce_loop_add_to_cart_link_describedby_127500\" class=\"screen-reader-text\">\n\t\t\t<\/span>\n<div class=\"tooltip_no wishlist button-default yith-wcwl-add-to-wishlist add-to-wishlist-127500\"><div class=\"yith-wcwl-add-button show\"><a href=\"https:\/\/ifoffice.pt\/?page_id=121&#038;wishlist-action\" data-product-id=\"127500\" data-product-type=\"simple\" class=\"add_to_wishlist\" aria-label=\"Wishlist\" rel=\"nofollow\"><i class=\"fa fa-heart-o\"><\/i><span class=\"ht-product-action-tooltip\">Adicionar \u00e0 lista de Desejos<\/span><\/a><i class=\"fa fa-spinner fa-pulse ajax-loading\" style=\"visibility:hidden\"><\/i><\/div><div class=\"yith-wcwl-wishlistaddedbrowse hide\" style=\"display:none;\"><a class=\"\" href=\"https:\/\/ifoffice.pt\/?page_id=121&#038;wishlist-action\" aria-label=\"Wishlist\" rel=\"nofollow\"><i class=\"fa fa-heart\"><\/i><span class=\"ht-product-action-tooltip\">Veja a sua lista de favoritos<\/span><\/a><\/div><div class=\"yith-wcwl-wishlistexistsbrowse hide\" style=\"display:none\"><a href=\"https:\/\/ifoffice.pt\/?page_id=121&#038;wishlist-action\" class=\"\" aria-label=\"Wishlist\" rel=\"nofollow\"><i class=\"fa fa-heart\"><\/i><span class=\"ht-product-action-tooltip\">Produto adicionado!<\/span><\/a><\/div><\/div>                                                <\/div>\n                                            \n                                            \n                                        <\/div>\n                                        \n                                        <div class=\"content\">\n                                            <h4 class=\"title\"><a href=\"https:\/\/ifoffice.pt\/?product=cadeira-de-escritorio-q-connect-malha-base-metal-alt-max-1000-mm-larg-560-mm-prof-570-mm-rodas-premium-cor-branco-cinza\">Cadeira de escritorio q-connect siena malha base metalica alt max 1000 mm larg 560 mm prof 570 mm rodas premium cor cinz<\/a><\/h4>\n                                            \n\t<span class=\"price\"><span class=\"woocommerce-Price-amount amount\"><bdi><span class=\"woocommerce-Price-currencySymbol\">&euro;<\/span>123.61<\/bdi><\/span> <small class=\"woocommerce-price-suffix\">IVA inc.<\/small><\/span>\n                                                                                    <\/div>\n                                    <\/div>\n\n                                <\/div>\n\n                           \n                                <div class=\"product-item  \">\n\n                                    <div class=\"product-inner\">\n                                        <div class=\"image-wrap\">\n                                            <a href=\"https:\/\/ifoffice.pt\/?product=papel-fotocopia-navigator-din-a4-pack-500-folhas-80-gr-2\" class=\"image\">\n                                                <img loading=\"lazy\" decoding=\"async\" width=\"300\" height=\"229\" src=\"https:\/\/ifoffice.pt\/wp-content\/uploads\/2024\/02\/28233g-1.jpg\" class=\"attachment-woocommerce_thumbnail size-woocommerce_thumbnail\" alt=\"Papel fotocopia navigator din a4 80 gr embalagem de 500 folhas\" \/>                                            <\/a>\n                                                                                                                                        <div class=\"actions style_two\">\n                                                    <a href=\"\/index.php?rest_route=%2Fwp%2Fv2%2Fpages%2F56944&#038;add-to-cart=96695\" aria-describedby=\"woocommerce_loop_add_to_cart_link_describedby_96695\" data-quantity=\"1\" class=\"button product_type_simple add_to_cart_button ajax_add_to_cart\" data-product_id=\"96695\" data-product_sku=\"28233\" aria-label=\"Adiciona ao carrinho: &ldquo;Papel fotocopia navigator din a4 80 gr embalagem de 500 folhas&rdquo;\" rel=\"nofollow\" data-success_message=\"&ldquo;Papel fotocopia navigator din a4 80 gr embalagem de 500 folhas&rdquo; foi adicionado ao seu carrinho\" role=\"button\">Adicionar<\/a>\t<span id=\"woocommerce_loop_add_to_cart_link_describedby_96695\" class=\"screen-reader-text\">\n\t\t\t<\/span>\n<div class=\"tooltip_no wishlist button-default yith-wcwl-add-to-wishlist add-to-wishlist-96695\"><div class=\"yith-wcwl-add-button show\"><a href=\"https:\/\/ifoffice.pt\/?page_id=121&#038;wishlist-action\" data-product-id=\"96695\" data-product-type=\"simple\" class=\"add_to_wishlist\" aria-label=\"Wishlist\" rel=\"nofollow\"><i class=\"fa fa-heart-o\"><\/i><span class=\"ht-product-action-tooltip\">Adicionar \u00e0 lista de Desejos<\/span><\/a><i class=\"fa fa-spinner fa-pulse ajax-loading\" style=\"visibility:hidden\"><\/i><\/div><div class=\"yith-wcwl-wishlistaddedbrowse hide\" style=\"display:none;\"><a class=\"\" href=\"https:\/\/ifoffice.pt\/?page_id=121&#038;wishlist-action\" aria-label=\"Wishlist\" rel=\"nofollow\"><i class=\"fa fa-heart\"><\/i><span class=\"ht-product-action-tooltip\">Veja a sua lista de favoritos<\/span><\/a><\/div><div class=\"yith-wcwl-wishlistexistsbrowse hide\" style=\"display:none\"><a href=\"https:\/\/ifoffice.pt\/?page_id=121&#038;wishlist-action\" class=\"\" aria-label=\"Wishlist\" rel=\"nofollow\"><i class=\"fa fa-heart\"><\/i><span class=\"ht-product-action-tooltip\">Produto adicionado!<\/span><\/a><\/div><\/div>                                                <\/div>\n                                            \n                                            \n                                        <\/div>\n                                        \n                                        <div class=\"content\">\n                                            <h4 class=\"title\"><a href=\"https:\/\/ifoffice.pt\/?product=papel-fotocopia-navigator-din-a4-pack-500-folhas-80-gr-2\">Papel fotocopia navigator din a4 80 gr embalagem de 500 folhas<\/a><\/h4>\n                                            \n\t<span class=\"price\"><span class=\"woocommerce-Price-amount amount\"><bdi><span class=\"woocommerce-Price-currencySymbol\">&euro;<\/span>27.06<\/bdi><\/span> <small class=\"woocommerce-price-suffix\">IVA inc.<\/small><\/span>\n                                                                                    <\/div>\n                                    <\/div>\n\n                                <\/div>\n\n                                                       <\/div>\n                            <div class=\"slide-item ht-col-xs-12\">\n                                \n                                <div class=\"product-item mb-30 \">\n\n                                    <div class=\"product-inner\">\n                                        <div class=\"image-wrap\">\n                                            <a href=\"https:\/\/ifoffice.pt\/?product=kit-maped-desenho-mandalas-33-pecas\" class=\"image\">\n                                                \n\t\n\t<img loading=\"lazy\" decoding=\"async\" width=\"300\" height=\"229\" src=\"https:\/\/ifoffice.pt\/wp-content\/uploads\/2023\/03\/67814g-300x229.jpg\" class=\"attachment-woocommerce_thumbnail size-woocommerce_thumbnail\" alt=\"Kit maped desenho mandalas 33 pecas\" srcset=\"https:\/\/ifoffice.pt\/wp-content\/uploads\/2023\/03\/67814g-300x229.jpg 300w, https:\/\/ifoffice.pt\/wp-content\/uploads\/2023\/03\/67814g-64x49.jpg 64w, https:\/\/ifoffice.pt\/wp-content\/uploads\/2023\/03\/67814g.jpg 420w\" sizes=\"(max-width: 300px) 100vw, 300px\" \/>                                            <\/a>\n                                                                                                                                        <div class=\"actions style_two\">\n                                                    <a href=\"\/index.php?rest_route=%2Fwp%2Fv2%2Fpages%2F56944&#038;add-to-cart=86946\" aria-describedby=\"woocommerce_loop_add_to_cart_link_describedby_86946\" data-quantity=\"1\" class=\"button product_type_simple add_to_cart_button ajax_add_to_cart\" data-product_id=\"86946\" data-product_sku=\"67814\" aria-label=\"Adiciona ao carrinho: &ldquo;Kit maped desenho mandalas 33 pecas&rdquo;\" rel=\"nofollow\" data-success_message=\"&ldquo;Kit maped desenho mandalas 33 pecas&rdquo; foi adicionado ao seu carrinho\" role=\"button\">Adicionar<\/a>\t<span id=\"woocommerce_loop_add_to_cart_link_describedby_86946\" class=\"screen-reader-text\">\n\t\t\t<\/span>\n<div class=\"tooltip_no wishlist button-default yith-wcwl-add-to-wishlist add-to-wishlist-86946\"><div class=\"yith-wcwl-add-button show\"><a href=\"https:\/\/ifoffice.pt\/?page_id=121&#038;wishlist-action\" data-product-id=\"86946\" data-product-type=\"simple\" class=\"add_to_wishlist\" aria-label=\"Wishlist\" rel=\"nofollow\"><i class=\"fa fa-heart-o\"><\/i><span class=\"ht-product-action-tooltip\">Adicionar \u00e0 lista de Desejos<\/span><\/a><i class=\"fa fa-spinner fa-pulse ajax-loading\" style=\"visibility:hidden\"><\/i><\/div><div class=\"yith-wcwl-wishlistaddedbrowse hide\" style=\"display:none;\"><a class=\"\" href=\"https:\/\/ifoffice.pt\/?page_id=121&#038;wishlist-action\" aria-label=\"Wishlist\" rel=\"nofollow\"><i class=\"fa fa-heart\"><\/i><span class=\"ht-product-action-tooltip\">Veja a sua lista de favoritos<\/span><\/a><\/div><div class=\"yith-wcwl-wishlistexistsbrowse hide\" style=\"display:none\"><a href=\"https:\/\/ifoffice.pt\/?page_id=121&#038;wishlist-action\" class=\"\" aria-label=\"Wishlist\" rel=\"nofollow\"><i class=\"fa fa-heart\"><\/i><span class=\"ht-product-action-tooltip\">Produto adicionado!<\/span><\/a><\/div><\/div>                                                <\/div>\n                                            \n                                            \n                                        <\/div>\n                                        \n                                        <div class=\"content\">\n                                            <h4 class=\"title\"><a href=\"https:\/\/ifoffice.pt\/?product=kit-maped-desenho-mandalas-33-pecas\">Kit maped desenho mandalas 33 pecas<\/a><\/h4>\n                                            \n\t<span class=\"price\"><del aria-hidden=\"true\"><span class=\"woocommerce-Price-amount amount\"><bdi><span class=\"woocommerce-Price-currencySymbol\">&euro;<\/span>31.35<\/bdi><\/span><\/del> <span class=\"screen-reader-text\">O pre\u00e7o original era: &euro;31.35.<\/span><ins aria-hidden=\"true\"><span class=\"woocommerce-Price-amount amount\"><bdi><span class=\"woocommerce-Price-currencySymbol\">&euro;<\/span>23.65<\/bdi><\/span><\/ins><span class=\"screen-reader-text\">O pre\u00e7o atual \u00e9: &euro;23.65.<\/span> <small class=\"woocommerce-price-suffix\">IVA inc.<\/small><\/span>\n                                                                                    <\/div>\n                                    <\/div>\n\n                                <\/div>\n\n                           \n                                <div class=\"product-item  \">\n\n                                    <div class=\"product-inner\">\n                                        <div class=\"image-wrap\">\n                                            <a href=\"https:\/\/ifoffice.pt\/?product=marcador-fluorescente-mini-liderpapel-estojo-de-6-unidades-cores-sortidas-pastel\" class=\"image\">\n                                                <img loading=\"lazy\" decoding=\"async\" width=\"300\" height=\"229\" src=\"https:\/\/ifoffice.pt\/wp-content\/uploads\/2023\/03\/160272g-300x229.jpg\" class=\"attachment-woocommerce_thumbnail size-woocommerce_thumbnail\" alt=\"Marcador fluorescente mini liderpapel estojo de 6 unidades cores sortidas pastel\" srcset=\"https:\/\/ifoffice.pt\/wp-content\/uploads\/2023\/03\/160272g-300x229.jpg 300w, https:\/\/ifoffice.pt\/wp-content\/uploads\/2023\/03\/160272g-768x585.jpg 768w, https:\/\/ifoffice.pt\/wp-content\/uploads\/2023\/03\/160272g-600x457.jpg 600w, https:\/\/ifoffice.pt\/wp-content\/uploads\/2023\/03\/160272g-64x49.jpg 64w, https:\/\/ifoffice.pt\/wp-content\/uploads\/2023\/03\/160272g.jpg 1000w\" sizes=\"(max-width: 300px) 100vw, 300px\" \/>                                            <\/a>\n                                                                                                                                        <div class=\"actions style_two\">\n                                                    <a href=\"\/index.php?rest_route=%2Fwp%2Fv2%2Fpages%2F56944&#038;add-to-cart=107206\" aria-describedby=\"woocommerce_loop_add_to_cart_link_describedby_107206\" data-quantity=\"1\" class=\"button product_type_simple add_to_cart_button ajax_add_to_cart\" data-product_id=\"107206\" data-product_sku=\"160272\" aria-label=\"Adiciona ao carrinho: &ldquo;Marcador fluorescente mini liderpapel estojo de 6 unidades cores sortidas pastel&rdquo;\" rel=\"nofollow\" data-success_message=\"&ldquo;Marcador fluorescente mini liderpapel estojo de 6 unidades cores sortidas pastel&rdquo; foi adicionado ao seu carrinho\" role=\"button\">Adicionar<\/a>\t<span id=\"woocommerce_loop_add_to_cart_link_describedby_107206\" class=\"screen-reader-text\">\n\t\t\t<\/span>\n<div class=\"tooltip_no wishlist button-default yith-wcwl-add-to-wishlist add-to-wishlist-107206\"><div class=\"yith-wcwl-add-button show\"><a href=\"https:\/\/ifoffice.pt\/?page_id=121&#038;wishlist-action\" data-product-id=\"107206\" data-product-type=\"simple\" class=\"add_to_wishlist\" aria-label=\"Wishlist\" rel=\"nofollow\"><i class=\"fa fa-heart-o\"><\/i><span class=\"ht-product-action-tooltip\">Adicionar \u00e0 lista de Desejos<\/span><\/a><i class=\"fa fa-spinner fa-pulse ajax-loading\" style=\"visibility:hidden\"><\/i><\/div><div class=\"yith-wcwl-wishlistaddedbrowse hide\" style=\"display:none;\"><a class=\"\" href=\"https:\/\/ifoffice.pt\/?page_id=121&#038;wishlist-action\" aria-label=\"Wishlist\" rel=\"nofollow\"><i class=\"fa fa-heart\"><\/i><span class=\"ht-product-action-tooltip\">Veja a sua lista de favoritos<\/span><\/a><\/div><div class=\"yith-wcwl-wishlistexistsbrowse hide\" style=\"display:none\"><a href=\"https:\/\/ifoffice.pt\/?page_id=121&#038;wishlist-action\" class=\"\" aria-label=\"Wishlist\" rel=\"nofollow\"><i class=\"fa fa-heart\"><\/i><span class=\"ht-product-action-tooltip\">Produto adicionado!<\/span><\/a><\/div><\/div>                                                <\/div>\n                                            \n                                            \n                                        <\/div>\n                                        \n                                        <div class=\"content\">\n                                            <h4 class=\"title\"><a href=\"https:\/\/ifoffice.pt\/?product=marcador-fluorescente-mini-liderpapel-estojo-de-6-unidades-cores-sortidas-pastel\">Marcador fluorescente mini liderpapel estojo de 6 unidades cores sortidas pastel<\/a><\/h4>\n                                            \n\t<span class=\"price\"><span class=\"woocommerce-Price-amount amount\"><bdi><span class=\"woocommerce-Price-currencySymbol\">&euro;<\/span>4.18<\/bdi><\/span> <small class=\"woocommerce-price-suffix\">IVA inc.<\/small><\/span>\n                                                                                    <\/div>\n                                    <\/div>\n\n                                <\/div>\n\n                                                       <\/div>\n                            <div class=\"slide-item ht-col-xs-12\">\n                                \n                                <div class=\"product-item mb-30 \">\n\n                                    <div class=\"product-inner\">\n                                        <div class=\"image-wrap\">\n                                            <a href=\"https:\/\/ifoffice.pt\/?product=papel-fotocopia-q-connect-economy-a3-80-gr-500-folhas\" class=\"image\">\n                                                <img loading=\"lazy\" decoding=\"async\" width=\"300\" height=\"229\" src=\"https:\/\/ifoffice.pt\/wp-content\/uploads\/2024\/10\/171282g-300x229.webp\" class=\"attachment-woocommerce_thumbnail size-woocommerce_thumbnail\" alt=\"Papel fotocopia q-connect economy din a3 80 gr embalagem 500 folhas\" srcset=\"https:\/\/ifoffice.pt\/wp-content\/uploads\/2024\/10\/171282g-300x229.webp 300w, https:\/\/ifoffice.pt\/wp-content\/uploads\/2024\/10\/171282g-768x585.webp 768w, https:\/\/ifoffice.pt\/wp-content\/uploads\/2024\/10\/171282g-600x457.webp 600w, https:\/\/ifoffice.pt\/wp-content\/uploads\/2024\/10\/171282g-64x49.webp 64w, https:\/\/ifoffice.pt\/wp-content\/uploads\/2024\/10\/171282g.webp 1000w\" sizes=\"(max-width: 300px) 100vw, 300px\" \/>                                            <\/a>\n                                                                                                                                        <div class=\"actions style_two\">\n                                                    <a href=\"\/index.php?rest_route=%2Fwp%2Fv2%2Fpages%2F56944&#038;add-to-cart=133938\" aria-describedby=\"woocommerce_loop_add_to_cart_link_describedby_133938\" data-quantity=\"1\" class=\"button product_type_simple add_to_cart_button ajax_add_to_cart\" data-product_id=\"133938\" data-product_sku=\"171282\" aria-label=\"Adiciona ao carrinho: &ldquo;Papel fotocopia q-connect economy din a3 80 gr embalagem 500 folhas&rdquo;\" rel=\"nofollow\" data-success_message=\"&ldquo;Papel fotocopia q-connect economy din a3 80 gr embalagem 500 folhas&rdquo; foi adicionado ao seu carrinho\" role=\"button\">Adicionar<\/a>\t<span id=\"woocommerce_loop_add_to_cart_link_describedby_133938\" class=\"screen-reader-text\">\n\t\t\t<\/span>\n<div class=\"tooltip_no wishlist button-default yith-wcwl-add-to-wishlist add-to-wishlist-133938\"><div class=\"yith-wcwl-add-button show\"><a href=\"https:\/\/ifoffice.pt\/?page_id=121&#038;wishlist-action\" data-product-id=\"133938\" data-product-type=\"simple\" class=\"add_to_wishlist\" aria-label=\"Wishlist\" rel=\"nofollow\"><i class=\"fa fa-heart-o\"><\/i><span class=\"ht-product-action-tooltip\">Adicionar \u00e0 lista de Desejos<\/span><\/a><i class=\"fa fa-spinner fa-pulse ajax-loading\" style=\"visibility:hidden\"><\/i><\/div><div class=\"yith-wcwl-wishlistaddedbrowse hide\" style=\"display:none;\"><a class=\"\" href=\"https:\/\/ifoffice.pt\/?page_id=121&#038;wishlist-action\" aria-label=\"Wishlist\" rel=\"nofollow\"><i class=\"fa fa-heart\"><\/i><span class=\"ht-product-action-tooltip\">Veja a sua lista de favoritos<\/span><\/a><\/div><div class=\"yith-wcwl-wishlistexistsbrowse hide\" style=\"display:none\"><a href=\"https:\/\/ifoffice.pt\/?page_id=121&#038;wishlist-action\" class=\"\" aria-label=\"Wishlist\" rel=\"nofollow\"><i class=\"fa fa-heart\"><\/i><span class=\"ht-product-action-tooltip\">Produto adicionado!<\/span><\/a><\/div><\/div>                                                <\/div>\n                                            \n                                            \n                                        <\/div>\n                                        \n                                        <div class=\"content\">\n                                            <h4 class=\"title\"><a href=\"https:\/\/ifoffice.pt\/?product=papel-fotocopia-q-connect-economy-a3-80-gr-500-folhas\">Papel fotocopia q-connect economy din a3 80 gr embalagem 500 folhas<\/a><\/h4>\n                                            \n\t<span class=\"price\"><span class=\"woocommerce-Price-amount amount\"><bdi><span class=\"woocommerce-Price-currencySymbol\">&euro;<\/span>12.30<\/bdi><\/span> <small class=\"woocommerce-price-suffix\">IVA inc.<\/small><\/span>\n                                                                                    <\/div>\n                                    <\/div>\n\n                                <\/div>\n\n                           \n                                <div class=\"product-item  \">\n\n                                    <div class=\"product-inner\">\n                                        <div class=\"image-wrap\">\n                                            <a href=\"https:\/\/ifoffice.pt\/?product=estante-ar-storage-metalica-180x90x40-cm-5-prateleiras-200kg-por-prat-em-madeira-sem-parafusos-cor-azul-laranja\" class=\"image\">\n                                                <img loading=\"lazy\" decoding=\"async\" width=\"300\" height=\"229\" src=\"https:\/\/ifoffice.pt\/wp-content\/uploads\/2021\/01\/58565g-1-300x229.jpg\" class=\"attachment-woocommerce_thumbnail size-woocommerce_thumbnail\" alt=\"Estante ar storage metalica 180x90x40 cm 5 prateleiras 200kg por prat.em madeira sem parafusos cor azul\/laranja\" srcset=\"https:\/\/ifoffice.pt\/wp-content\/uploads\/2021\/01\/58565g-1-300x229.jpg 300w, https:\/\/ifoffice.pt\/wp-content\/uploads\/2021\/01\/58565g-1-64x49.jpg 64w, https:\/\/ifoffice.pt\/wp-content\/uploads\/2021\/01\/58565g-1.jpg 420w\" sizes=\"(max-width: 300px) 100vw, 300px\" \/>                                            <\/a>\n                                                                                                                                        <div class=\"actions style_two\">\n                                                    <a href=\"https:\/\/ifoffice.pt\/?product=estante-ar-storage-metalica-180x90x40-cm-5-prateleiras-200kg-por-prat-em-madeira-sem-parafusos-cor-azul-laranja\" aria-describedby=\"woocommerce_loop_add_to_cart_link_describedby_89607\" data-quantity=\"1\" class=\"button product_type_simple\" data-product_id=\"89607\" data-product_sku=\"58565\" aria-label=\"Leia mais sobre &ldquo;Estante ar storage metalica 180x90x40 cm 5 prateleiras 200kg por prat.em madeira sem parafusos cor azul\/laranja&rdquo;\" rel=\"nofollow\" data-success_message=\"\">Ler mais<\/a>\t<span id=\"woocommerce_loop_add_to_cart_link_describedby_89607\" class=\"screen-reader-text\">\n\t\t\t<\/span>\n<div class=\"tooltip_no wishlist button-default yith-wcwl-add-to-wishlist add-to-wishlist-89607\"><div class=\"yith-wcwl-add-button show\"><a href=\"https:\/\/ifoffice.pt\/?page_id=121&#038;wishlist-action\" data-product-id=\"89607\" data-product-type=\"simple\" class=\"add_to_wishlist\" aria-label=\"Wishlist\" rel=\"nofollow\"><i class=\"fa fa-heart-o\"><\/i><span class=\"ht-product-action-tooltip\">Adicionar \u00e0 lista de Desejos<\/span><\/a><i class=\"fa fa-spinner fa-pulse ajax-loading\" style=\"visibility:hidden\"><\/i><\/div><div class=\"yith-wcwl-wishlistaddedbrowse hide\" style=\"display:none;\"><a class=\"\" href=\"https:\/\/ifoffice.pt\/?page_id=121&#038;wishlist-action\" aria-label=\"Wishlist\" rel=\"nofollow\"><i class=\"fa fa-heart\"><\/i><span class=\"ht-product-action-tooltip\">Veja a sua lista de favoritos<\/span><\/a><\/div><div class=\"yith-wcwl-wishlistexistsbrowse hide\" style=\"display:none\"><a href=\"https:\/\/ifoffice.pt\/?page_id=121&#038;wishlist-action\" class=\"\" aria-label=\"Wishlist\" rel=\"nofollow\"><i class=\"fa fa-heart\"><\/i><span class=\"ht-product-action-tooltip\">Produto adicionado!<\/span><\/a><\/div><\/div>                                                <\/div>\n                                            \n                                            \n                                        <\/div>\n                                        \n                                        <div class=\"content\">\n                                            <h4 class=\"title\"><a href=\"https:\/\/ifoffice.pt\/?product=estante-ar-storage-metalica-180x90x40-cm-5-prateleiras-200kg-por-prat-em-madeira-sem-parafusos-cor-azul-laranja\">Estante ar storage metalica 180x90x40 cm 5 prateleiras 200kg por prat.em madeira sem parafusos cor azul\/laranja<\/a><\/h4>\n                                            \n\t<span class=\"price\"><span class=\"woocommerce-Price-amount amount\"><bdi><span class=\"woocommerce-Price-currencySymbol\">&euro;<\/span>166.78<\/bdi><\/span> <small class=\"woocommerce-price-suffix\">IVA inc.<\/small><\/span>\n                                                                                    <\/div>\n                                    <\/div>\n\n                                <\/div>\n\n                                                       <\/div>\n                            <div class=\"slide-item ht-col-xs-12\">\n                                \n                                <div class=\"product-item mb-30 \">\n\n                                    <div class=\"product-inner\">\n                                        <div class=\"image-wrap\">\n                                            <a href=\"https:\/\/ifoffice.pt\/?product=papel-fotocopia-q-connect-economy-din-a4-80-gr-embalagem-500-folhas\" class=\"image\">\n                                                <img loading=\"lazy\" decoding=\"async\" width=\"300\" height=\"229\" src=\"https:\/\/ifoffice.pt\/wp-content\/uploads\/2024\/02\/155776g-1.jpg\" class=\"attachment-woocommerce_thumbnail size-woocommerce_thumbnail\" alt=\"Papel fotocopia q-connect economy din a4 80 gr embalagem 500 folhas\" \/>                                            <\/a>\n                                                                                                                                        <div class=\"actions style_two\">\n                                                    <a href=\"\/index.php?rest_route=%2Fwp%2Fv2%2Fpages%2F56944&#038;add-to-cart=127385\" aria-describedby=\"woocommerce_loop_add_to_cart_link_describedby_127385\" data-quantity=\"1\" class=\"button product_type_simple add_to_cart_button ajax_add_to_cart\" data-product_id=\"127385\" data-product_sku=\"155776\" aria-label=\"Adiciona ao carrinho: &ldquo;Papel fotocopia q-connect economy din a4 80 gr embalagem 500 folhas&rdquo;\" rel=\"nofollow\" data-success_message=\"&ldquo;Papel fotocopia q-connect economy din a4 80 gr embalagem 500 folhas&rdquo; foi adicionado ao seu carrinho\" role=\"button\">Adicionar<\/a>\t<span id=\"woocommerce_loop_add_to_cart_link_describedby_127385\" class=\"screen-reader-text\">\n\t\t\t<\/span>\n<div class=\"tooltip_no wishlist button-default yith-wcwl-add-to-wishlist add-to-wishlist-127385\"><div class=\"yith-wcwl-add-button show\"><a href=\"https:\/\/ifoffice.pt\/?page_id=121&#038;wishlist-action\" data-product-id=\"127385\" data-product-type=\"simple\" class=\"add_to_wishlist\" aria-label=\"Wishlist\" rel=\"nofollow\"><i class=\"fa fa-heart-o\"><\/i><span class=\"ht-product-action-tooltip\">Adicionar \u00e0 lista de Desejos<\/span><\/a><i class=\"fa fa-spinner fa-pulse ajax-loading\" style=\"visibility:hidden\"><\/i><\/div><div class=\"yith-wcwl-wishlistaddedbrowse hide\" style=\"display:none;\"><a class=\"\" href=\"https:\/\/ifoffice.pt\/?page_id=121&#038;wishlist-action\" aria-label=\"Wishlist\" rel=\"nofollow\"><i class=\"fa fa-heart\"><\/i><span class=\"ht-product-action-tooltip\">Veja a sua lista de favoritos<\/span><\/a><\/div><div class=\"yith-wcwl-wishlistexistsbrowse hide\" style=\"display:none\"><a href=\"https:\/\/ifoffice.pt\/?page_id=121&#038;wishlist-action\" class=\"\" aria-label=\"Wishlist\" rel=\"nofollow\"><i class=\"fa fa-heart\"><\/i><span class=\"ht-product-action-tooltip\">Produto adicionado!<\/span><\/a><\/div><\/div>                                                <\/div>\n                                            \n                                            \n                                        <\/div>\n                                        \n                                        <div class=\"content\">\n                                            <h4 class=\"title\"><a href=\"https:\/\/ifoffice.pt\/?product=papel-fotocopia-q-connect-economy-din-a4-80-gr-embalagem-500-folhas\">Papel fotocopia q-connect economy din a4 80 gr embalagem 500 folhas<\/a><\/h4>\n                                            \n\t<span class=\"price\"><span class=\"woocommerce-Price-amount amount\"><bdi><span class=\"woocommerce-Price-currencySymbol\">&euro;<\/span>5.84<\/bdi><\/span> <small class=\"woocommerce-price-suffix\">IVA inc.<\/small><\/span>\n                                                                                    <\/div>\n                                    <\/div>\n\n                                <\/div>\n\n                           \n                                <div class=\"product-item  \">\n\n                                    <div class=\"product-inner\">\n                                        <div class=\"image-wrap\">\n                                            <a href=\"https:\/\/ifoffice.pt\/?product=esferografica-belius-passion-dor-aluminio-textura-escovado-desenho-vermelho-e-dourado-tinta-azul-caixa-design\" class=\"image\">\n                                                \n\t\n\t<img loading=\"lazy\" decoding=\"async\" width=\"300\" height=\"229\" src=\"https:\/\/ifoffice.pt\/wp-content\/uploads\/2024\/02\/168818g-1.jpg\" class=\"attachment-woocommerce_thumbnail size-woocommerce_thumbnail\" alt=\"Esferografica belius passion dor aluminio textura escovado desenho vermelho e dourado tinta azul caixa design\" \/>                                            <\/a>\n                                                                                                                                        <div class=\"actions style_two\">\n                                                    <a href=\"\/index.php?rest_route=%2Fwp%2Fv2%2Fpages%2F56944&#038;add-to-cart=128623\" aria-describedby=\"woocommerce_loop_add_to_cart_link_describedby_128623\" data-quantity=\"1\" class=\"button product_type_simple add_to_cart_button ajax_add_to_cart\" data-product_id=\"128623\" data-product_sku=\"168818\" aria-label=\"Adiciona ao carrinho: &ldquo;Esferografica belius passion dor aluminio textura escovado desenho vermelho e dourado tinta azul caixa design&rdquo;\" rel=\"nofollow\" data-success_message=\"&ldquo;Esferografica belius passion dor aluminio textura escovado desenho vermelho e dourado tinta azul caixa design&rdquo; foi adicionado ao seu carrinho\" role=\"button\">Adicionar<\/a>\t<span id=\"woocommerce_loop_add_to_cart_link_describedby_128623\" class=\"screen-reader-text\">\n\t\t\t<\/span>\n<div class=\"tooltip_no wishlist button-default yith-wcwl-add-to-wishlist add-to-wishlist-128623\"><div class=\"yith-wcwl-add-button show\"><a href=\"https:\/\/ifoffice.pt\/?page_id=121&#038;wishlist-action\" data-product-id=\"128623\" data-product-type=\"simple\" class=\"add_to_wishlist\" aria-label=\"Wishlist\" rel=\"nofollow\"><i class=\"fa fa-heart-o\"><\/i><span class=\"ht-product-action-tooltip\">Adicionar \u00e0 lista de Desejos<\/span><\/a><i class=\"fa fa-spinner fa-pulse ajax-loading\" style=\"visibility:hidden\"><\/i><\/div><div class=\"yith-wcwl-wishlistaddedbrowse hide\" style=\"display:none;\"><a class=\"\" href=\"https:\/\/ifoffice.pt\/?page_id=121&#038;wishlist-action\" aria-label=\"Wishlist\" rel=\"nofollow\"><i class=\"fa fa-heart\"><\/i><span class=\"ht-product-action-tooltip\">Veja a sua lista de favoritos<\/span><\/a><\/div><div class=\"yith-wcwl-wishlistexistsbrowse hide\" style=\"display:none\"><a href=\"https:\/\/ifoffice.pt\/?page_id=121&#038;wishlist-action\" class=\"\" aria-label=\"Wishlist\" rel=\"nofollow\"><i class=\"fa fa-heart\"><\/i><span class=\"ht-product-action-tooltip\">Produto adicionado!<\/span><\/a><\/div><\/div>                                                <\/div>\n                                            \n                                            \n                                        <\/div>\n                                        \n                                        <div class=\"content\">\n                                            <h4 class=\"title\"><a href=\"https:\/\/ifoffice.pt\/?product=esferografica-belius-passion-dor-aluminio-textura-escovado-desenho-vermelho-e-dourado-tinta-azul-caixa-design\">Esferografica belius passion dor aluminio textura escovado desenho vermelho e dourado tinta azul caixa design<\/a><\/h4>\n                                            \n\t<span class=\"price\"><del aria-hidden=\"true\"><span class=\"woocommerce-Price-amount amount\"><bdi><span class=\"woocommerce-Price-currencySymbol\">&euro;<\/span>16.68<\/bdi><\/span><\/del> <span class=\"screen-reader-text\">O pre\u00e7o original era: &euro;16.68.<\/span><ins aria-hidden=\"true\"><span class=\"woocommerce-Price-amount amount\"><bdi><span class=\"woocommerce-Price-currencySymbol\">&euro;<\/span>14.27<\/bdi><\/span><\/ins><span class=\"screen-reader-text\">O pre\u00e7o atual \u00e9: &euro;14.27.<\/span> <small class=\"woocommerce-price-suffix\">IVA inc.<\/small><\/span>\n                                                                                    <\/div>\n                                    <\/div>\n\n                                <\/div>\n\n                                                       <\/div>\n                            <div class=\"slide-item ht-col-xs-12\">\n                                \n                                <div class=\"product-item mb-30 \">\n\n                                    <div class=\"product-inner\">\n                                        <div class=\"image-wrap\">\n                                            <a href=\"https:\/\/ifoffice.pt\/?product=marcador-bic-permenante-marking-2000-azul\" class=\"image\">\n                                                \n\t\n\t<div class='container-image-and-badge  '><img loading=\"lazy\" decoding=\"async\" width=\"300\" height=\"229\" src=\"https:\/\/ifoffice.pt\/wp-content\/uploads\/2021\/03\/30045g-300x229.jpg\" class=\"attachment-woocommerce_thumbnail size-woocommerce_thumbnail\" alt=\"Marcador BIC permanente Marking 2000 azul\" \/>\n<div class='yith-wcbm-badge yith-wcbm-badge-106036 yith-wcbm-badge-text yith-wcbm-badge--on-product-104072 yith-wcbm-badge-text' data-position='{&quot;top&quot;:&quot;0&quot;,&quot;right&quot;:&quot;0&quot;,&quot;bottom&quot;:&quot;auto&quot;,&quot;left&quot;:&quot;auto&quot;}' data-transform=\"\">\n\t<div class='yith-wcbm-badge__wrap'>\n\t\t<div class=\"yith-wcbm-badge-text\"><p><span style=\"color: #ffffff\"><strong>SUPER PRE\u00c7O!<\/strong><\/span><\/p><\/div>\n\t<\/div>\n<\/div>\n<!--yith-wcbm-badge-->\n<\/div><!--container-image-and-badge-->                                            <\/a>\n                                                                                                                                        <div class=\"actions style_two\">\n                                                    <a href=\"\/index.php?rest_route=%2Fwp%2Fv2%2Fpages%2F56944&#038;add-to-cart=104072\" aria-describedby=\"woocommerce_loop_add_to_cart_link_describedby_104072\" data-quantity=\"1\" class=\"button product_type_simple add_to_cart_button ajax_add_to_cart\" data-product_id=\"104072\" data-product_sku=\"30045\" aria-label=\"Adiciona ao carrinho: &ldquo;Marcador BIC permanente Marking 2000 azul&rdquo;\" rel=\"nofollow\" data-success_message=\"&ldquo;Marcador BIC permanente Marking 2000 azul&rdquo; foi adicionado ao seu carrinho\" role=\"button\">Adicionar<\/a>\t<span id=\"woocommerce_loop_add_to_cart_link_describedby_104072\" class=\"screen-reader-text\">\n\t\t\t<\/span>\n<div class=\"tooltip_no wishlist button-default yith-wcwl-add-to-wishlist add-to-wishlist-104072\"><div class=\"yith-wcwl-add-button show\"><a href=\"https:\/\/ifoffice.pt\/?page_id=121&#038;wishlist-action\" data-product-id=\"104072\" data-product-type=\"simple\" class=\"add_to_wishlist\" aria-label=\"Wishlist\" rel=\"nofollow\"><i class=\"fa fa-heart-o\"><\/i><span class=\"ht-product-action-tooltip\">Adicionar \u00e0 lista de Desejos<\/span><\/a><i class=\"fa fa-spinner fa-pulse ajax-loading\" style=\"visibility:hidden\"><\/i><\/div><div class=\"yith-wcwl-wishlistaddedbrowse hide\" style=\"display:none;\"><a class=\"\" href=\"https:\/\/ifoffice.pt\/?page_id=121&#038;wishlist-action\" aria-label=\"Wishlist\" rel=\"nofollow\"><i class=\"fa fa-heart\"><\/i><span class=\"ht-product-action-tooltip\">Veja a sua lista de favoritos<\/span><\/a><\/div><div class=\"yith-wcwl-wishlistexistsbrowse hide\" style=\"display:none\"><a href=\"https:\/\/ifoffice.pt\/?page_id=121&#038;wishlist-action\" class=\"\" aria-label=\"Wishlist\" rel=\"nofollow\"><i class=\"fa fa-heart\"><\/i><span class=\"ht-product-action-tooltip\">Produto adicionado!<\/span><\/a><\/div><\/div>                                                <\/div>\n                                            \n                                            \n                                        <\/div>\n                                        \n                                        <div class=\"content\">\n                                            <h4 class=\"title\"><a href=\"https:\/\/ifoffice.pt\/?product=marcador-bic-permenante-marking-2000-azul\">Marcador BIC permanente Marking 2000 azul<\/a><\/h4>\n                                            \n\t<span class=\"price\"><del aria-hidden=\"true\"><span class=\"woocommerce-Price-amount amount\"><bdi><span class=\"woocommerce-Price-currencySymbol\">&euro;<\/span>16.24<\/bdi><\/span><\/del> <span class=\"screen-reader-text\">O pre\u00e7o original era: &euro;16.24.<\/span><ins aria-hidden=\"true\"><span class=\"woocommerce-Price-amount amount\"><bdi><span class=\"woocommerce-Price-currencySymbol\">&euro;<\/span>11.81<\/bdi><\/span><\/ins><span class=\"screen-reader-text\">O pre\u00e7o atual \u00e9: &euro;11.81.<\/span> <small class=\"woocommerce-price-suffix\">IVA inc.<\/small><\/span>\n                                                                                    <\/div>\n                                    <\/div>\n\n                                <\/div>\n\n                           \n                                <div class=\"product-item  \">\n\n                                    <div class=\"product-inner\">\n                                        <div class=\"image-wrap\">\n                                            <a href=\"https:\/\/ifoffice.pt\/?product=pasta-de-arquivo-economico-com-caixa-em-cartao-revestido-a-papel-marmoreado-ifoffice\" class=\"image\">\n                                                <div class='container-image-and-badge  '><img loading=\"lazy\" decoding=\"async\" width=\"300\" height=\"229\" src=\"https:\/\/ifoffice.pt\/wp-content\/uploads\/2021\/03\/IF0013-2-300x229.jpg\" class=\"attachment-woocommerce_thumbnail size-woocommerce_thumbnail\" alt=\"Pasta de arquivo econ\u00f3mico com caixa em cart\u00e3o revestido a papel marmoreado IFoffice\" srcset=\"https:\/\/ifoffice.pt\/wp-content\/uploads\/2021\/03\/IF0013-2-300x229.jpg 300w, https:\/\/ifoffice.pt\/wp-content\/uploads\/2021\/03\/IF0013-2-768x585.jpg 768w, https:\/\/ifoffice.pt\/wp-content\/uploads\/2021\/03\/IF0013-2-600x457.jpg 600w, https:\/\/ifoffice.pt\/wp-content\/uploads\/2021\/03\/IF0013-2-64x49.jpg 64w, https:\/\/ifoffice.pt\/wp-content\/uploads\/2021\/03\/IF0013-2.jpg 1000w\" sizes=\"(max-width: 300px) 100vw, 300px\" \/>\n<div class='yith-wcbm-badge yith-wcbm-badge-106175 yith-wcbm-badge-text yith-wcbm-badge--on-product-104064 yith-wcbm-badge-text' data-position='{&quot;top&quot;:&quot;0&quot;,&quot;right&quot;:&quot;0&quot;,&quot;bottom&quot;:&quot;auto&quot;,&quot;left&quot;:&quot;auto&quot;}' data-transform=\"\">\n\t<div class='yith-wcbm-badge__wrap'>\n\t\t<div class=\"yith-wcbm-badge-text\"><p style=\"line-height: 16px\"><span style=\"color: #ffffff;font-size: 12pt\"><strong>TOP VENDAS!<\/strong><\/span><\/p><\/div>\n\t<\/div>\n<\/div>\n<!--yith-wcbm-badge-->\n<\/div><!--container-image-and-badge-->                                            <\/a>\n                                                                                                                                        <div class=\"actions style_two\">\n                                                    <a href=\"\/index.php?rest_route=%2Fwp%2Fv2%2Fpages%2F56944&#038;add-to-cart=104064\" aria-describedby=\"woocommerce_loop_add_to_cart_link_describedby_104064\" data-quantity=\"1\" class=\"button product_type_simple add_to_cart_button ajax_add_to_cart\" data-product_id=\"104064\" data-product_sku=\"57570\" aria-label=\"Adiciona ao carrinho: &ldquo;Pasta de arquivo econ\u00f3mico com caixa em cart\u00e3o revestido a papel marmoreado IFoffice&rdquo;\" rel=\"nofollow\" data-success_message=\"&ldquo;Pasta de arquivo econ\u00f3mico com caixa em cart\u00e3o revestido a papel marmoreado IFoffice&rdquo; foi adicionado ao seu carrinho\" role=\"button\">Adicionar<\/a>\t<span id=\"woocommerce_loop_add_to_cart_link_describedby_104064\" class=\"screen-reader-text\">\n\t\t\t<\/span>\n<div class=\"tooltip_no wishlist button-default yith-wcwl-add-to-wishlist add-to-wishlist-104064\"><div class=\"yith-wcwl-add-button show\"><a href=\"https:\/\/ifoffice.pt\/?page_id=121&#038;wishlist-action\" data-product-id=\"104064\" data-product-type=\"simple\" class=\"add_to_wishlist\" aria-label=\"Wishlist\" rel=\"nofollow\"><i class=\"fa fa-heart-o\"><\/i><span class=\"ht-product-action-tooltip\">Adicionar \u00e0 lista de Desejos<\/span><\/a><i class=\"fa fa-spinner fa-pulse ajax-loading\" style=\"visibility:hidden\"><\/i><\/div><div class=\"yith-wcwl-wishlistaddedbrowse hide\" style=\"display:none;\"><a class=\"\" href=\"https:\/\/ifoffice.pt\/?page_id=121&#038;wishlist-action\" aria-label=\"Wishlist\" rel=\"nofollow\"><i class=\"fa fa-heart\"><\/i><span class=\"ht-product-action-tooltip\">Veja a sua lista de favoritos<\/span><\/a><\/div><div class=\"yith-wcwl-wishlistexistsbrowse hide\" style=\"display:none\"><a href=\"https:\/\/ifoffice.pt\/?page_id=121&#038;wishlist-action\" class=\"\" aria-label=\"Wishlist\" rel=\"nofollow\"><i class=\"fa fa-heart\"><\/i><span class=\"ht-product-action-tooltip\">Produto adicionado!<\/span><\/a><\/div><\/div>                                                <\/div>\n                                            \n                                            \n                                        <\/div>\n                                        \n                                        <div class=\"content\">\n                                            <h4 class=\"title\"><a href=\"https:\/\/ifoffice.pt\/?product=pasta-de-arquivo-economico-com-caixa-em-cartao-revestido-a-papel-marmoreado-ifoffice\">Pasta de arquivo econ\u00f3mico com caixa em cart\u00e3o revestido a papel marmoreado IFoffice<\/a><\/h4>\n                                            \n\t<span class=\"price\"><span class=\"woocommerce-Price-amount amount\"><bdi><span class=\"woocommerce-Price-currencySymbol\">&euro;<\/span>2.71<\/bdi><\/span> <small class=\"woocommerce-price-suffix\">IVA inc.<\/small><\/span>\n                                                                                    <\/div>\n                                    <\/div>\n\n                                <\/div>\n\n                                                       <\/div>\n                    <\/div>                <\/div>\n            \n        <\/div>  \n\n\n        \t\t\t\t<\/div>\n\t\t\t\t<\/div>\n\t\t\t\t\t<\/div>\n\t\t<\/div>\n\t\t\t\t<div class=\"elementor-column elementor-col-25 elementor-top-column elementor-element elementor-element-31e8bde\" data-id=\"31e8bde\" data-element_type=\"column\" data-e-type=\"column\">\n\t\t\t<div class=\"elementor-widget-wrap\">\n\t\t\t\t\t\t\t<\/div>\n\t\t<\/div>\n\t\t\t\t\t<\/div>\n\t\t<\/section>\n\t\t\t\t<section class=\"elementor-section elementor-top-section elementor-element elementor-element-cc4573d elementor-section-full_width elementor-hidden-tablet elementor-hidden-phone elementor-section-height-default elementor-section-height-default wpr-particle-no wpr-jarallax-no wpr-parallax-no wpr-sticky-section-no wpr-equal-height-no\" data-id=\"cc4573d\" data-element_type=\"section\" data-e-type=\"section\">\n\t\t\t\t\t\t<div class=\"elementor-container elementor-column-gap-default\">\n\t\t\t\t\t<div class=\"elementor-column elementor-col-50 elementor-top-column elementor-element elementor-element-5fa3bc2\" data-id=\"5fa3bc2\" data-element_type=\"column\" data-e-type=\"column\">\n\t\t\t<div class=\"elementor-widget-wrap elementor-element-populated\">\n\t\t\t\t\t\t<div class=\"elementor-element elementor-element-31abcfa elementor-widget elementor-widget-image\" data-id=\"31abcfa\" data-element_type=\"widget\" data-e-type=\"widget\" data-widget_type=\"image.default\">\n\t\t\t\t<div class=\"elementor-widget-container\">\n\t\t\t\t\t\t\t\t\t\t\t\t\t\t\t\t<a href=\"https:\/\/ifoffice.pt\/?product_tag=seguranca-epis\">\n\t\t\t\t\t\t\t<img loading=\"lazy\" decoding=\"async\" width=\"1024\" height=\"475\" src=\"https:\/\/ifoffice.pt\/wp-content\/uploads\/2024\/03\/BANNER-EPIS.jpg\" class=\"attachment-large size-large wp-image-133316\" alt=\"\" srcset=\"https:\/\/ifoffice.pt\/wp-content\/uploads\/2024\/03\/BANNER-EPIS.jpg 1024w, https:\/\/ifoffice.pt\/wp-content\/uploads\/2024\/03\/BANNER-EPIS-300x139.jpg 300w, https:\/\/ifoffice.pt\/wp-content\/uploads\/2024\/03\/BANNER-EPIS-768x356.jpg 768w, https:\/\/ifoffice.pt\/wp-content\/uploads\/2024\/03\/BANNER-EPIS-600x278.jpg 600w, https:\/\/ifoffice.pt\/wp-content\/uploads\/2024\/03\/BANNER-EPIS-64x30.jpg 64w\" sizes=\"(max-width: 1024px) 100vw, 1024px\" \/>\t\t\t\t\t\t\t\t<\/a>\n\t\t\t\t\t\t\t\t\t\t\t\t\t\t\t<\/div>\n\t\t\t\t<\/div>\n\t\t\t\t\t<\/div>\n\t\t<\/div>\n\t\t\t\t<div class=\"elementor-column elementor-col-50 elementor-top-column elementor-element elementor-element-bf17865\" data-id=\"bf17865\" data-element_type=\"column\" data-e-type=\"column\">\n\t\t\t<div class=\"elementor-widget-wrap elementor-element-populated\">\n\t\t\t\t\t\t<div class=\"elementor-element elementor-element-973f499 elementor-widget elementor-widget-video\" data-id=\"973f499\" data-element_type=\"widget\" data-e-type=\"widget\" data-settings=\"{&quot;autoplay&quot;:&quot;yes&quot;,&quot;play_on_mobile&quot;:&quot;yes&quot;,&quot;mute&quot;:&quot;yes&quot;,&quot;loop&quot;:&quot;yes&quot;,&quot;video_type&quot;:&quot;hosted&quot;}\" data-widget_type=\"video.default\">\n\t\t\t\t<div class=\"elementor-widget-container\">\n\t\t\t\t\t\t\t<div class=\"e-hosted-video elementor-wrapper elementor-open-inline\">\n\t\t\t\t\t<video class=\"elementor-video\" src=\"https:\/\/ifoffice.pt\/wp-content\/uploads\/2024\/06\/dossier-ifoffice.mp4\" autoplay=\"\" loop=\"\" muted=\"muted\" playsinline=\"\" controlsList=\"nodownload\"><\/video>\n\t\t\t\t<\/div>\n\t\t\t\t\t\t<\/div>\n\t\t\t\t<\/div>\n\t\t\t\t\t<\/div>\n\t\t<\/div>\n\t\t\t\t\t<\/div>\n\t\t<\/section>\n\t\t\t\t<section class=\"elementor-section elementor-top-section elementor-element elementor-element-ee75512 elementor-hidden-tablet elementor-hidden-phone elementor-section-boxed elementor-section-height-default elementor-section-height-default wpr-particle-no wpr-jarallax-no wpr-parallax-no wpr-sticky-section-no wpr-equal-height-no\" data-id=\"ee75512\" data-element_type=\"section\" data-e-type=\"section\" data-settings=\"{&quot;background_background&quot;:&quot;classic&quot;}\">\n\t\t\t\t\t\t\t<div class=\"elementor-background-overlay\"><\/div>\n\t\t\t\t\t\t\t<div class=\"elementor-container elementor-column-gap-default\">\n\t\t\t\t\t<div class=\"elementor-column elementor-col-100 elementor-top-column elementor-element elementor-element-d05f3bb\" data-id=\"d05f3bb\" data-element_type=\"column\" data-e-type=\"column\">\n\t\t\t<div class=\"elementor-widget-wrap elementor-element-populated\">\n\t\t\t\t\t\t<div class=\"elementor-element elementor-element-a98c292 elementor-widget elementor-widget-spacer\" data-id=\"a98c292\" data-element_type=\"widget\" data-e-type=\"widget\" data-widget_type=\"spacer.default\">\n\t\t\t\t<div class=\"elementor-widget-container\">\n\t\t\t\t\t\t\t<div class=\"elementor-spacer\">\n\t\t\t<div class=\"elementor-spacer-inner\"><\/div>\n\t\t<\/div>\n\t\t\t\t\t\t<\/div>\n\t\t\t\t<\/div>\n\t\t\t\t\t<\/div>\n\t\t<\/div>\n\t\t\t\t\t<\/div>\n\t\t<\/section>\n\t\t\t\t<section class=\"elementor-section elementor-top-section elementor-element elementor-element-b18fe41 elementor-section-full_width animated-slow elementor-hidden-tablet elementor-hidden-phone elementor-section-height-default elementor-section-height-default wpr-particle-no wpr-jarallax-no wpr-parallax-no wpr-sticky-section-no wpr-equal-height-no elementor-invisible\" data-id=\"b18fe41\" data-element_type=\"section\" data-e-type=\"section\" data-settings=\"{&quot;animation&quot;:&quot;fadeIn&quot;}\">\n\t\t\t\t\t\t<div class=\"elementor-container elementor-column-gap-default\">\n\t\t\t\t\t<div class=\"elementor-column elementor-col-25 elementor-top-column elementor-element elementor-element-521e779\" data-id=\"521e779\" data-element_type=\"column\" data-e-type=\"column\">\n\t\t\t<div class=\"elementor-widget-wrap\">\n\t\t\t\t\t\t\t<\/div>\n\t\t<\/div>\n\t\t\t\t<div class=\"elementor-column elementor-col-25 elementor-top-column elementor-element elementor-element-75ae332\" data-id=\"75ae332\" data-element_type=\"column\" data-e-type=\"column\" data-settings=\"{&quot;background_background&quot;:&quot;classic&quot;}\">\n\t\t\t<div class=\"elementor-widget-wrap elementor-element-populated\">\n\t\t\t\t\t<div class=\"elementor-background-overlay\"><\/div>\n\t\t\t\t\t\t<div class=\"elementor-element elementor-element-02a9564 elementor-widget elementor-widget-heading\" data-id=\"02a9564\" data-element_type=\"widget\" data-e-type=\"widget\" data-widget_type=\"heading.default\">\n\t\t\t\t<div class=\"elementor-widget-container\">\n\t\t\t\t\t<h2 class=\"elementor-heading-title elementor-size-default\">Tinteiros e toners<\/h2>\t\t\t\t<\/div>\n\t\t\t\t<\/div>\n\t\t\t\t\t<\/div>\n\t\t<\/div>\n\t\t\t\t<div class=\"elementor-column elementor-col-25 elementor-top-column elementor-element elementor-element-e87c1d3\" data-id=\"e87c1d3\" data-element_type=\"column\" data-e-type=\"column\">\n\t\t\t<div class=\"elementor-widget-wrap elementor-element-populated\">\n\t\t\t\t\t\t<div class=\"elementor-element elementor-element-d78a367 elementor-widget elementor-widget-woolentor-product-tab\" data-id=\"d78a367\" data-element_type=\"widget\" data-e-type=\"widget\" data-widget_type=\"woolentor-product-tab.default\">\n\t\t\t\t<div class=\"elementor-widget-container\">\n\t\t\t\t\t          \n        <div class=\"product-style\">\n\n            \n                            <div class=\"ht-row\">\n                    <div id=\"product-slider-69f537987370a\" dir=\"ltr\" class=\"product-slider\" style='display:none' data-settings='{\"arrows\":true,\"dots\":false,\"autoplay\":true,\"autoplay_speed\":3000,\"animation_speed\":400,\"pause_on_hover\":true,\"rtl\":false,\"product_items\":5,\"scroll_columns\":2,\"tablet_width\":750,\"tablet_display_columns\":2,\"tablet_scroll_columns\":2,\"mobile_width\":480,\"mobile_display_columns\":1,\"mobile_scroll_columns\":1}'>\n                        <div class=\"slide-item ht-col-xs-12\">\n                            \n                                <div class=\"product-item  \">\n\n                                    <div class=\"product-inner\">\n                                        <div class=\"image-wrap\">\n                                            <a href=\"https:\/\/ifoffice.pt\/?product=tinteiro-hp-n-903-xl-officejet-6960-6970-preto-825-pag\" class=\"image\">\n                                                <img loading=\"lazy\" decoding=\"async\" width=\"300\" height=\"229\" src=\"https:\/\/ifoffice.pt\/wp-content\/uploads\/2023\/03\/900078g-300x229.jpg\" class=\"attachment-woocommerce_thumbnail size-woocommerce_thumbnail\" alt=\"Tinteiro hp 903 xl officejet 6960 \/ 6970 preto 825 paginas\" srcset=\"https:\/\/ifoffice.pt\/wp-content\/uploads\/2023\/03\/900078g-300x229.jpg 300w, https:\/\/ifoffice.pt\/wp-content\/uploads\/2023\/03\/900078g-64x49.jpg 64w, https:\/\/ifoffice.pt\/wp-content\/uploads\/2023\/03\/900078g.jpg 420w\" sizes=\"(max-width: 300px) 100vw, 300px\" \/>                                            <\/a>\n                                                                                                                                        <div class=\"actions style_two\">\n                                                    <a href=\"\/index.php?rest_route=%2Fwp%2Fv2%2Fpages%2F56944&#038;add-to-cart=72704\" aria-describedby=\"woocommerce_loop_add_to_cart_link_describedby_72704\" data-quantity=\"1\" class=\"button product_type_simple add_to_cart_button ajax_add_to_cart\" data-product_id=\"72704\" data-product_sku=\"900078\" aria-label=\"Adiciona ao carrinho: &ldquo;Tinteiro hp 903 xl officejet 6960 \/ 6970 preto 825 paginas&rdquo;\" rel=\"nofollow\" data-success_message=\"&ldquo;Tinteiro hp 903 xl officejet 6960 \/ 6970 preto 825 paginas&rdquo; foi adicionado ao seu carrinho\" role=\"button\">Adicionar<\/a>\t<span id=\"woocommerce_loop_add_to_cart_link_describedby_72704\" class=\"screen-reader-text\">\n\t\t\t<\/span>\n<div class=\"tooltip_no wishlist button-default yith-wcwl-add-to-wishlist add-to-wishlist-72704\"><div class=\"yith-wcwl-add-button show\"><a href=\"https:\/\/ifoffice.pt\/?page_id=121&#038;wishlist-action\" data-product-id=\"72704\" data-product-type=\"simple\" class=\"add_to_wishlist\" aria-label=\"Wishlist\" rel=\"nofollow\"><i class=\"fa fa-heart-o\"><\/i><span class=\"ht-product-action-tooltip\">Adicionar \u00e0 lista de Desejos<\/span><\/a><i class=\"fa fa-spinner fa-pulse ajax-loading\" style=\"visibility:hidden\"><\/i><\/div><div class=\"yith-wcwl-wishlistaddedbrowse hide\" style=\"display:none;\"><a class=\"\" href=\"https:\/\/ifoffice.pt\/?page_id=121&#038;wishlist-action\" aria-label=\"Wishlist\" rel=\"nofollow\"><i class=\"fa fa-heart\"><\/i><span class=\"ht-product-action-tooltip\">Veja a sua lista de favoritos<\/span><\/a><\/div><div class=\"yith-wcwl-wishlistexistsbrowse hide\" style=\"display:none\"><a href=\"https:\/\/ifoffice.pt\/?page_id=121&#038;wishlist-action\" class=\"\" aria-label=\"Wishlist\" rel=\"nofollow\"><i class=\"fa fa-heart\"><\/i><span class=\"ht-product-action-tooltip\">Produto adicionado!<\/span><\/a><\/div><\/div>                                                <\/div>\n                                            \n                                            \n                                        <\/div>\n                                        \n                                        <div class=\"content\">\n                                            <h4 class=\"title\"><a href=\"https:\/\/ifoffice.pt\/?product=tinteiro-hp-n-903-xl-officejet-6960-6970-preto-825-pag\">Tinteiro hp 903 xl officejet 6960 \/ 6970 preto 825 paginas<\/a><\/h4>\n                                            \n\t<span class=\"price\"><span class=\"woocommerce-Price-amount amount\"><bdi><span class=\"woocommerce-Price-currencySymbol\">&euro;<\/span>83.75<\/bdi><\/span> <small class=\"woocommerce-price-suffix\">IVA inc.<\/small><\/span>\n                                                                                    <\/div>\n                                    <\/div>\n\n                                <\/div>\n\n                                                       <\/div>\n                            <div class=\"slide-item ht-col-xs-12\">\n                                \n                                <div class=\"product-item  \">\n\n                                    <div class=\"product-inner\">\n                                        <div class=\"image-wrap\">\n                                            <a href=\"https:\/\/ifoffice.pt\/?product=tinteiro-hp-n-903-xl-officejet-6960-6970-magenta-825-pag\" class=\"image\">\n                                                <img loading=\"lazy\" decoding=\"async\" width=\"300\" height=\"229\" src=\"https:\/\/ifoffice.pt\/wp-content\/uploads\/2023\/03\/900076g-300x229.jpg\" class=\"attachment-woocommerce_thumbnail size-woocommerce_thumbnail\" alt=\"Tinteiro hp 903 xl officejet 6960 \/ 6970 magenta 825 paginas\" srcset=\"https:\/\/ifoffice.pt\/wp-content\/uploads\/2023\/03\/900076g-300x229.jpg 300w, https:\/\/ifoffice.pt\/wp-content\/uploads\/2023\/03\/900076g-64x49.jpg 64w, https:\/\/ifoffice.pt\/wp-content\/uploads\/2023\/03\/900076g.jpg 420w\" sizes=\"(max-width: 300px) 100vw, 300px\" \/>                                            <\/a>\n                                                                                                                                        <div class=\"actions style_two\">\n                                                    <a href=\"\/index.php?rest_route=%2Fwp%2Fv2%2Fpages%2F56944&#038;add-to-cart=72705\" aria-describedby=\"woocommerce_loop_add_to_cart_link_describedby_72705\" data-quantity=\"1\" class=\"button product_type_simple add_to_cart_button ajax_add_to_cart\" data-product_id=\"72705\" data-product_sku=\"900076\" aria-label=\"Adiciona ao carrinho: &ldquo;Tinteiro hp 903 xl officejet 6960 \/ 6970 magenta 825 paginas&rdquo;\" rel=\"nofollow\" data-success_message=\"&ldquo;Tinteiro hp 903 xl officejet 6960 \/ 6970 magenta 825 paginas&rdquo; foi adicionado ao seu carrinho\" role=\"button\">Adicionar<\/a>\t<span id=\"woocommerce_loop_add_to_cart_link_describedby_72705\" class=\"screen-reader-text\">\n\t\t\t<\/span>\n<div class=\"tooltip_no wishlist button-default yith-wcwl-add-to-wishlist add-to-wishlist-72705\"><div class=\"yith-wcwl-add-button show\"><a href=\"https:\/\/ifoffice.pt\/?page_id=121&#038;wishlist-action\" data-product-id=\"72705\" data-product-type=\"simple\" class=\"add_to_wishlist\" aria-label=\"Wishlist\" rel=\"nofollow\"><i class=\"fa fa-heart-o\"><\/i><span class=\"ht-product-action-tooltip\">Adicionar \u00e0 lista de Desejos<\/span><\/a><i class=\"fa fa-spinner fa-pulse ajax-loading\" style=\"visibility:hidden\"><\/i><\/div><div class=\"yith-wcwl-wishlistaddedbrowse hide\" style=\"display:none;\"><a class=\"\" href=\"https:\/\/ifoffice.pt\/?page_id=121&#038;wishlist-action\" aria-label=\"Wishlist\" rel=\"nofollow\"><i class=\"fa fa-heart\"><\/i><span class=\"ht-product-action-tooltip\">Veja a sua lista de favoritos<\/span><\/a><\/div><div class=\"yith-wcwl-wishlistexistsbrowse hide\" style=\"display:none\"><a href=\"https:\/\/ifoffice.pt\/?page_id=121&#038;wishlist-action\" class=\"\" aria-label=\"Wishlist\" rel=\"nofollow\"><i class=\"fa fa-heart\"><\/i><span class=\"ht-product-action-tooltip\">Produto adicionado!<\/span><\/a><\/div><\/div>                                                <\/div>\n                                            \n                                            \n                                        <\/div>\n                                        \n                                        <div class=\"content\">\n                                            <h4 class=\"title\"><a href=\"https:\/\/ifoffice.pt\/?product=tinteiro-hp-n-903-xl-officejet-6960-6970-magenta-825-pag\">Tinteiro hp 903 xl officejet 6960 \/ 6970 magenta 825 paginas<\/a><\/h4>\n                                            \n\t<span class=\"price\"><span class=\"woocommerce-Price-amount amount\"><bdi><span class=\"woocommerce-Price-currencySymbol\">&euro;<\/span>41.52<\/bdi><\/span> <small class=\"woocommerce-price-suffix\">IVA inc.<\/small><\/span>\n                                                                                    <\/div>\n                                    <\/div>\n\n                                <\/div>\n\n                                                       <\/div>\n                            <div class=\"slide-item ht-col-xs-12\">\n                                \n                                <div class=\"product-item  \">\n\n                                    <div class=\"product-inner\">\n                                        <div class=\"image-wrap\">\n                                            <a href=\"https:\/\/ifoffice.pt\/?product=tinteiro-hp-n-304-xl-deskjet-3000-3720-3730-preto-300-pag\" class=\"image\">\n                                                <img loading=\"lazy\" decoding=\"async\" width=\"300\" height=\"229\" src=\"https:\/\/ifoffice.pt\/wp-content\/uploads\/2023\/03\/900074g-300x229.jpg\" class=\"attachment-woocommerce_thumbnail size-woocommerce_thumbnail\" alt=\"Tinteiro hp 304 xl deskjet 3000 \/ 3720 \/ 3730 preto 300 paginas\" srcset=\"https:\/\/ifoffice.pt\/wp-content\/uploads\/2023\/03\/900074g-300x229.jpg 300w, https:\/\/ifoffice.pt\/wp-content\/uploads\/2023\/03\/900074g-64x49.jpg 64w, https:\/\/ifoffice.pt\/wp-content\/uploads\/2023\/03\/900074g.jpg 420w\" sizes=\"(max-width: 300px) 100vw, 300px\" \/>                                            <\/a>\n                                                                                                                                        <div class=\"actions style_two\">\n                                                    <a href=\"\/index.php?rest_route=%2Fwp%2Fv2%2Fpages%2F56944&#038;add-to-cart=72707\" aria-describedby=\"woocommerce_loop_add_to_cart_link_describedby_72707\" data-quantity=\"1\" class=\"button product_type_simple add_to_cart_button ajax_add_to_cart\" data-product_id=\"72707\" data-product_sku=\"900074\" aria-label=\"Adiciona ao carrinho: &ldquo;Tinteiro hp 304 xl deskjet 3000 \/ 3720 \/ 3730 preto 300 paginas&rdquo;\" rel=\"nofollow\" data-success_message=\"&ldquo;Tinteiro hp 304 xl deskjet 3000 \/ 3720 \/ 3730 preto 300 paginas&rdquo; foi adicionado ao seu carrinho\" role=\"button\">Adicionar<\/a>\t<span id=\"woocommerce_loop_add_to_cart_link_describedby_72707\" class=\"screen-reader-text\">\n\t\t\t<\/span>\n<div class=\"tooltip_no wishlist button-default yith-wcwl-add-to-wishlist add-to-wishlist-72707\"><div class=\"yith-wcwl-add-button show\"><a href=\"https:\/\/ifoffice.pt\/?page_id=121&#038;wishlist-action\" data-product-id=\"72707\" data-product-type=\"simple\" class=\"add_to_wishlist\" aria-label=\"Wishlist\" rel=\"nofollow\"><i class=\"fa fa-heart-o\"><\/i><span class=\"ht-product-action-tooltip\">Adicionar \u00e0 lista de Desejos<\/span><\/a><i class=\"fa fa-spinner fa-pulse ajax-loading\" style=\"visibility:hidden\"><\/i><\/div><div class=\"yith-wcwl-wishlistaddedbrowse hide\" style=\"display:none;\"><a class=\"\" href=\"https:\/\/ifoffice.pt\/?page_id=121&#038;wishlist-action\" aria-label=\"Wishlist\" rel=\"nofollow\"><i class=\"fa fa-heart\"><\/i><span class=\"ht-product-action-tooltip\">Veja a sua lista de favoritos<\/span><\/a><\/div><div class=\"yith-wcwl-wishlistexistsbrowse hide\" style=\"display:none\"><a href=\"https:\/\/ifoffice.pt\/?page_id=121&#038;wishlist-action\" class=\"\" aria-label=\"Wishlist\" rel=\"nofollow\"><i class=\"fa fa-heart\"><\/i><span class=\"ht-product-action-tooltip\">Produto adicionado!<\/span><\/a><\/div><\/div>                                                <\/div>\n                                            \n                                            \n                                        <\/div>\n                                        \n                                        <div class=\"content\">\n                                            <h4 class=\"title\"><a href=\"https:\/\/ifoffice.pt\/?product=tinteiro-hp-n-304-xl-deskjet-3000-3720-3730-preto-300-pag\">Tinteiro hp 304 xl deskjet 3000 \/ 3720 \/ 3730 preto 300 paginas<\/a><\/h4>\n                                            \n\t<span class=\"price\"><span class=\"woocommerce-Price-amount amount\"><bdi><span class=\"woocommerce-Price-currencySymbol\">&euro;<\/span>56.95<\/bdi><\/span> <small class=\"woocommerce-price-suffix\">IVA inc.<\/small><\/span>\n                                                                                    <\/div>\n                                    <\/div>\n\n                                <\/div>\n\n                                                       <\/div>\n                            <div class=\"slide-item ht-col-xs-12\">\n                                \n                                <div class=\"product-item  \">\n\n                                    <div class=\"product-inner\">\n                                        <div class=\"image-wrap\">\n                                            <a href=\"https:\/\/ifoffice.pt\/?product=tinteiro-hp-n-304-deskjet-3000-3720-3730-tricolor-100-pag\" class=\"image\">\n                                                <img loading=\"lazy\" decoding=\"async\" width=\"300\" height=\"229\" src=\"https:\/\/ifoffice.pt\/wp-content\/uploads\/2023\/03\/900071g-300x229.jpg\" class=\"attachment-woocommerce_thumbnail size-woocommerce_thumbnail\" alt=\"Tinteiro hp 304 deskjet 3000 \/ 3720 \/ 3730 tricolor 100 paginas\" srcset=\"https:\/\/ifoffice.pt\/wp-content\/uploads\/2023\/03\/900071g-300x229.jpg 300w, https:\/\/ifoffice.pt\/wp-content\/uploads\/2023\/03\/900071g-64x49.jpg 64w, https:\/\/ifoffice.pt\/wp-content\/uploads\/2023\/03\/900071g.jpg 420w\" sizes=\"(max-width: 300px) 100vw, 300px\" \/>                                            <\/a>\n                                                                                                                                        <div class=\"actions style_two\">\n                                                    <a href=\"\/index.php?rest_route=%2Fwp%2Fv2%2Fpages%2F56944&#038;add-to-cart=72710\" aria-describedby=\"woocommerce_loop_add_to_cart_link_describedby_72710\" data-quantity=\"1\" class=\"button product_type_simple add_to_cart_button ajax_add_to_cart\" data-product_id=\"72710\" data-product_sku=\"900071\" aria-label=\"Adiciona ao carrinho: &ldquo;Tinteiro hp 304 deskjet 3000 \/ 3720 \/ 3730 tricolor 100 paginas&rdquo;\" rel=\"nofollow\" data-success_message=\"&ldquo;Tinteiro hp 304 deskjet 3000 \/ 3720 \/ 3730 tricolor 100 paginas&rdquo; foi adicionado ao seu carrinho\" role=\"button\">Adicionar<\/a>\t<span id=\"woocommerce_loop_add_to_cart_link_describedby_72710\" class=\"screen-reader-text\">\n\t\t\t<\/span>\n<div class=\"tooltip_no wishlist button-default yith-wcwl-add-to-wishlist add-to-wishlist-72710\"><div class=\"yith-wcwl-add-button show\"><a href=\"https:\/\/ifoffice.pt\/?page_id=121&#038;wishlist-action\" data-product-id=\"72710\" data-product-type=\"simple\" class=\"add_to_wishlist\" aria-label=\"Wishlist\" rel=\"nofollow\"><i class=\"fa fa-heart-o\"><\/i><span class=\"ht-product-action-tooltip\">Adicionar \u00e0 lista de Desejos<\/span><\/a><i class=\"fa fa-spinner fa-pulse ajax-loading\" style=\"visibility:hidden\"><\/i><\/div><div class=\"yith-wcwl-wishlistaddedbrowse hide\" style=\"display:none;\"><a class=\"\" href=\"https:\/\/ifoffice.pt\/?page_id=121&#038;wishlist-action\" aria-label=\"Wishlist\" rel=\"nofollow\"><i class=\"fa fa-heart\"><\/i><span class=\"ht-product-action-tooltip\">Veja a sua lista de favoritos<\/span><\/a><\/div><div class=\"yith-wcwl-wishlistexistsbrowse hide\" style=\"display:none\"><a href=\"https:\/\/ifoffice.pt\/?page_id=121&#038;wishlist-action\" class=\"\" aria-label=\"Wishlist\" rel=\"nofollow\"><i class=\"fa fa-heart\"><\/i><span class=\"ht-product-action-tooltip\">Produto adicionado!<\/span><\/a><\/div><\/div>                                                <\/div>\n                                            \n                                            \n                                        <\/div>\n                                        \n                                        <div class=\"content\">\n                                            <h4 class=\"title\"><a href=\"https:\/\/ifoffice.pt\/?product=tinteiro-hp-n-304-deskjet-3000-3720-3730-tricolor-100-pag\">Tinteiro hp 304 deskjet 3000 \/ 3720 \/ 3730 tricolor 100 paginas<\/a><\/h4>\n                                            \n\t<span class=\"price\"><span class=\"woocommerce-Price-amount amount\"><bdi><span class=\"woocommerce-Price-currencySymbol\">&euro;<\/span>27.98<\/bdi><\/span> <small class=\"woocommerce-price-suffix\">IVA inc.<\/small><\/span>\n                                                                                    <\/div>\n                                    <\/div>\n\n                                <\/div>\n\n                                                       <\/div>\n                            <div class=\"slide-item ht-col-xs-12\">\n                                \n                                <div class=\"product-item  \">\n\n                                    <div class=\"product-inner\">\n                                        <div class=\"image-wrap\">\n                                            <a href=\"https:\/\/ifoffice.pt\/?product=tinteiro-canon-pgi550xl-pixma-mg5450-5550-6350-7150-preto-grande-capacidade\" class=\"image\">\n                                                <img loading=\"lazy\" decoding=\"async\" width=\"300\" height=\"229\" src=\"https:\/\/ifoffice.pt\/wp-content\/uploads\/2023\/03\/300374g-300x229.jpg\" class=\"attachment-woocommerce_thumbnail size-woocommerce_thumbnail\" alt=\"Tinteiro canon pgi550xl pixma mg5450\/5550\/ 6350\/7150 preto grande capacidade\" srcset=\"https:\/\/ifoffice.pt\/wp-content\/uploads\/2023\/03\/300374g-300x229.jpg 300w, https:\/\/ifoffice.pt\/wp-content\/uploads\/2023\/03\/300374g-64x49.jpg 64w, https:\/\/ifoffice.pt\/wp-content\/uploads\/2023\/03\/300374g.jpg 420w\" sizes=\"(max-width: 300px) 100vw, 300px\" \/>                                            <\/a>\n                                                                                                                                        <div class=\"actions style_two\">\n                                                    <a href=\"\/index.php?rest_route=%2Fwp%2Fv2%2Fpages%2F56944&#038;add-to-cart=72727\" aria-describedby=\"woocommerce_loop_add_to_cart_link_describedby_72727\" data-quantity=\"1\" class=\"button product_type_simple add_to_cart_button ajax_add_to_cart\" data-product_id=\"72727\" data-product_sku=\"300374\" aria-label=\"Adiciona ao carrinho: &ldquo;Tinteiro canon pgi550xl pixma mg5450\/5550\/ 6350\/7150 preto grande capacidade&rdquo;\" rel=\"nofollow\" data-success_message=\"&ldquo;Tinteiro canon pgi550xl pixma mg5450\/5550\/ 6350\/7150 preto grande capacidade&rdquo; foi adicionado ao seu carrinho\" role=\"button\">Adicionar<\/a>\t<span id=\"woocommerce_loop_add_to_cart_link_describedby_72727\" class=\"screen-reader-text\">\n\t\t\t<\/span>\n<div class=\"tooltip_no wishlist button-default yith-wcwl-add-to-wishlist add-to-wishlist-72727\"><div class=\"yith-wcwl-add-button show\"><a href=\"https:\/\/ifoffice.pt\/?page_id=121&#038;wishlist-action\" data-product-id=\"72727\" data-product-type=\"simple\" class=\"add_to_wishlist\" aria-label=\"Wishlist\" rel=\"nofollow\"><i class=\"fa fa-heart-o\"><\/i><span class=\"ht-product-action-tooltip\">Adicionar \u00e0 lista de Desejos<\/span><\/a><i class=\"fa fa-spinner fa-pulse ajax-loading\" style=\"visibility:hidden\"><\/i><\/div><div class=\"yith-wcwl-wishlistaddedbrowse hide\" style=\"display:none;\"><a class=\"\" href=\"https:\/\/ifoffice.pt\/?page_id=121&#038;wishlist-action\" aria-label=\"Wishlist\" rel=\"nofollow\"><i class=\"fa fa-heart\"><\/i><span class=\"ht-product-action-tooltip\">Veja a sua lista de favoritos<\/span><\/a><\/div><div class=\"yith-wcwl-wishlistexistsbrowse hide\" style=\"display:none\"><a href=\"https:\/\/ifoffice.pt\/?page_id=121&#038;wishlist-action\" class=\"\" aria-label=\"Wishlist\" rel=\"nofollow\"><i class=\"fa fa-heart\"><\/i><span class=\"ht-product-action-tooltip\">Produto adicionado!<\/span><\/a><\/div><\/div>                                                <\/div>\n                                            \n                                            \n                                        <\/div>\n                                        \n                                        <div class=\"content\">\n                                            <h4 class=\"title\"><a href=\"https:\/\/ifoffice.pt\/?product=tinteiro-canon-pgi550xl-pixma-mg5450-5550-6350-7150-preto-grande-capacidade\">Tinteiro canon pgi550xl pixma mg5450\/5550\/ 6350\/7150 preto grande capacidade<\/a><\/h4>\n                                            \n\t<span class=\"price\"><span class=\"woocommerce-Price-amount amount\"><bdi><span class=\"woocommerce-Price-currencySymbol\">&euro;<\/span>30.70<\/bdi><\/span> <small class=\"woocommerce-price-suffix\">IVA inc.<\/small><\/span>\n                                                                                    <\/div>\n                                    <\/div>\n\n                                <\/div>\n\n                                                       <\/div>\n                            <div class=\"slide-item ht-col-xs-12\">\n                                \n                                <div class=\"product-item  \">\n\n                                    <div class=\"product-inner\">\n                                        <div class=\"image-wrap\">\n                                            <a href=\"https:\/\/ifoffice.pt\/?product=tinteiro-brother-lc229xlbk-mfc-j5320dw-5620dw-5625dw-5720-dw-preto-2400-pag\" class=\"image\">\n                                                <img loading=\"lazy\" decoding=\"async\" width=\"300\" height=\"229\" src=\"https:\/\/ifoffice.pt\/wp-content\/uploads\/2023\/03\/300039g-300x229.jpg\" class=\"attachment-woocommerce_thumbnail size-woocommerce_thumbnail\" alt=\"Tinteiro brother lc229xlbk mfc-j5320dw \/ 5620dw \/ 5625dw \/ 5720 dw preto 2400 pag\" srcset=\"https:\/\/ifoffice.pt\/wp-content\/uploads\/2023\/03\/300039g-300x229.jpg 300w, https:\/\/ifoffice.pt\/wp-content\/uploads\/2023\/03\/300039g-64x49.jpg 64w, https:\/\/ifoffice.pt\/wp-content\/uploads\/2023\/03\/300039g.jpg 420w\" sizes=\"(max-width: 300px) 100vw, 300px\" \/>                                            <\/a>\n                                                                                                                                        <div class=\"actions style_two\">\n                                                    <a href=\"https:\/\/ifoffice.pt\/?product=tinteiro-brother-lc229xlbk-mfc-j5320dw-5620dw-5625dw-5720-dw-preto-2400-pag\" aria-describedby=\"woocommerce_loop_add_to_cart_link_describedby_73140\" data-quantity=\"1\" class=\"button product_type_simple\" data-product_id=\"73140\" data-product_sku=\"300039\" aria-label=\"Leia mais sobre &ldquo;Tinteiro brother lc229xlbk mfc-j5320dw \/ 5620dw \/ 5625dw \/ 5720 dw preto 2400 pag&rdquo;\" rel=\"nofollow\" data-success_message=\"\">Ler mais<\/a>\t<span id=\"woocommerce_loop_add_to_cart_link_describedby_73140\" class=\"screen-reader-text\">\n\t\t\t<\/span>\n<div class=\"tooltip_no wishlist button-default yith-wcwl-add-to-wishlist add-to-wishlist-73140\"><div class=\"yith-wcwl-add-button show\"><a href=\"https:\/\/ifoffice.pt\/?page_id=121&#038;wishlist-action\" data-product-id=\"73140\" data-product-type=\"simple\" class=\"add_to_wishlist\" aria-label=\"Wishlist\" rel=\"nofollow\"><i class=\"fa fa-heart-o\"><\/i><span class=\"ht-product-action-tooltip\">Adicionar \u00e0 lista de Desejos<\/span><\/a><i class=\"fa fa-spinner fa-pulse ajax-loading\" style=\"visibility:hidden\"><\/i><\/div><div class=\"yith-wcwl-wishlistaddedbrowse hide\" style=\"display:none;\"><a class=\"\" href=\"https:\/\/ifoffice.pt\/?page_id=121&#038;wishlist-action\" aria-label=\"Wishlist\" rel=\"nofollow\"><i class=\"fa fa-heart\"><\/i><span class=\"ht-product-action-tooltip\">Veja a sua lista de favoritos<\/span><\/a><\/div><div class=\"yith-wcwl-wishlistexistsbrowse hide\" style=\"display:none\"><a href=\"https:\/\/ifoffice.pt\/?page_id=121&#038;wishlist-action\" class=\"\" aria-label=\"Wishlist\" rel=\"nofollow\"><i class=\"fa fa-heart\"><\/i><span class=\"ht-product-action-tooltip\">Produto adicionado!<\/span><\/a><\/div><\/div>                                                <\/div>\n                                            \n                                            \n                                        <\/div>\n                                        \n                                        <div class=\"content\">\n                                            <h4 class=\"title\"><a href=\"https:\/\/ifoffice.pt\/?product=tinteiro-brother-lc229xlbk-mfc-j5320dw-5620dw-5625dw-5720-dw-preto-2400-pag\">Tinteiro brother lc229xlbk mfc-j5320dw \/ 5620dw \/ 5625dw \/ 5720 dw preto 2400 pag<\/a><\/h4>\n                                            \n\t<span class=\"price\"><span class=\"woocommerce-Price-amount amount\"><bdi><span class=\"woocommerce-Price-currencySymbol\">&euro;<\/span>55.66<\/bdi><\/span> <small class=\"woocommerce-price-suffix\">IVA inc.<\/small><\/span>\n                                                                                    <\/div>\n                                    <\/div>\n\n                                <\/div>\n\n                                                       <\/div>\n                            <div class=\"slide-item ht-col-xs-12\">\n                                \n                                <div class=\"product-item  \">\n\n                                    <div class=\"product-inner\">\n                                        <div class=\"image-wrap\">\n                                            <a href=\"https:\/\/ifoffice.pt\/?product=tinteiro-hp-305xl-deskjet-1210-1212-1255-2732-2752-4155-4158-envy-6020-6052-6055-6420-tricolor-200-pag\" class=\"image\">\n                                                <img loading=\"lazy\" decoding=\"async\" width=\"300\" height=\"229\" src=\"https:\/\/ifoffice.pt\/wp-content\/uploads\/2023\/03\/160143g-300x229.jpg\" class=\"attachment-woocommerce_thumbnail size-woocommerce_thumbnail\" alt=\"Tinteiro hp 305 xl deskjet 1210 \/ 1212 \/ 1255 \/ 2732 \/ 2752 \/ 4155 \/ 4158 envy 6020 \/ 6052 \/6055 \/ 6420 tricolor 200\" srcset=\"https:\/\/ifoffice.pt\/wp-content\/uploads\/2023\/03\/160143g-300x229.jpg 300w, https:\/\/ifoffice.pt\/wp-content\/uploads\/2023\/03\/160143g-768x585.jpg 768w, https:\/\/ifoffice.pt\/wp-content\/uploads\/2023\/03\/160143g-600x457.jpg 600w, https:\/\/ifoffice.pt\/wp-content\/uploads\/2023\/03\/160143g-64x49.jpg 64w, https:\/\/ifoffice.pt\/wp-content\/uploads\/2023\/03\/160143g.jpg 1000w\" sizes=\"(max-width: 300px) 100vw, 300px\" \/>                                            <\/a>\n                                                                                                                                        <div class=\"actions style_two\">\n                                                    <a href=\"\/index.php?rest_route=%2Fwp%2Fv2%2Fpages%2F56944&#038;add-to-cart=73483\" aria-describedby=\"woocommerce_loop_add_to_cart_link_describedby_73483\" data-quantity=\"1\" class=\"button product_type_simple add_to_cart_button ajax_add_to_cart\" data-product_id=\"73483\" data-product_sku=\"160143\" aria-label=\"Adiciona ao carrinho: &ldquo;Tinteiro hp 305 xl deskjet 1210 \/ 1212 \/ 1255 \/ 2732 \/ 2752 \/ 4155 \/ 4158 envy 6020 \/ 6052 \/6055 \/ 6420 tricolor 200&rdquo;\" rel=\"nofollow\" data-success_message=\"&ldquo;Tinteiro hp 305 xl deskjet 1210 \/ 1212 \/ 1255 \/ 2732 \/ 2752 \/ 4155 \/ 4158 envy 6020 \/ 6052 \/6055 \/ 6420 tricolor 200&rdquo; foi adicionado ao seu carrinho\" role=\"button\">Adicionar<\/a>\t<span id=\"woocommerce_loop_add_to_cart_link_describedby_73483\" class=\"screen-reader-text\">\n\t\t\t<\/span>\n<div class=\"tooltip_no wishlist button-default yith-wcwl-add-to-wishlist add-to-wishlist-73483\"><div class=\"yith-wcwl-add-button show\"><a href=\"https:\/\/ifoffice.pt\/?page_id=121&#038;wishlist-action\" data-product-id=\"73483\" data-product-type=\"simple\" class=\"add_to_wishlist\" aria-label=\"Wishlist\" rel=\"nofollow\"><i class=\"fa fa-heart-o\"><\/i><span class=\"ht-product-action-tooltip\">Adicionar \u00e0 lista de Desejos<\/span><\/a><i class=\"fa fa-spinner fa-pulse ajax-loading\" style=\"visibility:hidden\"><\/i><\/div><div class=\"yith-wcwl-wishlistaddedbrowse hide\" style=\"display:none;\"><a class=\"\" href=\"https:\/\/ifoffice.pt\/?page_id=121&#038;wishlist-action\" aria-label=\"Wishlist\" rel=\"nofollow\"><i class=\"fa fa-heart\"><\/i><span class=\"ht-product-action-tooltip\">Veja a sua lista de favoritos<\/span><\/a><\/div><div class=\"yith-wcwl-wishlistexistsbrowse hide\" style=\"display:none\"><a href=\"https:\/\/ifoffice.pt\/?page_id=121&#038;wishlist-action\" class=\"\" aria-label=\"Wishlist\" rel=\"nofollow\"><i class=\"fa fa-heart\"><\/i><span class=\"ht-product-action-tooltip\">Produto adicionado!<\/span><\/a><\/div><\/div>                                                <\/div>\n                                            \n                                            \n                                        <\/div>\n                                        \n                                        <div class=\"content\">\n                                            <h4 class=\"title\"><a href=\"https:\/\/ifoffice.pt\/?product=tinteiro-hp-305xl-deskjet-1210-1212-1255-2732-2752-4155-4158-envy-6020-6052-6055-6420-tricolor-200-pag\">Tinteiro hp 305 xl deskjet 1210 \/ 1212 \/ 1255 \/ 2732 \/ 2752 \/ 4155 \/ 4158 envy 6020 \/ 6052 \/6055 \/ 6420 tricolor 200<\/a><\/h4>\n                                            \n\t<span class=\"price\"><span class=\"woocommerce-Price-amount amount\"><bdi><span class=\"woocommerce-Price-currencySymbol\">&euro;<\/span>38.33<\/bdi><\/span> <small class=\"woocommerce-price-suffix\">IVA inc.<\/small><\/span>\n                                                                                    <\/div>\n                                    <\/div>\n\n                                <\/div>\n\n                                                       <\/div>\n                            <div class=\"slide-item ht-col-xs-12\">\n                                \n                                <div class=\"product-item  \">\n\n                                    <div class=\"product-inner\">\n                                        <div class=\"image-wrap\">\n                                            <a href=\"https:\/\/ifoffice.pt\/?product=tinteiro-hp-305xl-deskjet-1210-1212-1255-2732-2752-4155-4158-envy-6020-6052-6055-6420-preto-240-pagina\" class=\"image\">\n                                                <img loading=\"lazy\" decoding=\"async\" width=\"300\" height=\"229\" src=\"https:\/\/ifoffice.pt\/wp-content\/uploads\/2023\/03\/160142g-300x229.jpg\" class=\"attachment-woocommerce_thumbnail size-woocommerce_thumbnail\" alt=\"Tinteiro hp 305 xl deskjet 1210 \/ 1212 \/ 1255 \/ 2732 \/ 2752 \/ 4155 \/ 4158 envy 6020 \/ 6052 \/6055 \/ 6420 preto 240\" srcset=\"https:\/\/ifoffice.pt\/wp-content\/uploads\/2023\/03\/160142g-300x229.jpg 300w, https:\/\/ifoffice.pt\/wp-content\/uploads\/2023\/03\/160142g-768x585.jpg 768w, https:\/\/ifoffice.pt\/wp-content\/uploads\/2023\/03\/160142g-600x457.jpg 600w, https:\/\/ifoffice.pt\/wp-content\/uploads\/2023\/03\/160142g-64x49.jpg 64w, https:\/\/ifoffice.pt\/wp-content\/uploads\/2023\/03\/160142g.jpg 1000w\" sizes=\"(max-width: 300px) 100vw, 300px\" \/>                                            <\/a>\n                                                                                                                                        <div class=\"actions style_two\">\n                                                    <a href=\"\/index.php?rest_route=%2Fwp%2Fv2%2Fpages%2F56944&#038;add-to-cart=73484\" aria-describedby=\"woocommerce_loop_add_to_cart_link_describedby_73484\" data-quantity=\"1\" class=\"button product_type_simple add_to_cart_button ajax_add_to_cart\" data-product_id=\"73484\" data-product_sku=\"160142\" aria-label=\"Adiciona ao carrinho: &ldquo;Tinteiro hp 305 xl deskjet 1210 \/ 1212 \/ 1255 \/ 2732 \/ 2752 \/ 4155 \/ 4158 envy 6020 \/ 6052 \/6055 \/ 6420 preto 240&rdquo;\" rel=\"nofollow\" data-success_message=\"&ldquo;Tinteiro hp 305 xl deskjet 1210 \/ 1212 \/ 1255 \/ 2732 \/ 2752 \/ 4155 \/ 4158 envy 6020 \/ 6052 \/6055 \/ 6420 preto 240&rdquo; foi adicionado ao seu carrinho\" role=\"button\">Adicionar<\/a>\t<span id=\"woocommerce_loop_add_to_cart_link_describedby_73484\" class=\"screen-reader-text\">\n\t\t\t<\/span>\n<div class=\"tooltip_no wishlist button-default yith-wcwl-add-to-wishlist add-to-wishlist-73484\"><div class=\"yith-wcwl-add-button show\"><a href=\"https:\/\/ifoffice.pt\/?page_id=121&#038;wishlist-action\" data-product-id=\"73484\" data-product-type=\"simple\" class=\"add_to_wishlist\" aria-label=\"Wishlist\" rel=\"nofollow\"><i class=\"fa fa-heart-o\"><\/i><span class=\"ht-product-action-tooltip\">Adicionar \u00e0 lista de Desejos<\/span><\/a><i class=\"fa fa-spinner fa-pulse ajax-loading\" style=\"visibility:hidden\"><\/i><\/div><div class=\"yith-wcwl-wishlistaddedbrowse hide\" style=\"display:none;\"><a class=\"\" href=\"https:\/\/ifoffice.pt\/?page_id=121&#038;wishlist-action\" aria-label=\"Wishlist\" rel=\"nofollow\"><i class=\"fa fa-heart\"><\/i><span class=\"ht-product-action-tooltip\">Veja a sua lista de favoritos<\/span><\/a><\/div><div class=\"yith-wcwl-wishlistexistsbrowse hide\" style=\"display:none\"><a href=\"https:\/\/ifoffice.pt\/?page_id=121&#038;wishlist-action\" class=\"\" aria-label=\"Wishlist\" rel=\"nofollow\"><i class=\"fa fa-heart\"><\/i><span class=\"ht-product-action-tooltip\">Produto adicionado!<\/span><\/a><\/div><\/div>                                                <\/div>\n                                            \n                                            \n                                        <\/div>\n                                        \n                                        <div class=\"content\">\n                                            <h4 class=\"title\"><a href=\"https:\/\/ifoffice.pt\/?product=tinteiro-hp-305xl-deskjet-1210-1212-1255-2732-2752-4155-4158-envy-6020-6052-6055-6420-preto-240-pagina\">Tinteiro hp 305 xl deskjet 1210 \/ 1212 \/ 1255 \/ 2732 \/ 2752 \/ 4155 \/ 4158 envy 6020 \/ 6052 \/6055 \/ 6420 preto 240<\/a><\/h4>\n                                            \n\t<span class=\"price\"><span class=\"woocommerce-Price-amount amount\"><bdi><span class=\"woocommerce-Price-currencySymbol\">&euro;<\/span>41.76<\/bdi><\/span> <small class=\"woocommerce-price-suffix\">IVA inc.<\/small><\/span>\n                                                                                    <\/div>\n                                    <\/div>\n\n                                <\/div>\n\n                                                       <\/div>\n                            <div class=\"slide-item ht-col-xs-12\">\n                                \n                                <div class=\"product-item  \">\n\n                                    <div class=\"product-inner\">\n                                        <div class=\"image-wrap\">\n                                            <a href=\"https:\/\/ifoffice.pt\/?product=tinteiro-hp-305-deskjet-1210-1212-1255-2732-2752-4155-4158-envy-6020-6052-6055-6420-tricolor-100-pagin\" class=\"image\">\n                                                <img loading=\"lazy\" decoding=\"async\" width=\"300\" height=\"229\" src=\"https:\/\/ifoffice.pt\/wp-content\/uploads\/2023\/03\/160141g-300x229.jpg\" class=\"attachment-woocommerce_thumbnail size-woocommerce_thumbnail\" alt=\"Tinteiro hp 305 deskjet 1210 \/ 1212 \/ 1255 \/ 2732 \/ 2752 \/ 4155 \/ 4158 envy 6020 \/ 6052 \/6055 \/ 6420 tricolor 100\" srcset=\"https:\/\/ifoffice.pt\/wp-content\/uploads\/2023\/03\/160141g-300x229.jpg 300w, https:\/\/ifoffice.pt\/wp-content\/uploads\/2023\/03\/160141g-768x585.jpg 768w, https:\/\/ifoffice.pt\/wp-content\/uploads\/2023\/03\/160141g-600x457.jpg 600w, https:\/\/ifoffice.pt\/wp-content\/uploads\/2023\/03\/160141g-64x49.jpg 64w, https:\/\/ifoffice.pt\/wp-content\/uploads\/2023\/03\/160141g.jpg 1000w\" sizes=\"(max-width: 300px) 100vw, 300px\" \/>                                            <\/a>\n                                                                                                                                        <div class=\"actions style_two\">\n                                                    <a href=\"\/index.php?rest_route=%2Fwp%2Fv2%2Fpages%2F56944&#038;add-to-cart=73485\" aria-describedby=\"woocommerce_loop_add_to_cart_link_describedby_73485\" data-quantity=\"1\" class=\"button product_type_simple add_to_cart_button ajax_add_to_cart\" data-product_id=\"73485\" data-product_sku=\"160141\" aria-label=\"Adiciona ao carrinho: &ldquo;Tinteiro hp 305 deskjet 1210 \/ 1212 \/ 1255 \/ 2732 \/ 2752 \/ 4155 \/ 4158 envy 6020 \/ 6052 \/6055 \/ 6420 tricolor 100&rdquo;\" rel=\"nofollow\" data-success_message=\"&ldquo;Tinteiro hp 305 deskjet 1210 \/ 1212 \/ 1255 \/ 2732 \/ 2752 \/ 4155 \/ 4158 envy 6020 \/ 6052 \/6055 \/ 6420 tricolor 100&rdquo; foi adicionado ao seu carrinho\" role=\"button\">Adicionar<\/a>\t<span id=\"woocommerce_loop_add_to_cart_link_describedby_73485\" class=\"screen-reader-text\">\n\t\t\t<\/span>\n<div class=\"tooltip_no wishlist button-default yith-wcwl-add-to-wishlist add-to-wishlist-73485\"><div class=\"yith-wcwl-add-button show\"><a href=\"https:\/\/ifoffice.pt\/?page_id=121&#038;wishlist-action\" data-product-id=\"73485\" data-product-type=\"simple\" class=\"add_to_wishlist\" aria-label=\"Wishlist\" rel=\"nofollow\"><i class=\"fa fa-heart-o\"><\/i><span class=\"ht-product-action-tooltip\">Adicionar \u00e0 lista de Desejos<\/span><\/a><i class=\"fa fa-spinner fa-pulse ajax-loading\" style=\"visibility:hidden\"><\/i><\/div><div class=\"yith-wcwl-wishlistaddedbrowse hide\" style=\"display:none;\"><a class=\"\" href=\"https:\/\/ifoffice.pt\/?page_id=121&#038;wishlist-action\" aria-label=\"Wishlist\" rel=\"nofollow\"><i class=\"fa fa-heart\"><\/i><span class=\"ht-product-action-tooltip\">Veja a sua lista de favoritos<\/span><\/a><\/div><div class=\"yith-wcwl-wishlistexistsbrowse hide\" style=\"display:none\"><a href=\"https:\/\/ifoffice.pt\/?page_id=121&#038;wishlist-action\" class=\"\" aria-label=\"Wishlist\" rel=\"nofollow\"><i class=\"fa fa-heart\"><\/i><span class=\"ht-product-action-tooltip\">Produto adicionado!<\/span><\/a><\/div><\/div>                                                <\/div>\n                                            \n                                            \n                                        <\/div>\n                                        \n                                        <div class=\"content\">\n                                            <h4 class=\"title\"><a href=\"https:\/\/ifoffice.pt\/?product=tinteiro-hp-305-deskjet-1210-1212-1255-2732-2752-4155-4158-envy-6020-6052-6055-6420-tricolor-100-pagin\">Tinteiro hp 305 deskjet 1210 \/ 1212 \/ 1255 \/ 2732 \/ 2752 \/ 4155 \/ 4158 envy 6020 \/ 6052 \/6055 \/ 6420 tricolor 100<\/a><\/h4>\n                                            \n\t<span class=\"price\"><span class=\"woocommerce-Price-amount amount\"><bdi><span class=\"woocommerce-Price-currencySymbol\">&euro;<\/span>22.31<\/bdi><\/span> <small class=\"woocommerce-price-suffix\">IVA inc.<\/small><\/span>\n                                                                                    <\/div>\n                                    <\/div>\n\n                                <\/div>\n\n                                                       <\/div>\n                            <div class=\"slide-item ht-col-xs-12\">\n                                \n                                <div class=\"product-item  \">\n\n                                    <div class=\"product-inner\">\n                                        <div class=\"image-wrap\">\n                                            <a href=\"https:\/\/ifoffice.pt\/?product=tinteiro-hp-305-deskjet-1210-1212-1255-2732-2752-4155-4158-envy-6020-6052-6055-6420-preto-120-paginas\" class=\"image\">\n                                                <img loading=\"lazy\" decoding=\"async\" width=\"300\" height=\"229\" src=\"https:\/\/ifoffice.pt\/wp-content\/uploads\/2023\/03\/160140g-300x229.jpg\" class=\"attachment-woocommerce_thumbnail size-woocommerce_thumbnail\" alt=\"Tinteiro hp 305 deskjet 1210 \/ 1212 \/ 1255 \/ 2732 \/ 2752 \/ 4155 \/ 4158 envy 6020 \/ 6052 \/6055 \/ 6420 preto 120\" srcset=\"https:\/\/ifoffice.pt\/wp-content\/uploads\/2023\/03\/160140g-300x229.jpg 300w, https:\/\/ifoffice.pt\/wp-content\/uploads\/2023\/03\/160140g-768x585.jpg 768w, https:\/\/ifoffice.pt\/wp-content\/uploads\/2023\/03\/160140g-600x457.jpg 600w, https:\/\/ifoffice.pt\/wp-content\/uploads\/2023\/03\/160140g-64x49.jpg 64w, https:\/\/ifoffice.pt\/wp-content\/uploads\/2023\/03\/160140g.jpg 1000w\" sizes=\"(max-width: 300px) 100vw, 300px\" \/>                                            <\/a>\n                                                                                                                                        <div class=\"actions style_two\">\n                                                    <a href=\"\/index.php?rest_route=%2Fwp%2Fv2%2Fpages%2F56944&#038;add-to-cart=73486\" aria-describedby=\"woocommerce_loop_add_to_cart_link_describedby_73486\" data-quantity=\"1\" class=\"button product_type_simple add_to_cart_button ajax_add_to_cart\" data-product_id=\"73486\" data-product_sku=\"160140\" aria-label=\"Adiciona ao carrinho: &ldquo;Tinteiro hp 305 deskjet 1210 \/ 1212 \/ 1255 \/ 2732 \/ 2752 \/ 4155 \/ 4158 envy 6020 \/ 6052 \/6055 \/ 6420 preto 120&rdquo;\" rel=\"nofollow\" data-success_message=\"&ldquo;Tinteiro hp 305 deskjet 1210 \/ 1212 \/ 1255 \/ 2732 \/ 2752 \/ 4155 \/ 4158 envy 6020 \/ 6052 \/6055 \/ 6420 preto 120&rdquo; foi adicionado ao seu carrinho\" role=\"button\">Adicionar<\/a>\t<span id=\"woocommerce_loop_add_to_cart_link_describedby_73486\" class=\"screen-reader-text\">\n\t\t\t<\/span>\n<div class=\"tooltip_no wishlist button-default yith-wcwl-add-to-wishlist add-to-wishlist-73486\"><div class=\"yith-wcwl-add-button show\"><a href=\"https:\/\/ifoffice.pt\/?page_id=121&#038;wishlist-action\" data-product-id=\"73486\" data-product-type=\"simple\" class=\"add_to_wishlist\" aria-label=\"Wishlist\" rel=\"nofollow\"><i class=\"fa fa-heart-o\"><\/i><span class=\"ht-product-action-tooltip\">Adicionar \u00e0 lista de Desejos<\/span><\/a><i class=\"fa fa-spinner fa-pulse ajax-loading\" style=\"visibility:hidden\"><\/i><\/div><div class=\"yith-wcwl-wishlistaddedbrowse hide\" style=\"display:none;\"><a class=\"\" href=\"https:\/\/ifoffice.pt\/?page_id=121&#038;wishlist-action\" aria-label=\"Wishlist\" rel=\"nofollow\"><i class=\"fa fa-heart\"><\/i><span class=\"ht-product-action-tooltip\">Veja a sua lista de favoritos<\/span><\/a><\/div><div class=\"yith-wcwl-wishlistexistsbrowse hide\" style=\"display:none\"><a href=\"https:\/\/ifoffice.pt\/?page_id=121&#038;wishlist-action\" class=\"\" aria-label=\"Wishlist\" rel=\"nofollow\"><i class=\"fa fa-heart\"><\/i><span class=\"ht-product-action-tooltip\">Produto adicionado!<\/span><\/a><\/div><\/div>                                                <\/div>\n                                            \n                                            \n                                        <\/div>\n                                        \n                                        <div class=\"content\">\n                                            <h4 class=\"title\"><a href=\"https:\/\/ifoffice.pt\/?product=tinteiro-hp-305-deskjet-1210-1212-1255-2732-2752-4155-4158-envy-6020-6052-6055-6420-preto-120-paginas\">Tinteiro hp 305 deskjet 1210 \/ 1212 \/ 1255 \/ 2732 \/ 2752 \/ 4155 \/ 4158 envy 6020 \/ 6052 \/6055 \/ 6420 preto 120<\/a><\/h4>\n                                            \n\t<span class=\"price\"><span class=\"woocommerce-Price-amount amount\"><bdi><span class=\"woocommerce-Price-currencySymbol\">&euro;<\/span>22.31<\/bdi><\/span> <small class=\"woocommerce-price-suffix\">IVA inc.<\/small><\/span>\n                                                                                    <\/div>\n                                    <\/div>\n\n                                <\/div>\n\n                                                       <\/div>\n                            <div class=\"slide-item ht-col-xs-12\">\n                                \n                                <div class=\"product-item  \">\n\n                                    <div class=\"product-inner\">\n                                        <div class=\"image-wrap\">\n                                            <a href=\"https:\/\/ifoffice.pt\/?product=tinteiro-epson-378-expression-home-xp-8605-15000-8500-preto-amarelo-cian-magenta-cian-claro-magenta-claro-360-pag\" class=\"image\">\n                                                <img loading=\"lazy\" decoding=\"async\" width=\"300\" height=\"229\" src=\"https:\/\/ifoffice.pt\/wp-content\/uploads\/2023\/03\/159529g-300x229.jpg\" class=\"attachment-woocommerce_thumbnail size-woocommerce_thumbnail\" alt=\"Tinteiro epson 378 expression home xp-8605 \/ 15000 \/ 8500 preto amarelo cian magenta cian claro magenta claro 360\" srcset=\"https:\/\/ifoffice.pt\/wp-content\/uploads\/2023\/03\/159529g-300x229.jpg 300w, https:\/\/ifoffice.pt\/wp-content\/uploads\/2023\/03\/159529g-768x585.jpg 768w, https:\/\/ifoffice.pt\/wp-content\/uploads\/2023\/03\/159529g-600x457.jpg 600w, https:\/\/ifoffice.pt\/wp-content\/uploads\/2023\/03\/159529g-64x49.jpg 64w, https:\/\/ifoffice.pt\/wp-content\/uploads\/2023\/03\/159529g.jpg 1000w\" sizes=\"(max-width: 300px) 100vw, 300px\" \/>                                            <\/a>\n                                                                                                                                        <div class=\"actions style_two\">\n                                                    <a href=\"\/index.php?rest_route=%2Fwp%2Fv2%2Fpages%2F56944&#038;add-to-cart=74077\" aria-describedby=\"woocommerce_loop_add_to_cart_link_describedby_74077\" data-quantity=\"1\" class=\"button product_type_simple add_to_cart_button ajax_add_to_cart\" data-product_id=\"74077\" data-product_sku=\"159529\" aria-label=\"Adiciona ao carrinho: &ldquo;Tinteiro epson 378 expression home xp-8605 \/ 15000 \/ 8500 preto amarelo cian magenta cian claro magenta claro 360&rdquo;\" rel=\"nofollow\" data-success_message=\"&ldquo;Tinteiro epson 378 expression home xp-8605 \/ 15000 \/ 8500 preto amarelo cian magenta cian claro magenta claro 360&rdquo; foi adicionado ao seu carrinho\" role=\"button\">Adicionar<\/a>\t<span id=\"woocommerce_loop_add_to_cart_link_describedby_74077\" class=\"screen-reader-text\">\n\t\t\t<\/span>\n<div class=\"tooltip_no wishlist button-default yith-wcwl-add-to-wishlist add-to-wishlist-74077\"><div class=\"yith-wcwl-add-button show\"><a href=\"https:\/\/ifoffice.pt\/?page_id=121&#038;wishlist-action\" data-product-id=\"74077\" data-product-type=\"simple\" class=\"add_to_wishlist\" aria-label=\"Wishlist\" rel=\"nofollow\"><i class=\"fa fa-heart-o\"><\/i><span class=\"ht-product-action-tooltip\">Adicionar \u00e0 lista de Desejos<\/span><\/a><i class=\"fa fa-spinner fa-pulse ajax-loading\" style=\"visibility:hidden\"><\/i><\/div><div class=\"yith-wcwl-wishlistaddedbrowse hide\" style=\"display:none;\"><a class=\"\" href=\"https:\/\/ifoffice.pt\/?page_id=121&#038;wishlist-action\" aria-label=\"Wishlist\" rel=\"nofollow\"><i class=\"fa fa-heart\"><\/i><span class=\"ht-product-action-tooltip\">Veja a sua lista de favoritos<\/span><\/a><\/div><div class=\"yith-wcwl-wishlistexistsbrowse hide\" style=\"display:none\"><a href=\"https:\/\/ifoffice.pt\/?page_id=121&#038;wishlist-action\" class=\"\" aria-label=\"Wishlist\" rel=\"nofollow\"><i class=\"fa fa-heart\"><\/i><span class=\"ht-product-action-tooltip\">Produto adicionado!<\/span><\/a><\/div><\/div>                                                <\/div>\n                                            \n                                            \n                                        <\/div>\n                                        \n                                        <div class=\"content\">\n                                            <h4 class=\"title\"><a href=\"https:\/\/ifoffice.pt\/?product=tinteiro-epson-378-expression-home-xp-8605-15000-8500-preto-amarelo-cian-magenta-cian-claro-magenta-claro-360-pag\">Tinteiro epson 378 expression home xp-8605 \/ 15000 \/ 8500 preto amarelo cian magenta cian claro magenta claro 360<\/a><\/h4>\n                                            \n\t<span class=\"price\"><span class=\"woocommerce-Price-amount amount\"><bdi><span class=\"woocommerce-Price-currencySymbol\">&euro;<\/span>123.81<\/bdi><\/span> <small class=\"woocommerce-price-suffix\">IVA inc.<\/small><\/span>\n                                                                                    <\/div>\n                                    <\/div>\n\n                                <\/div>\n\n                                                       <\/div>\n                            <div class=\"slide-item ht-col-xs-12\">\n                                \n                                <div class=\"product-item  \">\n\n                                    <div class=\"product-inner\">\n                                        <div class=\"image-wrap\">\n                                            <a href=\"https:\/\/ifoffice.pt\/?product=tinteiro-epson-378-expression-home-xp-8605-8606-xp-15000-xp-8500-8505-cian-360-pag\" class=\"image\">\n                                                <img loading=\"lazy\" decoding=\"async\" width=\"300\" height=\"229\" src=\"https:\/\/ifoffice.pt\/wp-content\/uploads\/2023\/03\/159527g-300x229.jpg\" class=\"attachment-woocommerce_thumbnail size-woocommerce_thumbnail\" alt=\"Tinteiro epson 378 expression home xp-8605 \/ 8606 \/ xp-15000 \/ xp-8500 \/ 8505 cian 360 pag\" srcset=\"https:\/\/ifoffice.pt\/wp-content\/uploads\/2023\/03\/159527g-300x229.jpg 300w, https:\/\/ifoffice.pt\/wp-content\/uploads\/2023\/03\/159527g-768x585.jpg 768w, https:\/\/ifoffice.pt\/wp-content\/uploads\/2023\/03\/159527g-600x457.jpg 600w, https:\/\/ifoffice.pt\/wp-content\/uploads\/2023\/03\/159527g-64x49.jpg 64w, https:\/\/ifoffice.pt\/wp-content\/uploads\/2023\/03\/159527g.jpg 1000w\" sizes=\"(max-width: 300px) 100vw, 300px\" \/>                                            <\/a>\n                                                                                                                                        <div class=\"actions style_two\">\n                                                    <a href=\"\/index.php?rest_route=%2Fwp%2Fv2%2Fpages%2F56944&#038;add-to-cart=74078\" aria-describedby=\"woocommerce_loop_add_to_cart_link_describedby_74078\" data-quantity=\"1\" class=\"button product_type_simple add_to_cart_button ajax_add_to_cart\" data-product_id=\"74078\" data-product_sku=\"159527\" aria-label=\"Adiciona ao carrinho: &ldquo;Tinteiro epson 378 expression home xp-8605 \/ 8606 \/ xp-15000 \/ xp-8500 \/ 8505 cian 360 pag&rdquo;\" rel=\"nofollow\" data-success_message=\"&ldquo;Tinteiro epson 378 expression home xp-8605 \/ 8606 \/ xp-15000 \/ xp-8500 \/ 8505 cian 360 pag&rdquo; foi adicionado ao seu carrinho\" role=\"button\">Adicionar<\/a>\t<span id=\"woocommerce_loop_add_to_cart_link_describedby_74078\" class=\"screen-reader-text\">\n\t\t\t<\/span>\n<div class=\"tooltip_no wishlist button-default yith-wcwl-add-to-wishlist add-to-wishlist-74078\"><div class=\"yith-wcwl-add-button show\"><a href=\"https:\/\/ifoffice.pt\/?page_id=121&#038;wishlist-action\" data-product-id=\"74078\" data-product-type=\"simple\" class=\"add_to_wishlist\" aria-label=\"Wishlist\" rel=\"nofollow\"><i class=\"fa fa-heart-o\"><\/i><span class=\"ht-product-action-tooltip\">Adicionar \u00e0 lista de Desejos<\/span><\/a><i class=\"fa fa-spinner fa-pulse ajax-loading\" style=\"visibility:hidden\"><\/i><\/div><div class=\"yith-wcwl-wishlistaddedbrowse hide\" style=\"display:none;\"><a class=\"\" href=\"https:\/\/ifoffice.pt\/?page_id=121&#038;wishlist-action\" aria-label=\"Wishlist\" rel=\"nofollow\"><i class=\"fa fa-heart\"><\/i><span class=\"ht-product-action-tooltip\">Veja a sua lista de favoritos<\/span><\/a><\/div><div class=\"yith-wcwl-wishlistexistsbrowse hide\" style=\"display:none\"><a href=\"https:\/\/ifoffice.pt\/?page_id=121&#038;wishlist-action\" class=\"\" aria-label=\"Wishlist\" rel=\"nofollow\"><i class=\"fa fa-heart\"><\/i><span class=\"ht-product-action-tooltip\">Produto adicionado!<\/span><\/a><\/div><\/div>                                                <\/div>\n                                            \n                                            \n                                        <\/div>\n                                        \n                                        <div class=\"content\">\n                                            <h4 class=\"title\"><a href=\"https:\/\/ifoffice.pt\/?product=tinteiro-epson-378-expression-home-xp-8605-8606-xp-15000-xp-8500-8505-cian-360-pag\">Tinteiro epson 378 expression home xp-8605 \/ 8606 \/ xp-15000 \/ xp-8500 \/ 8505 cian 360 pag<\/a><\/h4>\n                                            \n\t<span class=\"price\"><span class=\"woocommerce-Price-amount amount\"><bdi><span class=\"woocommerce-Price-currencySymbol\">&euro;<\/span>20.22<\/bdi><\/span> <small class=\"woocommerce-price-suffix\">IVA inc.<\/small><\/span>\n                                                                                    <\/div>\n                                    <\/div>\n\n                                <\/div>\n\n                                                       <\/div>\n                            <div class=\"slide-item ht-col-xs-12\">\n                                \n                                <div class=\"product-item  \">\n\n                                    <div class=\"product-inner\">\n                                        <div class=\"image-wrap\">\n                                            <a href=\"https:\/\/ifoffice.pt\/?product=tinteiro-epson-378-xl-expression-home-xp-8605-15000-8500-preto-amarelo-cian-magenta-cian-claro-magenta-claro-830-pag\" class=\"image\">\n                                                <img loading=\"lazy\" decoding=\"async\" width=\"300\" height=\"229\" src=\"https:\/\/ifoffice.pt\/wp-content\/uploads\/2023\/03\/159536g-300x229.jpg\" class=\"attachment-woocommerce_thumbnail size-woocommerce_thumbnail\" alt=\"Tinteiro epson 378 xl expression home xp-8605 \/ 15000 \/ 8500 preto amarelo cian magenta cian claro\" srcset=\"https:\/\/ifoffice.pt\/wp-content\/uploads\/2023\/03\/159536g-300x229.jpg 300w, https:\/\/ifoffice.pt\/wp-content\/uploads\/2023\/03\/159536g-768x585.jpg 768w, https:\/\/ifoffice.pt\/wp-content\/uploads\/2023\/03\/159536g-600x457.jpg 600w, https:\/\/ifoffice.pt\/wp-content\/uploads\/2023\/03\/159536g-64x49.jpg 64w, https:\/\/ifoffice.pt\/wp-content\/uploads\/2023\/03\/159536g.jpg 1000w\" sizes=\"(max-width: 300px) 100vw, 300px\" \/>                                            <\/a>\n                                                                                                                                        <div class=\"actions style_two\">\n                                                    <a href=\"\/index.php?rest_route=%2Fwp%2Fv2%2Fpages%2F56944&#038;add-to-cart=74072\" aria-describedby=\"woocommerce_loop_add_to_cart_link_describedby_74072\" data-quantity=\"1\" class=\"button product_type_simple add_to_cart_button ajax_add_to_cart\" data-product_id=\"74072\" data-product_sku=\"159536\" aria-label=\"Adiciona ao carrinho: &ldquo;Tinteiro epson 378 xl expression home xp-8605 \/ 15000 \/ 8500 preto amarelo cian magenta cian claro&rdquo;\" rel=\"nofollow\" data-success_message=\"&ldquo;Tinteiro epson 378 xl expression home xp-8605 \/ 15000 \/ 8500 preto amarelo cian magenta cian claro&rdquo; foi adicionado ao seu carrinho\" role=\"button\">Adicionar<\/a>\t<span id=\"woocommerce_loop_add_to_cart_link_describedby_74072\" class=\"screen-reader-text\">\n\t\t\t<\/span>\n<div class=\"tooltip_no wishlist button-default yith-wcwl-add-to-wishlist add-to-wishlist-74072\"><div class=\"yith-wcwl-add-button show\"><a href=\"https:\/\/ifoffice.pt\/?page_id=121&#038;wishlist-action\" data-product-id=\"74072\" data-product-type=\"simple\" class=\"add_to_wishlist\" aria-label=\"Wishlist\" rel=\"nofollow\"><i class=\"fa fa-heart-o\"><\/i><span class=\"ht-product-action-tooltip\">Adicionar \u00e0 lista de Desejos<\/span><\/a><i class=\"fa fa-spinner fa-pulse ajax-loading\" style=\"visibility:hidden\"><\/i><\/div><div class=\"yith-wcwl-wishlistaddedbrowse hide\" style=\"display:none;\"><a class=\"\" href=\"https:\/\/ifoffice.pt\/?page_id=121&#038;wishlist-action\" aria-label=\"Wishlist\" rel=\"nofollow\"><i class=\"fa fa-heart\"><\/i><span class=\"ht-product-action-tooltip\">Veja a sua lista de favoritos<\/span><\/a><\/div><div class=\"yith-wcwl-wishlistexistsbrowse hide\" style=\"display:none\"><a href=\"https:\/\/ifoffice.pt\/?page_id=121&#038;wishlist-action\" class=\"\" aria-label=\"Wishlist\" rel=\"nofollow\"><i class=\"fa fa-heart\"><\/i><span class=\"ht-product-action-tooltip\">Produto adicionado!<\/span><\/a><\/div><\/div>                                                <\/div>\n                                            \n                                            \n                                        <\/div>\n                                        \n                                        <div class=\"content\">\n                                            <h4 class=\"title\"><a href=\"https:\/\/ifoffice.pt\/?product=tinteiro-epson-378-xl-expression-home-xp-8605-15000-8500-preto-amarelo-cian-magenta-cian-claro-magenta-claro-830-pag\">Tinteiro epson 378 xl expression home xp-8605 \/ 15000 \/ 8500 preto amarelo cian magenta cian claro<\/a><\/h4>\n                                            \n\t<span class=\"price\"><span class=\"woocommerce-Price-amount amount\"><bdi><span class=\"woocommerce-Price-currencySymbol\">&euro;<\/span>229.40<\/bdi><\/span> <small class=\"woocommerce-price-suffix\">IVA inc.<\/small><\/span>\n                                                                                    <\/div>\n                                    <\/div>\n\n                                <\/div>\n\n                                                       <\/div>\n                            <div class=\"slide-item ht-col-xs-12\">\n                                \n                                <div class=\"product-item  \">\n\n                                    <div class=\"product-inner\">\n                                        <div class=\"image-wrap\">\n                                            <a href=\"https:\/\/ifoffice.pt\/?product=tinteiro-epson-378-xl-expression-home-xp-8605-8606-xp-15000-xp-8500-8505-amarelo-830-pag\" class=\"image\">\n                                                <img loading=\"lazy\" decoding=\"async\" width=\"300\" height=\"229\" src=\"https:\/\/ifoffice.pt\/wp-content\/uploads\/2023\/03\/159533g-300x229.jpg\" class=\"attachment-woocommerce_thumbnail size-woocommerce_thumbnail\" alt=\"Tinteiro epson 378 xl expression home xp-8605 \/ 8606 \/ xp-15000 \/ xp-8500 \/ 8505 amarelo 830 pag\" srcset=\"https:\/\/ifoffice.pt\/wp-content\/uploads\/2023\/03\/159533g-300x229.jpg 300w, https:\/\/ifoffice.pt\/wp-content\/uploads\/2023\/03\/159533g-768x585.jpg 768w, https:\/\/ifoffice.pt\/wp-content\/uploads\/2023\/03\/159533g-600x457.jpg 600w, https:\/\/ifoffice.pt\/wp-content\/uploads\/2023\/03\/159533g-64x49.jpg 64w, https:\/\/ifoffice.pt\/wp-content\/uploads\/2023\/03\/159533g.jpg 1000w\" sizes=\"(max-width: 300px) 100vw, 300px\" \/>                                            <\/a>\n                                                                                                                                        <div class=\"actions style_two\">\n                                                    <a href=\"https:\/\/ifoffice.pt\/?product=tinteiro-epson-378-xl-expression-home-xp-8605-8606-xp-15000-xp-8500-8505-amarelo-830-pag\" aria-describedby=\"woocommerce_loop_add_to_cart_link_describedby_74073\" data-quantity=\"1\" class=\"button product_type_simple\" data-product_id=\"74073\" data-product_sku=\"159533\" aria-label=\"Leia mais sobre &ldquo;Tinteiro epson 378 xl expression home xp-8605 \/ 8606 \/ xp-15000 \/ xp-8500 \/ 8505 amarelo 830 pag&rdquo;\" rel=\"nofollow\" data-success_message=\"\">Ler mais<\/a>\t<span id=\"woocommerce_loop_add_to_cart_link_describedby_74073\" class=\"screen-reader-text\">\n\t\t\t<\/span>\n<div class=\"tooltip_no wishlist button-default yith-wcwl-add-to-wishlist add-to-wishlist-74073\"><div class=\"yith-wcwl-add-button show\"><a href=\"https:\/\/ifoffice.pt\/?page_id=121&#038;wishlist-action\" data-product-id=\"74073\" data-product-type=\"simple\" class=\"add_to_wishlist\" aria-label=\"Wishlist\" rel=\"nofollow\"><i class=\"fa fa-heart-o\"><\/i><span class=\"ht-product-action-tooltip\">Adicionar \u00e0 lista de Desejos<\/span><\/a><i class=\"fa fa-spinner fa-pulse ajax-loading\" style=\"visibility:hidden\"><\/i><\/div><div class=\"yith-wcwl-wishlistaddedbrowse hide\" style=\"display:none;\"><a class=\"\" href=\"https:\/\/ifoffice.pt\/?page_id=121&#038;wishlist-action\" aria-label=\"Wishlist\" rel=\"nofollow\"><i class=\"fa fa-heart\"><\/i><span class=\"ht-product-action-tooltip\">Veja a sua lista de favoritos<\/span><\/a><\/div><div class=\"yith-wcwl-wishlistexistsbrowse hide\" style=\"display:none\"><a href=\"https:\/\/ifoffice.pt\/?page_id=121&#038;wishlist-action\" class=\"\" aria-label=\"Wishlist\" rel=\"nofollow\"><i class=\"fa fa-heart\"><\/i><span class=\"ht-product-action-tooltip\">Produto adicionado!<\/span><\/a><\/div><\/div>                                                <\/div>\n                                            \n                                            \n                                        <\/div>\n                                        \n                                        <div class=\"content\">\n                                            <h4 class=\"title\"><a href=\"https:\/\/ifoffice.pt\/?product=tinteiro-epson-378-xl-expression-home-xp-8605-8606-xp-15000-xp-8500-8505-amarelo-830-pag\">Tinteiro epson 378 xl expression home xp-8605 \/ 8606 \/ xp-15000 \/ xp-8500 \/ 8505 amarelo 830 pag<\/a><\/h4>\n                                            \n\t<span class=\"price\"><span class=\"woocommerce-Price-amount amount\"><bdi><span class=\"woocommerce-Price-currencySymbol\">&euro;<\/span>38.66<\/bdi><\/span> <small class=\"woocommerce-price-suffix\">IVA inc.<\/small><\/span>\n                                                                                    <\/div>\n                                    <\/div>\n\n                                <\/div>\n\n                                                       <\/div>\n                            <div class=\"slide-item ht-col-xs-12\">\n                                \n                                <div class=\"product-item  \">\n\n                                    <div class=\"product-inner\">\n                                        <div class=\"image-wrap\">\n                                            <a href=\"https:\/\/ifoffice.pt\/?product=tinteiro-epson-378-xl-expression-home-xp-8605-8606-xp-15000-xp-8500-8505-magenta-830-pag\" class=\"image\">\n                                                <img loading=\"lazy\" decoding=\"async\" width=\"300\" height=\"229\" src=\"https:\/\/ifoffice.pt\/wp-content\/uploads\/2023\/03\/159532g-300x229.jpg\" class=\"attachment-woocommerce_thumbnail size-woocommerce_thumbnail\" alt=\"Tinteiro epson 378 xl expression home xp-8605 \/ 8606 \/ xp-15000 \/ xp-8500 \/ 8505 magenta 830 pag\" srcset=\"https:\/\/ifoffice.pt\/wp-content\/uploads\/2023\/03\/159532g-300x229.jpg 300w, https:\/\/ifoffice.pt\/wp-content\/uploads\/2023\/03\/159532g-768x585.jpg 768w, https:\/\/ifoffice.pt\/wp-content\/uploads\/2023\/03\/159532g-600x457.jpg 600w, https:\/\/ifoffice.pt\/wp-content\/uploads\/2023\/03\/159532g-64x49.jpg 64w, https:\/\/ifoffice.pt\/wp-content\/uploads\/2023\/03\/159532g.jpg 1000w\" sizes=\"(max-width: 300px) 100vw, 300px\" \/>                                            <\/a>\n                                                                                                                                        <div class=\"actions style_two\">\n                                                    <a href=\"\/index.php?rest_route=%2Fwp%2Fv2%2Fpages%2F56944&#038;add-to-cart=74074\" aria-describedby=\"woocommerce_loop_add_to_cart_link_describedby_74074\" data-quantity=\"1\" class=\"button product_type_simple add_to_cart_button ajax_add_to_cart\" data-product_id=\"74074\" data-product_sku=\"159532\" aria-label=\"Adiciona ao carrinho: &ldquo;Tinteiro epson 378 xl expression home xp-8605 \/ 8606 \/ xp-15000 \/ xp-8500 \/ 8505 magenta 830 pag&rdquo;\" rel=\"nofollow\" data-success_message=\"&ldquo;Tinteiro epson 378 xl expression home xp-8605 \/ 8606 \/ xp-15000 \/ xp-8500 \/ 8505 magenta 830 pag&rdquo; foi adicionado ao seu carrinho\" role=\"button\">Adicionar<\/a>\t<span id=\"woocommerce_loop_add_to_cart_link_describedby_74074\" class=\"screen-reader-text\">\n\t\t\t<\/span>\n<div class=\"tooltip_no wishlist button-default yith-wcwl-add-to-wishlist add-to-wishlist-74074\"><div class=\"yith-wcwl-add-button show\"><a href=\"https:\/\/ifoffice.pt\/?page_id=121&#038;wishlist-action\" data-product-id=\"74074\" data-product-type=\"simple\" class=\"add_to_wishlist\" aria-label=\"Wishlist\" rel=\"nofollow\"><i class=\"fa fa-heart-o\"><\/i><span class=\"ht-product-action-tooltip\">Adicionar \u00e0 lista de Desejos<\/span><\/a><i class=\"fa fa-spinner fa-pulse ajax-loading\" style=\"visibility:hidden\"><\/i><\/div><div class=\"yith-wcwl-wishlistaddedbrowse hide\" style=\"display:none;\"><a class=\"\" href=\"https:\/\/ifoffice.pt\/?page_id=121&#038;wishlist-action\" aria-label=\"Wishlist\" rel=\"nofollow\"><i class=\"fa fa-heart\"><\/i><span class=\"ht-product-action-tooltip\">Veja a sua lista de favoritos<\/span><\/a><\/div><div class=\"yith-wcwl-wishlistexistsbrowse hide\" style=\"display:none\"><a href=\"https:\/\/ifoffice.pt\/?page_id=121&#038;wishlist-action\" class=\"\" aria-label=\"Wishlist\" rel=\"nofollow\"><i class=\"fa fa-heart\"><\/i><span class=\"ht-product-action-tooltip\">Produto adicionado!<\/span><\/a><\/div><\/div>                                                <\/div>\n                                            \n                                            \n                                        <\/div>\n                                        \n                                        <div class=\"content\">\n                                            <h4 class=\"title\"><a href=\"https:\/\/ifoffice.pt\/?product=tinteiro-epson-378-xl-expression-home-xp-8605-8606-xp-15000-xp-8500-8505-magenta-830-pag\">Tinteiro epson 378 xl expression home xp-8605 \/ 8606 \/ xp-15000 \/ xp-8500 \/ 8505 magenta 830 pag<\/a><\/h4>\n                                            \n\t<span class=\"price\"><span class=\"woocommerce-Price-amount amount\"><bdi><span class=\"woocommerce-Price-currencySymbol\">&euro;<\/span>38.65<\/bdi><\/span> <small class=\"woocommerce-price-suffix\">IVA inc.<\/small><\/span>\n                                                                                    <\/div>\n                                    <\/div>\n\n                                <\/div>\n\n                                                       <\/div>\n                            <div class=\"slide-item ht-col-xs-12\">\n                                \n                                <div class=\"product-item  \">\n\n                                    <div class=\"product-inner\">\n                                        <div class=\"image-wrap\">\n                                            <a href=\"https:\/\/ifoffice.pt\/?product=tinteiro-epson-378-xl-expression-home-xp-8605-8606-xp-15000-xp-8500-8505-cian-830-pag\" class=\"image\">\n                                                <img loading=\"lazy\" decoding=\"async\" width=\"300\" height=\"229\" src=\"https:\/\/ifoffice.pt\/wp-content\/uploads\/2023\/03\/159531g-300x229.jpg\" class=\"attachment-woocommerce_thumbnail size-woocommerce_thumbnail\" alt=\"Tinteiro epson 378 xl expression home xp-8605 \/ 8606 \/ xp-15000 \/ xp-8500 \/ 8505 cian 830 pag\" srcset=\"https:\/\/ifoffice.pt\/wp-content\/uploads\/2023\/03\/159531g-300x229.jpg 300w, https:\/\/ifoffice.pt\/wp-content\/uploads\/2023\/03\/159531g-768x585.jpg 768w, https:\/\/ifoffice.pt\/wp-content\/uploads\/2023\/03\/159531g-600x457.jpg 600w, https:\/\/ifoffice.pt\/wp-content\/uploads\/2023\/03\/159531g-64x49.jpg 64w, https:\/\/ifoffice.pt\/wp-content\/uploads\/2023\/03\/159531g.jpg 1000w\" sizes=\"(max-width: 300px) 100vw, 300px\" \/>                                            <\/a>\n                                                                                                                                        <div class=\"actions style_two\">\n                                                    <a href=\"https:\/\/ifoffice.pt\/?product=tinteiro-epson-378-xl-expression-home-xp-8605-8606-xp-15000-xp-8500-8505-cian-830-pag\" aria-describedby=\"woocommerce_loop_add_to_cart_link_describedby_74075\" data-quantity=\"1\" class=\"button product_type_simple\" data-product_id=\"74075\" data-product_sku=\"159531\" aria-label=\"Leia mais sobre &ldquo;Tinteiro epson 378 xl expression home xp-8605 \/ 8606 \/ xp-15000 \/ xp-8500 \/ 8505 cian 830 pag&rdquo;\" rel=\"nofollow\" data-success_message=\"\">Ler mais<\/a>\t<span id=\"woocommerce_loop_add_to_cart_link_describedby_74075\" class=\"screen-reader-text\">\n\t\t\t<\/span>\n<div class=\"tooltip_no wishlist button-default yith-wcwl-add-to-wishlist add-to-wishlist-74075\"><div class=\"yith-wcwl-add-button show\"><a href=\"https:\/\/ifoffice.pt\/?page_id=121&#038;wishlist-action\" data-product-id=\"74075\" data-product-type=\"simple\" class=\"add_to_wishlist\" aria-label=\"Wishlist\" rel=\"nofollow\"><i class=\"fa fa-heart-o\"><\/i><span class=\"ht-product-action-tooltip\">Adicionar \u00e0 lista de Desejos<\/span><\/a><i class=\"fa fa-spinner fa-pulse ajax-loading\" style=\"visibility:hidden\"><\/i><\/div><div class=\"yith-wcwl-wishlistaddedbrowse hide\" style=\"display:none;\"><a class=\"\" href=\"https:\/\/ifoffice.pt\/?page_id=121&#038;wishlist-action\" aria-label=\"Wishlist\" rel=\"nofollow\"><i class=\"fa fa-heart\"><\/i><span class=\"ht-product-action-tooltip\">Veja a sua lista de favoritos<\/span><\/a><\/div><div class=\"yith-wcwl-wishlistexistsbrowse hide\" style=\"display:none\"><a href=\"https:\/\/ifoffice.pt\/?page_id=121&#038;wishlist-action\" class=\"\" aria-label=\"Wishlist\" rel=\"nofollow\"><i class=\"fa fa-heart\"><\/i><span class=\"ht-product-action-tooltip\">Produto adicionado!<\/span><\/a><\/div><\/div>                                                <\/div>\n                                            \n                                            \n                                        <\/div>\n                                        \n                                        <div class=\"content\">\n                                            <h4 class=\"title\"><a href=\"https:\/\/ifoffice.pt\/?product=tinteiro-epson-378-xl-expression-home-xp-8605-8606-xp-15000-xp-8500-8505-cian-830-pag\">Tinteiro epson 378 xl expression home xp-8605 \/ 8606 \/ xp-15000 \/ xp-8500 \/ 8505 cian 830 pag<\/a><\/h4>\n                                            \n\t<span class=\"price\"><span class=\"woocommerce-Price-amount amount\"><bdi><span class=\"woocommerce-Price-currencySymbol\">&euro;<\/span>25.60<\/bdi><\/span> <small class=\"woocommerce-price-suffix\">IVA inc.<\/small><\/span>\n                                                                                    <\/div>\n                                    <\/div>\n\n                                <\/div>\n\n                                                       <\/div>\n                    <\/div>                <\/div>\n            \n        <\/div>  \n\n\n        \t\t\t\t<\/div>\n\t\t\t\t<\/div>\n\t\t\t\t<div class=\"elementor-element elementor-element-89ac5b6 elementor-align-center elementor-mobile-align-center elementor-widget elementor-widget-button\" data-id=\"89ac5b6\" data-element_type=\"widget\" data-e-type=\"widget\" data-widget_type=\"button.default\">\n\t\t\t\t<div class=\"elementor-widget-container\">\n\t\t\t\t\t\t\t\t\t<div class=\"elementor-button-wrapper\">\n\t\t\t\t\t<a class=\"elementor-button elementor-button-link elementor-size-md elementor-animation-shrink\" href=\"https:\/\/ifoffice.pt\/?product_cat=tinteiros-originais\">\n\t\t\t\t\t\t<span class=\"elementor-button-content-wrapper\">\n\t\t\t\t\t\t\t\t\t<span class=\"elementor-button-text\">Ver consum\u00edveis <\/span>\n\t\t\t\t\t<\/span>\n\t\t\t\t\t<\/a>\n\t\t\t\t<\/div>\n\t\t\t\t\t\t\t\t<\/div>\n\t\t\t\t<\/div>\n\t\t\t\t\t<\/div>\n\t\t<\/div>\n\t\t\t\t<div class=\"elementor-column elementor-col-25 elementor-top-column elementor-element elementor-element-cf2b272\" data-id=\"cf2b272\" data-element_type=\"column\" data-e-type=\"column\">\n\t\t\t<div class=\"elementor-widget-wrap\">\n\t\t\t\t\t\t\t<\/div>\n\t\t<\/div>\n\t\t\t\t\t<\/div>\n\t\t<\/section>\n\t\t\t\t<section class=\"elementor-section elementor-top-section elementor-element elementor-element-349af3c elementor-section-full_width animated-slow elementor-hidden-tablet elementor-hidden-phone elementor-section-height-default elementor-section-height-default wpr-particle-no wpr-jarallax-no wpr-parallax-no wpr-sticky-section-no wpr-equal-height-no elementor-invisible\" data-id=\"349af3c\" data-element_type=\"section\" data-e-type=\"section\" data-settings=\"{&quot;animation&quot;:&quot;fadeIn&quot;}\">\n\t\t\t\t\t\t<div class=\"elementor-container elementor-column-gap-default\">\n\t\t\t\t\t<div class=\"elementor-column elementor-col-25 elementor-top-column elementor-element elementor-element-b98b88e\" data-id=\"b98b88e\" data-element_type=\"column\" data-e-type=\"column\">\n\t\t\t<div class=\"elementor-widget-wrap\">\n\t\t\t\t\t\t\t<\/div>\n\t\t<\/div>\n\t\t\t\t<div class=\"elementor-column elementor-col-25 elementor-top-column elementor-element elementor-element-2be81b4\" data-id=\"2be81b4\" data-element_type=\"column\" data-e-type=\"column\" data-settings=\"{&quot;background_background&quot;:&quot;classic&quot;}\">\n\t\t\t<div class=\"elementor-widget-wrap elementor-element-populated\">\n\t\t\t\t\t<div class=\"elementor-background-overlay\"><\/div>\n\t\t\t\t\t\t<div class=\"elementor-element elementor-element-93eba9b elementor-widget elementor-widget-heading\" data-id=\"93eba9b\" data-element_type=\"widget\" data-e-type=\"widget\" data-widget_type=\"heading.default\">\n\t\t\t\t<div class=\"elementor-widget-container\">\n\t\t\t\t\t<h2 class=\"elementor-heading-title elementor-size-default\">Pastas de<br>Arquivo<\/h2>\t\t\t\t<\/div>\n\t\t\t\t<\/div>\n\t\t\t\t\t<\/div>\n\t\t<\/div>\n\t\t\t\t<div class=\"elementor-column elementor-col-25 elementor-top-column elementor-element elementor-element-a31d172\" data-id=\"a31d172\" data-element_type=\"column\" data-e-type=\"column\">\n\t\t\t<div class=\"elementor-widget-wrap elementor-element-populated\">\n\t\t\t\t\t\t<div class=\"elementor-element elementor-element-b42ec10 elementor-widget elementor-widget-woolentor-product-tab\" data-id=\"b42ec10\" data-element_type=\"widget\" data-e-type=\"widget\" data-widget_type=\"woolentor-product-tab.default\">\n\t\t\t\t<div class=\"elementor-widget-container\">\n\t\t\t\t\t          \n        <div class=\"product-style\">\n\n            \n                            <div class=\"ht-row\">\n                    <div id=\"product-slider-69f53798e4ef3\" dir=\"ltr\" class=\"product-slider\" style='display:none' data-settings='{\"arrows\":true,\"dots\":false,\"autoplay\":true,\"autoplay_speed\":3000,\"animation_speed\":400,\"pause_on_hover\":true,\"rtl\":false,\"product_items\":5,\"scroll_columns\":2,\"tablet_width\":750,\"tablet_display_columns\":2,\"tablet_scroll_columns\":2,\"mobile_width\":480,\"mobile_display_columns\":1,\"mobile_scroll_columns\":1}'>\n                        <div class=\"slide-item ht-col-xs-12\">\n                            \n                                <div class=\"product-item  \">\n\n                                    <div class=\"product-inner\">\n                                        <div class=\"image-wrap\">\n                                            <a href=\"https:\/\/ifoffice.pt\/?product=pasta-de-arquivo-de-alavanca-liderpapel-documenta-pvc-folio-lombada-75-mm-lilas\" class=\"image\">\n                                                <img loading=\"lazy\" decoding=\"async\" width=\"300\" height=\"229\" src=\"https:\/\/ifoffice.pt\/wp-content\/uploads\/2023\/03\/79701g-300x229.jpg\" class=\"attachment-woocommerce_thumbnail size-woocommerce_thumbnail\" alt=\"Pasta de arquivo de alavanca liderpapel documenta pvc folio lombada 75 mm lilas\" srcset=\"https:\/\/ifoffice.pt\/wp-content\/uploads\/2023\/03\/79701g-300x229.jpg 300w, https:\/\/ifoffice.pt\/wp-content\/uploads\/2023\/03\/79701g-768x585.jpg 768w, https:\/\/ifoffice.pt\/wp-content\/uploads\/2023\/03\/79701g-600x457.jpg 600w, https:\/\/ifoffice.pt\/wp-content\/uploads\/2023\/03\/79701g-64x49.jpg 64w, https:\/\/ifoffice.pt\/wp-content\/uploads\/2023\/03\/79701g.jpg 1000w\" sizes=\"(max-width: 300px) 100vw, 300px\" \/>                                            <\/a>\n                                                                                                                                        <div class=\"actions style_two\">\n                                                    <a href=\"\/index.php?rest_route=%2Fwp%2Fv2%2Fpages%2F56944&#038;add-to-cart=81134\" aria-describedby=\"woocommerce_loop_add_to_cart_link_describedby_81134\" data-quantity=\"1\" class=\"button product_type_simple add_to_cart_button ajax_add_to_cart\" data-product_id=\"81134\" data-product_sku=\"79701\" aria-label=\"Adiciona ao carrinho: &ldquo;Pasta de arquivo de alavanca liderpapel documenta pvc folio lombada 75 mm lilas&rdquo;\" rel=\"nofollow\" data-success_message=\"&ldquo;Pasta de arquivo de alavanca liderpapel documenta pvc folio lombada 75 mm lilas&rdquo; foi adicionado ao seu carrinho\" role=\"button\">Adicionar<\/a>\t<span id=\"woocommerce_loop_add_to_cart_link_describedby_81134\" class=\"screen-reader-text\">\n\t\t\t<\/span>\n<div class=\"tooltip_no wishlist button-default yith-wcwl-add-to-wishlist add-to-wishlist-81134\"><div class=\"yith-wcwl-add-button show\"><a href=\"https:\/\/ifoffice.pt\/?page_id=121&#038;wishlist-action\" data-product-id=\"81134\" data-product-type=\"simple\" class=\"add_to_wishlist\" aria-label=\"Wishlist\" rel=\"nofollow\"><i class=\"fa fa-heart-o\"><\/i><span class=\"ht-product-action-tooltip\">Adicionar \u00e0 lista de Desejos<\/span><\/a><i class=\"fa fa-spinner fa-pulse ajax-loading\" style=\"visibility:hidden\"><\/i><\/div><div class=\"yith-wcwl-wishlistaddedbrowse hide\" style=\"display:none;\"><a class=\"\" href=\"https:\/\/ifoffice.pt\/?page_id=121&#038;wishlist-action\" aria-label=\"Wishlist\" rel=\"nofollow\"><i class=\"fa fa-heart\"><\/i><span class=\"ht-product-action-tooltip\">Veja a sua lista de favoritos<\/span><\/a><\/div><div class=\"yith-wcwl-wishlistexistsbrowse hide\" style=\"display:none\"><a href=\"https:\/\/ifoffice.pt\/?page_id=121&#038;wishlist-action\" class=\"\" aria-label=\"Wishlist\" rel=\"nofollow\"><i class=\"fa fa-heart\"><\/i><span class=\"ht-product-action-tooltip\">Produto adicionado!<\/span><\/a><\/div><\/div>                                                <\/div>\n                                            \n                                            \n                                        <\/div>\n                                        \n                                        <div class=\"content\">\n                                            <h4 class=\"title\"><a href=\"https:\/\/ifoffice.pt\/?product=pasta-de-arquivo-de-alavanca-liderpapel-documenta-pvc-folio-lombada-75-mm-lilas\">Pasta de arquivo de alavanca liderpapel documenta pvc folio lombada 75 mm lilas<\/a><\/h4>\n                                            \n\t<span class=\"price\"><span class=\"woocommerce-Price-amount amount\"><bdi><span class=\"woocommerce-Price-currencySymbol\">&euro;<\/span>4.48<\/bdi><\/span> <small class=\"woocommerce-price-suffix\">IVA inc.<\/small><\/span>\n                                                                                    <\/div>\n                                    <\/div>\n\n                                <\/div>\n\n                                                       <\/div>\n                            <div class=\"slide-item ht-col-xs-12\">\n                                \n                                <div class=\"product-item  \">\n\n                                    <div class=\"product-inner\">\n                                        <div class=\"image-wrap\">\n                                            <a href=\"https:\/\/ifoffice.pt\/?product=pasta-de-arquivo-de-alavanca-esselte-no1-co2-neutral-din-a4-cartao-forrado-lombada-75-mm-amarelo-vivo\" class=\"image\">\n                                                <img loading=\"lazy\" decoding=\"async\" width=\"300\" height=\"229\" src=\"https:\/\/ifoffice.pt\/wp-content\/uploads\/2023\/03\/163197g-300x229.jpg\" class=\"attachment-woocommerce_thumbnail size-woocommerce_thumbnail\" alt=\"Pasta de arquivo de alavanca esselte n\u00ba1 co2 neutral din a4 cartao forrado lombada 75 mm amarelo vivo\" srcset=\"https:\/\/ifoffice.pt\/wp-content\/uploads\/2023\/03\/163197g-300x229.jpg 300w, https:\/\/ifoffice.pt\/wp-content\/uploads\/2023\/03\/163197g-768x585.jpg 768w, https:\/\/ifoffice.pt\/wp-content\/uploads\/2023\/03\/163197g-600x457.jpg 600w, https:\/\/ifoffice.pt\/wp-content\/uploads\/2023\/03\/163197g-64x49.jpg 64w, https:\/\/ifoffice.pt\/wp-content\/uploads\/2023\/03\/163197g.jpg 1000w\" sizes=\"(max-width: 300px) 100vw, 300px\" \/>                                            <\/a>\n                                                                                                                                        <div class=\"actions style_two\">\n                                                    <a href=\"https:\/\/ifoffice.pt\/?product=pasta-de-arquivo-de-alavanca-esselte-no1-co2-neutral-din-a4-cartao-forrado-lombada-75-mm-amarelo-vivo\" aria-describedby=\"woocommerce_loop_add_to_cart_link_describedby_110216\" data-quantity=\"1\" class=\"button product_type_variable add_to_cart_button\" data-product_id=\"110216\" data-product_sku=\"163197\" aria-label=\"Seleccione as op\u00e7\u00f5es para &ldquo;Pasta de arquivo de alavanca esselte n\u00ba1 co2 neutral din a4 cartao forrado lombada 75 mm amarelo vivo&rdquo;\" rel=\"nofollow\">Ver op\u00e7\u00f5es<\/a>\t<span id=\"woocommerce_loop_add_to_cart_link_describedby_110216\" class=\"screen-reader-text\">\n\t\tThis product has multiple variants. The options may be chosen on the product page\t<\/span>\n<div class=\"tooltip_no wishlist button-default yith-wcwl-add-to-wishlist add-to-wishlist-110216\"><div class=\"yith-wcwl-add-button show\"><a href=\"https:\/\/ifoffice.pt\/?page_id=121&#038;wishlist-action\" data-product-id=\"110216\" data-product-type=\"variable\" class=\"add_to_wishlist\" aria-label=\"Wishlist\" rel=\"nofollow\"><i class=\"fa fa-heart-o\"><\/i><span class=\"ht-product-action-tooltip\">Adicionar \u00e0 lista de Desejos<\/span><\/a><i class=\"fa fa-spinner fa-pulse ajax-loading\" style=\"visibility:hidden\"><\/i><\/div><div class=\"yith-wcwl-wishlistaddedbrowse hide\" style=\"display:none;\"><a class=\"\" href=\"https:\/\/ifoffice.pt\/?page_id=121&#038;wishlist-action\" aria-label=\"Wishlist\" rel=\"nofollow\"><i class=\"fa fa-heart\"><\/i><span class=\"ht-product-action-tooltip\">Veja a sua lista de favoritos<\/span><\/a><\/div><div class=\"yith-wcwl-wishlistexistsbrowse hide\" style=\"display:none\"><a href=\"https:\/\/ifoffice.pt\/?page_id=121&#038;wishlist-action\" class=\"\" aria-label=\"Wishlist\" rel=\"nofollow\"><i class=\"fa fa-heart\"><\/i><span class=\"ht-product-action-tooltip\">Produto adicionado!<\/span><\/a><\/div><\/div>                                                <\/div>\n                                            \n                                            \n                                        <\/div>\n                                        \n                                        <div class=\"content\">\n                                            <h4 class=\"title\"><a href=\"https:\/\/ifoffice.pt\/?product=pasta-de-arquivo-de-alavanca-esselte-no1-co2-neutral-din-a4-cartao-forrado-lombada-75-mm-amarelo-vivo\">Pasta de arquivo de alavanca esselte n\u00ba1 co2 neutral din a4 cartao forrado lombada 75 mm amarelo vivo<\/a><\/h4>\n                                            \n\t<span class=\"price\"><span class=\"woocommerce-Price-amount amount\"><bdi><span class=\"woocommerce-Price-currencySymbol\">&euro;<\/span>6.41<\/bdi><\/span> <small class=\"woocommerce-price-suffix\">IVA inc.<\/small><\/span>\n                                                                                    <\/div>\n                                    <\/div>\n\n                                <\/div>\n\n                                                       <\/div>\n                            <div class=\"slide-item ht-col-xs-12\">\n                                \n                                <div class=\"product-item  \">\n\n                                    <div class=\"product-inner\">\n                                        <div class=\"image-wrap\">\n                                            <a href=\"https:\/\/ifoffice.pt\/?product=pasta-de-arquivo-de-alavanca-liderpapel-documenta-pvc-folio-lombada-52-mm-verde-claro\" class=\"image\">\n                                                <img loading=\"lazy\" decoding=\"async\" width=\"300\" height=\"229\" src=\"https:\/\/ifoffice.pt\/wp-content\/uploads\/2023\/03\/79716g-300x229.jpg\" class=\"attachment-woocommerce_thumbnail size-woocommerce_thumbnail\" alt=\"Pasta de arquivo de alavanca liderpapel documenta pvc folio lombada 52 mm verde claro\" srcset=\"https:\/\/ifoffice.pt\/wp-content\/uploads\/2023\/03\/79716g-300x229.jpg 300w, https:\/\/ifoffice.pt\/wp-content\/uploads\/2023\/03\/79716g-768x585.jpg 768w, https:\/\/ifoffice.pt\/wp-content\/uploads\/2023\/03\/79716g-600x457.jpg 600w, https:\/\/ifoffice.pt\/wp-content\/uploads\/2023\/03\/79716g-64x49.jpg 64w, https:\/\/ifoffice.pt\/wp-content\/uploads\/2023\/03\/79716g.jpg 1000w\" sizes=\"(max-width: 300px) 100vw, 300px\" \/>                                            <\/a>\n                                                                                                                                        <div class=\"actions style_two\">\n                                                    <a href=\"\/index.php?rest_route=%2Fwp%2Fv2%2Fpages%2F56944&#038;add-to-cart=81090\" aria-describedby=\"woocommerce_loop_add_to_cart_link_describedby_81090\" data-quantity=\"1\" class=\"button product_type_simple add_to_cart_button ajax_add_to_cart\" data-product_id=\"81090\" data-product_sku=\"79716\" aria-label=\"Adiciona ao carrinho: &ldquo;Pasta de arquivo de alavanca liderpapel documenta pvc folio lombada 52 mm verde claro&rdquo;\" rel=\"nofollow\" data-success_message=\"&ldquo;Pasta de arquivo de alavanca liderpapel documenta pvc folio lombada 52 mm verde claro&rdquo; foi adicionado ao seu carrinho\" role=\"button\">Adicionar<\/a>\t<span id=\"woocommerce_loop_add_to_cart_link_describedby_81090\" class=\"screen-reader-text\">\n\t\t\t<\/span>\n<div class=\"tooltip_no wishlist button-default yith-wcwl-add-to-wishlist add-to-wishlist-81090\"><div class=\"yith-wcwl-add-button show\"><a href=\"https:\/\/ifoffice.pt\/?page_id=121&#038;wishlist-action\" data-product-id=\"81090\" data-product-type=\"simple\" class=\"add_to_wishlist\" aria-label=\"Wishlist\" rel=\"nofollow\"><i class=\"fa fa-heart-o\"><\/i><span class=\"ht-product-action-tooltip\">Adicionar \u00e0 lista de Desejos<\/span><\/a><i class=\"fa fa-spinner fa-pulse ajax-loading\" style=\"visibility:hidden\"><\/i><\/div><div class=\"yith-wcwl-wishlistaddedbrowse hide\" style=\"display:none;\"><a class=\"\" href=\"https:\/\/ifoffice.pt\/?page_id=121&#038;wishlist-action\" aria-label=\"Wishlist\" rel=\"nofollow\"><i class=\"fa fa-heart\"><\/i><span class=\"ht-product-action-tooltip\">Veja a sua lista de favoritos<\/span><\/a><\/div><div class=\"yith-wcwl-wishlistexistsbrowse hide\" style=\"display:none\"><a href=\"https:\/\/ifoffice.pt\/?page_id=121&#038;wishlist-action\" class=\"\" aria-label=\"Wishlist\" rel=\"nofollow\"><i class=\"fa fa-heart\"><\/i><span class=\"ht-product-action-tooltip\">Produto adicionado!<\/span><\/a><\/div><\/div>                                                <\/div>\n                                            \n                                            \n                                        <\/div>\n                                        \n                                        <div class=\"content\">\n                                            <h4 class=\"title\"><a href=\"https:\/\/ifoffice.pt\/?product=pasta-de-arquivo-de-alavanca-liderpapel-documenta-pvc-folio-lombada-52-mm-verde-claro\">Pasta de arquivo de alavanca liderpapel documenta pvc folio lombada 52 mm verde claro<\/a><\/h4>\n                                            \n\t<span class=\"price\"><span class=\"woocommerce-Price-amount amount\"><bdi><span class=\"woocommerce-Price-currencySymbol\">&euro;<\/span>4.66<\/bdi><\/span> <small class=\"woocommerce-price-suffix\">IVA inc.<\/small><\/span>\n                                                                                    <\/div>\n                                    <\/div>\n\n                                <\/div>\n\n                                                       <\/div>\n                            <div class=\"slide-item ht-col-xs-12\">\n                                \n                                <div class=\"product-item  \">\n\n                                    <div class=\"product-inner\">\n                                        <div class=\"image-wrap\">\n                                            <a href=\"https:\/\/ifoffice.pt\/?product=caixa-para-pasta-de-arquivo-liderpapel-documenta-lombada-larga-din-a4-cinza\" class=\"image\">\n                                                <img loading=\"lazy\" decoding=\"async\" width=\"300\" height=\"229\" src=\"https:\/\/ifoffice.pt\/wp-content\/uploads\/2023\/03\/72780g-300x229.jpg\" class=\"attachment-woocommerce_thumbnail size-woocommerce_thumbnail\" alt=\"Caixa para pasta de arquivo de alavanca liderpapel documenta din a4 lombada 75 mm cinza\" srcset=\"https:\/\/ifoffice.pt\/wp-content\/uploads\/2023\/03\/72780g-300x229.jpg 300w, https:\/\/ifoffice.pt\/wp-content\/uploads\/2023\/03\/72780g-64x49.jpg 64w, https:\/\/ifoffice.pt\/wp-content\/uploads\/2023\/03\/72780g.jpg 420w\" sizes=\"(max-width: 300px) 100vw, 300px\" \/>                                            <\/a>\n                                                                                                                                        <div class=\"actions style_two\">\n                                                    <a href=\"\/index.php?rest_route=%2Fwp%2Fv2%2Fpages%2F56944&#038;add-to-cart=85100\" aria-describedby=\"woocommerce_loop_add_to_cart_link_describedby_85100\" data-quantity=\"1\" class=\"button product_type_simple add_to_cart_button ajax_add_to_cart\" data-product_id=\"85100\" data-product_sku=\"72780\" aria-label=\"Adiciona ao carrinho: &ldquo;Caixa para pasta de arquivo de alavanca liderpapel documenta din a4 lombada 75 mm cinza&rdquo;\" rel=\"nofollow\" data-success_message=\"&ldquo;Caixa para pasta de arquivo de alavanca liderpapel documenta din a4 lombada 75 mm cinza&rdquo; foi adicionado ao seu carrinho\" role=\"button\">Adicionar<\/a>\t<span id=\"woocommerce_loop_add_to_cart_link_describedby_85100\" class=\"screen-reader-text\">\n\t\t\t<\/span>\n<div class=\"tooltip_no wishlist button-default yith-wcwl-add-to-wishlist add-to-wishlist-85100\"><div class=\"yith-wcwl-add-button show\"><a href=\"https:\/\/ifoffice.pt\/?page_id=121&#038;wishlist-action\" data-product-id=\"85100\" data-product-type=\"simple\" class=\"add_to_wishlist\" aria-label=\"Wishlist\" rel=\"nofollow\"><i class=\"fa fa-heart-o\"><\/i><span class=\"ht-product-action-tooltip\">Adicionar \u00e0 lista de Desejos<\/span><\/a><i class=\"fa fa-spinner fa-pulse ajax-loading\" style=\"visibility:hidden\"><\/i><\/div><div class=\"yith-wcwl-wishlistaddedbrowse hide\" style=\"display:none;\"><a class=\"\" href=\"https:\/\/ifoffice.pt\/?page_id=121&#038;wishlist-action\" aria-label=\"Wishlist\" rel=\"nofollow\"><i class=\"fa fa-heart\"><\/i><span class=\"ht-product-action-tooltip\">Veja a sua lista de favoritos<\/span><\/a><\/div><div class=\"yith-wcwl-wishlistexistsbrowse hide\" style=\"display:none\"><a href=\"https:\/\/ifoffice.pt\/?page_id=121&#038;wishlist-action\" class=\"\" aria-label=\"Wishlist\" rel=\"nofollow\"><i class=\"fa fa-heart\"><\/i><span class=\"ht-product-action-tooltip\">Produto adicionado!<\/span><\/a><\/div><\/div>                                                <\/div>\n                                            \n                                            \n                                        <\/div>\n                                        \n                                        <div class=\"content\">\n                                            <h4 class=\"title\"><a href=\"https:\/\/ifoffice.pt\/?product=caixa-para-pasta-de-arquivo-liderpapel-documenta-lombada-larga-din-a4-cinza\">Caixa para pasta de arquivo de alavanca liderpapel documenta din a4 lombada 75 mm cinza<\/a><\/h4>\n                                            \n\t<span class=\"price\"><span class=\"woocommerce-Price-amount amount\"><bdi><span class=\"woocommerce-Price-currencySymbol\">&euro;<\/span>1.55<\/bdi><\/span> <small class=\"woocommerce-price-suffix\">IVA inc.<\/small><\/span>\n                                                                                    <\/div>\n                                    <\/div>\n\n                                <\/div>\n\n                                                       <\/div>\n                            <div class=\"slide-item ht-col-xs-12\">\n                                \n                                <div class=\"product-item  \">\n\n                                    <div class=\"product-inner\">\n                                        <div class=\"image-wrap\">\n                                            <a href=\"https:\/\/ifoffice.pt\/?product=pasta-de-arquivo-de-alavanca-liderpapel-documenta-pvc-din-a4-lombada-75-mm-vermelha\" class=\"image\">\n                                                \n\t\n\t<img loading=\"lazy\" decoding=\"async\" width=\"300\" height=\"229\" src=\"https:\/\/ifoffice.pt\/wp-content\/uploads\/2023\/03\/32057g-300x229.jpg\" class=\"attachment-woocommerce_thumbnail size-woocommerce_thumbnail\" alt=\"Pasta de arquivo de alavanca liderpapel documenta pvc din a4 lombada 75 mm vermelha\" srcset=\"https:\/\/ifoffice.pt\/wp-content\/uploads\/2023\/03\/32057g-300x229.jpg 300w, https:\/\/ifoffice.pt\/wp-content\/uploads\/2023\/03\/32057g-768x585.jpg 768w, https:\/\/ifoffice.pt\/wp-content\/uploads\/2023\/03\/32057g-600x457.jpg 600w, https:\/\/ifoffice.pt\/wp-content\/uploads\/2023\/03\/32057g-64x49.jpg 64w, https:\/\/ifoffice.pt\/wp-content\/uploads\/2023\/03\/32057g.jpg 1000w\" sizes=\"(max-width: 300px) 100vw, 300px\" \/>                                            <\/a>\n                                                                                                                                        <div class=\"actions style_two\">\n                                                    <a href=\"\/index.php?rest_route=%2Fwp%2Fv2%2Fpages%2F56944&#038;add-to-cart=95772\" aria-describedby=\"woocommerce_loop_add_to_cart_link_describedby_95772\" data-quantity=\"1\" class=\"button product_type_simple add_to_cart_button ajax_add_to_cart\" data-product_id=\"95772\" data-product_sku=\"32057\" aria-label=\"Adiciona ao carrinho: &ldquo;Pasta de arquivo de alavanca liderpapel documenta pvc din a4 lombada 75 mm vermelha&rdquo;\" rel=\"nofollow\" data-success_message=\"&ldquo;Pasta de arquivo de alavanca liderpapel documenta pvc din a4 lombada 75 mm vermelha&rdquo; foi adicionado ao seu carrinho\" role=\"button\">Adicionar<\/a>\t<span id=\"woocommerce_loop_add_to_cart_link_describedby_95772\" class=\"screen-reader-text\">\n\t\t\t<\/span>\n<div class=\"tooltip_no wishlist button-default yith-wcwl-add-to-wishlist add-to-wishlist-95772\"><div class=\"yith-wcwl-add-button show\"><a href=\"https:\/\/ifoffice.pt\/?page_id=121&#038;wishlist-action\" data-product-id=\"95772\" data-product-type=\"simple\" class=\"add_to_wishlist\" aria-label=\"Wishlist\" rel=\"nofollow\"><i class=\"fa fa-heart-o\"><\/i><span class=\"ht-product-action-tooltip\">Adicionar \u00e0 lista de Desejos<\/span><\/a><i class=\"fa fa-spinner fa-pulse ajax-loading\" style=\"visibility:hidden\"><\/i><\/div><div class=\"yith-wcwl-wishlistaddedbrowse hide\" style=\"display:none;\"><a class=\"\" href=\"https:\/\/ifoffice.pt\/?page_id=121&#038;wishlist-action\" aria-label=\"Wishlist\" rel=\"nofollow\"><i class=\"fa fa-heart\"><\/i><span class=\"ht-product-action-tooltip\">Veja a sua lista de favoritos<\/span><\/a><\/div><div class=\"yith-wcwl-wishlistexistsbrowse hide\" style=\"display:none\"><a href=\"https:\/\/ifoffice.pt\/?page_id=121&#038;wishlist-action\" class=\"\" aria-label=\"Wishlist\" rel=\"nofollow\"><i class=\"fa fa-heart\"><\/i><span class=\"ht-product-action-tooltip\">Produto adicionado!<\/span><\/a><\/div><\/div>                                                <\/div>\n                                            \n                                            \n                                        <\/div>\n                                        \n                                        <div class=\"content\">\n                                            <h4 class=\"title\"><a href=\"https:\/\/ifoffice.pt\/?product=pasta-de-arquivo-de-alavanca-liderpapel-documenta-pvc-din-a4-lombada-75-mm-vermelha\">Pasta de arquivo de alavanca liderpapel documenta pvc din a4 lombada 75 mm vermelha<\/a><\/h4>\n                                            \n\t<span class=\"price\"><del aria-hidden=\"true\"><span class=\"woocommerce-Price-amount amount\"><bdi><span class=\"woocommerce-Price-currencySymbol\">&euro;<\/span>3.62<\/bdi><\/span><\/del> <span class=\"screen-reader-text\">O pre\u00e7o original era: &euro;3.62.<\/span><ins aria-hidden=\"true\"><span class=\"woocommerce-Price-amount amount\"><bdi><span class=\"woocommerce-Price-currencySymbol\">&euro;<\/span>2.96<\/bdi><\/span><\/ins><span class=\"screen-reader-text\">O pre\u00e7o atual \u00e9: &euro;2.96.<\/span> <small class=\"woocommerce-price-suffix\">IVA inc.<\/small><\/span>\n                                                                                    <\/div>\n                                    <\/div>\n\n                                <\/div>\n\n                                                       <\/div>\n                            <div class=\"slide-item ht-col-xs-12\">\n                                \n                                <div class=\"product-item  \">\n\n                                    <div class=\"product-inner\">\n                                        <div class=\"image-wrap\">\n                                            <a href=\"https:\/\/ifoffice.pt\/?product=pasta-de-arquivo-de-alavanca-liderpapel-documenta-pvc-folio-lombada-75-mm-laranja\" class=\"image\">\n                                                <img loading=\"lazy\" decoding=\"async\" width=\"300\" height=\"229\" src=\"https:\/\/ifoffice.pt\/wp-content\/uploads\/2023\/03\/59485g-300x229.jpg\" class=\"attachment-woocommerce_thumbnail size-woocommerce_thumbnail\" alt=\"Pasta de arquivo de alavanca liderpapel documenta pvc folio lombada 75 mm laranja\" srcset=\"https:\/\/ifoffice.pt\/wp-content\/uploads\/2023\/03\/59485g-300x229.jpg 300w, https:\/\/ifoffice.pt\/wp-content\/uploads\/2023\/03\/59485g-768x585.jpg 768w, https:\/\/ifoffice.pt\/wp-content\/uploads\/2023\/03\/59485g-600x457.jpg 600w, https:\/\/ifoffice.pt\/wp-content\/uploads\/2023\/03\/59485g-64x49.jpg 64w, https:\/\/ifoffice.pt\/wp-content\/uploads\/2023\/03\/59485g.jpg 1000w\" sizes=\"(max-width: 300px) 100vw, 300px\" \/>                                            <\/a>\n                                                                                                                                        <div class=\"actions style_two\">\n                                                    <a href=\"\/index.php?rest_route=%2Fwp%2Fv2%2Fpages%2F56944&#038;add-to-cart=89069\" aria-describedby=\"woocommerce_loop_add_to_cart_link_describedby_89069\" data-quantity=\"1\" class=\"button product_type_simple add_to_cart_button ajax_add_to_cart\" data-product_id=\"89069\" data-product_sku=\"59485\" aria-label=\"Adiciona ao carrinho: &ldquo;Pasta de arquivo de alavanca liderpapel documenta pvc folio lombada 75 mm laranja&rdquo;\" rel=\"nofollow\" data-success_message=\"&ldquo;Pasta de arquivo de alavanca liderpapel documenta pvc folio lombada 75 mm laranja&rdquo; foi adicionado ao seu carrinho\" role=\"button\">Adicionar<\/a>\t<span id=\"woocommerce_loop_add_to_cart_link_describedby_89069\" class=\"screen-reader-text\">\n\t\t\t<\/span>\n<div class=\"tooltip_no wishlist button-default yith-wcwl-add-to-wishlist add-to-wishlist-89069\"><div class=\"yith-wcwl-add-button show\"><a href=\"https:\/\/ifoffice.pt\/?page_id=121&#038;wishlist-action\" data-product-id=\"89069\" data-product-type=\"simple\" class=\"add_to_wishlist\" aria-label=\"Wishlist\" rel=\"nofollow\"><i class=\"fa fa-heart-o\"><\/i><span class=\"ht-product-action-tooltip\">Adicionar \u00e0 lista de Desejos<\/span><\/a><i class=\"fa fa-spinner fa-pulse ajax-loading\" style=\"visibility:hidden\"><\/i><\/div><div class=\"yith-wcwl-wishlistaddedbrowse hide\" style=\"display:none;\"><a class=\"\" href=\"https:\/\/ifoffice.pt\/?page_id=121&#038;wishlist-action\" aria-label=\"Wishlist\" rel=\"nofollow\"><i class=\"fa fa-heart\"><\/i><span class=\"ht-product-action-tooltip\">Veja a sua lista de favoritos<\/span><\/a><\/div><div class=\"yith-wcwl-wishlistexistsbrowse hide\" style=\"display:none\"><a href=\"https:\/\/ifoffice.pt\/?page_id=121&#038;wishlist-action\" class=\"\" aria-label=\"Wishlist\" rel=\"nofollow\"><i class=\"fa fa-heart\"><\/i><span class=\"ht-product-action-tooltip\">Produto adicionado!<\/span><\/a><\/div><\/div>                                                <\/div>\n                                            \n                                            \n                                        <\/div>\n                                        \n                                        <div class=\"content\">\n                                            <h4 class=\"title\"><a href=\"https:\/\/ifoffice.pt\/?product=pasta-de-arquivo-de-alavanca-liderpapel-documenta-pvc-folio-lombada-75-mm-laranja\">Pasta de arquivo de alavanca liderpapel documenta pvc folio lombada 75 mm laranja<\/a><\/h4>\n                                            \n\t<span class=\"price\"><span class=\"woocommerce-Price-amount amount\"><bdi><span class=\"woocommerce-Price-currencySymbol\">&euro;<\/span>4.48<\/bdi><\/span> <small class=\"woocommerce-price-suffix\">IVA inc.<\/small><\/span>\n                                                                                    <\/div>\n                                    <\/div>\n\n                                <\/div>\n\n                                                       <\/div>\n                            <div class=\"slide-item ht-col-xs-12\">\n                                \n                                <div class=\"product-item  \">\n\n                                    <div class=\"product-inner\">\n                                        <div class=\"image-wrap\">\n                                            <a href=\"https:\/\/ifoffice.pt\/?product=archivador-de-palanca-liderpapel-carton-forrado-folio-jaspeado-gris-con-caja-classic-red\" class=\"image\">\n                                                <img loading=\"lazy\" decoding=\"async\" width=\"300\" height=\"229\" src=\"https:\/\/ifoffice.pt\/wp-content\/uploads\/2023\/03\/58604g-300x229.jpg\" class=\"attachment-woocommerce_thumbnail size-woocommerce_thumbnail\" alt=\"Archivador de palanca liderpapel carton forrado folio jaspeado gris con caja classic red\" srcset=\"https:\/\/ifoffice.pt\/wp-content\/uploads\/2023\/03\/58604g-300x229.jpg 300w, https:\/\/ifoffice.pt\/wp-content\/uploads\/2023\/03\/58604g-768x585.jpg 768w, https:\/\/ifoffice.pt\/wp-content\/uploads\/2023\/03\/58604g-600x457.jpg 600w, https:\/\/ifoffice.pt\/wp-content\/uploads\/2023\/03\/58604g-64x49.jpg 64w, https:\/\/ifoffice.pt\/wp-content\/uploads\/2023\/03\/58604g.jpg 1000w\" sizes=\"(max-width: 300px) 100vw, 300px\" \/>                                            <\/a>\n                                                                                                                                        <div class=\"actions style_two\">\n                                                    <a href=\"https:\/\/ifoffice.pt\/?product=archivador-de-palanca-liderpapel-carton-forrado-folio-jaspeado-gris-con-caja-classic-red\" aria-describedby=\"woocommerce_loop_add_to_cart_link_describedby_107581\" data-quantity=\"1\" class=\"button product_type_simple\" data-product_id=\"107581\" data-product_sku=\"58604\" aria-label=\"Leia mais sobre &ldquo;Archivador de palanca liderpapel carton forrado folio jaspeado gris con caja classic red&rdquo;\" rel=\"nofollow\" data-success_message=\"\">Ler mais<\/a>\t<span id=\"woocommerce_loop_add_to_cart_link_describedby_107581\" class=\"screen-reader-text\">\n\t\t\t<\/span>\n<div class=\"tooltip_no wishlist button-default yith-wcwl-add-to-wishlist add-to-wishlist-107581\"><div class=\"yith-wcwl-add-button show\"><a href=\"https:\/\/ifoffice.pt\/?page_id=121&#038;wishlist-action\" data-product-id=\"107581\" data-product-type=\"simple\" class=\"add_to_wishlist\" aria-label=\"Wishlist\" rel=\"nofollow\"><i class=\"fa fa-heart-o\"><\/i><span class=\"ht-product-action-tooltip\">Adicionar \u00e0 lista de Desejos<\/span><\/a><i class=\"fa fa-spinner fa-pulse ajax-loading\" style=\"visibility:hidden\"><\/i><\/div><div class=\"yith-wcwl-wishlistaddedbrowse hide\" style=\"display:none;\"><a class=\"\" href=\"https:\/\/ifoffice.pt\/?page_id=121&#038;wishlist-action\" aria-label=\"Wishlist\" rel=\"nofollow\"><i class=\"fa fa-heart\"><\/i><span class=\"ht-product-action-tooltip\">Veja a sua lista de favoritos<\/span><\/a><\/div><div class=\"yith-wcwl-wishlistexistsbrowse hide\" style=\"display:none\"><a href=\"https:\/\/ifoffice.pt\/?page_id=121&#038;wishlist-action\" class=\"\" aria-label=\"Wishlist\" rel=\"nofollow\"><i class=\"fa fa-heart\"><\/i><span class=\"ht-product-action-tooltip\">Produto adicionado!<\/span><\/a><\/div><\/div>                                                <\/div>\n                                            \n                                            \n                                        <\/div>\n                                        \n                                        <div class=\"content\">\n                                            <h4 class=\"title\"><a href=\"https:\/\/ifoffice.pt\/?product=archivador-de-palanca-liderpapel-carton-forrado-folio-jaspeado-gris-con-caja-classic-red\">Archivador de palanca liderpapel carton forrado folio jaspeado gris con caja classic red<\/a><\/h4>\n                                            \n\t<span class=\"price\"><span class=\"woocommerce-Price-amount amount\"><bdi><span class=\"woocommerce-Price-currencySymbol\">&euro;<\/span>5.22<\/bdi><\/span> <small class=\"woocommerce-price-suffix\">IVA inc.<\/small><\/span>\n                                                                                    <\/div>\n                                    <\/div>\n\n                                <\/div>\n\n                                                       <\/div>\n                            <div class=\"slide-item ht-col-xs-12\">\n                                \n                                <div class=\"product-item  \">\n\n                                    <div class=\"product-inner\">\n                                        <div class=\"image-wrap\">\n                                            <a href=\"https:\/\/ifoffice.pt\/?product=caixa-para-pasta-de-arquivo-de-alavanca-cartao-forrado-elba-folio-lombada-85-mm-verde\" class=\"image\">\n                                                <img loading=\"lazy\" decoding=\"async\" width=\"300\" height=\"229\" src=\"https:\/\/ifoffice.pt\/wp-content\/uploads\/2023\/03\/159941g-300x229.jpg\" class=\"attachment-woocommerce_thumbnail size-woocommerce_thumbnail\" alt=\"Caixa para pasta de arquivo de alavanca cartao forrado elba folio lombada 85 mm verde\" srcset=\"https:\/\/ifoffice.pt\/wp-content\/uploads\/2023\/03\/159941g-300x229.jpg 300w, https:\/\/ifoffice.pt\/wp-content\/uploads\/2023\/03\/159941g-768x585.jpg 768w, https:\/\/ifoffice.pt\/wp-content\/uploads\/2023\/03\/159941g-600x457.jpg 600w, https:\/\/ifoffice.pt\/wp-content\/uploads\/2023\/03\/159941g-64x49.jpg 64w, https:\/\/ifoffice.pt\/wp-content\/uploads\/2023\/03\/159941g.jpg 1000w\" sizes=\"(max-width: 300px) 100vw, 300px\" \/>                                            <\/a>\n                                                                                                                                        <div class=\"actions style_two\">\n                                                    <a href=\"https:\/\/ifoffice.pt\/?product=caixa-para-pasta-de-arquivo-de-alavanca-cartao-forrado-elba-folio-lombada-85-mm-verde\" aria-describedby=\"woocommerce_loop_add_to_cart_link_describedby_108704\" data-quantity=\"1\" class=\"button product_type_simple\" data-product_id=\"108704\" data-product_sku=\"159941\" aria-label=\"Leia mais sobre &ldquo;Caixa para pasta de arquivo de alavanca cartao forrado elba folio lombada 85 mm verde&rdquo;\" rel=\"nofollow\" data-success_message=\"\">Ler mais<\/a>\t<span id=\"woocommerce_loop_add_to_cart_link_describedby_108704\" class=\"screen-reader-text\">\n\t\t\t<\/span>\n<div class=\"tooltip_no wishlist button-default yith-wcwl-add-to-wishlist add-to-wishlist-108704\"><div class=\"yith-wcwl-add-button show\"><a href=\"https:\/\/ifoffice.pt\/?page_id=121&#038;wishlist-action\" data-product-id=\"108704\" data-product-type=\"simple\" class=\"add_to_wishlist\" aria-label=\"Wishlist\" rel=\"nofollow\"><i class=\"fa fa-heart-o\"><\/i><span class=\"ht-product-action-tooltip\">Adicionar \u00e0 lista de Desejos<\/span><\/a><i class=\"fa fa-spinner fa-pulse ajax-loading\" style=\"visibility:hidden\"><\/i><\/div><div class=\"yith-wcwl-wishlistaddedbrowse hide\" style=\"display:none;\"><a class=\"\" href=\"https:\/\/ifoffice.pt\/?page_id=121&#038;wishlist-action\" aria-label=\"Wishlist\" rel=\"nofollow\"><i class=\"fa fa-heart\"><\/i><span class=\"ht-product-action-tooltip\">Veja a sua lista de favoritos<\/span><\/a><\/div><div class=\"yith-wcwl-wishlistexistsbrowse hide\" style=\"display:none\"><a href=\"https:\/\/ifoffice.pt\/?page_id=121&#038;wishlist-action\" class=\"\" aria-label=\"Wishlist\" rel=\"nofollow\"><i class=\"fa fa-heart\"><\/i><span class=\"ht-product-action-tooltip\">Produto adicionado!<\/span><\/a><\/div><\/div>                                                <\/div>\n                                            \n                                            \n                                        <\/div>\n                                        \n                                        <div class=\"content\">\n                                            <h4 class=\"title\"><a href=\"https:\/\/ifoffice.pt\/?product=caixa-para-pasta-de-arquivo-de-alavanca-cartao-forrado-elba-folio-lombada-85-mm-verde\">Caixa para pasta de arquivo de alavanca cartao forrado elba folio lombada 85 mm verde<\/a><\/h4>\n                                            \n\t<span class=\"price\"><span class=\"woocommerce-Price-amount amount\"><bdi><span class=\"woocommerce-Price-currencySymbol\">&euro;<\/span>2.16<\/bdi><\/span> <small class=\"woocommerce-price-suffix\">IVA inc.<\/small><\/span>\n                                                                                    <\/div>\n                                    <\/div>\n\n                                <\/div>\n\n                                                       <\/div>\n                            <div class=\"slide-item ht-col-xs-12\">\n                                \n                                <div class=\"product-item  \">\n\n                                    <div class=\"product-inner\">\n                                        <div class=\"image-wrap\">\n                                            <a href=\"https:\/\/ifoffice.pt\/?product=pasta-de-arquivo-de-alavanca-elba-cartao-din-a4-vermelho-lombada-de-80-mm\" class=\"image\">\n                                                <img loading=\"lazy\" decoding=\"async\" width=\"300\" height=\"229\" src=\"https:\/\/ifoffice.pt\/wp-content\/uploads\/2024\/02\/22821g-1.jpg\" class=\"attachment-woocommerce_thumbnail size-woocommerce_thumbnail\" alt=\"Pasta de arquivo de alavanca elba cartao din a4 vermelho lombada de 80 mm\" \/>                                            <\/a>\n                                                                                                                                        <div class=\"actions style_two\">\n                                                    <a href=\"\/index.php?rest_route=%2Fwp%2Fv2%2Fpages%2F56944&#038;add-to-cart=98088\" aria-describedby=\"woocommerce_loop_add_to_cart_link_describedby_98088\" data-quantity=\"1\" class=\"button product_type_simple add_to_cart_button ajax_add_to_cart\" data-product_id=\"98088\" data-product_sku=\"22821\" aria-label=\"Adiciona ao carrinho: &ldquo;Pasta de arquivo de alavanca elba cartao din a4 vermelho lombada de 80 mm&rdquo;\" rel=\"nofollow\" data-success_message=\"&ldquo;Pasta de arquivo de alavanca elba cartao din a4 vermelho lombada de 80 mm&rdquo; foi adicionado ao seu carrinho\" role=\"button\">Adicionar<\/a>\t<span id=\"woocommerce_loop_add_to_cart_link_describedby_98088\" class=\"screen-reader-text\">\n\t\t\t<\/span>\n<div class=\"tooltip_no wishlist button-default yith-wcwl-add-to-wishlist add-to-wishlist-98088\"><div class=\"yith-wcwl-add-button show\"><a href=\"https:\/\/ifoffice.pt\/?page_id=121&#038;wishlist-action\" data-product-id=\"98088\" data-product-type=\"simple\" class=\"add_to_wishlist\" aria-label=\"Wishlist\" rel=\"nofollow\"><i class=\"fa fa-heart-o\"><\/i><span class=\"ht-product-action-tooltip\">Adicionar \u00e0 lista de Desejos<\/span><\/a><i class=\"fa fa-spinner fa-pulse ajax-loading\" style=\"visibility:hidden\"><\/i><\/div><div class=\"yith-wcwl-wishlistaddedbrowse hide\" style=\"display:none;\"><a class=\"\" href=\"https:\/\/ifoffice.pt\/?page_id=121&#038;wishlist-action\" aria-label=\"Wishlist\" rel=\"nofollow\"><i class=\"fa fa-heart\"><\/i><span class=\"ht-product-action-tooltip\">Veja a sua lista de favoritos<\/span><\/a><\/div><div class=\"yith-wcwl-wishlistexistsbrowse hide\" style=\"display:none\"><a href=\"https:\/\/ifoffice.pt\/?page_id=121&#038;wishlist-action\" class=\"\" aria-label=\"Wishlist\" rel=\"nofollow\"><i class=\"fa fa-heart\"><\/i><span class=\"ht-product-action-tooltip\">Produto adicionado!<\/span><\/a><\/div><\/div>                                                <\/div>\n                                            \n                                            \n                                        <\/div>\n                                        \n                                        <div class=\"content\">\n                                            <h4 class=\"title\"><a href=\"https:\/\/ifoffice.pt\/?product=pasta-de-arquivo-de-alavanca-elba-cartao-din-a4-vermelho-lombada-de-80-mm\">Pasta de arquivo de alavanca elba cartao din a4 vermelho lombada de 80 mm<\/a><\/h4>\n                                            \n\t<span class=\"price\"><span class=\"woocommerce-Price-amount amount\"><bdi><span class=\"woocommerce-Price-currencySymbol\">&euro;<\/span>12.31<\/bdi><\/span> <small class=\"woocommerce-price-suffix\">IVA inc.<\/small><\/span>\n                                                                                    <\/div>\n                                    <\/div>\n\n                                <\/div>\n\n                                                       <\/div>\n                            <div class=\"slide-item ht-col-xs-12\">\n                                \n                                <div class=\"product-item  \">\n\n                                    <div class=\"product-inner\">\n                                        <div class=\"image-wrap\">\n                                            <a href=\"https:\/\/ifoffice.pt\/?product=pasta-de-arquivo-de-alavanca-esselte-colour-breeze-cartao-forrado-pvc-din-a4-lombada-75-mm-cor-coral\" class=\"image\">\n                                                <img loading=\"lazy\" decoding=\"async\" width=\"300\" height=\"229\" src=\"https:\/\/ifoffice.pt\/wp-content\/uploads\/2023\/03\/163286g-300x229.jpg\" class=\"attachment-woocommerce_thumbnail size-woocommerce_thumbnail\" alt=\"Pasta de arquivo de alavanca esselte colour breeze cartao forrado pvc din a4 lombada 75 mm cor coral\" srcset=\"https:\/\/ifoffice.pt\/wp-content\/uploads\/2023\/03\/163286g-300x229.jpg 300w, https:\/\/ifoffice.pt\/wp-content\/uploads\/2023\/03\/163286g-768x585.jpg 768w, https:\/\/ifoffice.pt\/wp-content\/uploads\/2023\/03\/163286g-600x457.jpg 600w, https:\/\/ifoffice.pt\/wp-content\/uploads\/2023\/03\/163286g-64x49.jpg 64w, https:\/\/ifoffice.pt\/wp-content\/uploads\/2023\/03\/163286g.jpg 1000w\" sizes=\"(max-width: 300px) 100vw, 300px\" \/>                                            <\/a>\n                                                                                                                                        <div class=\"actions style_two\">\n                                                    <a href=\"\/index.php?rest_route=%2Fwp%2Fv2%2Fpages%2F56944&#038;add-to-cart=110214\" aria-describedby=\"woocommerce_loop_add_to_cart_link_describedby_110214\" data-quantity=\"1\" class=\"button product_type_simple add_to_cart_button ajax_add_to_cart\" data-product_id=\"110214\" data-product_sku=\"163286\" aria-label=\"Adiciona ao carrinho: &ldquo;Pasta de arquivo de alavanca esselte colour breeze cartao forrado pvc din a4 lombada 75 mm cor coral&rdquo;\" rel=\"nofollow\" data-success_message=\"&ldquo;Pasta de arquivo de alavanca esselte colour breeze cartao forrado pvc din a4 lombada 75 mm cor coral&rdquo; foi adicionado ao seu carrinho\" role=\"button\">Adicionar<\/a>\t<span id=\"woocommerce_loop_add_to_cart_link_describedby_110214\" class=\"screen-reader-text\">\n\t\t\t<\/span>\n<div class=\"tooltip_no wishlist button-default yith-wcwl-add-to-wishlist add-to-wishlist-110214\"><div class=\"yith-wcwl-add-button show\"><a href=\"https:\/\/ifoffice.pt\/?page_id=121&#038;wishlist-action\" data-product-id=\"110214\" data-product-type=\"simple\" class=\"add_to_wishlist\" aria-label=\"Wishlist\" rel=\"nofollow\"><i class=\"fa fa-heart-o\"><\/i><span class=\"ht-product-action-tooltip\">Adicionar \u00e0 lista de Desejos<\/span><\/a><i class=\"fa fa-spinner fa-pulse ajax-loading\" style=\"visibility:hidden\"><\/i><\/div><div class=\"yith-wcwl-wishlistaddedbrowse hide\" style=\"display:none;\"><a class=\"\" href=\"https:\/\/ifoffice.pt\/?page_id=121&#038;wishlist-action\" aria-label=\"Wishlist\" rel=\"nofollow\"><i class=\"fa fa-heart\"><\/i><span class=\"ht-product-action-tooltip\">Veja a sua lista de favoritos<\/span><\/a><\/div><div class=\"yith-wcwl-wishlistexistsbrowse hide\" style=\"display:none\"><a href=\"https:\/\/ifoffice.pt\/?page_id=121&#038;wishlist-action\" class=\"\" aria-label=\"Wishlist\" rel=\"nofollow\"><i class=\"fa fa-heart\"><\/i><span class=\"ht-product-action-tooltip\">Produto adicionado!<\/span><\/a><\/div><\/div>                                                <\/div>\n                                            \n                                            \n                                        <\/div>\n                                        \n                                        <div class=\"content\">\n                                            <h4 class=\"title\"><a href=\"https:\/\/ifoffice.pt\/?product=pasta-de-arquivo-de-alavanca-esselte-colour-breeze-cartao-forrado-pvc-din-a4-lombada-75-mm-cor-coral\">Pasta de arquivo de alavanca esselte colour breeze cartao forrado pvc din a4 lombada 75 mm cor coral<\/a><\/h4>\n                                            \n\t<span class=\"price\"><span class=\"woocommerce-Price-amount amount\"><bdi><span class=\"woocommerce-Price-currencySymbol\">&euro;<\/span>5.98<\/bdi><\/span> <small class=\"woocommerce-price-suffix\">IVA inc.<\/small><\/span>\n                                                                                    <\/div>\n                                    <\/div>\n\n                                <\/div>\n\n                                                       <\/div>\n                            <div class=\"slide-item ht-col-xs-12\">\n                                \n                                <div class=\"product-item  \">\n\n                                    <div class=\"product-inner\">\n                                        <div class=\"image-wrap\">\n                                            <a href=\"https:\/\/ifoffice.pt\/?product=pasta-de-arquivo-de-alavanca-liderpapel-documenta-pvc-folio-lombada-52-mm-vermelho\" class=\"image\">\n                                                <img loading=\"lazy\" decoding=\"async\" width=\"300\" height=\"229\" src=\"https:\/\/ifoffice.pt\/wp-content\/uploads\/2023\/03\/79711g-300x229.jpg\" class=\"attachment-woocommerce_thumbnail size-woocommerce_thumbnail\" alt=\"Pasta de arquivo de alavanca liderpapel documenta pvc folio lombada 52 mm vermelho\" srcset=\"https:\/\/ifoffice.pt\/wp-content\/uploads\/2023\/03\/79711g-300x229.jpg 300w, https:\/\/ifoffice.pt\/wp-content\/uploads\/2023\/03\/79711g-768x585.jpg 768w, https:\/\/ifoffice.pt\/wp-content\/uploads\/2023\/03\/79711g-600x457.jpg 600w, https:\/\/ifoffice.pt\/wp-content\/uploads\/2023\/03\/79711g-64x49.jpg 64w, https:\/\/ifoffice.pt\/wp-content\/uploads\/2023\/03\/79711g.jpg 1000w\" sizes=\"(max-width: 300px) 100vw, 300px\" \/>                                            <\/a>\n                                                                                                                                        <div class=\"actions style_two\">\n                                                    <a href=\"\/index.php?rest_route=%2Fwp%2Fv2%2Fpages%2F56944&#038;add-to-cart=81095\" aria-describedby=\"woocommerce_loop_add_to_cart_link_describedby_81095\" data-quantity=\"1\" class=\"button product_type_simple add_to_cart_button ajax_add_to_cart\" data-product_id=\"81095\" data-product_sku=\"79711\" aria-label=\"Adiciona ao carrinho: &ldquo;Pasta de arquivo de alavanca liderpapel documenta pvc folio lombada 52 mm vermelho&rdquo;\" rel=\"nofollow\" data-success_message=\"&ldquo;Pasta de arquivo de alavanca liderpapel documenta pvc folio lombada 52 mm vermelho&rdquo; foi adicionado ao seu carrinho\" role=\"button\">Adicionar<\/a>\t<span id=\"woocommerce_loop_add_to_cart_link_describedby_81095\" class=\"screen-reader-text\">\n\t\t\t<\/span>\n<div class=\"tooltip_no wishlist button-default yith-wcwl-add-to-wishlist add-to-wishlist-81095\"><div class=\"yith-wcwl-add-button show\"><a href=\"https:\/\/ifoffice.pt\/?page_id=121&#038;wishlist-action\" data-product-id=\"81095\" data-product-type=\"simple\" class=\"add_to_wishlist\" aria-label=\"Wishlist\" rel=\"nofollow\"><i class=\"fa fa-heart-o\"><\/i><span class=\"ht-product-action-tooltip\">Adicionar \u00e0 lista de Desejos<\/span><\/a><i class=\"fa fa-spinner fa-pulse ajax-loading\" style=\"visibility:hidden\"><\/i><\/div><div class=\"yith-wcwl-wishlistaddedbrowse hide\" style=\"display:none;\"><a class=\"\" href=\"https:\/\/ifoffice.pt\/?page_id=121&#038;wishlist-action\" aria-label=\"Wishlist\" rel=\"nofollow\"><i class=\"fa fa-heart\"><\/i><span class=\"ht-product-action-tooltip\">Veja a sua lista de favoritos<\/span><\/a><\/div><div class=\"yith-wcwl-wishlistexistsbrowse hide\" style=\"display:none\"><a href=\"https:\/\/ifoffice.pt\/?page_id=121&#038;wishlist-action\" class=\"\" aria-label=\"Wishlist\" rel=\"nofollow\"><i class=\"fa fa-heart\"><\/i><span class=\"ht-product-action-tooltip\">Produto adicionado!<\/span><\/a><\/div><\/div>                                                <\/div>\n                                            \n                                            \n                                        <\/div>\n                                        \n                                        <div class=\"content\">\n                                            <h4 class=\"title\"><a href=\"https:\/\/ifoffice.pt\/?product=pasta-de-arquivo-de-alavanca-liderpapel-documenta-pvc-folio-lombada-52-mm-vermelho\">Pasta de arquivo de alavanca liderpapel documenta pvc folio lombada 52 mm vermelho<\/a><\/h4>\n                                            \n\t<span class=\"price\"><span class=\"woocommerce-Price-amount amount\"><bdi><span class=\"woocommerce-Price-currencySymbol\">&euro;<\/span>4.66<\/bdi><\/span> <small class=\"woocommerce-price-suffix\">IVA inc.<\/small><\/span>\n                                                                                    <\/div>\n                                    <\/div>\n\n                                <\/div>\n\n                                                       <\/div>\n                            <div class=\"slide-item ht-col-xs-12\">\n                                \n                                <div class=\"product-item  \">\n\n                                    <div class=\"product-inner\">\n                                        <div class=\"image-wrap\">\n                                            <a href=\"https:\/\/ifoffice.pt\/?product=archivador-de-palanca-esselte-carton-forrado-pvc-folio-lomo-de-50-mm-con-rado-rojo\" class=\"image\">\n                                                <img loading=\"lazy\" decoding=\"async\" width=\"300\" height=\"229\" src=\"https:\/\/ifoffice.pt\/wp-content\/uploads\/2024\/02\/63043g-1.jpg\" class=\"attachment-woocommerce_thumbnail size-woocommerce_thumbnail\" alt=\"Archivador de palanca esselte carton forrado pvc folio lomo de 50 mm con rado rojo\" \/>                                            <\/a>\n                                                                                                                                        <div class=\"actions style_two\">\n                                                    <a href=\"https:\/\/ifoffice.pt\/?product=archivador-de-palanca-esselte-carton-forrado-pvc-folio-lomo-de-50-mm-con-rado-rojo\" aria-describedby=\"woocommerce_loop_add_to_cart_link_describedby_108388\" data-quantity=\"1\" class=\"button product_type_simple\" data-product_id=\"108388\" data-product_sku=\"63043\" aria-label=\"Leia mais sobre &ldquo;Archivador de palanca esselte carton forrado pvc folio lomo de 50 mm con rado rojo&rdquo;\" rel=\"nofollow\" data-success_message=\"\">Ler mais<\/a>\t<span id=\"woocommerce_loop_add_to_cart_link_describedby_108388\" class=\"screen-reader-text\">\n\t\t\t<\/span>\n<div class=\"tooltip_no wishlist button-default yith-wcwl-add-to-wishlist add-to-wishlist-108388\"><div class=\"yith-wcwl-add-button show\"><a href=\"https:\/\/ifoffice.pt\/?page_id=121&#038;wishlist-action\" data-product-id=\"108388\" data-product-type=\"simple\" class=\"add_to_wishlist\" aria-label=\"Wishlist\" rel=\"nofollow\"><i class=\"fa fa-heart-o\"><\/i><span class=\"ht-product-action-tooltip\">Adicionar \u00e0 lista de Desejos<\/span><\/a><i class=\"fa fa-spinner fa-pulse ajax-loading\" style=\"visibility:hidden\"><\/i><\/div><div class=\"yith-wcwl-wishlistaddedbrowse hide\" style=\"display:none;\"><a class=\"\" href=\"https:\/\/ifoffice.pt\/?page_id=121&#038;wishlist-action\" aria-label=\"Wishlist\" rel=\"nofollow\"><i class=\"fa fa-heart\"><\/i><span class=\"ht-product-action-tooltip\">Veja a sua lista de favoritos<\/span><\/a><\/div><div class=\"yith-wcwl-wishlistexistsbrowse hide\" style=\"display:none\"><a href=\"https:\/\/ifoffice.pt\/?page_id=121&#038;wishlist-action\" class=\"\" aria-label=\"Wishlist\" rel=\"nofollow\"><i class=\"fa fa-heart\"><\/i><span class=\"ht-product-action-tooltip\">Produto adicionado!<\/span><\/a><\/div><\/div>                                                <\/div>\n                                            \n                                            \n                                        <\/div>\n                                        \n                                        <div class=\"content\">\n                                            <h4 class=\"title\"><a href=\"https:\/\/ifoffice.pt\/?product=archivador-de-palanca-esselte-carton-forrado-pvc-folio-lomo-de-50-mm-con-rado-rojo\">Archivador de palanca esselte carton forrado pvc folio lomo de 50 mm con rado rojo<\/a><\/h4>\n                                            \n\t<span class=\"price\"><span class=\"woocommerce-Price-amount amount\"><bdi><span class=\"woocommerce-Price-currencySymbol\">&euro;<\/span>4.15<\/bdi><\/span> <small class=\"woocommerce-price-suffix\">IVA inc.<\/small><\/span>\n                                                                                    <\/div>\n                                    <\/div>\n\n                                <\/div>\n\n                                                       <\/div>\n                            <div class=\"slide-item ht-col-xs-12\">\n                                \n                                <div class=\"product-item  \">\n\n                                    <div class=\"product-inner\">\n                                        <div class=\"image-wrap\">\n                                            <a href=\"https:\/\/ifoffice.pt\/?product=archivador-de-palanca-esselte-carton-forrado-pvc-folio-lomo-de-75-mm-con-rado-amarillo\" class=\"image\">\n                                                <img loading=\"lazy\" decoding=\"async\" width=\"300\" height=\"229\" src=\"https:\/\/ifoffice.pt\/wp-content\/uploads\/2024\/02\/63042g-1.jpg\" class=\"attachment-woocommerce_thumbnail size-woocommerce_thumbnail\" alt=\"Archivador de palanca esselte carton forrado pvc folio lomo de 75 mm con rado amarillo\" \/>                                            <\/a>\n                                                                                                                                        <div class=\"actions style_two\">\n                                                    <a href=\"https:\/\/ifoffice.pt\/?product=archivador-de-palanca-esselte-carton-forrado-pvc-folio-lomo-de-75-mm-con-rado-amarillo\" aria-describedby=\"woocommerce_loop_add_to_cart_link_describedby_108390\" data-quantity=\"1\" class=\"button product_type_simple\" data-product_id=\"108390\" data-product_sku=\"63042\" aria-label=\"Leia mais sobre &ldquo;Archivador de palanca esselte carton forrado pvc folio lomo de 75 mm con rado amarillo&rdquo;\" rel=\"nofollow\" data-success_message=\"\">Ler mais<\/a>\t<span id=\"woocommerce_loop_add_to_cart_link_describedby_108390\" class=\"screen-reader-text\">\n\t\t\t<\/span>\n<div class=\"tooltip_no wishlist button-default yith-wcwl-add-to-wishlist add-to-wishlist-108390\"><div class=\"yith-wcwl-add-button show\"><a href=\"https:\/\/ifoffice.pt\/?page_id=121&#038;wishlist-action\" data-product-id=\"108390\" data-product-type=\"simple\" class=\"add_to_wishlist\" aria-label=\"Wishlist\" rel=\"nofollow\"><i class=\"fa fa-heart-o\"><\/i><span class=\"ht-product-action-tooltip\">Adicionar \u00e0 lista de Desejos<\/span><\/a><i class=\"fa fa-spinner fa-pulse ajax-loading\" style=\"visibility:hidden\"><\/i><\/div><div class=\"yith-wcwl-wishlistaddedbrowse hide\" style=\"display:none;\"><a class=\"\" href=\"https:\/\/ifoffice.pt\/?page_id=121&#038;wishlist-action\" aria-label=\"Wishlist\" rel=\"nofollow\"><i class=\"fa fa-heart\"><\/i><span class=\"ht-product-action-tooltip\">Veja a sua lista de favoritos<\/span><\/a><\/div><div class=\"yith-wcwl-wishlistexistsbrowse hide\" style=\"display:none\"><a href=\"https:\/\/ifoffice.pt\/?page_id=121&#038;wishlist-action\" class=\"\" aria-label=\"Wishlist\" rel=\"nofollow\"><i class=\"fa fa-heart\"><\/i><span class=\"ht-product-action-tooltip\">Produto adicionado!<\/span><\/a><\/div><\/div>                                                <\/div>\n                                            \n                                            \n                                        <\/div>\n                                        \n                                        <div class=\"content\">\n                                            <h4 class=\"title\"><a href=\"https:\/\/ifoffice.pt\/?product=archivador-de-palanca-esselte-carton-forrado-pvc-folio-lomo-de-75-mm-con-rado-amarillo\">Archivador de palanca esselte carton forrado pvc folio lomo de 75 mm con rado amarillo<\/a><\/h4>\n                                            \n\t<span class=\"price\"><span class=\"woocommerce-Price-amount amount\"><bdi><span class=\"woocommerce-Price-currencySymbol\">&euro;<\/span>4.15<\/bdi><\/span> <small class=\"woocommerce-price-suffix\">IVA inc.<\/small><\/span>\n                                                                                    <\/div>\n                                    <\/div>\n\n                                <\/div>\n\n                                                       <\/div>\n                            <div class=\"slide-item ht-col-xs-12\">\n                                \n                                <div class=\"product-item  \">\n\n                                    <div class=\"product-inner\">\n                                        <div class=\"image-wrap\">\n                                            <a href=\"https:\/\/ifoffice.pt\/?product=pasta-de-arquivo-de-alavanca-liderpapel-documenta-pvc-folio-lombada-75-mm-verde\" class=\"image\">\n                                                <img loading=\"lazy\" decoding=\"async\" width=\"300\" height=\"229\" src=\"https:\/\/ifoffice.pt\/wp-content\/uploads\/2024\/02\/21148g-1.jpg\" class=\"attachment-woocommerce_thumbnail size-woocommerce_thumbnail\" alt=\"Pasta de arquivo de alavanca liderpapel documenta pvc folio lombada 75 mm verde\" \/>                                            <\/a>\n                                                                                                                                        <div class=\"actions style_two\">\n                                                    <a href=\"\/index.php?rest_route=%2Fwp%2Fv2%2Fpages%2F56944&#038;add-to-cart=98486\" aria-describedby=\"woocommerce_loop_add_to_cart_link_describedby_98486\" data-quantity=\"1\" class=\"button product_type_simple add_to_cart_button ajax_add_to_cart\" data-product_id=\"98486\" data-product_sku=\"21148\" aria-label=\"Adiciona ao carrinho: &ldquo;Pasta de arquivo de alavanca liderpapel documenta pvc folio lombada 75 mm verde&rdquo;\" rel=\"nofollow\" data-success_message=\"&ldquo;Pasta de arquivo de alavanca liderpapel documenta pvc folio lombada 75 mm verde&rdquo; foi adicionado ao seu carrinho\" role=\"button\">Adicionar<\/a>\t<span id=\"woocommerce_loop_add_to_cart_link_describedby_98486\" class=\"screen-reader-text\">\n\t\t\t<\/span>\n<div class=\"tooltip_no wishlist button-default yith-wcwl-add-to-wishlist add-to-wishlist-98486\"><div class=\"yith-wcwl-add-button show\"><a href=\"https:\/\/ifoffice.pt\/?page_id=121&#038;wishlist-action\" data-product-id=\"98486\" data-product-type=\"simple\" class=\"add_to_wishlist\" aria-label=\"Wishlist\" rel=\"nofollow\"><i class=\"fa fa-heart-o\"><\/i><span class=\"ht-product-action-tooltip\">Adicionar \u00e0 lista de Desejos<\/span><\/a><i class=\"fa fa-spinner fa-pulse ajax-loading\" style=\"visibility:hidden\"><\/i><\/div><div class=\"yith-wcwl-wishlistaddedbrowse hide\" style=\"display:none;\"><a class=\"\" href=\"https:\/\/ifoffice.pt\/?page_id=121&#038;wishlist-action\" aria-label=\"Wishlist\" rel=\"nofollow\"><i class=\"fa fa-heart\"><\/i><span class=\"ht-product-action-tooltip\">Veja a sua lista de favoritos<\/span><\/a><\/div><div class=\"yith-wcwl-wishlistexistsbrowse hide\" style=\"display:none\"><a href=\"https:\/\/ifoffice.pt\/?page_id=121&#038;wishlist-action\" class=\"\" aria-label=\"Wishlist\" rel=\"nofollow\"><i class=\"fa fa-heart\"><\/i><span class=\"ht-product-action-tooltip\">Produto adicionado!<\/span><\/a><\/div><\/div>                                                <\/div>\n                                            \n                                            \n                                        <\/div>\n                                        \n                                        <div class=\"content\">\n                                            <h4 class=\"title\"><a href=\"https:\/\/ifoffice.pt\/?product=pasta-de-arquivo-de-alavanca-liderpapel-documenta-pvc-folio-lombada-75-mm-verde\">Pasta de arquivo de alavanca liderpapel documenta pvc folio lombada 75 mm verde<\/a><\/h4>\n                                            \n\t<span class=\"price\"><span class=\"woocommerce-Price-amount amount\"><bdi><span class=\"woocommerce-Price-currencySymbol\">&euro;<\/span>4.48<\/bdi><\/span> <small class=\"woocommerce-price-suffix\">IVA inc.<\/small><\/span>\n                                                                                    <\/div>\n                                    <\/div>\n\n                                <\/div>\n\n                                                       <\/div>\n                            <div class=\"slide-item ht-col-xs-12\">\n                                \n                                <div class=\"product-item  \">\n\n                                    <div class=\"product-inner\">\n                                        <div class=\"image-wrap\">\n                                            <a href=\"https:\/\/ifoffice.pt\/?product=pasta-de-arquivo-de-alavanca-liderpapel-gaspeada-preta-din-a4\" class=\"image\">\n                                                <img loading=\"lazy\" decoding=\"async\" width=\"300\" height=\"229\" src=\"https:\/\/ifoffice.pt\/wp-content\/uploads\/2023\/03\/32076g-300x229.jpg\" class=\"attachment-woocommerce_thumbnail size-woocommerce_thumbnail\" alt=\"Pasta de arquivo de alavanca liderpapel gaspeada preta din a4\" srcset=\"https:\/\/ifoffice.pt\/wp-content\/uploads\/2023\/03\/32076g-300x229.jpg 300w, https:\/\/ifoffice.pt\/wp-content\/uploads\/2023\/03\/32076g-768x585.jpg 768w, https:\/\/ifoffice.pt\/wp-content\/uploads\/2023\/03\/32076g-600x457.jpg 600w, https:\/\/ifoffice.pt\/wp-content\/uploads\/2023\/03\/32076g-64x49.jpg 64w, https:\/\/ifoffice.pt\/wp-content\/uploads\/2023\/03\/32076g.jpg 1000w\" sizes=\"(max-width: 300px) 100vw, 300px\" \/>                                            <\/a>\n                                                                                                                                        <div class=\"actions style_two\">\n                                                    <a href=\"\/index.php?rest_route=%2Fwp%2Fv2%2Fpages%2F56944&#038;add-to-cart=95734\" aria-describedby=\"woocommerce_loop_add_to_cart_link_describedby_95734\" data-quantity=\"1\" class=\"button product_type_simple add_to_cart_button ajax_add_to_cart\" data-product_id=\"95734\" data-product_sku=\"32076\" aria-label=\"Adiciona ao carrinho: &ldquo;Pasta de arquivo de alavanca liderpapel gaspeada preta din a4&rdquo;\" rel=\"nofollow\" data-success_message=\"&ldquo;Pasta de arquivo de alavanca liderpapel gaspeada preta din a4&rdquo; foi adicionado ao seu carrinho\" role=\"button\">Adicionar<\/a>\t<span id=\"woocommerce_loop_add_to_cart_link_describedby_95734\" class=\"screen-reader-text\">\n\t\t\t<\/span>\n<div class=\"tooltip_no wishlist button-default yith-wcwl-add-to-wishlist add-to-wishlist-95734\"><div class=\"yith-wcwl-add-button show\"><a href=\"https:\/\/ifoffice.pt\/?page_id=121&#038;wishlist-action\" data-product-id=\"95734\" data-product-type=\"simple\" class=\"add_to_wishlist\" aria-label=\"Wishlist\" rel=\"nofollow\"><i class=\"fa fa-heart-o\"><\/i><span class=\"ht-product-action-tooltip\">Adicionar \u00e0 lista de Desejos<\/span><\/a><i class=\"fa fa-spinner fa-pulse ajax-loading\" style=\"visibility:hidden\"><\/i><\/div><div class=\"yith-wcwl-wishlistaddedbrowse hide\" style=\"display:none;\"><a class=\"\" href=\"https:\/\/ifoffice.pt\/?page_id=121&#038;wishlist-action\" aria-label=\"Wishlist\" rel=\"nofollow\"><i class=\"fa fa-heart\"><\/i><span class=\"ht-product-action-tooltip\">Veja a sua lista de favoritos<\/span><\/a><\/div><div class=\"yith-wcwl-wishlistexistsbrowse hide\" style=\"display:none\"><a href=\"https:\/\/ifoffice.pt\/?page_id=121&#038;wishlist-action\" class=\"\" aria-label=\"Wishlist\" rel=\"nofollow\"><i class=\"fa fa-heart\"><\/i><span class=\"ht-product-action-tooltip\">Produto adicionado!<\/span><\/a><\/div><\/div>                                                <\/div>\n                                            \n                                            \n                                        <\/div>\n                                        \n                                        <div class=\"content\">\n                                            <h4 class=\"title\"><a href=\"https:\/\/ifoffice.pt\/?product=pasta-de-arquivo-de-alavanca-liderpapel-gaspeada-preta-din-a4\">Pasta de arquivo de alavanca liderpapel gaspeada preta din a4<\/a><\/h4>\n                                            \n\t<span class=\"price\"><span class=\"woocommerce-Price-amount amount\"><bdi><span class=\"woocommerce-Price-currencySymbol\">&euro;<\/span>2.31<\/bdi><\/span> <small class=\"woocommerce-price-suffix\">IVA inc.<\/small><\/span>\n                                                                                    <\/div>\n                                    <\/div>\n\n                                <\/div>\n\n                                                       <\/div>\n                            <div class=\"slide-item ht-col-xs-12\">\n                                \n                                <div class=\"product-item  \">\n\n                                    <div class=\"product-inner\">\n                                        <div class=\"image-wrap\">\n                                            <a href=\"https:\/\/ifoffice.pt\/?product=pasta-de-arquivo-de-alavanca-exacompta-cartao-forrado-pvc-din-a4-cores-sortidas-lombada-70-mm-com-compressor\" class=\"image\">\n                                                <img loading=\"lazy\" decoding=\"async\" width=\"300\" height=\"229\" src=\"https:\/\/ifoffice.pt\/wp-content\/uploads\/2023\/03\/72586g-300x229.jpg\" class=\"attachment-woocommerce_thumbnail size-woocommerce_thumbnail\" alt=\"Pasta de arquivo de alavanca exacompta cartao forrado pvc din a4 cores sortidas lombada 70 mm com compressor\" srcset=\"https:\/\/ifoffice.pt\/wp-content\/uploads\/2023\/03\/72586g-300x229.jpg 300w, https:\/\/ifoffice.pt\/wp-content\/uploads\/2023\/03\/72586g-64x49.jpg 64w, https:\/\/ifoffice.pt\/wp-content\/uploads\/2023\/03\/72586g.jpg 420w\" sizes=\"(max-width: 300px) 100vw, 300px\" \/>                                            <\/a>\n                                                                                                                                        <div class=\"actions style_two\">\n                                                    <a href=\"\/index.php?rest_route=%2Fwp%2Fv2%2Fpages%2F56944&#038;add-to-cart=85224\" aria-describedby=\"woocommerce_loop_add_to_cart_link_describedby_85224\" data-quantity=\"1\" class=\"button product_type_simple add_to_cart_button ajax_add_to_cart\" data-product_id=\"85224\" data-product_sku=\"72586\" aria-label=\"Adiciona ao carrinho: &ldquo;Pasta de arquivo de alavanca exacompta cartao forrado pvc din a4 cores sortidas lombada 70 mm com compressor&rdquo;\" rel=\"nofollow\" data-success_message=\"&ldquo;Pasta de arquivo de alavanca exacompta cartao forrado pvc din a4 cores sortidas lombada 70 mm com compressor&rdquo; foi adicionado ao seu carrinho\" role=\"button\">Adicionar<\/a>\t<span id=\"woocommerce_loop_add_to_cart_link_describedby_85224\" class=\"screen-reader-text\">\n\t\t\t<\/span>\n<div class=\"tooltip_no wishlist button-default yith-wcwl-add-to-wishlist add-to-wishlist-85224\"><div class=\"yith-wcwl-add-button show\"><a href=\"https:\/\/ifoffice.pt\/?page_id=121&#038;wishlist-action\" data-product-id=\"85224\" data-product-type=\"simple\" class=\"add_to_wishlist\" aria-label=\"Wishlist\" rel=\"nofollow\"><i class=\"fa fa-heart-o\"><\/i><span class=\"ht-product-action-tooltip\">Adicionar \u00e0 lista de Desejos<\/span><\/a><i class=\"fa fa-spinner fa-pulse ajax-loading\" style=\"visibility:hidden\"><\/i><\/div><div class=\"yith-wcwl-wishlistaddedbrowse hide\" style=\"display:none;\"><a class=\"\" href=\"https:\/\/ifoffice.pt\/?page_id=121&#038;wishlist-action\" aria-label=\"Wishlist\" rel=\"nofollow\"><i class=\"fa fa-heart\"><\/i><span class=\"ht-product-action-tooltip\">Veja a sua lista de favoritos<\/span><\/a><\/div><div class=\"yith-wcwl-wishlistexistsbrowse hide\" style=\"display:none\"><a href=\"https:\/\/ifoffice.pt\/?page_id=121&#038;wishlist-action\" class=\"\" aria-label=\"Wishlist\" rel=\"nofollow\"><i class=\"fa fa-heart\"><\/i><span class=\"ht-product-action-tooltip\">Produto adicionado!<\/span><\/a><\/div><\/div>                                                <\/div>\n                                            \n                                            \n                                        <\/div>\n                                        \n                                        <div class=\"content\">\n                                            <h4 class=\"title\"><a href=\"https:\/\/ifoffice.pt\/?product=pasta-de-arquivo-de-alavanca-exacompta-cartao-forrado-pvc-din-a4-cores-sortidas-lombada-70-mm-com-compressor\">Pasta de arquivo de alavanca exacompta cartao forrado pvc din a4 cores sortidas lombada 70 mm com compressor<\/a><\/h4>\n                                            \n\t<span class=\"price\"><span class=\"woocommerce-Price-amount amount\"><bdi><span class=\"woocommerce-Price-currencySymbol\">&euro;<\/span>56.96<\/bdi><\/span> <small class=\"woocommerce-price-suffix\">IVA inc.<\/small><\/span>\n                                                                                    <\/div>\n                                    <\/div>\n\n                                <\/div>\n\n                                                       <\/div>\n                            <div class=\"slide-item ht-col-xs-12\">\n                                \n                                <div class=\"product-item  \">\n\n                                    <div class=\"product-inner\">\n                                        <div class=\"image-wrap\">\n                                            <a href=\"https:\/\/ifoffice.pt\/?product=pasta-de-arquivo-de-alavanca-liderpapel-folio-classic-grey-cartao-colado-com-rado-lombada-75mm-cinza-compressor-metalico\" class=\"image\">\n                                                <img loading=\"lazy\" decoding=\"async\" width=\"300\" height=\"229\" src=\"https:\/\/ifoffice.pt\/wp-content\/uploads\/2023\/03\/37712g-300x229.jpg\" class=\"attachment-woocommerce_thumbnail size-woocommerce_thumbnail\" alt=\"Pasta de arquivo de alavanca liderpapel folio classic grey cartao colado com rado lombada 75mm cinza compressor metalico\" srcset=\"https:\/\/ifoffice.pt\/wp-content\/uploads\/2023\/03\/37712g-300x229.jpg 300w, https:\/\/ifoffice.pt\/wp-content\/uploads\/2023\/03\/37712g-768x585.jpg 768w, https:\/\/ifoffice.pt\/wp-content\/uploads\/2023\/03\/37712g-600x457.jpg 600w, https:\/\/ifoffice.pt\/wp-content\/uploads\/2023\/03\/37712g-64x49.jpg 64w, https:\/\/ifoffice.pt\/wp-content\/uploads\/2023\/03\/37712g.jpg 1000w\" sizes=\"(max-width: 300px) 100vw, 300px\" \/>                                            <\/a>\n                                                                                                                                        <div class=\"actions style_two\">\n                                                    <a href=\"\/index.php?rest_route=%2Fwp%2Fv2%2Fpages%2F56944&#038;add-to-cart=94422\" aria-describedby=\"woocommerce_loop_add_to_cart_link_describedby_94422\" data-quantity=\"1\" class=\"button product_type_simple add_to_cart_button ajax_add_to_cart\" data-product_id=\"94422\" data-product_sku=\"37712\" aria-label=\"Adiciona ao carrinho: &ldquo;Pasta de arquivo de alavanca liderpapel folio classic grey cartao colado com rado lombada 75mm cinza compressor metalico&rdquo;\" rel=\"nofollow\" data-success_message=\"&ldquo;Pasta de arquivo de alavanca liderpapel folio classic grey cartao colado com rado lombada 75mm cinza compressor metalico&rdquo; foi adicionado ao seu carrinho\" role=\"button\">Adicionar<\/a>\t<span id=\"woocommerce_loop_add_to_cart_link_describedby_94422\" class=\"screen-reader-text\">\n\t\t\t<\/span>\n<div class=\"tooltip_no wishlist button-default yith-wcwl-add-to-wishlist add-to-wishlist-94422\"><div class=\"yith-wcwl-add-button show\"><a href=\"https:\/\/ifoffice.pt\/?page_id=121&#038;wishlist-action\" data-product-id=\"94422\" data-product-type=\"simple\" class=\"add_to_wishlist\" aria-label=\"Wishlist\" rel=\"nofollow\"><i class=\"fa fa-heart-o\"><\/i><span class=\"ht-product-action-tooltip\">Adicionar \u00e0 lista de Desejos<\/span><\/a><i class=\"fa fa-spinner fa-pulse ajax-loading\" style=\"visibility:hidden\"><\/i><\/div><div class=\"yith-wcwl-wishlistaddedbrowse hide\" style=\"display:none;\"><a class=\"\" href=\"https:\/\/ifoffice.pt\/?page_id=121&#038;wishlist-action\" aria-label=\"Wishlist\" rel=\"nofollow\"><i class=\"fa fa-heart\"><\/i><span class=\"ht-product-action-tooltip\">Veja a sua lista de favoritos<\/span><\/a><\/div><div class=\"yith-wcwl-wishlistexistsbrowse hide\" style=\"display:none\"><a href=\"https:\/\/ifoffice.pt\/?page_id=121&#038;wishlist-action\" class=\"\" aria-label=\"Wishlist\" rel=\"nofollow\"><i class=\"fa fa-heart\"><\/i><span class=\"ht-product-action-tooltip\">Produto adicionado!<\/span><\/a><\/div><\/div>                                                <\/div>\n                                            \n                                            \n                                        <\/div>\n                                        \n                                        <div class=\"content\">\n                                            <h4 class=\"title\"><a href=\"https:\/\/ifoffice.pt\/?product=pasta-de-arquivo-de-alavanca-liderpapel-folio-classic-grey-cartao-colado-com-rado-lombada-75mm-cinza-compressor-metalico\">Pasta de arquivo de alavanca liderpapel folio classic grey cartao colado com rado lombada 75mm cinza compressor metalico<\/a><\/h4>\n                                            \n\t<span class=\"price\"><span class=\"woocommerce-Price-amount amount\"><bdi><span class=\"woocommerce-Price-currencySymbol\">&euro;<\/span>2.95<\/bdi><\/span> <small class=\"woocommerce-price-suffix\">IVA inc.<\/small><\/span>\n                                                                                    <\/div>\n                                    <\/div>\n\n                                <\/div>\n\n                                                       <\/div>\n                            <div class=\"slide-item ht-col-xs-12\">\n                                \n                                <div class=\"product-item  \">\n\n                                    <div class=\"product-inner\">\n                                        <div class=\"image-wrap\">\n                                            <a href=\"https:\/\/ifoffice.pt\/?product=caixa-para-pasta-de-arquivo-de-alavanca-liderpapel-documenta-cartao-din-a4-lombada-75-mm-lilas-2\" class=\"image\">\n                                                \n\t\n\t<img loading=\"lazy\" decoding=\"async\" width=\"300\" height=\"229\" src=\"https:\/\/ifoffice.pt\/wp-content\/uploads\/2023\/03\/64588g-300x229.jpg\" class=\"attachment-woocommerce_thumbnail size-woocommerce_thumbnail\" alt=\"Caixa para pasta de arquivo de alavanca liderpapel documenta din a4 lombada 75 mm lilas\" srcset=\"https:\/\/ifoffice.pt\/wp-content\/uploads\/2023\/03\/64588g-300x229.jpg 300w, https:\/\/ifoffice.pt\/wp-content\/uploads\/2023\/03\/64588g-64x49.jpg 64w, https:\/\/ifoffice.pt\/wp-content\/uploads\/2023\/03\/64588g.jpg 420w\" sizes=\"(max-width: 300px) 100vw, 300px\" \/>                                            <\/a>\n                                                                                                                                        <div class=\"actions style_two\">\n                                                    <a href=\"\/index.php?rest_route=%2Fwp%2Fv2%2Fpages%2F56944&#038;add-to-cart=87320\" aria-describedby=\"woocommerce_loop_add_to_cart_link_describedby_87320\" data-quantity=\"1\" class=\"button product_type_simple add_to_cart_button ajax_add_to_cart\" data-product_id=\"87320\" data-product_sku=\"64588\" aria-label=\"Adiciona ao carrinho: &ldquo;Caixa para pasta de arquivo de alavanca liderpapel documenta din a4 lombada 75 mm lilas&rdquo;\" rel=\"nofollow\" data-success_message=\"&ldquo;Caixa para pasta de arquivo de alavanca liderpapel documenta din a4 lombada 75 mm lilas&rdquo; foi adicionado ao seu carrinho\" role=\"button\">Adicionar<\/a>\t<span id=\"woocommerce_loop_add_to_cart_link_describedby_87320\" class=\"screen-reader-text\">\n\t\t\t<\/span>\n<div class=\"tooltip_no wishlist button-default yith-wcwl-add-to-wishlist add-to-wishlist-87320\"><div class=\"yith-wcwl-add-button show\"><a href=\"https:\/\/ifoffice.pt\/?page_id=121&#038;wishlist-action\" data-product-id=\"87320\" data-product-type=\"simple\" class=\"add_to_wishlist\" aria-label=\"Wishlist\" rel=\"nofollow\"><i class=\"fa fa-heart-o\"><\/i><span class=\"ht-product-action-tooltip\">Adicionar \u00e0 lista de Desejos<\/span><\/a><i class=\"fa fa-spinner fa-pulse ajax-loading\" style=\"visibility:hidden\"><\/i><\/div><div class=\"yith-wcwl-wishlistaddedbrowse hide\" style=\"display:none;\"><a class=\"\" href=\"https:\/\/ifoffice.pt\/?page_id=121&#038;wishlist-action\" aria-label=\"Wishlist\" rel=\"nofollow\"><i class=\"fa fa-heart\"><\/i><span class=\"ht-product-action-tooltip\">Veja a sua lista de favoritos<\/span><\/a><\/div><div class=\"yith-wcwl-wishlistexistsbrowse hide\" style=\"display:none\"><a href=\"https:\/\/ifoffice.pt\/?page_id=121&#038;wishlist-action\" class=\"\" aria-label=\"Wishlist\" rel=\"nofollow\"><i class=\"fa fa-heart\"><\/i><span class=\"ht-product-action-tooltip\">Produto adicionado!<\/span><\/a><\/div><\/div>                                                <\/div>\n                                            \n                                            \n                                        <\/div>\n                                        \n                                        <div class=\"content\">\n                                            <h4 class=\"title\"><a href=\"https:\/\/ifoffice.pt\/?product=caixa-para-pasta-de-arquivo-de-alavanca-liderpapel-documenta-cartao-din-a4-lombada-75-mm-lilas-2\">Caixa para pasta de arquivo de alavanca liderpapel documenta din a4 lombada 75 mm lilas<\/a><\/h4>\n                                            \n\t<span class=\"price\"><del aria-hidden=\"true\"><span class=\"woocommerce-Price-amount amount\"><bdi><span class=\"woocommerce-Price-currencySymbol\">&euro;<\/span>1.55<\/bdi><\/span><\/del> <span class=\"screen-reader-text\">O pre\u00e7o original era: &euro;1.55.<\/span><ins aria-hidden=\"true\"><span class=\"woocommerce-Price-amount amount\"><bdi><span class=\"woocommerce-Price-currencySymbol\">&euro;<\/span>1.22<\/bdi><\/span><\/ins><span class=\"screen-reader-text\">O pre\u00e7o atual \u00e9: &euro;1.22.<\/span> <small class=\"woocommerce-price-suffix\">IVA inc.<\/small><\/span>\n                                                                                    <\/div>\n                                    <\/div>\n\n                                <\/div>\n\n                                                       <\/div>\n                            <div class=\"slide-item ht-col-xs-12\">\n                                \n                                <div class=\"product-item  \">\n\n                                    <div class=\"product-inner\">\n                                        <div class=\"image-wrap\">\n                                            <a href=\"https:\/\/ifoffice.pt\/?product=caixa-para-pasta-de-arquivo-liderpapel-cartao-folio-documenta-lombada-82mm-cor-verde\" class=\"image\">\n                                                <img loading=\"lazy\" decoding=\"async\" width=\"300\" height=\"229\" src=\"https:\/\/ifoffice.pt\/wp-content\/uploads\/2023\/03\/72770g-300x229.jpg\" class=\"attachment-woocommerce_thumbnail size-woocommerce_thumbnail\" alt=\"Caixa para pasta de arquivo liderpapel cartao folio documenta lombada 82mm cor verde\" srcset=\"https:\/\/ifoffice.pt\/wp-content\/uploads\/2023\/03\/72770g-300x229.jpg 300w, https:\/\/ifoffice.pt\/wp-content\/uploads\/2023\/03\/72770g-768x585.jpg 768w, https:\/\/ifoffice.pt\/wp-content\/uploads\/2023\/03\/72770g-600x457.jpg 600w, https:\/\/ifoffice.pt\/wp-content\/uploads\/2023\/03\/72770g-64x49.jpg 64w, https:\/\/ifoffice.pt\/wp-content\/uploads\/2023\/03\/72770g.jpg 1000w\" sizes=\"(max-width: 300px) 100vw, 300px\" \/>                                            <\/a>\n                                                                                                                                        <div class=\"actions style_two\">\n                                                    <a href=\"\/index.php?rest_route=%2Fwp%2Fv2%2Fpages%2F56944&#038;add-to-cart=85110\" aria-describedby=\"woocommerce_loop_add_to_cart_link_describedby_85110\" data-quantity=\"1\" class=\"button product_type_simple add_to_cart_button ajax_add_to_cart\" data-product_id=\"85110\" data-product_sku=\"72770\" aria-label=\"Adiciona ao carrinho: &ldquo;Caixa para pasta de arquivo liderpapel cartao folio documenta lombada 82mm cor verde&rdquo;\" rel=\"nofollow\" data-success_message=\"&ldquo;Caixa para pasta de arquivo liderpapel cartao folio documenta lombada 82mm cor verde&rdquo; foi adicionado ao seu carrinho\" role=\"button\">Adicionar<\/a>\t<span id=\"woocommerce_loop_add_to_cart_link_describedby_85110\" class=\"screen-reader-text\">\n\t\t\t<\/span>\n<div class=\"tooltip_no wishlist button-default yith-wcwl-add-to-wishlist add-to-wishlist-85110\"><div class=\"yith-wcwl-add-button show\"><a href=\"https:\/\/ifoffice.pt\/?page_id=121&#038;wishlist-action\" data-product-id=\"85110\" data-product-type=\"simple\" class=\"add_to_wishlist\" aria-label=\"Wishlist\" rel=\"nofollow\"><i class=\"fa fa-heart-o\"><\/i><span class=\"ht-product-action-tooltip\">Adicionar \u00e0 lista de Desejos<\/span><\/a><i class=\"fa fa-spinner fa-pulse ajax-loading\" style=\"visibility:hidden\"><\/i><\/div><div class=\"yith-wcwl-wishlistaddedbrowse hide\" style=\"display:none;\"><a class=\"\" href=\"https:\/\/ifoffice.pt\/?page_id=121&#038;wishlist-action\" aria-label=\"Wishlist\" rel=\"nofollow\"><i class=\"fa fa-heart\"><\/i><span class=\"ht-product-action-tooltip\">Veja a sua lista de favoritos<\/span><\/a><\/div><div class=\"yith-wcwl-wishlistexistsbrowse hide\" style=\"display:none\"><a href=\"https:\/\/ifoffice.pt\/?page_id=121&#038;wishlist-action\" class=\"\" aria-label=\"Wishlist\" rel=\"nofollow\"><i class=\"fa fa-heart\"><\/i><span class=\"ht-product-action-tooltip\">Produto adicionado!<\/span><\/a><\/div><\/div>                                                <\/div>\n                                            \n                                            \n                                        <\/div>\n                                        \n                                        <div class=\"content\">\n                                            <h4 class=\"title\"><a href=\"https:\/\/ifoffice.pt\/?product=caixa-para-pasta-de-arquivo-liderpapel-cartao-folio-documenta-lombada-82mm-cor-verde\">Caixa para pasta de arquivo liderpapel cartao folio documenta lombada 82mm cor verde<\/a><\/h4>\n                                            \n\t<span class=\"price\"><span class=\"woocommerce-Price-amount amount\"><bdi><span class=\"woocommerce-Price-currencySymbol\">&euro;<\/span>1.61<\/bdi><\/span> <small class=\"woocommerce-price-suffix\">IVA inc.<\/small><\/span>\n                                                                                    <\/div>\n                                    <\/div>\n\n                                <\/div>\n\n                                                       <\/div>\n                            <div class=\"slide-item ht-col-xs-12\">\n                                \n                                <div class=\"product-item  \">\n\n                                    <div class=\"product-inner\">\n                                        <div class=\"image-wrap\">\n                                            <a href=\"https:\/\/ifoffice.pt\/?product=archivador-de-palanca-esselte-carton-forrado-pvc-folio-lomo-de-50-mm-con-rado-azul\" class=\"image\">\n                                                <img loading=\"lazy\" decoding=\"async\" width=\"300\" height=\"229\" src=\"https:\/\/ifoffice.pt\/wp-content\/uploads\/2024\/02\/63045g-1.jpg\" class=\"attachment-woocommerce_thumbnail size-woocommerce_thumbnail\" alt=\"Archivador de palanca esselte carton forrado pvc folio lomo de 50 mm con rado azul\" \/>                                            <\/a>\n                                                                                                                                        <div class=\"actions style_two\">\n                                                    <a href=\"https:\/\/ifoffice.pt\/?product=archivador-de-palanca-esselte-carton-forrado-pvc-folio-lomo-de-50-mm-con-rado-azul\" aria-describedby=\"woocommerce_loop_add_to_cart_link_describedby_108386\" data-quantity=\"1\" class=\"button product_type_simple\" data-product_id=\"108386\" data-product_sku=\"63045\" aria-label=\"Leia mais sobre &ldquo;Archivador de palanca esselte carton forrado pvc folio lomo de 50 mm con rado azul&rdquo;\" rel=\"nofollow\" data-success_message=\"\">Ler mais<\/a>\t<span id=\"woocommerce_loop_add_to_cart_link_describedby_108386\" class=\"screen-reader-text\">\n\t\t\t<\/span>\n<div class=\"tooltip_no wishlist button-default yith-wcwl-add-to-wishlist add-to-wishlist-108386\"><div class=\"yith-wcwl-add-button show\"><a href=\"https:\/\/ifoffice.pt\/?page_id=121&#038;wishlist-action\" data-product-id=\"108386\" data-product-type=\"simple\" class=\"add_to_wishlist\" aria-label=\"Wishlist\" rel=\"nofollow\"><i class=\"fa fa-heart-o\"><\/i><span class=\"ht-product-action-tooltip\">Adicionar \u00e0 lista de Desejos<\/span><\/a><i class=\"fa fa-spinner fa-pulse ajax-loading\" style=\"visibility:hidden\"><\/i><\/div><div class=\"yith-wcwl-wishlistaddedbrowse hide\" style=\"display:none;\"><a class=\"\" href=\"https:\/\/ifoffice.pt\/?page_id=121&#038;wishlist-action\" aria-label=\"Wishlist\" rel=\"nofollow\"><i class=\"fa fa-heart\"><\/i><span class=\"ht-product-action-tooltip\">Veja a sua lista de favoritos<\/span><\/a><\/div><div class=\"yith-wcwl-wishlistexistsbrowse hide\" style=\"display:none\"><a href=\"https:\/\/ifoffice.pt\/?page_id=121&#038;wishlist-action\" class=\"\" aria-label=\"Wishlist\" rel=\"nofollow\"><i class=\"fa fa-heart\"><\/i><span class=\"ht-product-action-tooltip\">Produto adicionado!<\/span><\/a><\/div><\/div>                                                <\/div>\n                                            \n                                            \n                                        <\/div>\n                                        \n                                        <div class=\"content\">\n                                            <h4 class=\"title\"><a href=\"https:\/\/ifoffice.pt\/?product=archivador-de-palanca-esselte-carton-forrado-pvc-folio-lomo-de-50-mm-con-rado-azul\">Archivador de palanca esselte carton forrado pvc folio lomo de 50 mm con rado azul<\/a><\/h4>\n                                            \n\t<span class=\"price\"><span class=\"woocommerce-Price-amount amount\"><bdi><span class=\"woocommerce-Price-currencySymbol\">&euro;<\/span>4.15<\/bdi><\/span> <small class=\"woocommerce-price-suffix\">IVA inc.<\/small><\/span>\n                                                                                    <\/div>\n                                    <\/div>\n\n                                <\/div>\n\n                                                       <\/div>\n                    <\/div>                <\/div>\n            \n        <\/div>  \n\n\n        \t\t\t\t<\/div>\n\t\t\t\t<\/div>\n\t\t\t\t<div class=\"elementor-element elementor-element-a6c7aaa elementor-align-center elementor-mobile-align-center elementor-widget elementor-widget-button\" data-id=\"a6c7aaa\" data-element_type=\"widget\" data-e-type=\"widget\" data-widget_type=\"button.default\">\n\t\t\t\t<div class=\"elementor-widget-container\">\n\t\t\t\t\t\t\t\t\t<div class=\"elementor-button-wrapper\">\n\t\t\t\t\t<a class=\"elementor-button elementor-button-link elementor-size-md elementor-animation-shrink\" href=\"https:\/\/ifoffice.pt\/?product_cat=pastas-de-arquivo\">\n\t\t\t\t\t\t<span class=\"elementor-button-content-wrapper\">\n\t\t\t\t\t\t\t\t\t<span class=\"elementor-button-text\">Ver Pastas de Arquivo<\/span>\n\t\t\t\t\t<\/span>\n\t\t\t\t\t<\/a>\n\t\t\t\t<\/div>\n\t\t\t\t\t\t\t\t<\/div>\n\t\t\t\t<\/div>\n\t\t\t\t\t<\/div>\n\t\t<\/div>\n\t\t\t\t<div class=\"elementor-column elementor-col-25 elementor-top-column elementor-element elementor-element-b8eb135\" data-id=\"b8eb135\" data-element_type=\"column\" data-e-type=\"column\">\n\t\t\t<div class=\"elementor-widget-wrap\">\n\t\t\t\t\t\t\t<\/div>\n\t\t<\/div>\n\t\t\t\t\t<\/div>\n\t\t<\/section>\n\t\t\t\t<section class=\"elementor-section elementor-top-section elementor-element elementor-element-3661425 elementor-hidden-tablet elementor-hidden-phone elementor-section-boxed elementor-section-height-default elementor-section-height-default wpr-particle-no wpr-jarallax-no wpr-parallax-no wpr-sticky-section-no wpr-equal-height-no elementor-invisible\" data-id=\"3661425\" data-element_type=\"section\" data-e-type=\"section\" data-settings=\"{&quot;background_background&quot;:&quot;classic&quot;,&quot;animation&quot;:&quot;fadeIn&quot;}\">\n\t\t\t\t\t\t<div class=\"elementor-container elementor-column-gap-default\">\n\t\t\t\t\t<div class=\"elementor-column elementor-col-50 elementor-top-column elementor-element elementor-element-75fd92e\" data-id=\"75fd92e\" data-element_type=\"column\" data-e-type=\"column\">\n\t\t\t<div class=\"elementor-widget-wrap elementor-element-populated\">\n\t\t\t\t\t\t<div class=\"elementor-element elementor-element-255697d elementor-widget elementor-widget-image\" data-id=\"255697d\" data-element_type=\"widget\" data-e-type=\"widget\" data-widget_type=\"image.default\">\n\t\t\t\t<div class=\"elementor-widget-container\">\n\t\t\t\t\t\t\t\t\t\t\t\t\t\t\t\t<a href=\"https:\/\/ifoffice.pt\/?product_tag=biodegradavel\">\n\t\t\t\t\t\t\t<img loading=\"lazy\" decoding=\"async\" width=\"173\" height=\"47\" src=\"https:\/\/ifoffice.pt\/wp-content\/uploads\/2021\/01\/my-shop-logo-1552818392-1.jpg\" class=\"attachment-large size-large wp-image-101746\" alt=\"\" \/>\t\t\t\t\t\t\t\t<\/a>\n\t\t\t\t\t\t\t\t\t\t\t\t\t\t\t<\/div>\n\t\t\t\t<\/div>\n\t\t\t\t<div class=\"elementor-element elementor-element-ea24a3d elementor-widget elementor-widget-heading\" data-id=\"ea24a3d\" data-element_type=\"widget\" data-e-type=\"widget\" data-widget_type=\"heading.default\">\n\t\t\t\t<div class=\"elementor-widget-container\">\n\t\t\t\t\t<h2 class=\"elementor-heading-title elementor-size-default\">SOBRE N\u00d3S<\/h2>\t\t\t\t<\/div>\n\t\t\t\t<\/div>\n\t\t\t\t<div class=\"elementor-element elementor-element-846249f elementor-widget elementor-widget-text-editor\" data-id=\"846249f\" data-element_type=\"widget\" data-e-type=\"widget\" data-widget_type=\"text-editor.default\">\n\t\t\t\t<div class=\"elementor-widget-container\">\n\t\t\t\t\t\t\t\t\t<p>A IF Office foi criada a pensar em si, por isso desejamos estabelecer uma rela\u00e7\u00e3o transparente que assenta numa parceria vantajosa, oferecendo assessoria e atendimento personalizado.<\/p><p>A satisfa\u00e7\u00e3o do cliente \u00e9 o objectivo, por isso, disp\u00f5e de um servi\u00e7o pr\u00f3prio de distribui\u00e7\u00e3o de encomendas que \u00e9 feito 24 a 48 horas ap\u00f3s o pedido, salvo rutura de stock. Trabalha com parceiros de toda a Europa que representam as grandes marcas do sector.<\/p>\t\t\t\t\t\t\t\t<\/div>\n\t\t\t\t<\/div>\n\t\t\t\t<div class=\"elementor-element elementor-element-2f36194 elementor-align-center elementor-widget elementor-widget-button\" data-id=\"2f36194\" data-element_type=\"widget\" data-e-type=\"widget\" data-widget_type=\"button.default\">\n\t\t\t\t<div class=\"elementor-widget-container\">\n\t\t\t\t\t\t\t\t\t<div class=\"elementor-button-wrapper\">\n\t\t\t\t\t<a class=\"elementor-button elementor-button-link elementor-size-sm\" href=\"https:\/\/ifoffice.pt\/?page_id=56956\">\n\t\t\t\t\t\t<span class=\"elementor-button-content-wrapper\">\n\t\t\t\t\t\t\t\t\t<span class=\"elementor-button-text\">Saber mais<\/span>\n\t\t\t\t\t<\/span>\n\t\t\t\t\t<\/a>\n\t\t\t\t<\/div>\n\t\t\t\t\t\t\t\t<\/div>\n\t\t\t\t<\/div>\n\t\t\t\t\t<\/div>\n\t\t<\/div>\n\t\t\t\t<div class=\"elementor-column elementor-col-50 elementor-top-column elementor-element elementor-element-82860d8\" data-id=\"82860d8\" data-element_type=\"column\" data-e-type=\"column\">\n\t\t\t<div class=\"elementor-widget-wrap\">\n\t\t\t\t\t\t\t<\/div>\n\t\t<\/div>\n\t\t\t\t\t<\/div>\n\t\t<\/section>\n\t\t\t\t<section class=\"elementor-section elementor-top-section elementor-element elementor-element-6d6d26c elementor-hidden-tablet elementor-hidden-phone elementor-section-boxed elementor-section-height-default elementor-section-height-default wpr-particle-no wpr-jarallax-no wpr-parallax-no wpr-sticky-section-no wpr-equal-height-no\" data-id=\"6d6d26c\" data-element_type=\"section\" data-e-type=\"section\" data-settings=\"{&quot;shape_divider_bottom&quot;:&quot;opacity-tilt&quot;}\">\n\t\t\t\t\t<div class=\"elementor-shape elementor-shape-bottom\" aria-hidden=\"true\" data-negative=\"false\">\n\t\t\t<svg xmlns=\"http:\/\/www.w3.org\/2000\/svg\" viewBox=\"0 0 2600 131.1\" preserveAspectRatio=\"none\">\n\t<path class=\"elementor-shape-fill\" d=\"M0 0L2600 0 2600 69.1 0 0z\"\/>\n\t<path class=\"elementor-shape-fill\" style=\"opacity:0.5\" d=\"M0 0L2600 0 2600 69.1 0 69.1z\"\/>\n\t<path class=\"elementor-shape-fill\" style=\"opacity:0.25\" d=\"M2600 0L0 0 0 130.1 2600 69.1z\"\/>\n<\/svg>\t\t<\/div>\n\t\t\t\t\t<div class=\"elementor-container elementor-column-gap-default\">\n\t\t\t\t\t<div class=\"elementor-column elementor-col-100 elementor-top-column elementor-element elementor-element-637b36b\" data-id=\"637b36b\" data-element_type=\"column\" data-e-type=\"column\">\n\t\t\t<div class=\"elementor-widget-wrap elementor-element-populated\">\n\t\t\t\t\t\t<div class=\"elementor-element elementor-element-94e461f elementor-widget elementor-widget-spacer\" data-id=\"94e461f\" data-element_type=\"widget\" data-e-type=\"widget\" data-widget_type=\"spacer.default\">\n\t\t\t\t<div class=\"elementor-widget-container\">\n\t\t\t\t\t\t\t<div class=\"elementor-spacer\">\n\t\t\t<div class=\"elementor-spacer-inner\"><\/div>\n\t\t<\/div>\n\t\t\t\t\t\t<\/div>\n\t\t\t\t<\/div>\n\t\t\t\t\t<\/div>\n\t\t<\/div>\n\t\t\t\t\t<\/div>\n\t\t<\/section>\n\t\t\t\t<section class=\"elementor-section elementor-top-section elementor-element elementor-element-388fa8b elementor-section-full_width elementor-hidden-desktop elementor-section-height-default elementor-section-height-default wpr-particle-no wpr-jarallax-no wpr-parallax-no wpr-sticky-section-no wpr-equal-height-no elementor-invisible\" data-id=\"388fa8b\" data-element_type=\"section\" data-e-type=\"section\" data-settings=\"{&quot;animation&quot;:&quot;fadeIn&quot;}\">\n\t\t\t\t\t\t<div class=\"elementor-container elementor-column-gap-default\">\n\t\t\t\t\t<div class=\"elementor-column elementor-col-50 elementor-top-column elementor-element elementor-element-c5bc1ef\" data-id=\"c5bc1ef\" data-element_type=\"column\" data-e-type=\"column\" data-settings=\"{&quot;background_background&quot;:&quot;classic&quot;}\">\n\t\t\t<div class=\"elementor-widget-wrap elementor-element-populated\">\n\t\t\t\t\t<div class=\"elementor-background-overlay\"><\/div>\n\t\t\t\t\t\t<div class=\"elementor-element elementor-element-05e7948 elementor-widget elementor-widget-heading\" data-id=\"05e7948\" data-element_type=\"widget\" data-e-type=\"widget\" data-widget_type=\"heading.default\">\n\t\t\t\t<div class=\"elementor-widget-container\">\n\t\t\t\t\t<h2 class=\"elementor-heading-title elementor-size-default\">Promo\u00e7\u00f5es <br> do <br>M\u00eas<\/h2>\t\t\t\t<\/div>\n\t\t\t\t<\/div>\n\t\t\t\t\t<\/div>\n\t\t<\/div>\n\t\t\t\t<div class=\"elementor-column elementor-col-50 elementor-top-column elementor-element elementor-element-34d58fe\" data-id=\"34d58fe\" data-element_type=\"column\" data-e-type=\"column\">\n\t\t\t<div class=\"elementor-widget-wrap elementor-element-populated\">\n\t\t\t\t\t\t<div class=\"elementor-element elementor-element-9e471f5 elementor-widget elementor-widget-woolentor-product-tab\" data-id=\"9e471f5\" data-element_type=\"widget\" data-e-type=\"widget\" data-widget_type=\"woolentor-product-tab.default\">\n\t\t\t\t<div class=\"elementor-widget-container\">\n\t\t\t\t\t          \n        <div class=\"product-style\">\n\n            \n                            <div class=\"ht-row\">\n                    <div id=\"product-slider-69f53799622cd\" dir=\"ltr\" class=\"product-slider\" style='display:none' data-settings='{\"arrows\":true,\"dots\":false,\"autoplay\":true,\"autoplay_speed\":3000,\"animation_speed\":400,\"pause_on_hover\":true,\"rtl\":false,\"product_items\":4,\"scroll_columns\":2,\"tablet_width\":750,\"tablet_display_columns\":2,\"tablet_scroll_columns\":2,\"mobile_width\":480,\"mobile_display_columns\":1,\"mobile_scroll_columns\":1}'>\n                        <div class=\"slide-item ht-col-xs-12\">\n                            \n                                <div class=\"product-item  \">\n\n                                    <div class=\"product-inner\">\n                                        <div class=\"image-wrap\">\n                                            <a href=\"https:\/\/ifoffice.pt\/?product=kit-maped-desenho-mandalas-33-pecas\" class=\"image\">\n                                                \n\t\n\t<img loading=\"lazy\" decoding=\"async\" width=\"300\" height=\"229\" src=\"https:\/\/ifoffice.pt\/wp-content\/uploads\/2023\/03\/67814g-300x229.jpg\" class=\"attachment-woocommerce_thumbnail size-woocommerce_thumbnail\" alt=\"Kit maped desenho mandalas 33 pecas\" srcset=\"https:\/\/ifoffice.pt\/wp-content\/uploads\/2023\/03\/67814g-300x229.jpg 300w, https:\/\/ifoffice.pt\/wp-content\/uploads\/2023\/03\/67814g-64x49.jpg 64w, https:\/\/ifoffice.pt\/wp-content\/uploads\/2023\/03\/67814g.jpg 420w\" sizes=\"(max-width: 300px) 100vw, 300px\" \/>                                            <\/a>\n                                                                                                                                        <div class=\"actions style_two\">\n                                                    <a href=\"\/index.php?rest_route=%2Fwp%2Fv2%2Fpages%2F56944&#038;add-to-cart=86946\" aria-describedby=\"woocommerce_loop_add_to_cart_link_describedby_86946\" data-quantity=\"1\" class=\"button product_type_simple add_to_cart_button ajax_add_to_cart\" data-product_id=\"86946\" data-product_sku=\"67814\" aria-label=\"Adiciona ao carrinho: &ldquo;Kit maped desenho mandalas 33 pecas&rdquo;\" rel=\"nofollow\" data-success_message=\"&ldquo;Kit maped desenho mandalas 33 pecas&rdquo; foi adicionado ao seu carrinho\" role=\"button\">Adicionar<\/a>\t<span id=\"woocommerce_loop_add_to_cart_link_describedby_86946\" class=\"screen-reader-text\">\n\t\t\t<\/span>\n<div class=\"tooltip_no wishlist button-default yith-wcwl-add-to-wishlist add-to-wishlist-86946\"><div class=\"yith-wcwl-add-button show\"><a href=\"https:\/\/ifoffice.pt\/?page_id=121&#038;wishlist-action\" data-product-id=\"86946\" data-product-type=\"simple\" class=\"add_to_wishlist\" aria-label=\"Wishlist\" rel=\"nofollow\"><i class=\"fa fa-heart-o\"><\/i><span class=\"ht-product-action-tooltip\">Adicionar \u00e0 lista de Desejos<\/span><\/a><i class=\"fa fa-spinner fa-pulse ajax-loading\" style=\"visibility:hidden\"><\/i><\/div><div class=\"yith-wcwl-wishlistaddedbrowse hide\" style=\"display:none;\"><a class=\"\" href=\"https:\/\/ifoffice.pt\/?page_id=121&#038;wishlist-action\" aria-label=\"Wishlist\" rel=\"nofollow\"><i class=\"fa fa-heart\"><\/i><span class=\"ht-product-action-tooltip\">Veja a sua lista de favoritos<\/span><\/a><\/div><div class=\"yith-wcwl-wishlistexistsbrowse hide\" style=\"display:none\"><a href=\"https:\/\/ifoffice.pt\/?page_id=121&#038;wishlist-action\" class=\"\" aria-label=\"Wishlist\" rel=\"nofollow\"><i class=\"fa fa-heart\"><\/i><span class=\"ht-product-action-tooltip\">Produto adicionado!<\/span><\/a><\/div><\/div>                                                <\/div>\n                                            \n                                            \n                                        <\/div>\n                                        \n                                        <div class=\"content\">\n                                            <h4 class=\"title\"><a href=\"https:\/\/ifoffice.pt\/?product=kit-maped-desenho-mandalas-33-pecas\">Kit maped desenho mandalas 33 pecas<\/a><\/h4>\n                                            \n\t<span class=\"price\"><del aria-hidden=\"true\"><span class=\"woocommerce-Price-amount amount\"><bdi><span class=\"woocommerce-Price-currencySymbol\">&euro;<\/span>31.35<\/bdi><\/span><\/del> <span class=\"screen-reader-text\">O pre\u00e7o original era: &euro;31.35.<\/span><ins aria-hidden=\"true\"><span class=\"woocommerce-Price-amount amount\"><bdi><span class=\"woocommerce-Price-currencySymbol\">&euro;<\/span>23.65<\/bdi><\/span><\/ins><span class=\"screen-reader-text\">O pre\u00e7o atual \u00e9: &euro;23.65.<\/span> <small class=\"woocommerce-price-suffix\">IVA inc.<\/small><\/span>\n                                                                                    <\/div>\n                                    <\/div>\n\n                                <\/div>\n\n                                                       <\/div>\n                            <div class=\"slide-item ht-col-xs-12\">\n                                \n                                <div class=\"product-item  \">\n\n                                    <div class=\"product-inner\">\n                                        <div class=\"image-wrap\">\n                                            <a href=\"https:\/\/ifoffice.pt\/?product=esferografica-belius-passion-dor-aluminio-textura-escovado-desenho-vermelho-e-dourado-tinta-azul-caixa-design\" class=\"image\">\n                                                \n\t\n\t<img loading=\"lazy\" decoding=\"async\" width=\"300\" height=\"229\" src=\"https:\/\/ifoffice.pt\/wp-content\/uploads\/2024\/02\/168818g-1.jpg\" class=\"attachment-woocommerce_thumbnail size-woocommerce_thumbnail\" alt=\"Esferografica belius passion dor aluminio textura escovado desenho vermelho e dourado tinta azul caixa design\" \/>                                            <\/a>\n                                                                                                                                        <div class=\"actions style_two\">\n                                                    <a href=\"\/index.php?rest_route=%2Fwp%2Fv2%2Fpages%2F56944&#038;add-to-cart=128623\" aria-describedby=\"woocommerce_loop_add_to_cart_link_describedby_128623\" data-quantity=\"1\" class=\"button product_type_simple add_to_cart_button ajax_add_to_cart\" data-product_id=\"128623\" data-product_sku=\"168818\" aria-label=\"Adiciona ao carrinho: &ldquo;Esferografica belius passion dor aluminio textura escovado desenho vermelho e dourado tinta azul caixa design&rdquo;\" rel=\"nofollow\" data-success_message=\"&ldquo;Esferografica belius passion dor aluminio textura escovado desenho vermelho e dourado tinta azul caixa design&rdquo; foi adicionado ao seu carrinho\" role=\"button\">Adicionar<\/a>\t<span id=\"woocommerce_loop_add_to_cart_link_describedby_128623\" class=\"screen-reader-text\">\n\t\t\t<\/span>\n<div class=\"tooltip_no wishlist button-default yith-wcwl-add-to-wishlist add-to-wishlist-128623\"><div class=\"yith-wcwl-add-button show\"><a href=\"https:\/\/ifoffice.pt\/?page_id=121&#038;wishlist-action\" data-product-id=\"128623\" data-product-type=\"simple\" class=\"add_to_wishlist\" aria-label=\"Wishlist\" rel=\"nofollow\"><i class=\"fa fa-heart-o\"><\/i><span class=\"ht-product-action-tooltip\">Adicionar \u00e0 lista de Desejos<\/span><\/a><i class=\"fa fa-spinner fa-pulse ajax-loading\" style=\"visibility:hidden\"><\/i><\/div><div class=\"yith-wcwl-wishlistaddedbrowse hide\" style=\"display:none;\"><a class=\"\" href=\"https:\/\/ifoffice.pt\/?page_id=121&#038;wishlist-action\" aria-label=\"Wishlist\" rel=\"nofollow\"><i class=\"fa fa-heart\"><\/i><span class=\"ht-product-action-tooltip\">Veja a sua lista de favoritos<\/span><\/a><\/div><div class=\"yith-wcwl-wishlistexistsbrowse hide\" style=\"display:none\"><a href=\"https:\/\/ifoffice.pt\/?page_id=121&#038;wishlist-action\" class=\"\" aria-label=\"Wishlist\" rel=\"nofollow\"><i class=\"fa fa-heart\"><\/i><span class=\"ht-product-action-tooltip\">Produto adicionado!<\/span><\/a><\/div><\/div>                                                <\/div>\n                                            \n                                            \n                                        <\/div>\n                                        \n                                        <div class=\"content\">\n                                            <h4 class=\"title\"><a href=\"https:\/\/ifoffice.pt\/?product=esferografica-belius-passion-dor-aluminio-textura-escovado-desenho-vermelho-e-dourado-tinta-azul-caixa-design\">Esferografica belius passion dor aluminio textura escovado desenho vermelho e dourado tinta azul caixa design<\/a><\/h4>\n                                            \n\t<span class=\"price\"><del aria-hidden=\"true\"><span class=\"woocommerce-Price-amount amount\"><bdi><span class=\"woocommerce-Price-currencySymbol\">&euro;<\/span>16.68<\/bdi><\/span><\/del> <span class=\"screen-reader-text\">O pre\u00e7o original era: &euro;16.68.<\/span><ins aria-hidden=\"true\"><span class=\"woocommerce-Price-amount amount\"><bdi><span class=\"woocommerce-Price-currencySymbol\">&euro;<\/span>14.27<\/bdi><\/span><\/ins><span class=\"screen-reader-text\">O pre\u00e7o atual \u00e9: &euro;14.27.<\/span> <small class=\"woocommerce-price-suffix\">IVA inc.<\/small><\/span>\n                                                                                    <\/div>\n                                    <\/div>\n\n                                <\/div>\n\n                                                       <\/div>\n                            <div class=\"slide-item ht-col-xs-12\">\n                                \n                                <div class=\"product-item  \">\n\n                                    <div class=\"product-inner\">\n                                        <div class=\"image-wrap\">\n                                            <a href=\"https:\/\/ifoffice.pt\/?product=comando-power-a-sem-fios-enhanced-para-nintendo-switch-fortnite\" class=\"image\">\n                                                \n\t\n\t<img decoding=\"async\" width=\"300\" height=\"229\" src=\"https:\/\/ifoffice.pt\/wp-content\/uploads\/2024\/06\/171200g-300x229.webp\" class=\"attachment-woocommerce_thumbnail size-woocommerce_thumbnail\" alt=\"Comando power a sem fios enhanced para nintendo switch fortnite\" srcset=\"https:\/\/ifoffice.pt\/wp-content\/uploads\/2024\/06\/171200g-300x229.webp 300w, https:\/\/ifoffice.pt\/wp-content\/uploads\/2024\/06\/171200g-768x585.webp 768w, https:\/\/ifoffice.pt\/wp-content\/uploads\/2024\/06\/171200g-600x457.webp 600w, https:\/\/ifoffice.pt\/wp-content\/uploads\/2024\/06\/171200g-64x49.webp 64w, https:\/\/ifoffice.pt\/wp-content\/uploads\/2024\/06\/171200g.webp 1000w\" sizes=\"(max-width: 300px) 100vw, 300px\" \/>                                            <\/a>\n                                                                                                                                        <div class=\"actions style_two\">\n                                                    <a href=\"\/index.php?rest_route=%2Fwp%2Fv2%2Fpages%2F56944&#038;add-to-cart=133436\" aria-describedby=\"woocommerce_loop_add_to_cart_link_describedby_133436\" data-quantity=\"1\" class=\"button product_type_simple add_to_cart_button ajax_add_to_cart\" data-product_id=\"133436\" data-product_sku=\"171200\" aria-label=\"Adiciona ao carrinho: &ldquo;Comando power a sem fios enhanced para nintendo switch fortnite&rdquo;\" rel=\"nofollow\" data-success_message=\"&ldquo;Comando power a sem fios enhanced para nintendo switch fortnite&rdquo; foi adicionado ao seu carrinho\" role=\"button\">Adicionar<\/a>\t<span id=\"woocommerce_loop_add_to_cart_link_describedby_133436\" class=\"screen-reader-text\">\n\t\t\t<\/span>\n<div class=\"tooltip_no wishlist button-default yith-wcwl-add-to-wishlist add-to-wishlist-133436\"><div class=\"yith-wcwl-add-button show\"><a href=\"https:\/\/ifoffice.pt\/?page_id=121&#038;wishlist-action\" data-product-id=\"133436\" data-product-type=\"simple\" class=\"add_to_wishlist\" aria-label=\"Wishlist\" rel=\"nofollow\"><i class=\"fa fa-heart-o\"><\/i><span class=\"ht-product-action-tooltip\">Adicionar \u00e0 lista de Desejos<\/span><\/a><i class=\"fa fa-spinner fa-pulse ajax-loading\" style=\"visibility:hidden\"><\/i><\/div><div class=\"yith-wcwl-wishlistaddedbrowse hide\" style=\"display:none;\"><a class=\"\" href=\"https:\/\/ifoffice.pt\/?page_id=121&#038;wishlist-action\" aria-label=\"Wishlist\" rel=\"nofollow\"><i class=\"fa fa-heart\"><\/i><span class=\"ht-product-action-tooltip\">Veja a sua lista de favoritos<\/span><\/a><\/div><div class=\"yith-wcwl-wishlistexistsbrowse hide\" style=\"display:none\"><a href=\"https:\/\/ifoffice.pt\/?page_id=121&#038;wishlist-action\" class=\"\" aria-label=\"Wishlist\" rel=\"nofollow\"><i class=\"fa fa-heart\"><\/i><span class=\"ht-product-action-tooltip\">Produto adicionado!<\/span><\/a><\/div><\/div>                                                <\/div>\n                                            \n                                            \n                                        <\/div>\n                                        \n                                        <div class=\"content\">\n                                            <h4 class=\"title\"><a href=\"https:\/\/ifoffice.pt\/?product=comando-power-a-sem-fios-enhanced-para-nintendo-switch-fortnite\">Comando power a sem fios enhanced para nintendo switch fortnite<\/a><\/h4>\n                                            \n\t<span class=\"price\"><del aria-hidden=\"true\"><span class=\"woocommerce-Price-amount amount\"><bdi><span class=\"woocommerce-Price-currencySymbol\">&euro;<\/span>108.50<\/bdi><\/span><\/del> <span class=\"screen-reader-text\">O pre\u00e7o original era: &euro;108.50.<\/span><ins aria-hidden=\"true\"><span class=\"woocommerce-Price-amount amount\"><bdi><span class=\"woocommerce-Price-currencySymbol\">&euro;<\/span>83.30<\/bdi><\/span><\/ins><span class=\"screen-reader-text\">O pre\u00e7o atual \u00e9: &euro;83.30.<\/span> <small class=\"woocommerce-price-suffix\">IVA inc.<\/small><\/span>\n                                                                                    <\/div>\n                                    <\/div>\n\n                                <\/div>\n\n                                                       <\/div>\n                            <div class=\"slide-item ht-col-xs-12\">\n                                \n                                <div class=\"product-item  \">\n\n                                    <div class=\"product-inner\">\n                                        <div class=\"image-wrap\">\n                                            <a href=\"https:\/\/ifoffice.pt\/?product=cadeira-de-direcao-q-connect-imit-de-pele-base-metal-alt-max-1210-mm-larg-650-mm-prof-730-mm-rodas-premium-cor-branco\" class=\"image\">\n                                                \n\t\n\t<img loading=\"lazy\" decoding=\"async\" width=\"300\" height=\"229\" src=\"https:\/\/ifoffice.pt\/wp-content\/uploads\/2024\/02\/169127g-1.jpg\" class=\"attachment-woocommerce_thumbnail size-woocommerce_thumbnail\" alt=\"CADEIRA DE DIRECAO Q-CONNECT IMIT DE PELE BASE METAL ALT MAX 1210 MM LARG 650 MM PROF 730 MM RODAS PREMIUM COR BRANCO\" \/>                                            <\/a>\n                                                                                                                                        <div class=\"actions style_two\">\n                                                    <a href=\"https:\/\/ifoffice.pt\/?product=cadeira-de-direcao-q-connect-imit-de-pele-base-metal-alt-max-1210-mm-larg-650-mm-prof-730-mm-rodas-premium-cor-branco\" aria-describedby=\"woocommerce_loop_add_to_cart_link_describedby_127483\" data-quantity=\"1\" class=\"button product_type_variable add_to_cart_button\" data-product_id=\"127483\" data-product_sku=\"169127\" aria-label=\"Seleccione as op\u00e7\u00f5es para &ldquo;CADEIRA DE DIRECAO Q-CONNECT IMIT DE PELE BASE METAL ALT MAX 1210 MM LARG 650 MM PROF 730 MM RODAS PREMIUM COR BRANCO&rdquo;\" rel=\"nofollow\">Ver op\u00e7\u00f5es<\/a>\t<span id=\"woocommerce_loop_add_to_cart_link_describedby_127483\" class=\"screen-reader-text\">\n\t\tThis product has multiple variants. The options may be chosen on the product page\t<\/span>\n<div class=\"tooltip_no wishlist button-default yith-wcwl-add-to-wishlist add-to-wishlist-127483\"><div class=\"yith-wcwl-add-button show\"><a href=\"https:\/\/ifoffice.pt\/?page_id=121&#038;wishlist-action\" data-product-id=\"127483\" data-product-type=\"variable\" class=\"add_to_wishlist\" aria-label=\"Wishlist\" rel=\"nofollow\"><i class=\"fa fa-heart-o\"><\/i><span class=\"ht-product-action-tooltip\">Adicionar \u00e0 lista de Desejos<\/span><\/a><i class=\"fa fa-spinner fa-pulse ajax-loading\" style=\"visibility:hidden\"><\/i><\/div><div class=\"yith-wcwl-wishlistaddedbrowse hide\" style=\"display:none;\"><a class=\"\" href=\"https:\/\/ifoffice.pt\/?page_id=121&#038;wishlist-action\" aria-label=\"Wishlist\" rel=\"nofollow\"><i class=\"fa fa-heart\"><\/i><span class=\"ht-product-action-tooltip\">Veja a sua lista de favoritos<\/span><\/a><\/div><div class=\"yith-wcwl-wishlistexistsbrowse hide\" style=\"display:none\"><a href=\"https:\/\/ifoffice.pt\/?page_id=121&#038;wishlist-action\" class=\"\" aria-label=\"Wishlist\" rel=\"nofollow\"><i class=\"fa fa-heart\"><\/i><span class=\"ht-product-action-tooltip\">Produto adicionado!<\/span><\/a><\/div><\/div>                                                <\/div>\n                                            \n                                            \n                                        <\/div>\n                                        \n                                        <div class=\"content\">\n                                            <h4 class=\"title\"><a href=\"https:\/\/ifoffice.pt\/?product=cadeira-de-direcao-q-connect-imit-de-pele-base-metal-alt-max-1210-mm-larg-650-mm-prof-730-mm-rodas-premium-cor-branco\">CADEIRA DE DIRECAO Q-CONNECT IMIT DE PELE BASE METAL ALT MAX 1210 MM LARG 650 MM PROF 730 MM RODAS PREMIUM COR BRANCO<\/a><\/h4>\n                                            \n\t<span class=\"price\"><del aria-hidden=\"true\"><span class=\"woocommerce-Price-amount amount\"><bdi><span class=\"woocommerce-Price-currencySymbol\">&euro;<\/span>239.85<\/bdi><\/span><\/del> <span class=\"screen-reader-text\">O pre\u00e7o original era: &euro;239.85.<\/span><ins aria-hidden=\"true\"><span class=\"woocommerce-Price-amount amount\"><bdi><span class=\"woocommerce-Price-currencySymbol\">&euro;<\/span>183.27<\/bdi><\/span><\/ins><span class=\"screen-reader-text\">O pre\u00e7o atual \u00e9: &euro;183.27.<\/span> <small class=\"woocommerce-price-suffix\">IVA inc.<\/small><\/span>\n                                                                                    <\/div>\n                                    <\/div>\n\n                                <\/div>\n\n                                                       <\/div>\n                            <div class=\"slide-item ht-col-xs-12\">\n                                \n                                <div class=\"product-item  \">\n\n                                    <div class=\"product-inner\">\n                                        <div class=\"image-wrap\">\n                                            <a href=\"https:\/\/ifoffice.pt\/?product=marcador-edding-permanente-300-vermelho-ponta-redonda-15-mm\" class=\"image\">\n                                                \n\t\n\t<div class='container-image-and-badge  '><img loading=\"lazy\" decoding=\"async\" width=\"300\" height=\"229\" src=\"https:\/\/ifoffice.pt\/wp-content\/uploads\/2023\/03\/76498g-300x229.jpg\" class=\"attachment-woocommerce_thumbnail size-woocommerce_thumbnail\" alt=\"Marcador edding permanente 300 vermelho ponta redonda 1,5 mm\" srcset=\"https:\/\/ifoffice.pt\/wp-content\/uploads\/2023\/03\/76498g-300x229.jpg 300w, https:\/\/ifoffice.pt\/wp-content\/uploads\/2023\/03\/76498g-64x49.jpg 64w, https:\/\/ifoffice.pt\/wp-content\/uploads\/2023\/03\/76498g.jpg 420w\" sizes=\"(max-width: 300px) 100vw, 300px\" \/>\n<div class='yith-wcbm-badge yith-wcbm-badge-106036 yith-wcbm-badge-text yith-wcbm-badge--on-product-82917 yith-wcbm-badge-text' data-position='{&quot;top&quot;:&quot;0&quot;,&quot;right&quot;:&quot;0&quot;,&quot;bottom&quot;:&quot;auto&quot;,&quot;left&quot;:&quot;auto&quot;}' data-transform=\"\">\n\t<div class='yith-wcbm-badge__wrap'>\n\t\t<div class=\"yith-wcbm-badge-text\"><p><span style=\"color: #ffffff\"><strong>SUPER PRE\u00c7O!<\/strong><\/span><\/p><\/div>\n\t<\/div>\n<\/div>\n<!--yith-wcbm-badge-->\n<\/div><!--container-image-and-badge-->                                            <\/a>\n                                                                                                                                        <div class=\"actions style_two\">\n                                                    <a href=\"\/index.php?rest_route=%2Fwp%2Fv2%2Fpages%2F56944&#038;add-to-cart=82917\" aria-describedby=\"woocommerce_loop_add_to_cart_link_describedby_82917\" data-quantity=\"1\" class=\"button product_type_simple add_to_cart_button ajax_add_to_cart\" data-product_id=\"82917\" data-product_sku=\"76498\" aria-label=\"Adiciona ao carrinho: &ldquo;Marcador edding permanente 300 vermelho ponta redonda 1,5 mm&rdquo;\" rel=\"nofollow\" data-success_message=\"&ldquo;Marcador edding permanente 300 vermelho ponta redonda 1,5 mm&rdquo; foi adicionado ao seu carrinho\" role=\"button\">Adicionar<\/a>\t<span id=\"woocommerce_loop_add_to_cart_link_describedby_82917\" class=\"screen-reader-text\">\n\t\t\t<\/span>\n<div class=\"tooltip_no wishlist button-default yith-wcwl-add-to-wishlist add-to-wishlist-82917\"><div class=\"yith-wcwl-add-button show\"><a href=\"https:\/\/ifoffice.pt\/?page_id=121&#038;wishlist-action\" data-product-id=\"82917\" data-product-type=\"simple\" class=\"add_to_wishlist\" aria-label=\"Wishlist\" rel=\"nofollow\"><i class=\"fa fa-heart-o\"><\/i><span class=\"ht-product-action-tooltip\">Adicionar \u00e0 lista de Desejos<\/span><\/a><i class=\"fa fa-spinner fa-pulse ajax-loading\" style=\"visibility:hidden\"><\/i><\/div><div class=\"yith-wcwl-wishlistaddedbrowse hide\" style=\"display:none;\"><a class=\"\" href=\"https:\/\/ifoffice.pt\/?page_id=121&#038;wishlist-action\" aria-label=\"Wishlist\" rel=\"nofollow\"><i class=\"fa fa-heart\"><\/i><span class=\"ht-product-action-tooltip\">Veja a sua lista de favoritos<\/span><\/a><\/div><div class=\"yith-wcwl-wishlistexistsbrowse hide\" style=\"display:none\"><a href=\"https:\/\/ifoffice.pt\/?page_id=121&#038;wishlist-action\" class=\"\" aria-label=\"Wishlist\" rel=\"nofollow\"><i class=\"fa fa-heart\"><\/i><span class=\"ht-product-action-tooltip\">Produto adicionado!<\/span><\/a><\/div><\/div>                                                <\/div>\n                                            \n                                            \n                                        <\/div>\n                                        \n                                        <div class=\"content\">\n                                            <h4 class=\"title\"><a href=\"https:\/\/ifoffice.pt\/?product=marcador-edding-permanente-300-vermelho-ponta-redonda-15-mm\">Marcador edding permanente 300 vermelho ponta redonda 1,5 mm<\/a><\/h4>\n                                            \n\t<span class=\"price\"><del aria-hidden=\"true\"><span class=\"woocommerce-Price-amount amount\"><bdi><span class=\"woocommerce-Price-currencySymbol\">&euro;<\/span>15.33<\/bdi><\/span><\/del> <span class=\"screen-reader-text\">O pre\u00e7o original era: &euro;15.33.<\/span><ins aria-hidden=\"true\"><span class=\"woocommerce-Price-amount amount\"><bdi><span class=\"woocommerce-Price-currencySymbol\">&euro;<\/span>9.84<\/bdi><\/span><\/ins><span class=\"screen-reader-text\">O pre\u00e7o atual \u00e9: &euro;9.84.<\/span> <small class=\"woocommerce-price-suffix\">IVA inc.<\/small><\/span>\n                                                                                    <\/div>\n                                    <\/div>\n\n                                <\/div>\n\n                                                       <\/div>\n                            <div class=\"slide-item ht-col-xs-12\">\n                                \n                                <div class=\"product-item  \">\n\n                                    <div class=\"product-inner\">\n                                        <div class=\"image-wrap\">\n                                            <a href=\"https:\/\/ifoffice.pt\/?product=marcador-bic-permenante-marking-2000-azul\" class=\"image\">\n                                                \n\t\n\t<div class='container-image-and-badge  '><img loading=\"lazy\" decoding=\"async\" width=\"300\" height=\"229\" src=\"https:\/\/ifoffice.pt\/wp-content\/uploads\/2021\/03\/30045g-300x229.jpg\" class=\"attachment-woocommerce_thumbnail size-woocommerce_thumbnail\" alt=\"Marcador BIC permanente Marking 2000 azul\" \/>\n<div class='yith-wcbm-badge yith-wcbm-badge-106036 yith-wcbm-badge-text yith-wcbm-badge--on-product-104072 yith-wcbm-badge-text' data-position='{&quot;top&quot;:&quot;0&quot;,&quot;right&quot;:&quot;0&quot;,&quot;bottom&quot;:&quot;auto&quot;,&quot;left&quot;:&quot;auto&quot;}' data-transform=\"\">\n\t<div class='yith-wcbm-badge__wrap'>\n\t\t<div class=\"yith-wcbm-badge-text\"><p><span style=\"color: #ffffff\"><strong>SUPER PRE\u00c7O!<\/strong><\/span><\/p><\/div>\n\t<\/div>\n<\/div>\n<!--yith-wcbm-badge-->\n<\/div><!--container-image-and-badge-->                                            <\/a>\n                                                                                                                                        <div class=\"actions style_two\">\n                                                    <a href=\"\/index.php?rest_route=%2Fwp%2Fv2%2Fpages%2F56944&#038;add-to-cart=104072\" aria-describedby=\"woocommerce_loop_add_to_cart_link_describedby_104072\" data-quantity=\"1\" class=\"button product_type_simple add_to_cart_button ajax_add_to_cart\" data-product_id=\"104072\" data-product_sku=\"30045\" aria-label=\"Adiciona ao carrinho: &ldquo;Marcador BIC permanente Marking 2000 azul&rdquo;\" rel=\"nofollow\" data-success_message=\"&ldquo;Marcador BIC permanente Marking 2000 azul&rdquo; foi adicionado ao seu carrinho\" role=\"button\">Adicionar<\/a>\t<span id=\"woocommerce_loop_add_to_cart_link_describedby_104072\" class=\"screen-reader-text\">\n\t\t\t<\/span>\n<div class=\"tooltip_no wishlist button-default yith-wcwl-add-to-wishlist add-to-wishlist-104072\"><div class=\"yith-wcwl-add-button show\"><a href=\"https:\/\/ifoffice.pt\/?page_id=121&#038;wishlist-action\" data-product-id=\"104072\" data-product-type=\"simple\" class=\"add_to_wishlist\" aria-label=\"Wishlist\" rel=\"nofollow\"><i class=\"fa fa-heart-o\"><\/i><span class=\"ht-product-action-tooltip\">Adicionar \u00e0 lista de Desejos<\/span><\/a><i class=\"fa fa-spinner fa-pulse ajax-loading\" style=\"visibility:hidden\"><\/i><\/div><div class=\"yith-wcwl-wishlistaddedbrowse hide\" style=\"display:none;\"><a class=\"\" href=\"https:\/\/ifoffice.pt\/?page_id=121&#038;wishlist-action\" aria-label=\"Wishlist\" rel=\"nofollow\"><i class=\"fa fa-heart\"><\/i><span class=\"ht-product-action-tooltip\">Veja a sua lista de favoritos<\/span><\/a><\/div><div class=\"yith-wcwl-wishlistexistsbrowse hide\" style=\"display:none\"><a href=\"https:\/\/ifoffice.pt\/?page_id=121&#038;wishlist-action\" class=\"\" aria-label=\"Wishlist\" rel=\"nofollow\"><i class=\"fa fa-heart\"><\/i><span class=\"ht-product-action-tooltip\">Produto adicionado!<\/span><\/a><\/div><\/div>                                                <\/div>\n                                            \n                                            \n                                        <\/div>\n                                        \n                                        <div class=\"content\">\n                                            <h4 class=\"title\"><a href=\"https:\/\/ifoffice.pt\/?product=marcador-bic-permenante-marking-2000-azul\">Marcador BIC permanente Marking 2000 azul<\/a><\/h4>\n                                            \n\t<span class=\"price\"><del aria-hidden=\"true\"><span class=\"woocommerce-Price-amount amount\"><bdi><span class=\"woocommerce-Price-currencySymbol\">&euro;<\/span>16.24<\/bdi><\/span><\/del> <span class=\"screen-reader-text\">O pre\u00e7o original era: &euro;16.24.<\/span><ins aria-hidden=\"true\"><span class=\"woocommerce-Price-amount amount\"><bdi><span class=\"woocommerce-Price-currencySymbol\">&euro;<\/span>11.81<\/bdi><\/span><\/ins><span class=\"screen-reader-text\">O pre\u00e7o atual \u00e9: &euro;11.81.<\/span> <small class=\"woocommerce-price-suffix\">IVA inc.<\/small><\/span>\n                                                                                    <\/div>\n                                    <\/div>\n\n                                <\/div>\n\n                                                       <\/div>\n                    <\/div>                <\/div>\n            \n        <\/div>  \n\n\n        \t\t\t\t<\/div>\n\t\t\t\t<\/div>\n\t\t\t\t\t<\/div>\n\t\t<\/div>\n\t\t\t\t\t<\/div>\n\t\t<\/section>\n\t\t\t\t<section class=\"elementor-section elementor-top-section elementor-element elementor-element-bc68b61 elementor-section-full_width elementor-hidden-desktop elementor-section-height-default elementor-section-height-default wpr-particle-no wpr-jarallax-no wpr-parallax-no wpr-sticky-section-no wpr-equal-height-no\" data-id=\"bc68b61\" data-element_type=\"section\" data-e-type=\"section\">\n\t\t\t\t\t\t<div class=\"elementor-container elementor-column-gap-default\">\n\t\t\t\t\t<div class=\"elementor-column elementor-col-50 elementor-top-column elementor-element elementor-element-dc046f9\" data-id=\"dc046f9\" data-element_type=\"column\" data-e-type=\"column\">\n\t\t\t<div class=\"elementor-widget-wrap elementor-element-populated\">\n\t\t\t\t\t\t<div class=\"elementor-element elementor-element-722d470 elementor-hidden-desktop elementor-widget elementor-widget-image\" data-id=\"722d470\" data-element_type=\"widget\" data-e-type=\"widget\" data-widget_type=\"image.default\">\n\t\t\t\t<div class=\"elementor-widget-container\">\n\t\t\t\t\t\t\t\t\t\t\t\t\t\t\t\t<a href=\"https:\/\/ifoffice.pt\/?product_tag=seguranca-epis\">\n\t\t\t\t\t\t\t<img loading=\"lazy\" decoding=\"async\" width=\"1024\" height=\"475\" src=\"https:\/\/ifoffice.pt\/wp-content\/uploads\/2024\/03\/BANNER-EPIS.jpg\" class=\"attachment-large size-large wp-image-133316\" alt=\"\" srcset=\"https:\/\/ifoffice.pt\/wp-content\/uploads\/2024\/03\/BANNER-EPIS.jpg 1024w, https:\/\/ifoffice.pt\/wp-content\/uploads\/2024\/03\/BANNER-EPIS-300x139.jpg 300w, https:\/\/ifoffice.pt\/wp-content\/uploads\/2024\/03\/BANNER-EPIS-768x356.jpg 768w, https:\/\/ifoffice.pt\/wp-content\/uploads\/2024\/03\/BANNER-EPIS-600x278.jpg 600w, https:\/\/ifoffice.pt\/wp-content\/uploads\/2024\/03\/BANNER-EPIS-64x30.jpg 64w\" sizes=\"(max-width: 1024px) 100vw, 1024px\" \/>\t\t\t\t\t\t\t\t<\/a>\n\t\t\t\t\t\t\t\t\t\t\t\t\t\t\t<\/div>\n\t\t\t\t<\/div>\n\t\t\t\t\t<\/div>\n\t\t<\/div>\n\t\t\t\t<div class=\"elementor-column elementor-col-50 elementor-top-column elementor-element elementor-element-2e94209\" data-id=\"2e94209\" data-element_type=\"column\" data-e-type=\"column\">\n\t\t\t<div class=\"elementor-widget-wrap elementor-element-populated\">\n\t\t\t\t\t\t<div class=\"elementor-element elementor-element-d0e77c6 elementor-hidden-desktop elementor-widget elementor-widget-video\" data-id=\"d0e77c6\" data-element_type=\"widget\" data-e-type=\"widget\" data-settings=\"{&quot;video_type&quot;:&quot;hosted&quot;,&quot;autoplay&quot;:&quot;yes&quot;,&quot;play_on_mobile&quot;:&quot;yes&quot;,&quot;mute&quot;:&quot;yes&quot;}\" data-widget_type=\"video.default\">\n\t\t\t\t<div class=\"elementor-widget-container\">\n\t\t\t\t\t\t\t<div class=\"e-hosted-video elementor-wrapper elementor-open-inline\">\n\t\t\t\t\t<video class=\"elementor-video\" src=\"https:\/\/ifoffice.pt\/wp-content\/uploads\/2024\/06\/dossier-ifoffice.mp4\" autoplay=\"\" muted=\"muted\" playsinline=\"\" controlsList=\"nodownload\"><\/video>\n\t\t\t\t<\/div>\n\t\t\t\t\t\t<\/div>\n\t\t\t\t<\/div>\n\t\t\t\t\t<\/div>\n\t\t<\/div>\n\t\t\t\t\t<\/div>\n\t\t<\/section>\n\t\t\t\t<section class=\"elementor-section elementor-top-section elementor-element elementor-element-82d4608 elementor-hidden-desktop elementor-section-boxed elementor-section-height-default elementor-section-height-default wpr-particle-no wpr-jarallax-no wpr-parallax-no wpr-sticky-section-no wpr-equal-height-no\" data-id=\"82d4608\" data-element_type=\"section\" data-e-type=\"section\" data-settings=\"{&quot;background_background&quot;:&quot;classic&quot;}\">\n\t\t\t\t\t\t\t<div class=\"elementor-background-overlay\"><\/div>\n\t\t\t\t\t\t\t<div class=\"elementor-container elementor-column-gap-default\">\n\t\t\t\t\t<div class=\"elementor-column elementor-col-100 elementor-top-column elementor-element elementor-element-0e533c5\" data-id=\"0e533c5\" data-element_type=\"column\" data-e-type=\"column\">\n\t\t\t<div class=\"elementor-widget-wrap elementor-element-populated\">\n\t\t\t\t\t\t<div class=\"elementor-element elementor-element-c9fc048 elementor-widget elementor-widget-spacer\" data-id=\"c9fc048\" data-element_type=\"widget\" data-e-type=\"widget\" data-widget_type=\"spacer.default\">\n\t\t\t\t<div class=\"elementor-widget-container\">\n\t\t\t\t\t\t\t<div class=\"elementor-spacer\">\n\t\t\t<div class=\"elementor-spacer-inner\"><\/div>\n\t\t<\/div>\n\t\t\t\t\t\t<\/div>\n\t\t\t\t<\/div>\n\t\t\t\t\t<\/div>\n\t\t<\/div>\n\t\t\t\t\t<\/div>\n\t\t<\/section>\n\t\t\t\t<section class=\"elementor-section elementor-top-section elementor-element elementor-element-5036cf5 elementor-section-full_width animated-slow elementor-hidden-desktop elementor-section-height-default elementor-section-height-default wpr-particle-no wpr-jarallax-no wpr-parallax-no wpr-sticky-section-no wpr-equal-height-no elementor-invisible\" data-id=\"5036cf5\" data-element_type=\"section\" data-e-type=\"section\" data-settings=\"{&quot;animation&quot;:&quot;fadeIn&quot;}\">\n\t\t\t\t\t\t<div class=\"elementor-container elementor-column-gap-default\">\n\t\t\t\t\t<div class=\"elementor-column elementor-col-50 elementor-top-column elementor-element elementor-element-3df3737\" data-id=\"3df3737\" data-element_type=\"column\" data-e-type=\"column\" data-settings=\"{&quot;background_background&quot;:&quot;classic&quot;}\">\n\t\t\t<div class=\"elementor-widget-wrap elementor-element-populated\">\n\t\t\t\t\t<div class=\"elementor-background-overlay\"><\/div>\n\t\t\t\t\t\t<div class=\"elementor-element elementor-element-4e0f6d4 elementor-widget elementor-widget-heading\" data-id=\"4e0f6d4\" data-element_type=\"widget\" data-e-type=\"widget\" data-widget_type=\"heading.default\">\n\t\t\t\t<div class=\"elementor-widget-container\">\n\t\t\t\t\t<h2 class=\"elementor-heading-title elementor-size-default\">Pastas de Arquivo<\/h2>\t\t\t\t<\/div>\n\t\t\t\t<\/div>\n\t\t\t\t\t<\/div>\n\t\t<\/div>\n\t\t\t\t<div class=\"elementor-column elementor-col-50 elementor-top-column elementor-element elementor-element-131aeac\" data-id=\"131aeac\" data-element_type=\"column\" data-e-type=\"column\">\n\t\t\t<div class=\"elementor-widget-wrap elementor-element-populated\">\n\t\t\t\t\t\t<div class=\"elementor-element elementor-element-8ff393a elementor-widget elementor-widget-woolentor-product-tab\" data-id=\"8ff393a\" data-element_type=\"widget\" data-e-type=\"widget\" data-widget_type=\"woolentor-product-tab.default\">\n\t\t\t\t<div class=\"elementor-widget-container\">\n\t\t\t\t\t          \n        <div class=\"product-style\">\n\n            \n                            <div class=\"ht-row\">\n                    <div id=\"product-slider-69f537998eb57\" dir=\"ltr\" class=\"product-slider\" style='display:none' data-settings='{\"arrows\":true,\"dots\":false,\"autoplay\":true,\"autoplay_speed\":3000,\"animation_speed\":400,\"pause_on_hover\":true,\"rtl\":false,\"product_items\":5,\"scroll_columns\":2,\"tablet_width\":750,\"tablet_display_columns\":2,\"tablet_scroll_columns\":2,\"mobile_width\":480,\"mobile_display_columns\":1,\"mobile_scroll_columns\":1}'>\n                        <div class=\"slide-item ht-col-xs-12\">\n                            \n                                <div class=\"product-item  \">\n\n                                    <div class=\"product-inner\">\n                                        <div class=\"image-wrap\">\n                                            <a href=\"https:\/\/ifoffice.pt\/?product=caixa-para-pasta-de-arquivo-de-alavanca-cartao-forrado-elba-din-a4-lombada-85-mm-vermelho\" class=\"image\">\n                                                <img loading=\"lazy\" decoding=\"async\" width=\"300\" height=\"229\" src=\"https:\/\/ifoffice.pt\/wp-content\/uploads\/2023\/03\/159937g-300x229.jpg\" class=\"attachment-woocommerce_thumbnail size-woocommerce_thumbnail\" alt=\"Caixa para pasta de arquivo de alavanca cartao forrado elba din a4 lombada 85 mm vermelho\" srcset=\"https:\/\/ifoffice.pt\/wp-content\/uploads\/2023\/03\/159937g-300x229.jpg 300w, https:\/\/ifoffice.pt\/wp-content\/uploads\/2023\/03\/159937g-768x585.jpg 768w, https:\/\/ifoffice.pt\/wp-content\/uploads\/2023\/03\/159937g-600x457.jpg 600w, https:\/\/ifoffice.pt\/wp-content\/uploads\/2023\/03\/159937g-64x49.jpg 64w, https:\/\/ifoffice.pt\/wp-content\/uploads\/2023\/03\/159937g.jpg 1000w\" sizes=\"(max-width: 300px) 100vw, 300px\" \/>                                            <\/a>\n                                                                                                                                        <div class=\"actions style_two\">\n                                                    <a href=\"\/index.php?rest_route=%2Fwp%2Fv2%2Fpages%2F56944&#038;add-to-cart=73680\" aria-describedby=\"woocommerce_loop_add_to_cart_link_describedby_73680\" data-quantity=\"1\" class=\"button product_type_simple add_to_cart_button ajax_add_to_cart\" data-product_id=\"73680\" data-product_sku=\"159937\" aria-label=\"Adiciona ao carrinho: &ldquo;Caixa para pasta de arquivo de alavanca cartao forrado elba din a4 lombada 85 mm vermelho&rdquo;\" rel=\"nofollow\" data-success_message=\"&ldquo;Caixa para pasta de arquivo de alavanca cartao forrado elba din a4 lombada 85 mm vermelho&rdquo; foi adicionado ao seu carrinho\" role=\"button\">Adicionar<\/a>\t<span id=\"woocommerce_loop_add_to_cart_link_describedby_73680\" class=\"screen-reader-text\">\n\t\t\t<\/span>\n<div class=\"tooltip_no wishlist button-default yith-wcwl-add-to-wishlist add-to-wishlist-73680\"><div class=\"yith-wcwl-add-button show\"><a href=\"https:\/\/ifoffice.pt\/?page_id=121&#038;wishlist-action\" data-product-id=\"73680\" data-product-type=\"simple\" class=\"add_to_wishlist\" aria-label=\"Wishlist\" rel=\"nofollow\"><i class=\"fa fa-heart-o\"><\/i><span class=\"ht-product-action-tooltip\">Adicionar \u00e0 lista de Desejos<\/span><\/a><i class=\"fa fa-spinner fa-pulse ajax-loading\" style=\"visibility:hidden\"><\/i><\/div><div class=\"yith-wcwl-wishlistaddedbrowse hide\" style=\"display:none;\"><a class=\"\" href=\"https:\/\/ifoffice.pt\/?page_id=121&#038;wishlist-action\" aria-label=\"Wishlist\" rel=\"nofollow\"><i class=\"fa fa-heart\"><\/i><span class=\"ht-product-action-tooltip\">Veja a sua lista de favoritos<\/span><\/a><\/div><div class=\"yith-wcwl-wishlistexistsbrowse hide\" style=\"display:none\"><a href=\"https:\/\/ifoffice.pt\/?page_id=121&#038;wishlist-action\" class=\"\" aria-label=\"Wishlist\" rel=\"nofollow\"><i class=\"fa fa-heart\"><\/i><span class=\"ht-product-action-tooltip\">Produto adicionado!<\/span><\/a><\/div><\/div>                                                <\/div>\n                                            \n                                            \n                                        <\/div>\n                                        \n                                        <div class=\"content\">\n                                            <h4 class=\"title\"><a href=\"https:\/\/ifoffice.pt\/?product=caixa-para-pasta-de-arquivo-de-alavanca-cartao-forrado-elba-din-a4-lombada-85-mm-vermelho\">Caixa para pasta de arquivo de alavanca cartao forrado elba din a4 lombada 85 mm vermelho<\/a><\/h4>\n                                            \n\t<span class=\"price\"><span class=\"woocommerce-Price-amount amount\"><bdi><span class=\"woocommerce-Price-currencySymbol\">&euro;<\/span>2.34<\/bdi><\/span> <small class=\"woocommerce-price-suffix\">IVA inc.<\/small><\/span>\n                                                                                    <\/div>\n                                    <\/div>\n\n                                <\/div>\n\n                                                       <\/div>\n                            <div class=\"slide-item ht-col-xs-12\">\n                                \n                                <div class=\"product-item  \">\n\n                                    <div class=\"product-inner\">\n                                        <div class=\"image-wrap\">\n                                            <a href=\"https:\/\/ifoffice.pt\/?product=caixa-para-pasta-de-arquivo-de-alavanca-cartao-forrado-elba-din-a4-lombada-85-mm-azul\" class=\"image\">\n                                                <img loading=\"lazy\" decoding=\"async\" width=\"300\" height=\"229\" src=\"https:\/\/ifoffice.pt\/wp-content\/uploads\/2023\/03\/159935g-300x229.jpg\" class=\"attachment-woocommerce_thumbnail size-woocommerce_thumbnail\" alt=\"Caixa para pasta de arquivo de alavanca cartao forrado elba din a4 lombada 85 mm azul\" srcset=\"https:\/\/ifoffice.pt\/wp-content\/uploads\/2023\/03\/159935g-300x229.jpg 300w, https:\/\/ifoffice.pt\/wp-content\/uploads\/2023\/03\/159935g-768x585.jpg 768w, https:\/\/ifoffice.pt\/wp-content\/uploads\/2023\/03\/159935g-600x457.jpg 600w, https:\/\/ifoffice.pt\/wp-content\/uploads\/2023\/03\/159935g-64x49.jpg 64w, https:\/\/ifoffice.pt\/wp-content\/uploads\/2023\/03\/159935g.jpg 1000w\" sizes=\"(max-width: 300px) 100vw, 300px\" \/>                                            <\/a>\n                                                                                                                                        <div class=\"actions style_two\">\n                                                    <a href=\"\/index.php?rest_route=%2Fwp%2Fv2%2Fpages%2F56944&#038;add-to-cart=73682\" aria-describedby=\"woocommerce_loop_add_to_cart_link_describedby_73682\" data-quantity=\"1\" class=\"button product_type_simple add_to_cart_button ajax_add_to_cart\" data-product_id=\"73682\" data-product_sku=\"159935\" aria-label=\"Adiciona ao carrinho: &ldquo;Caixa para pasta de arquivo de alavanca cartao forrado elba din a4 lombada 85 mm azul&rdquo;\" rel=\"nofollow\" data-success_message=\"&ldquo;Caixa para pasta de arquivo de alavanca cartao forrado elba din a4 lombada 85 mm azul&rdquo; foi adicionado ao seu carrinho\" role=\"button\">Adicionar<\/a>\t<span id=\"woocommerce_loop_add_to_cart_link_describedby_73682\" class=\"screen-reader-text\">\n\t\t\t<\/span>\n<div class=\"tooltip_no wishlist button-default yith-wcwl-add-to-wishlist add-to-wishlist-73682\"><div class=\"yith-wcwl-add-button show\"><a href=\"https:\/\/ifoffice.pt\/?page_id=121&#038;wishlist-action\" data-product-id=\"73682\" data-product-type=\"simple\" class=\"add_to_wishlist\" aria-label=\"Wishlist\" rel=\"nofollow\"><i class=\"fa fa-heart-o\"><\/i><span class=\"ht-product-action-tooltip\">Adicionar \u00e0 lista de Desejos<\/span><\/a><i class=\"fa fa-spinner fa-pulse ajax-loading\" style=\"visibility:hidden\"><\/i><\/div><div class=\"yith-wcwl-wishlistaddedbrowse hide\" style=\"display:none;\"><a class=\"\" href=\"https:\/\/ifoffice.pt\/?page_id=121&#038;wishlist-action\" aria-label=\"Wishlist\" rel=\"nofollow\"><i class=\"fa fa-heart\"><\/i><span class=\"ht-product-action-tooltip\">Veja a sua lista de favoritos<\/span><\/a><\/div><div class=\"yith-wcwl-wishlistexistsbrowse hide\" style=\"display:none\"><a href=\"https:\/\/ifoffice.pt\/?page_id=121&#038;wishlist-action\" class=\"\" aria-label=\"Wishlist\" rel=\"nofollow\"><i class=\"fa fa-heart\"><\/i><span class=\"ht-product-action-tooltip\">Produto adicionado!<\/span><\/a><\/div><\/div>                                                <\/div>\n                                            \n                                            \n                                        <\/div>\n                                        \n                                        <div class=\"content\">\n                                            <h4 class=\"title\"><a href=\"https:\/\/ifoffice.pt\/?product=caixa-para-pasta-de-arquivo-de-alavanca-cartao-forrado-elba-din-a4-lombada-85-mm-azul\">Caixa para pasta de arquivo de alavanca cartao forrado elba din a4 lombada 85 mm azul<\/a><\/h4>\n                                            \n\t<span class=\"price\"><span class=\"woocommerce-Price-amount amount\"><bdi><span class=\"woocommerce-Price-currencySymbol\">&euro;<\/span>2.92<\/bdi><\/span> <small class=\"woocommerce-price-suffix\">IVA inc.<\/small><\/span>\n                                                                                    <\/div>\n                                    <\/div>\n\n                                <\/div>\n\n                                                       <\/div>\n                            <div class=\"slide-item ht-col-xs-12\">\n                                \n                                <div class=\"product-item  \">\n\n                                    <div class=\"product-inner\">\n                                        <div class=\"image-wrap\">\n                                            <a href=\"https:\/\/ifoffice.pt\/?product=caixa-para-pasta-de-arquivo-de-alavanca-cartao-forrado-elba-din-a4-lombada-85-mm-preto\" class=\"image\">\n                                                <img loading=\"lazy\" decoding=\"async\" width=\"300\" height=\"229\" src=\"https:\/\/ifoffice.pt\/wp-content\/uploads\/2023\/03\/159934g-300x229.jpg\" class=\"attachment-woocommerce_thumbnail size-woocommerce_thumbnail\" alt=\"Caixa para pasta de arquivo de alavanca elba cartao forrado din a4 lombada 85 mm preto\" srcset=\"https:\/\/ifoffice.pt\/wp-content\/uploads\/2023\/03\/159934g-300x229.jpg 300w, https:\/\/ifoffice.pt\/wp-content\/uploads\/2023\/03\/159934g-768x585.jpg 768w, https:\/\/ifoffice.pt\/wp-content\/uploads\/2023\/03\/159934g-600x457.jpg 600w, https:\/\/ifoffice.pt\/wp-content\/uploads\/2023\/03\/159934g-64x49.jpg 64w, https:\/\/ifoffice.pt\/wp-content\/uploads\/2023\/03\/159934g.jpg 1000w\" sizes=\"(max-width: 300px) 100vw, 300px\" \/>                                            <\/a>\n                                                                                                                                        <div class=\"actions style_two\">\n                                                    <a href=\"\/index.php?rest_route=%2Fwp%2Fv2%2Fpages%2F56944&#038;add-to-cart=73683\" aria-describedby=\"woocommerce_loop_add_to_cart_link_describedby_73683\" data-quantity=\"1\" class=\"button product_type_simple add_to_cart_button ajax_add_to_cart\" data-product_id=\"73683\" data-product_sku=\"159934\" aria-label=\"Adiciona ao carrinho: &ldquo;Caixa para pasta de arquivo de alavanca elba cartao forrado din a4 lombada 85 mm preto&rdquo;\" rel=\"nofollow\" data-success_message=\"&ldquo;Caixa para pasta de arquivo de alavanca elba cartao forrado din a4 lombada 85 mm preto&rdquo; foi adicionado ao seu carrinho\" role=\"button\">Adicionar<\/a>\t<span id=\"woocommerce_loop_add_to_cart_link_describedby_73683\" class=\"screen-reader-text\">\n\t\t\t<\/span>\n<div class=\"tooltip_no wishlist button-default yith-wcwl-add-to-wishlist add-to-wishlist-73683\"><div class=\"yith-wcwl-add-button show\"><a href=\"https:\/\/ifoffice.pt\/?page_id=121&#038;wishlist-action\" data-product-id=\"73683\" data-product-type=\"simple\" class=\"add_to_wishlist\" aria-label=\"Wishlist\" rel=\"nofollow\"><i class=\"fa fa-heart-o\"><\/i><span class=\"ht-product-action-tooltip\">Adicionar \u00e0 lista de Desejos<\/span><\/a><i class=\"fa fa-spinner fa-pulse ajax-loading\" style=\"visibility:hidden\"><\/i><\/div><div class=\"yith-wcwl-wishlistaddedbrowse hide\" style=\"display:none;\"><a class=\"\" href=\"https:\/\/ifoffice.pt\/?page_id=121&#038;wishlist-action\" aria-label=\"Wishlist\" rel=\"nofollow\"><i class=\"fa fa-heart\"><\/i><span class=\"ht-product-action-tooltip\">Veja a sua lista de favoritos<\/span><\/a><\/div><div class=\"yith-wcwl-wishlistexistsbrowse hide\" style=\"display:none\"><a href=\"https:\/\/ifoffice.pt\/?page_id=121&#038;wishlist-action\" class=\"\" aria-label=\"Wishlist\" rel=\"nofollow\"><i class=\"fa fa-heart\"><\/i><span class=\"ht-product-action-tooltip\">Produto adicionado!<\/span><\/a><\/div><\/div>                                                <\/div>\n                                            \n                                            \n                                        <\/div>\n                                        \n                                        <div class=\"content\">\n                                            <h4 class=\"title\"><a href=\"https:\/\/ifoffice.pt\/?product=caixa-para-pasta-de-arquivo-de-alavanca-cartao-forrado-elba-din-a4-lombada-85-mm-preto\">Caixa para pasta de arquivo de alavanca elba cartao forrado din a4 lombada 85 mm preto<\/a><\/h4>\n                                            \n\t<span class=\"price\"><span class=\"woocommerce-Price-amount amount\"><bdi><span class=\"woocommerce-Price-currencySymbol\">&euro;<\/span>2.90<\/bdi><\/span> <small class=\"woocommerce-price-suffix\">IVA inc.<\/small><\/span>\n                                                                                    <\/div>\n                                    <\/div>\n\n                                <\/div>\n\n                                                       <\/div>\n                            <div class=\"slide-item ht-col-xs-12\">\n                                \n                                <div class=\"product-item  \">\n\n                                    <div class=\"product-inner\">\n                                        <div class=\"image-wrap\">\n                                            <a href=\"https:\/\/ifoffice.pt\/?product=pasta-de-arquivo-de-alavanca-elba-top-cartao-compacto-polipropileno-com-rado-din-a4-lombada-de-80-mm-turquesa\" class=\"image\">\n                                                <img loading=\"lazy\" decoding=\"async\" width=\"300\" height=\"229\" src=\"https:\/\/ifoffice.pt\/wp-content\/uploads\/2023\/03\/159932g-300x229.jpg\" class=\"attachment-woocommerce_thumbnail size-woocommerce_thumbnail\" alt=\"Pasta de arquivo de alavanca elba top cartao compacto polipropileno com rado din a4 lombada de 80 mm turquesa\" srcset=\"https:\/\/ifoffice.pt\/wp-content\/uploads\/2023\/03\/159932g-300x229.jpg 300w, https:\/\/ifoffice.pt\/wp-content\/uploads\/2023\/03\/159932g-768x585.jpg 768w, https:\/\/ifoffice.pt\/wp-content\/uploads\/2023\/03\/159932g-600x457.jpg 600w, https:\/\/ifoffice.pt\/wp-content\/uploads\/2023\/03\/159932g-64x49.jpg 64w, https:\/\/ifoffice.pt\/wp-content\/uploads\/2023\/03\/159932g.jpg 1000w\" sizes=\"(max-width: 300px) 100vw, 300px\" \/>                                            <\/a>\n                                                                                                                                        <div class=\"actions style_two\">\n                                                    <a href=\"https:\/\/ifoffice.pt\/?product=pasta-de-arquivo-de-alavanca-elba-top-cartao-compacto-polipropileno-com-rado-din-a4-lombada-de-80-mm-turquesa\" aria-describedby=\"woocommerce_loop_add_to_cart_link_describedby_73685\" data-quantity=\"1\" class=\"button product_type_simple\" data-product_id=\"73685\" data-product_sku=\"159932\" aria-label=\"Leia mais sobre &ldquo;Pasta de arquivo de alavanca elba top cartao compacto polipropileno com rado din a4 lombada de 80 mm turquesa&rdquo;\" rel=\"nofollow\" data-success_message=\"\">Ler mais<\/a>\t<span id=\"woocommerce_loop_add_to_cart_link_describedby_73685\" class=\"screen-reader-text\">\n\t\t\t<\/span>\n<div class=\"tooltip_no wishlist button-default yith-wcwl-add-to-wishlist add-to-wishlist-73685\"><div class=\"yith-wcwl-add-button show\"><a href=\"https:\/\/ifoffice.pt\/?page_id=121&#038;wishlist-action\" data-product-id=\"73685\" data-product-type=\"simple\" class=\"add_to_wishlist\" aria-label=\"Wishlist\" rel=\"nofollow\"><i class=\"fa fa-heart-o\"><\/i><span class=\"ht-product-action-tooltip\">Adicionar \u00e0 lista de Desejos<\/span><\/a><i class=\"fa fa-spinner fa-pulse ajax-loading\" style=\"visibility:hidden\"><\/i><\/div><div class=\"yith-wcwl-wishlistaddedbrowse hide\" style=\"display:none;\"><a class=\"\" href=\"https:\/\/ifoffice.pt\/?page_id=121&#038;wishlist-action\" aria-label=\"Wishlist\" rel=\"nofollow\"><i class=\"fa fa-heart\"><\/i><span class=\"ht-product-action-tooltip\">Veja a sua lista de favoritos<\/span><\/a><\/div><div class=\"yith-wcwl-wishlistexistsbrowse hide\" style=\"display:none\"><a href=\"https:\/\/ifoffice.pt\/?page_id=121&#038;wishlist-action\" class=\"\" aria-label=\"Wishlist\" rel=\"nofollow\"><i class=\"fa fa-heart\"><\/i><span class=\"ht-product-action-tooltip\">Produto adicionado!<\/span><\/a><\/div><\/div>                                                <\/div>\n                                            \n                                            \n                                        <\/div>\n                                        \n                                        <div class=\"content\">\n                                            <h4 class=\"title\"><a href=\"https:\/\/ifoffice.pt\/?product=pasta-de-arquivo-de-alavanca-elba-top-cartao-compacto-polipropileno-com-rado-din-a4-lombada-de-80-mm-turquesa\">Pasta de arquivo de alavanca elba top cartao compacto polipropileno com rado din a4 lombada de 80 mm turquesa<\/a><\/h4>\n                                            \n\t<span class=\"price\"><span class=\"woocommerce-Price-amount amount\"><bdi><span class=\"woocommerce-Price-currencySymbol\">&euro;<\/span>5.34<\/bdi><\/span> <small class=\"woocommerce-price-suffix\">IVA inc.<\/small><\/span>\n                                                                                    <\/div>\n                                    <\/div>\n\n                                <\/div>\n\n                                                       <\/div>\n                            <div class=\"slide-item ht-col-xs-12\">\n                                \n                                <div class=\"product-item  \">\n\n                                    <div class=\"product-inner\">\n                                        <div class=\"image-wrap\">\n                                            <a href=\"https:\/\/ifoffice.pt\/?product=pasta-de-arquivo-de-alavanca-elba-top-cartao-compacto-polipropileno-com-rado-din-a4-lombada-de-80-mm-ice-mint\" class=\"image\">\n                                                <img loading=\"lazy\" decoding=\"async\" width=\"300\" height=\"229\" src=\"https:\/\/ifoffice.pt\/wp-content\/uploads\/2023\/03\/159930g-300x229.jpg\" class=\"attachment-woocommerce_thumbnail size-woocommerce_thumbnail\" alt=\"Pasta de arquivo de alavanca elba top cartao compacto polipropileno com rado din a4 lombada de 80 mm ice mint\" srcset=\"https:\/\/ifoffice.pt\/wp-content\/uploads\/2023\/03\/159930g-300x229.jpg 300w, https:\/\/ifoffice.pt\/wp-content\/uploads\/2023\/03\/159930g-768x585.jpg 768w, https:\/\/ifoffice.pt\/wp-content\/uploads\/2023\/03\/159930g-600x457.jpg 600w, https:\/\/ifoffice.pt\/wp-content\/uploads\/2023\/03\/159930g-64x49.jpg 64w, https:\/\/ifoffice.pt\/wp-content\/uploads\/2023\/03\/159930g.jpg 1000w\" sizes=\"(max-width: 300px) 100vw, 300px\" \/>                                            <\/a>\n                                                                                                                                        <div class=\"actions style_two\">\n                                                    <a href=\"\/index.php?rest_route=%2Fwp%2Fv2%2Fpages%2F56944&#038;add-to-cart=73687\" aria-describedby=\"woocommerce_loop_add_to_cart_link_describedby_73687\" data-quantity=\"1\" class=\"button product_type_simple add_to_cart_button ajax_add_to_cart\" data-product_id=\"73687\" data-product_sku=\"159930\" aria-label=\"Adiciona ao carrinho: &ldquo;Pasta de arquivo de alavanca elba top cartao compacto polipropileno com rado din a4 lombada de 80 mm ice mint&rdquo;\" rel=\"nofollow\" data-success_message=\"&ldquo;Pasta de arquivo de alavanca elba top cartao compacto polipropileno com rado din a4 lombada de 80 mm ice mint&rdquo; foi adicionado ao seu carrinho\" role=\"button\">Adicionar<\/a>\t<span id=\"woocommerce_loop_add_to_cart_link_describedby_73687\" class=\"screen-reader-text\">\n\t\t\t<\/span>\n<div class=\"tooltip_no wishlist button-default yith-wcwl-add-to-wishlist add-to-wishlist-73687\"><div class=\"yith-wcwl-add-button show\"><a href=\"https:\/\/ifoffice.pt\/?page_id=121&#038;wishlist-action\" data-product-id=\"73687\" data-product-type=\"simple\" class=\"add_to_wishlist\" aria-label=\"Wishlist\" rel=\"nofollow\"><i class=\"fa fa-heart-o\"><\/i><span class=\"ht-product-action-tooltip\">Adicionar \u00e0 lista de Desejos<\/span><\/a><i class=\"fa fa-spinner fa-pulse ajax-loading\" style=\"visibility:hidden\"><\/i><\/div><div class=\"yith-wcwl-wishlistaddedbrowse hide\" style=\"display:none;\"><a class=\"\" href=\"https:\/\/ifoffice.pt\/?page_id=121&#038;wishlist-action\" aria-label=\"Wishlist\" rel=\"nofollow\"><i class=\"fa fa-heart\"><\/i><span class=\"ht-product-action-tooltip\">Veja a sua lista de favoritos<\/span><\/a><\/div><div class=\"yith-wcwl-wishlistexistsbrowse hide\" style=\"display:none\"><a href=\"https:\/\/ifoffice.pt\/?page_id=121&#038;wishlist-action\" class=\"\" aria-label=\"Wishlist\" rel=\"nofollow\"><i class=\"fa fa-heart\"><\/i><span class=\"ht-product-action-tooltip\">Produto adicionado!<\/span><\/a><\/div><\/div>                                                <\/div>\n                                            \n                                            \n                                        <\/div>\n                                        \n                                        <div class=\"content\">\n                                            <h4 class=\"title\"><a href=\"https:\/\/ifoffice.pt\/?product=pasta-de-arquivo-de-alavanca-elba-top-cartao-compacto-polipropileno-com-rado-din-a4-lombada-de-80-mm-ice-mint\">Pasta de arquivo de alavanca elba top cartao compacto polipropileno com rado din a4 lombada de 80 mm ice mint<\/a><\/h4>\n                                            \n\t<span class=\"price\"><span class=\"woocommerce-Price-amount amount\"><bdi><span class=\"woocommerce-Price-currencySymbol\">&euro;<\/span>5.56<\/bdi><\/span> <small class=\"woocommerce-price-suffix\">IVA inc.<\/small><\/span>\n                                                                                    <\/div>\n                                    <\/div>\n\n                                <\/div>\n\n                                                       <\/div>\n                            <div class=\"slide-item ht-col-xs-12\">\n                                \n                                <div class=\"product-item  \">\n\n                                    <div class=\"product-inner\">\n                                        <div class=\"image-wrap\">\n                                            <a href=\"https:\/\/ifoffice.pt\/?product=pasta-de-arquivo-de-alavanca-elba-top-cartao-compacto-polipropileno-com-rado-din-a4-lombada-de-80-mm-preto\" class=\"image\">\n                                                <img loading=\"lazy\" decoding=\"async\" width=\"300\" height=\"229\" src=\"https:\/\/ifoffice.pt\/wp-content\/uploads\/2023\/03\/159928g-300x229.jpg\" class=\"attachment-woocommerce_thumbnail size-woocommerce_thumbnail\" alt=\"Pasta de arquivo de alavanca elba top cartao compacto polipropileno com rado din a4 lombada de 80 mm preto\" srcset=\"https:\/\/ifoffice.pt\/wp-content\/uploads\/2023\/03\/159928g-300x229.jpg 300w, https:\/\/ifoffice.pt\/wp-content\/uploads\/2023\/03\/159928g-768x585.jpg 768w, https:\/\/ifoffice.pt\/wp-content\/uploads\/2023\/03\/159928g-600x457.jpg 600w, https:\/\/ifoffice.pt\/wp-content\/uploads\/2023\/03\/159928g-64x49.jpg 64w, https:\/\/ifoffice.pt\/wp-content\/uploads\/2023\/03\/159928g.jpg 1000w\" sizes=\"(max-width: 300px) 100vw, 300px\" \/>                                            <\/a>\n                                                                                                                                        <div class=\"actions style_two\">\n                                                    <a href=\"\/index.php?rest_route=%2Fwp%2Fv2%2Fpages%2F56944&#038;add-to-cart=73689\" aria-describedby=\"woocommerce_loop_add_to_cart_link_describedby_73689\" data-quantity=\"1\" class=\"button product_type_simple add_to_cart_button ajax_add_to_cart\" data-product_id=\"73689\" data-product_sku=\"159928\" aria-label=\"Adiciona ao carrinho: &ldquo;Pasta de arquivo de alavanca elba top cartao compacto polipropileno com rado din a4 lombada de 80 mm preto&rdquo;\" rel=\"nofollow\" data-success_message=\"&ldquo;Pasta de arquivo de alavanca elba top cartao compacto polipropileno com rado din a4 lombada de 80 mm preto&rdquo; foi adicionado ao seu carrinho\" role=\"button\">Adicionar<\/a>\t<span id=\"woocommerce_loop_add_to_cart_link_describedby_73689\" class=\"screen-reader-text\">\n\t\t\t<\/span>\n<div class=\"tooltip_no wishlist button-default yith-wcwl-add-to-wishlist add-to-wishlist-73689\"><div class=\"yith-wcwl-add-button show\"><a href=\"https:\/\/ifoffice.pt\/?page_id=121&#038;wishlist-action\" data-product-id=\"73689\" data-product-type=\"simple\" class=\"add_to_wishlist\" aria-label=\"Wishlist\" rel=\"nofollow\"><i class=\"fa fa-heart-o\"><\/i><span class=\"ht-product-action-tooltip\">Adicionar \u00e0 lista de Desejos<\/span><\/a><i class=\"fa fa-spinner fa-pulse ajax-loading\" style=\"visibility:hidden\"><\/i><\/div><div class=\"yith-wcwl-wishlistaddedbrowse hide\" style=\"display:none;\"><a class=\"\" href=\"https:\/\/ifoffice.pt\/?page_id=121&#038;wishlist-action\" aria-label=\"Wishlist\" rel=\"nofollow\"><i class=\"fa fa-heart\"><\/i><span class=\"ht-product-action-tooltip\">Veja a sua lista de favoritos<\/span><\/a><\/div><div class=\"yith-wcwl-wishlistexistsbrowse hide\" style=\"display:none\"><a href=\"https:\/\/ifoffice.pt\/?page_id=121&#038;wishlist-action\" class=\"\" aria-label=\"Wishlist\" rel=\"nofollow\"><i class=\"fa fa-heart\"><\/i><span class=\"ht-product-action-tooltip\">Produto adicionado!<\/span><\/a><\/div><\/div>                                                <\/div>\n                                            \n                                            \n                                        <\/div>\n                                        \n                                        <div class=\"content\">\n                                            <h4 class=\"title\"><a href=\"https:\/\/ifoffice.pt\/?product=pasta-de-arquivo-de-alavanca-elba-top-cartao-compacto-polipropileno-com-rado-din-a4-lombada-de-80-mm-preto\">Pasta de arquivo de alavanca elba top cartao compacto polipropileno com rado din a4 lombada de 80 mm preto<\/a><\/h4>\n                                            \n\t<span class=\"price\"><span class=\"woocommerce-Price-amount amount\"><bdi><span class=\"woocommerce-Price-currencySymbol\">&euro;<\/span>5.99<\/bdi><\/span> <small class=\"woocommerce-price-suffix\">IVA inc.<\/small><\/span>\n                                                                                    <\/div>\n                                    <\/div>\n\n                                <\/div>\n\n                                                       <\/div>\n                            <div class=\"slide-item ht-col-xs-12\">\n                                \n                                <div class=\"product-item  \">\n\n                                    <div class=\"product-inner\">\n                                        <div class=\"image-wrap\">\n                                            <a href=\"https:\/\/ifoffice.pt\/?product=pasta-de-arquivo-de-alavanca-elba-top-cartao-compacto-polipropileno-com-rado-din-a4-lombada-de-80-mm-vermelho\" class=\"image\">\n                                                <img loading=\"lazy\" decoding=\"async\" width=\"300\" height=\"229\" src=\"https:\/\/ifoffice.pt\/wp-content\/uploads\/2023\/03\/159926g-300x229.jpg\" class=\"attachment-woocommerce_thumbnail size-woocommerce_thumbnail\" alt=\"Pasta de arquivo de alavanca elba top cartao compacto polipropileno com rado din a4 lombada de 80 mm vermelho\" srcset=\"https:\/\/ifoffice.pt\/wp-content\/uploads\/2023\/03\/159926g-300x229.jpg 300w, https:\/\/ifoffice.pt\/wp-content\/uploads\/2023\/03\/159926g-768x585.jpg 768w, https:\/\/ifoffice.pt\/wp-content\/uploads\/2023\/03\/159926g-600x457.jpg 600w, https:\/\/ifoffice.pt\/wp-content\/uploads\/2023\/03\/159926g-64x49.jpg 64w, https:\/\/ifoffice.pt\/wp-content\/uploads\/2023\/03\/159926g.jpg 1000w\" sizes=\"(max-width: 300px) 100vw, 300px\" \/>                                            <\/a>\n                                                                                                                                        <div class=\"actions style_two\">\n                                                    <a href=\"\/index.php?rest_route=%2Fwp%2Fv2%2Fpages%2F56944&#038;add-to-cart=73691\" aria-describedby=\"woocommerce_loop_add_to_cart_link_describedby_73691\" data-quantity=\"1\" class=\"button product_type_simple add_to_cart_button ajax_add_to_cart\" data-product_id=\"73691\" data-product_sku=\"159926\" aria-label=\"Adiciona ao carrinho: &ldquo;Pasta de arquivo de alavanca elba top cartao compacto polipropileno com rado din a4 lombada de 80 mm vermelho&rdquo;\" rel=\"nofollow\" data-success_message=\"&ldquo;Pasta de arquivo de alavanca elba top cartao compacto polipropileno com rado din a4 lombada de 80 mm vermelho&rdquo; foi adicionado ao seu carrinho\" role=\"button\">Adicionar<\/a>\t<span id=\"woocommerce_loop_add_to_cart_link_describedby_73691\" class=\"screen-reader-text\">\n\t\t\t<\/span>\n<div class=\"tooltip_no wishlist button-default yith-wcwl-add-to-wishlist add-to-wishlist-73691\"><div class=\"yith-wcwl-add-button show\"><a href=\"https:\/\/ifoffice.pt\/?page_id=121&#038;wishlist-action\" data-product-id=\"73691\" data-product-type=\"simple\" class=\"add_to_wishlist\" aria-label=\"Wishlist\" rel=\"nofollow\"><i class=\"fa fa-heart-o\"><\/i><span class=\"ht-product-action-tooltip\">Adicionar \u00e0 lista de Desejos<\/span><\/a><i class=\"fa fa-spinner fa-pulse ajax-loading\" style=\"visibility:hidden\"><\/i><\/div><div class=\"yith-wcwl-wishlistaddedbrowse hide\" style=\"display:none;\"><a class=\"\" href=\"https:\/\/ifoffice.pt\/?page_id=121&#038;wishlist-action\" aria-label=\"Wishlist\" rel=\"nofollow\"><i class=\"fa fa-heart\"><\/i><span class=\"ht-product-action-tooltip\">Veja a sua lista de favoritos<\/span><\/a><\/div><div class=\"yith-wcwl-wishlistexistsbrowse hide\" style=\"display:none\"><a href=\"https:\/\/ifoffice.pt\/?page_id=121&#038;wishlist-action\" class=\"\" aria-label=\"Wishlist\" rel=\"nofollow\"><i class=\"fa fa-heart\"><\/i><span class=\"ht-product-action-tooltip\">Produto adicionado!<\/span><\/a><\/div><\/div>                                                <\/div>\n                                            \n                                            \n                                        <\/div>\n                                        \n                                        <div class=\"content\">\n                                            <h4 class=\"title\"><a href=\"https:\/\/ifoffice.pt\/?product=pasta-de-arquivo-de-alavanca-elba-top-cartao-compacto-polipropileno-com-rado-din-a4-lombada-de-80-mm-vermelho\">Pasta de arquivo de alavanca elba top cartao compacto polipropileno com rado din a4 lombada de 80 mm vermelho<\/a><\/h4>\n                                            \n\t<span class=\"price\"><span class=\"woocommerce-Price-amount amount\"><bdi><span class=\"woocommerce-Price-currencySymbol\">&euro;<\/span>5.99<\/bdi><\/span> <small class=\"woocommerce-price-suffix\">IVA inc.<\/small><\/span>\n                                                                                    <\/div>\n                                    <\/div>\n\n                                <\/div>\n\n                                                       <\/div>\n                            <div class=\"slide-item ht-col-xs-12\">\n                                \n                                <div class=\"product-item  \">\n\n                                    <div class=\"product-inner\">\n                                        <div class=\"image-wrap\">\n                                            <a href=\"https:\/\/ifoffice.pt\/?product=pasta-de-arquivo-de-alavanca-elba-top-cartao-compacto-polipropileno-com-rado-din-a4-lombada-de-80-mm-azul\" class=\"image\">\n                                                <img loading=\"lazy\" decoding=\"async\" width=\"300\" height=\"229\" src=\"https:\/\/ifoffice.pt\/wp-content\/uploads\/2023\/03\/159924g-300x229.jpg\" class=\"attachment-woocommerce_thumbnail size-woocommerce_thumbnail\" alt=\"Pasta de arquivo de alavanca elba top cartao compacto polipropileno com rado din a4 lombada de 80 mm azul\" srcset=\"https:\/\/ifoffice.pt\/wp-content\/uploads\/2023\/03\/159924g-300x229.jpg 300w, https:\/\/ifoffice.pt\/wp-content\/uploads\/2023\/03\/159924g-768x585.jpg 768w, https:\/\/ifoffice.pt\/wp-content\/uploads\/2023\/03\/159924g-600x457.jpg 600w, https:\/\/ifoffice.pt\/wp-content\/uploads\/2023\/03\/159924g-64x49.jpg 64w, https:\/\/ifoffice.pt\/wp-content\/uploads\/2023\/03\/159924g.jpg 1000w\" sizes=\"(max-width: 300px) 100vw, 300px\" \/>                                            <\/a>\n                                                                                                                                        <div class=\"actions style_two\">\n                                                    <a href=\"https:\/\/ifoffice.pt\/?product=pasta-de-arquivo-de-alavanca-elba-top-cartao-compacto-polipropileno-com-rado-din-a4-lombada-de-80-mm-azul\" aria-describedby=\"woocommerce_loop_add_to_cart_link_describedby_73693\" data-quantity=\"1\" class=\"button product_type_variable add_to_cart_button\" data-product_id=\"73693\" data-product_sku=\"159924\" aria-label=\"Seleccione as op\u00e7\u00f5es para &ldquo;Pasta de arquivo de alavanca elba top cartao compacto polipropileno com rado din a4 lombada de 80 mm azul&rdquo;\" rel=\"nofollow\">Ver op\u00e7\u00f5es<\/a>\t<span id=\"woocommerce_loop_add_to_cart_link_describedby_73693\" class=\"screen-reader-text\">\n\t\tThis product has multiple variants. The options may be chosen on the product page\t<\/span>\n<div class=\"tooltip_no wishlist button-default yith-wcwl-add-to-wishlist add-to-wishlist-73693\"><div class=\"yith-wcwl-add-button show\"><a href=\"https:\/\/ifoffice.pt\/?page_id=121&#038;wishlist-action\" data-product-id=\"73693\" data-product-type=\"variable\" class=\"add_to_wishlist\" aria-label=\"Wishlist\" rel=\"nofollow\"><i class=\"fa fa-heart-o\"><\/i><span class=\"ht-product-action-tooltip\">Adicionar \u00e0 lista de Desejos<\/span><\/a><i class=\"fa fa-spinner fa-pulse ajax-loading\" style=\"visibility:hidden\"><\/i><\/div><div class=\"yith-wcwl-wishlistaddedbrowse hide\" style=\"display:none;\"><a class=\"\" href=\"https:\/\/ifoffice.pt\/?page_id=121&#038;wishlist-action\" aria-label=\"Wishlist\" rel=\"nofollow\"><i class=\"fa fa-heart\"><\/i><span class=\"ht-product-action-tooltip\">Veja a sua lista de favoritos<\/span><\/a><\/div><div class=\"yith-wcwl-wishlistexistsbrowse hide\" style=\"display:none\"><a href=\"https:\/\/ifoffice.pt\/?page_id=121&#038;wishlist-action\" class=\"\" aria-label=\"Wishlist\" rel=\"nofollow\"><i class=\"fa fa-heart\"><\/i><span class=\"ht-product-action-tooltip\">Produto adicionado!<\/span><\/a><\/div><\/div>                                                <\/div>\n                                            \n                                            \n                                        <\/div>\n                                        \n                                        <div class=\"content\">\n                                            <h4 class=\"title\"><a href=\"https:\/\/ifoffice.pt\/?product=pasta-de-arquivo-de-alavanca-elba-top-cartao-compacto-polipropileno-com-rado-din-a4-lombada-de-80-mm-azul\">Pasta de arquivo de alavanca elba top cartao compacto polipropileno com rado din a4 lombada de 80 mm azul<\/a><\/h4>\n                                            \n\t<span class=\"price\"><span class=\"woocommerce-Price-amount amount\"><bdi><span class=\"woocommerce-Price-currencySymbol\">&euro;<\/span>5.34<\/bdi><\/span> <small class=\"woocommerce-price-suffix\">IVA inc.<\/small><\/span>\n                                                                                    <\/div>\n                                    <\/div>\n\n                                <\/div>\n\n                                                       <\/div>\n                            <div class=\"slide-item ht-col-xs-12\">\n                                \n                                <div class=\"product-item  \">\n\n                                    <div class=\"product-inner\">\n                                        <div class=\"image-wrap\">\n                                            <a href=\"https:\/\/ifoffice.pt\/?product=pasta-de-arquivo-de-alavanca-elba-chic-cartao-forrado-pvc-com-rado-din-a4-lombada-de-80-mm-vermelho\" class=\"image\">\n                                                <img loading=\"lazy\" decoding=\"async\" width=\"300\" height=\"229\" src=\"https:\/\/ifoffice.pt\/wp-content\/uploads\/2023\/03\/159918g-300x229.jpg\" class=\"attachment-woocommerce_thumbnail size-woocommerce_thumbnail\" alt=\"Pasta de arquivo de alavanca elba chic cartao forrado pvc com rado din a4 lombada de 80 mm vermelho\" srcset=\"https:\/\/ifoffice.pt\/wp-content\/uploads\/2023\/03\/159918g-300x229.jpg 300w, https:\/\/ifoffice.pt\/wp-content\/uploads\/2023\/03\/159918g-768x585.jpg 768w, https:\/\/ifoffice.pt\/wp-content\/uploads\/2023\/03\/159918g-600x457.jpg 600w, https:\/\/ifoffice.pt\/wp-content\/uploads\/2023\/03\/159918g-64x49.jpg 64w, https:\/\/ifoffice.pt\/wp-content\/uploads\/2023\/03\/159918g.jpg 1000w\" sizes=\"(max-width: 300px) 100vw, 300px\" \/>                                            <\/a>\n                                                                                                                                        <div class=\"actions style_two\">\n                                                    <a href=\"\/index.php?rest_route=%2Fwp%2Fv2%2Fpages%2F56944&#038;add-to-cart=73699\" aria-describedby=\"woocommerce_loop_add_to_cart_link_describedby_73699\" data-quantity=\"1\" class=\"button product_type_simple add_to_cart_button ajax_add_to_cart\" data-product_id=\"73699\" data-product_sku=\"159918\" aria-label=\"Adiciona ao carrinho: &ldquo;Pasta de arquivo de alavanca elba chic cartao forrado pvc com rado din a4 lombada de 80 mm vermelho&rdquo;\" rel=\"nofollow\" data-success_message=\"&ldquo;Pasta de arquivo de alavanca elba chic cartao forrado pvc com rado din a4 lombada de 80 mm vermelho&rdquo; foi adicionado ao seu carrinho\" role=\"button\">Adicionar<\/a>\t<span id=\"woocommerce_loop_add_to_cart_link_describedby_73699\" class=\"screen-reader-text\">\n\t\t\t<\/span>\n<div class=\"tooltip_no wishlist button-default yith-wcwl-add-to-wishlist add-to-wishlist-73699\"><div class=\"yith-wcwl-add-button show\"><a href=\"https:\/\/ifoffice.pt\/?page_id=121&#038;wishlist-action\" data-product-id=\"73699\" data-product-type=\"simple\" class=\"add_to_wishlist\" aria-label=\"Wishlist\" rel=\"nofollow\"><i class=\"fa fa-heart-o\"><\/i><span class=\"ht-product-action-tooltip\">Adicionar \u00e0 lista de Desejos<\/span><\/a><i class=\"fa fa-spinner fa-pulse ajax-loading\" style=\"visibility:hidden\"><\/i><\/div><div class=\"yith-wcwl-wishlistaddedbrowse hide\" style=\"display:none;\"><a class=\"\" href=\"https:\/\/ifoffice.pt\/?page_id=121&#038;wishlist-action\" aria-label=\"Wishlist\" rel=\"nofollow\"><i class=\"fa fa-heart\"><\/i><span class=\"ht-product-action-tooltip\">Veja a sua lista de favoritos<\/span><\/a><\/div><div class=\"yith-wcwl-wishlistexistsbrowse hide\" style=\"display:none\"><a href=\"https:\/\/ifoffice.pt\/?page_id=121&#038;wishlist-action\" class=\"\" aria-label=\"Wishlist\" rel=\"nofollow\"><i class=\"fa fa-heart\"><\/i><span class=\"ht-product-action-tooltip\">Produto adicionado!<\/span><\/a><\/div><\/div>                                                <\/div>\n                                            \n                                            \n                                        <\/div>\n                                        \n                                        <div class=\"content\">\n                                            <h4 class=\"title\"><a href=\"https:\/\/ifoffice.pt\/?product=pasta-de-arquivo-de-alavanca-elba-chic-cartao-forrado-pvc-com-rado-din-a4-lombada-de-80-mm-vermelho\">Pasta de arquivo de alavanca elba chic cartao forrado pvc com rado din a4 lombada de 80 mm vermelho<\/a><\/h4>\n                                            \n\t<span class=\"price\"><span class=\"woocommerce-Price-amount amount\"><bdi><span class=\"woocommerce-Price-currencySymbol\">&euro;<\/span>11.65<\/bdi><\/span> <small class=\"woocommerce-price-suffix\">IVA inc.<\/small><\/span>\n                                                                                    <\/div>\n                                    <\/div>\n\n                                <\/div>\n\n                                                       <\/div>\n                            <div class=\"slide-item ht-col-xs-12\">\n                                \n                                <div class=\"product-item  \">\n\n                                    <div class=\"product-inner\">\n                                        <div class=\"image-wrap\">\n                                            <a href=\"https:\/\/ifoffice.pt\/?product=pasta-de-arquivo-de-alavanca-exacompta-prem-touch-polipropileno-din-a4-lombada-80-mm-azul\" class=\"image\">\n                                                <img loading=\"lazy\" decoding=\"async\" width=\"300\" height=\"229\" src=\"https:\/\/ifoffice.pt\/wp-content\/uploads\/2023\/03\/155997g-300x229.jpg\" class=\"attachment-woocommerce_thumbnail size-woocommerce_thumbnail\" alt=\"Pasta de arquivo de alavanca Prem Touch. Azul\" srcset=\"https:\/\/ifoffice.pt\/wp-content\/uploads\/2023\/03\/155997g-300x229.jpg 300w, https:\/\/ifoffice.pt\/wp-content\/uploads\/2023\/03\/155997g-64x49.jpg 64w, https:\/\/ifoffice.pt\/wp-content\/uploads\/2023\/03\/155997g.jpg 420w\" sizes=\"(max-width: 300px) 100vw, 300px\" \/>                                            <\/a>\n                                                                                                                                        <div class=\"actions style_two\">\n                                                    <a href=\"https:\/\/ifoffice.pt\/?product=pasta-de-arquivo-de-alavanca-exacompta-prem-touch-polipropileno-din-a4-lombada-80-mm-azul\" aria-describedby=\"woocommerce_loop_add_to_cart_link_describedby_75711\" data-quantity=\"1\" class=\"button product_type_simple\" data-product_id=\"75711\" data-product_sku=\"155997\" aria-label=\"Leia mais sobre &ldquo;Pasta de arquivo de alavanca Prem Touch. Azul&rdquo;\" rel=\"nofollow\" data-success_message=\"\">Ler mais<\/a>\t<span id=\"woocommerce_loop_add_to_cart_link_describedby_75711\" class=\"screen-reader-text\">\n\t\t\t<\/span>\n<div class=\"tooltip_no wishlist button-default yith-wcwl-add-to-wishlist add-to-wishlist-75711\"><div class=\"yith-wcwl-add-button show\"><a href=\"https:\/\/ifoffice.pt\/?page_id=121&#038;wishlist-action\" data-product-id=\"75711\" data-product-type=\"simple\" class=\"add_to_wishlist\" aria-label=\"Wishlist\" rel=\"nofollow\"><i class=\"fa fa-heart-o\"><\/i><span class=\"ht-product-action-tooltip\">Adicionar \u00e0 lista de Desejos<\/span><\/a><i class=\"fa fa-spinner fa-pulse ajax-loading\" style=\"visibility:hidden\"><\/i><\/div><div class=\"yith-wcwl-wishlistaddedbrowse hide\" style=\"display:none;\"><a class=\"\" href=\"https:\/\/ifoffice.pt\/?page_id=121&#038;wishlist-action\" aria-label=\"Wishlist\" rel=\"nofollow\"><i class=\"fa fa-heart\"><\/i><span class=\"ht-product-action-tooltip\">Veja a sua lista de favoritos<\/span><\/a><\/div><div class=\"yith-wcwl-wishlistexistsbrowse hide\" style=\"display:none\"><a href=\"https:\/\/ifoffice.pt\/?page_id=121&#038;wishlist-action\" class=\"\" aria-label=\"Wishlist\" rel=\"nofollow\"><i class=\"fa fa-heart\"><\/i><span class=\"ht-product-action-tooltip\">Produto adicionado!<\/span><\/a><\/div><\/div>                                                <\/div>\n                                            \n                                            \n                                        <\/div>\n                                        \n                                        <div class=\"content\">\n                                            <h4 class=\"title\"><a href=\"https:\/\/ifoffice.pt\/?product=pasta-de-arquivo-de-alavanca-exacompta-prem-touch-polipropileno-din-a4-lombada-80-mm-azul\">Pasta de arquivo de alavanca Prem Touch. Azul<\/a><\/h4>\n                                            \n\t<span class=\"price\"><span class=\"woocommerce-Price-amount amount\"><bdi><span class=\"woocommerce-Price-currencySymbol\">&euro;<\/span>4.06<\/bdi><\/span> <small class=\"woocommerce-price-suffix\">IVA inc.<\/small><\/span>\n                                                                                    <\/div>\n                                    <\/div>\n\n                                <\/div>\n\n                                                       <\/div>\n                            <div class=\"slide-item ht-col-xs-12\">\n                                \n                                <div class=\"product-item  \">\n\n                                    <div class=\"product-inner\">\n                                        <div class=\"image-wrap\">\n                                            <a href=\"https:\/\/ifoffice.pt\/?product=pasta-de-arquivo-de-alavanca-elba-cartao-compacto-com-rado-din-a4-lombada-de-80-mm-preto\" class=\"image\">\n                                                <img loading=\"lazy\" decoding=\"async\" width=\"300\" height=\"229\" src=\"https:\/\/ifoffice.pt\/wp-content\/uploads\/2023\/03\/155299g-300x229.jpg\" class=\"attachment-woocommerce_thumbnail size-woocommerce_thumbnail\" alt=\"Pasta de arquivo de alavanca elba cartao compacto com rado din a4 lombada de 80 mm preto\" srcset=\"https:\/\/ifoffice.pt\/wp-content\/uploads\/2023\/03\/155299g-300x229.jpg 300w, https:\/\/ifoffice.pt\/wp-content\/uploads\/2023\/03\/155299g-768x585.jpg 768w, https:\/\/ifoffice.pt\/wp-content\/uploads\/2023\/03\/155299g-600x457.jpg 600w, https:\/\/ifoffice.pt\/wp-content\/uploads\/2023\/03\/155299g-64x49.jpg 64w, https:\/\/ifoffice.pt\/wp-content\/uploads\/2023\/03\/155299g.jpg 1000w\" sizes=\"(max-width: 300px) 100vw, 300px\" \/>                                            <\/a>\n                                                                                                                                        <div class=\"actions style_two\">\n                                                    <a href=\"\/index.php?rest_route=%2Fwp%2Fv2%2Fpages%2F56944&#038;add-to-cart=76751\" aria-describedby=\"woocommerce_loop_add_to_cart_link_describedby_76751\" data-quantity=\"1\" class=\"button product_type_simple add_to_cart_button ajax_add_to_cart\" data-product_id=\"76751\" data-product_sku=\"155299\" aria-label=\"Adiciona ao carrinho: &ldquo;Pasta de arquivo de alavanca elba cartao compacto com rado din a4 lombada de 80 mm preto&rdquo;\" rel=\"nofollow\" data-success_message=\"&ldquo;Pasta de arquivo de alavanca elba cartao compacto com rado din a4 lombada de 80 mm preto&rdquo; foi adicionado ao seu carrinho\" role=\"button\">Adicionar<\/a>\t<span id=\"woocommerce_loop_add_to_cart_link_describedby_76751\" class=\"screen-reader-text\">\n\t\t\t<\/span>\n<div class=\"tooltip_no wishlist button-default yith-wcwl-add-to-wishlist add-to-wishlist-76751\"><div class=\"yith-wcwl-add-button show\"><a href=\"https:\/\/ifoffice.pt\/?page_id=121&#038;wishlist-action\" data-product-id=\"76751\" data-product-type=\"simple\" class=\"add_to_wishlist\" aria-label=\"Wishlist\" rel=\"nofollow\"><i class=\"fa fa-heart-o\"><\/i><span class=\"ht-product-action-tooltip\">Adicionar \u00e0 lista de Desejos<\/span><\/a><i class=\"fa fa-spinner fa-pulse ajax-loading\" style=\"visibility:hidden\"><\/i><\/div><div class=\"yith-wcwl-wishlistaddedbrowse hide\" style=\"display:none;\"><a class=\"\" href=\"https:\/\/ifoffice.pt\/?page_id=121&#038;wishlist-action\" aria-label=\"Wishlist\" rel=\"nofollow\"><i class=\"fa fa-heart\"><\/i><span class=\"ht-product-action-tooltip\">Veja a sua lista de favoritos<\/span><\/a><\/div><div class=\"yith-wcwl-wishlistexistsbrowse hide\" style=\"display:none\"><a href=\"https:\/\/ifoffice.pt\/?page_id=121&#038;wishlist-action\" class=\"\" aria-label=\"Wishlist\" rel=\"nofollow\"><i class=\"fa fa-heart\"><\/i><span class=\"ht-product-action-tooltip\">Produto adicionado!<\/span><\/a><\/div><\/div>                                                <\/div>\n                                            \n                                            \n                                        <\/div>\n                                        \n                                        <div class=\"content\">\n                                            <h4 class=\"title\"><a href=\"https:\/\/ifoffice.pt\/?product=pasta-de-arquivo-de-alavanca-elba-cartao-compacto-com-rado-din-a4-lombada-de-80-mm-preto\">Pasta de arquivo de alavanca elba cartao compacto com rado din a4 lombada de 80 mm preto<\/a><\/h4>\n                                            \n\t<span class=\"price\"><span class=\"woocommerce-Price-amount amount\"><bdi><span class=\"woocommerce-Price-currencySymbol\">&euro;<\/span>5.94<\/bdi><\/span> <small class=\"woocommerce-price-suffix\">IVA inc.<\/small><\/span>\n                                                                                    <\/div>\n                                    <\/div>\n\n                                <\/div>\n\n                                                       <\/div>\n                            <div class=\"slide-item ht-col-xs-12\">\n                                \n                                <div class=\"product-item  \">\n\n                                    <div class=\"product-inner\">\n                                        <div class=\"image-wrap\">\n                                            <a href=\"https:\/\/ifoffice.pt\/?product=pastas-de-arquivo-de-alavanca-esselte-colour-ice-polifoam-din-a4-lombada-82-mm-cor-verde\" class=\"image\">\n                                                <img loading=\"lazy\" decoding=\"async\" width=\"300\" height=\"229\" src=\"https:\/\/ifoffice.pt\/wp-content\/uploads\/2023\/03\/153791g-300x229.jpg\" class=\"attachment-woocommerce_thumbnail size-woocommerce_thumbnail\" alt=\"Pastas de arquivo de alavanca esselte colour ice polifoam din a4 lombada 82 mm cor verde\" srcset=\"https:\/\/ifoffice.pt\/wp-content\/uploads\/2023\/03\/153791g-300x229.jpg 300w, https:\/\/ifoffice.pt\/wp-content\/uploads\/2023\/03\/153791g-64x49.jpg 64w, https:\/\/ifoffice.pt\/wp-content\/uploads\/2023\/03\/153791g.jpg 420w\" sizes=\"(max-width: 300px) 100vw, 300px\" \/>                                            <\/a>\n                                                                                                                                        <div class=\"actions style_two\">\n                                                    <a href=\"https:\/\/ifoffice.pt\/?product=pastas-de-arquivo-de-alavanca-esselte-colour-ice-polifoam-din-a4-lombada-82-mm-cor-verde\" aria-describedby=\"woocommerce_loop_add_to_cart_link_describedby_78087\" data-quantity=\"1\" class=\"button product_type_simple\" data-product_id=\"78087\" data-product_sku=\"153791\" aria-label=\"Leia mais sobre &ldquo;Pastas de arquivo de alavanca esselte colour ice polifoam din a4 lombada 82 mm cor verde&rdquo;\" rel=\"nofollow\" data-success_message=\"\">Ler mais<\/a>\t<span id=\"woocommerce_loop_add_to_cart_link_describedby_78087\" class=\"screen-reader-text\">\n\t\t\t<\/span>\n<div class=\"tooltip_no wishlist button-default yith-wcwl-add-to-wishlist add-to-wishlist-78087\"><div class=\"yith-wcwl-add-button show\"><a href=\"https:\/\/ifoffice.pt\/?page_id=121&#038;wishlist-action\" data-product-id=\"78087\" data-product-type=\"simple\" class=\"add_to_wishlist\" aria-label=\"Wishlist\" rel=\"nofollow\"><i class=\"fa fa-heart-o\"><\/i><span class=\"ht-product-action-tooltip\">Adicionar \u00e0 lista de Desejos<\/span><\/a><i class=\"fa fa-spinner fa-pulse ajax-loading\" style=\"visibility:hidden\"><\/i><\/div><div class=\"yith-wcwl-wishlistaddedbrowse hide\" style=\"display:none;\"><a class=\"\" href=\"https:\/\/ifoffice.pt\/?page_id=121&#038;wishlist-action\" aria-label=\"Wishlist\" rel=\"nofollow\"><i class=\"fa fa-heart\"><\/i><span class=\"ht-product-action-tooltip\">Veja a sua lista de favoritos<\/span><\/a><\/div><div class=\"yith-wcwl-wishlistexistsbrowse hide\" style=\"display:none\"><a href=\"https:\/\/ifoffice.pt\/?page_id=121&#038;wishlist-action\" class=\"\" aria-label=\"Wishlist\" rel=\"nofollow\"><i class=\"fa fa-heart\"><\/i><span class=\"ht-product-action-tooltip\">Produto adicionado!<\/span><\/a><\/div><\/div>                                                <\/div>\n                                            \n                                            \n                                        <\/div>\n                                        \n                                        <div class=\"content\">\n                                            <h4 class=\"title\"><a href=\"https:\/\/ifoffice.pt\/?product=pastas-de-arquivo-de-alavanca-esselte-colour-ice-polifoam-din-a4-lombada-82-mm-cor-verde\">Pastas de arquivo de alavanca esselte colour ice polifoam din a4 lombada 82 mm cor verde<\/a><\/h4>\n                                            \n\t<span class=\"price\"><span class=\"woocommerce-Price-amount amount\"><bdi><span class=\"woocommerce-Price-currencySymbol\">&euro;<\/span>11.41<\/bdi><\/span> <small class=\"woocommerce-price-suffix\">IVA inc.<\/small><\/span>\n                                                                                    <\/div>\n                                    <\/div>\n\n                                <\/div>\n\n                                                       <\/div>\n                            <div class=\"slide-item ht-col-xs-12\">\n                                \n                                <div class=\"product-item  \">\n\n                                    <div class=\"product-inner\">\n                                        <div class=\"image-wrap\">\n                                            <a href=\"https:\/\/ifoffice.pt\/?product=pastas-de-arquivo-de-alavanca-esselte-colour-ice-polipropileno-din-a4-lombada-82-mm-cor-verde\" class=\"image\">\n                                                <img loading=\"lazy\" decoding=\"async\" width=\"300\" height=\"229\" src=\"https:\/\/ifoffice.pt\/wp-content\/uploads\/2023\/03\/153787g-300x229.jpg\" class=\"attachment-woocommerce_thumbnail size-woocommerce_thumbnail\" alt=\"Pasta de arquivo de alavanca esselte colour ice polipropileno din a4 lombada 82 mm cor verde\" srcset=\"https:\/\/ifoffice.pt\/wp-content\/uploads\/2023\/03\/153787g-300x229.jpg 300w, https:\/\/ifoffice.pt\/wp-content\/uploads\/2023\/03\/153787g-64x49.jpg 64w, https:\/\/ifoffice.pt\/wp-content\/uploads\/2023\/03\/153787g.jpg 420w\" sizes=\"(max-width: 300px) 100vw, 300px\" \/>                                            <\/a>\n                                                                                                                                        <div class=\"actions style_two\">\n                                                    <a href=\"https:\/\/ifoffice.pt\/?product=pastas-de-arquivo-de-alavanca-esselte-colour-ice-polipropileno-din-a4-lombada-82-mm-cor-verde\" aria-describedby=\"woocommerce_loop_add_to_cart_link_describedby_78091\" data-quantity=\"1\" class=\"button product_type_simple\" data-product_id=\"78091\" data-product_sku=\"153787\" aria-label=\"Leia mais sobre &ldquo;Pasta de arquivo de alavanca esselte colour ice polipropileno din a4 lombada 82 mm cor verde&rdquo;\" rel=\"nofollow\" data-success_message=\"\">Ler mais<\/a>\t<span id=\"woocommerce_loop_add_to_cart_link_describedby_78091\" class=\"screen-reader-text\">\n\t\t\t<\/span>\n<div class=\"tooltip_no wishlist button-default yith-wcwl-add-to-wishlist add-to-wishlist-78091\"><div class=\"yith-wcwl-add-button show\"><a href=\"https:\/\/ifoffice.pt\/?page_id=121&#038;wishlist-action\" data-product-id=\"78091\" data-product-type=\"simple\" class=\"add_to_wishlist\" aria-label=\"Wishlist\" rel=\"nofollow\"><i class=\"fa fa-heart-o\"><\/i><span class=\"ht-product-action-tooltip\">Adicionar \u00e0 lista de Desejos<\/span><\/a><i class=\"fa fa-spinner fa-pulse ajax-loading\" style=\"visibility:hidden\"><\/i><\/div><div class=\"yith-wcwl-wishlistaddedbrowse hide\" style=\"display:none;\"><a class=\"\" href=\"https:\/\/ifoffice.pt\/?page_id=121&#038;wishlist-action\" aria-label=\"Wishlist\" rel=\"nofollow\"><i class=\"fa fa-heart\"><\/i><span class=\"ht-product-action-tooltip\">Veja a sua lista de favoritos<\/span><\/a><\/div><div class=\"yith-wcwl-wishlistexistsbrowse hide\" style=\"display:none\"><a href=\"https:\/\/ifoffice.pt\/?page_id=121&#038;wishlist-action\" class=\"\" aria-label=\"Wishlist\" rel=\"nofollow\"><i class=\"fa fa-heart\"><\/i><span class=\"ht-product-action-tooltip\">Produto adicionado!<\/span><\/a><\/div><\/div>                                                <\/div>\n                                            \n                                            \n                                        <\/div>\n                                        \n                                        <div class=\"content\">\n                                            <h4 class=\"title\"><a href=\"https:\/\/ifoffice.pt\/?product=pastas-de-arquivo-de-alavanca-esselte-colour-ice-polipropileno-din-a4-lombada-82-mm-cor-verde\">Pasta de arquivo de alavanca esselte colour ice polipropileno din a4 lombada 82 mm cor verde<\/a><\/h4>\n                                            \n\t<span class=\"price\"><span class=\"woocommerce-Price-amount amount\"><bdi><span class=\"woocommerce-Price-currencySymbol\">&euro;<\/span>6.08<\/bdi><\/span> <small class=\"woocommerce-price-suffix\">IVA inc.<\/small><\/span>\n                                                                                    <\/div>\n                                    <\/div>\n\n                                <\/div>\n\n                                                       <\/div>\n                            <div class=\"slide-item ht-col-xs-12\">\n                                \n                                <div class=\"product-item  \">\n\n                                    <div class=\"product-inner\">\n                                        <div class=\"image-wrap\">\n                                            <a href=\"https:\/\/ifoffice.pt\/?product=pastas-de-arquivo-de-alavanca-esselte-colour-ice-polipropileno-din-a4-lombada-82-mm-cor-azul\" class=\"image\">\n                                                <img loading=\"lazy\" decoding=\"async\" width=\"300\" height=\"229\" src=\"https:\/\/ifoffice.pt\/wp-content\/uploads\/2023\/03\/153786g-300x229.jpg\" class=\"attachment-woocommerce_thumbnail size-woocommerce_thumbnail\" alt=\"Pasta de arquivo de alavanca esselte colour ice polipropileno din a4 lombada 82 mm cor azul\" srcset=\"https:\/\/ifoffice.pt\/wp-content\/uploads\/2023\/03\/153786g-300x229.jpg 300w, https:\/\/ifoffice.pt\/wp-content\/uploads\/2023\/03\/153786g-64x49.jpg 64w, https:\/\/ifoffice.pt\/wp-content\/uploads\/2023\/03\/153786g.jpg 420w\" sizes=\"(max-width: 300px) 100vw, 300px\" \/>                                            <\/a>\n                                                                                                                                        <div class=\"actions style_two\">\n                                                    <a href=\"https:\/\/ifoffice.pt\/?product=pastas-de-arquivo-de-alavanca-esselte-colour-ice-polipropileno-din-a4-lombada-82-mm-cor-azul\" aria-describedby=\"woocommerce_loop_add_to_cart_link_describedby_78092\" data-quantity=\"1\" class=\"button product_type_simple\" data-product_id=\"78092\" data-product_sku=\"153786\" aria-label=\"Leia mais sobre &ldquo;Pasta de arquivo de alavanca esselte colour ice polipropileno din a4 lombada 82 mm cor azul&rdquo;\" rel=\"nofollow\" data-success_message=\"\">Ler mais<\/a>\t<span id=\"woocommerce_loop_add_to_cart_link_describedby_78092\" class=\"screen-reader-text\">\n\t\t\t<\/span>\n<div class=\"tooltip_no wishlist button-default yith-wcwl-add-to-wishlist add-to-wishlist-78092\"><div class=\"yith-wcwl-add-button show\"><a href=\"https:\/\/ifoffice.pt\/?page_id=121&#038;wishlist-action\" data-product-id=\"78092\" data-product-type=\"simple\" class=\"add_to_wishlist\" aria-label=\"Wishlist\" rel=\"nofollow\"><i class=\"fa fa-heart-o\"><\/i><span class=\"ht-product-action-tooltip\">Adicionar \u00e0 lista de Desejos<\/span><\/a><i class=\"fa fa-spinner fa-pulse ajax-loading\" style=\"visibility:hidden\"><\/i><\/div><div class=\"yith-wcwl-wishlistaddedbrowse hide\" style=\"display:none;\"><a class=\"\" href=\"https:\/\/ifoffice.pt\/?page_id=121&#038;wishlist-action\" aria-label=\"Wishlist\" rel=\"nofollow\"><i class=\"fa fa-heart\"><\/i><span class=\"ht-product-action-tooltip\">Veja a sua lista de favoritos<\/span><\/a><\/div><div class=\"yith-wcwl-wishlistexistsbrowse hide\" style=\"display:none\"><a href=\"https:\/\/ifoffice.pt\/?page_id=121&#038;wishlist-action\" class=\"\" aria-label=\"Wishlist\" rel=\"nofollow\"><i class=\"fa fa-heart\"><\/i><span class=\"ht-product-action-tooltip\">Produto adicionado!<\/span><\/a><\/div><\/div>                                                <\/div>\n                                            \n                                            \n                                        <\/div>\n                                        \n                                        <div class=\"content\">\n                                            <h4 class=\"title\"><a href=\"https:\/\/ifoffice.pt\/?product=pastas-de-arquivo-de-alavanca-esselte-colour-ice-polipropileno-din-a4-lombada-82-mm-cor-azul\">Pasta de arquivo de alavanca esselte colour ice polipropileno din a4 lombada 82 mm cor azul<\/a><\/h4>\n                                            \n\t<span class=\"price\"><span class=\"woocommerce-Price-amount amount\"><bdi><span class=\"woocommerce-Price-currencySymbol\">&euro;<\/span>6.08<\/bdi><\/span> <small class=\"woocommerce-price-suffix\">IVA inc.<\/small><\/span>\n                                                                                    <\/div>\n                                    <\/div>\n\n                                <\/div>\n\n                                                       <\/div>\n                            <div class=\"slide-item ht-col-xs-12\">\n                                \n                                <div class=\"product-item  \">\n\n                                    <div class=\"product-inner\">\n                                        <div class=\"image-wrap\">\n                                            <a href=\"https:\/\/ifoffice.pt\/?product=pastas-de-arquivo-de-alavanca-esselte-colour-ice-polipropileno-din-a4-lombada-82-mm-cor-damasco\" class=\"image\">\n                                                <img loading=\"lazy\" decoding=\"async\" width=\"300\" height=\"229\" src=\"https:\/\/ifoffice.pt\/wp-content\/uploads\/2023\/03\/153785g-300x229.jpg\" class=\"attachment-woocommerce_thumbnail size-woocommerce_thumbnail\" alt=\"Pastas de arquivo de alavanca esselte colour ice polipropileno din a4 lombada 82 mm cor damasco\" srcset=\"https:\/\/ifoffice.pt\/wp-content\/uploads\/2023\/03\/153785g-300x229.jpg 300w, https:\/\/ifoffice.pt\/wp-content\/uploads\/2023\/03\/153785g-64x49.jpg 64w, https:\/\/ifoffice.pt\/wp-content\/uploads\/2023\/03\/153785g.jpg 420w\" sizes=\"(max-width: 300px) 100vw, 300px\" \/>                                            <\/a>\n                                                                                                                                        <div class=\"actions style_two\">\n                                                    <a href=\"https:\/\/ifoffice.pt\/?product=pastas-de-arquivo-de-alavanca-esselte-colour-ice-polipropileno-din-a4-lombada-82-mm-cor-damasco\" aria-describedby=\"woocommerce_loop_add_to_cart_link_describedby_78093\" data-quantity=\"1\" class=\"button product_type_simple\" data-product_id=\"78093\" data-product_sku=\"153785\" aria-label=\"Leia mais sobre &ldquo;Pastas de arquivo de alavanca esselte colour ice polipropileno din a4 lombada 82 mm cor damasco&rdquo;\" rel=\"nofollow\" data-success_message=\"\">Ler mais<\/a>\t<span id=\"woocommerce_loop_add_to_cart_link_describedby_78093\" class=\"screen-reader-text\">\n\t\t\t<\/span>\n<div class=\"tooltip_no wishlist button-default yith-wcwl-add-to-wishlist add-to-wishlist-78093\"><div class=\"yith-wcwl-add-button show\"><a href=\"https:\/\/ifoffice.pt\/?page_id=121&#038;wishlist-action\" data-product-id=\"78093\" data-product-type=\"simple\" class=\"add_to_wishlist\" aria-label=\"Wishlist\" rel=\"nofollow\"><i class=\"fa fa-heart-o\"><\/i><span class=\"ht-product-action-tooltip\">Adicionar \u00e0 lista de Desejos<\/span><\/a><i class=\"fa fa-spinner fa-pulse ajax-loading\" style=\"visibility:hidden\"><\/i><\/div><div class=\"yith-wcwl-wishlistaddedbrowse hide\" style=\"display:none;\"><a class=\"\" href=\"https:\/\/ifoffice.pt\/?page_id=121&#038;wishlist-action\" aria-label=\"Wishlist\" rel=\"nofollow\"><i class=\"fa fa-heart\"><\/i><span class=\"ht-product-action-tooltip\">Veja a sua lista de favoritos<\/span><\/a><\/div><div class=\"yith-wcwl-wishlistexistsbrowse hide\" style=\"display:none\"><a href=\"https:\/\/ifoffice.pt\/?page_id=121&#038;wishlist-action\" class=\"\" aria-label=\"Wishlist\" rel=\"nofollow\"><i class=\"fa fa-heart\"><\/i><span class=\"ht-product-action-tooltip\">Produto adicionado!<\/span><\/a><\/div><\/div>                                                <\/div>\n                                            \n                                            \n                                        <\/div>\n                                        \n                                        <div class=\"content\">\n                                            <h4 class=\"title\"><a href=\"https:\/\/ifoffice.pt\/?product=pastas-de-arquivo-de-alavanca-esselte-colour-ice-polipropileno-din-a4-lombada-82-mm-cor-damasco\">Pastas de arquivo de alavanca esselte colour ice polipropileno din a4 lombada 82 mm cor damasco<\/a><\/h4>\n                                            \n\t<span class=\"price\"><span class=\"woocommerce-Price-amount amount\"><bdi><span class=\"woocommerce-Price-currencySymbol\">&euro;<\/span>4.87<\/bdi><\/span> <small class=\"woocommerce-price-suffix\">IVA inc.<\/small><\/span>\n                                                                                    <\/div>\n                                    <\/div>\n\n                                <\/div>\n\n                                                       <\/div>\n                    <\/div>                <\/div>\n            \n        <\/div>  \n\n\n        \t\t\t\t<\/div>\n\t\t\t\t<\/div>\n\t\t\t\t<div class=\"elementor-element elementor-element-8c8ebe2 elementor-align-center elementor-mobile-align-center elementor-widget elementor-widget-button\" data-id=\"8c8ebe2\" data-element_type=\"widget\" data-e-type=\"widget\" data-widget_type=\"button.default\">\n\t\t\t\t<div class=\"elementor-widget-container\">\n\t\t\t\t\t\t\t\t\t<div class=\"elementor-button-wrapper\">\n\t\t\t\t\t<a class=\"elementor-button elementor-button-link elementor-size-md elementor-animation-shrink\" href=\"https:\/\/ifoffice.pt\/?product_tag=pastas-de-arquivo\">\n\t\t\t\t\t\t<span class=\"elementor-button-content-wrapper\">\n\t\t\t\t\t\t\t\t\t<span class=\"elementor-button-text\">Ver Pastas de Arquivo <\/span>\n\t\t\t\t\t<\/span>\n\t\t\t\t\t<\/a>\n\t\t\t\t<\/div>\n\t\t\t\t\t\t\t\t<\/div>\n\t\t\t\t<\/div>\n\t\t\t\t\t<\/div>\n\t\t<\/div>\n\t\t\t\t\t<\/div>\n\t\t<\/section>\n\t\t\t\t<section class=\"elementor-section elementor-top-section elementor-element elementor-element-d7c3026 elementor-section-full_width animated-slow elementor-hidden-desktop elementor-section-height-default elementor-section-height-default wpr-particle-no wpr-jarallax-no wpr-parallax-no wpr-sticky-section-no wpr-equal-height-no elementor-invisible\" data-id=\"d7c3026\" data-element_type=\"section\" data-e-type=\"section\" data-settings=\"{&quot;animation&quot;:&quot;fadeIn&quot;}\">\n\t\t\t\t\t\t<div class=\"elementor-container elementor-column-gap-default\">\n\t\t\t\t\t<div class=\"elementor-column elementor-col-50 elementor-top-column elementor-element elementor-element-bc26cf2\" data-id=\"bc26cf2\" data-element_type=\"column\" data-e-type=\"column\" data-settings=\"{&quot;background_background&quot;:&quot;classic&quot;}\">\n\t\t\t<div class=\"elementor-widget-wrap elementor-element-populated\">\n\t\t\t\t\t<div class=\"elementor-background-overlay\"><\/div>\n\t\t\t\t\t\t<div class=\"elementor-element elementor-element-770a7e6 elementor-widget elementor-widget-heading\" data-id=\"770a7e6\" data-element_type=\"widget\" data-e-type=\"widget\" data-widget_type=\"heading.default\">\n\t\t\t\t<div class=\"elementor-widget-container\">\n\t\t\t\t\t<h2 class=\"elementor-heading-title elementor-size-default\">Tinteiros Originais<\/h2>\t\t\t\t<\/div>\n\t\t\t\t<\/div>\n\t\t\t\t\t<\/div>\n\t\t<\/div>\n\t\t\t\t<div class=\"elementor-column elementor-col-50 elementor-top-column elementor-element elementor-element-fd97206\" data-id=\"fd97206\" data-element_type=\"column\" data-e-type=\"column\">\n\t\t\t<div class=\"elementor-widget-wrap elementor-element-populated\">\n\t\t\t\t\t\t<div class=\"elementor-element elementor-element-505e49b elementor-widget elementor-widget-woolentor-product-tab\" data-id=\"505e49b\" data-element_type=\"widget\" data-e-type=\"widget\" data-widget_type=\"woolentor-product-tab.default\">\n\t\t\t\t<div class=\"elementor-widget-container\">\n\t\t\t\t\t          \n        <div class=\"product-style\">\n\n            \n                            <div class=\"ht-row\">\n                    <div id=\"product-slider-69f5379a2de63\" dir=\"ltr\" class=\"product-slider\" style='display:none' data-settings='{\"arrows\":true,\"dots\":false,\"autoplay\":true,\"autoplay_speed\":3000,\"animation_speed\":400,\"pause_on_hover\":true,\"rtl\":false,\"product_items\":5,\"scroll_columns\":2,\"tablet_width\":750,\"tablet_display_columns\":2,\"tablet_scroll_columns\":2,\"mobile_width\":480,\"mobile_display_columns\":1,\"mobile_scroll_columns\":1}'>\n                        <div class=\"slide-item ht-col-xs-12\">\n                            \n                                <div class=\"product-item  \">\n\n                                    <div class=\"product-inner\">\n                                        <div class=\"image-wrap\">\n                                            <a href=\"https:\/\/ifoffice.pt\/?product=tinteiro-hp-xl-cn625ae-x451dn-x451dw-551dw-x476dn-x476dw-x576dw-preto-9-200pag\" class=\"image\">\n                                                <img loading=\"lazy\" decoding=\"async\" width=\"300\" height=\"229\" src=\"https:\/\/ifoffice.pt\/wp-content\/uploads\/2023\/03\/72881g-300x229.jpg\" class=\"attachment-woocommerce_thumbnail size-woocommerce_thumbnail\" alt=\"Tinteiro hp xl cn625ae x451dn x451dw\/551dw x476dn x476dw x576dw preto 9.200pag\" srcset=\"https:\/\/ifoffice.pt\/wp-content\/uploads\/2023\/03\/72881g-300x229.jpg 300w, https:\/\/ifoffice.pt\/wp-content\/uploads\/2023\/03\/72881g-64x49.jpg 64w, https:\/\/ifoffice.pt\/wp-content\/uploads\/2023\/03\/72881g.jpg 420w\" sizes=\"(max-width: 300px) 100vw, 300px\" \/>                                            <\/a>\n                                                                                                                                        <div class=\"actions style_two\">\n                                                    <a href=\"\/index.php?rest_route=%2Fwp%2Fv2%2Fpages%2F56944&#038;add-to-cart=84993\" aria-describedby=\"woocommerce_loop_add_to_cart_link_describedby_84993\" data-quantity=\"1\" class=\"button product_type_simple add_to_cart_button ajax_add_to_cart\" data-product_id=\"84993\" data-product_sku=\"72881\" aria-label=\"Adiciona ao carrinho: &ldquo;Tinteiro hp xl cn625ae x451dn x451dw\/551dw x476dn x476dw x576dw preto 9.200pag&rdquo;\" rel=\"nofollow\" data-success_message=\"&ldquo;Tinteiro hp xl cn625ae x451dn x451dw\/551dw x476dn x476dw x576dw preto 9.200pag&rdquo; foi adicionado ao seu carrinho\" role=\"button\">Adicionar<\/a>\t<span id=\"woocommerce_loop_add_to_cart_link_describedby_84993\" class=\"screen-reader-text\">\n\t\t\t<\/span>\n<div class=\"tooltip_no wishlist button-default yith-wcwl-add-to-wishlist add-to-wishlist-84993\"><div class=\"yith-wcwl-add-button show\"><a href=\"https:\/\/ifoffice.pt\/?page_id=121&#038;wishlist-action\" data-product-id=\"84993\" data-product-type=\"simple\" class=\"add_to_wishlist\" aria-label=\"Wishlist\" rel=\"nofollow\"><i class=\"fa fa-heart-o\"><\/i><span class=\"ht-product-action-tooltip\">Adicionar \u00e0 lista de Desejos<\/span><\/a><i class=\"fa fa-spinner fa-pulse ajax-loading\" style=\"visibility:hidden\"><\/i><\/div><div class=\"yith-wcwl-wishlistaddedbrowse hide\" style=\"display:none;\"><a class=\"\" href=\"https:\/\/ifoffice.pt\/?page_id=121&#038;wishlist-action\" aria-label=\"Wishlist\" rel=\"nofollow\"><i class=\"fa fa-heart\"><\/i><span class=\"ht-product-action-tooltip\">Veja a sua lista de favoritos<\/span><\/a><\/div><div class=\"yith-wcwl-wishlistexistsbrowse hide\" style=\"display:none\"><a href=\"https:\/\/ifoffice.pt\/?page_id=121&#038;wishlist-action\" class=\"\" aria-label=\"Wishlist\" rel=\"nofollow\"><i class=\"fa fa-heart\"><\/i><span class=\"ht-product-action-tooltip\">Produto adicionado!<\/span><\/a><\/div><\/div>                                                <\/div>\n                                            \n                                            \n                                        <\/div>\n                                        \n                                        <div class=\"content\">\n                                            <h4 class=\"title\"><a href=\"https:\/\/ifoffice.pt\/?product=tinteiro-hp-xl-cn625ae-x451dn-x451dw-551dw-x476dn-x476dw-x576dw-preto-9-200pag\">Tinteiro hp xl cn625ae x451dn x451dw\/551dw x476dn x476dw x576dw preto 9.200pag<\/a><\/h4>\n                                            \n\t<span class=\"price\"><span class=\"woocommerce-Price-amount amount\"><bdi><span class=\"woocommerce-Price-currencySymbol\">&euro;<\/span>260.40<\/bdi><\/span> <small class=\"woocommerce-price-suffix\">IVA inc.<\/small><\/span>\n                                                                                    <\/div>\n                                    <\/div>\n\n                                <\/div>\n\n                                                       <\/div>\n                            <div class=\"slide-item ht-col-xs-12\">\n                                \n                                <div class=\"product-item  \">\n\n                                    <div class=\"product-inner\">\n                                        <div class=\"image-wrap\">\n                                            <a href=\"https:\/\/ifoffice.pt\/?product=tinteiro-epson-603-xp-2100-2105-3100-4100-wf-2810-2830-2835-2850-magenta-130-paginas\" class=\"image\">\n                                                <img loading=\"lazy\" decoding=\"async\" width=\"300\" height=\"229\" src=\"https:\/\/ifoffice.pt\/wp-content\/uploads\/2023\/03\/156636g-300x229.jpg\" class=\"attachment-woocommerce_thumbnail size-woocommerce_thumbnail\" alt=\"Tinteiro hp 963 xl officejet pro 9010 \/ 9020 \/ 9022 \/ 9023 \/ 9025 magenta 1600 paginas\" srcset=\"https:\/\/ifoffice.pt\/wp-content\/uploads\/2023\/03\/156636g-300x229.jpg 300w, https:\/\/ifoffice.pt\/wp-content\/uploads\/2023\/03\/156636g-64x49.jpg 64w, https:\/\/ifoffice.pt\/wp-content\/uploads\/2023\/03\/156636g.jpg 420w\" sizes=\"(max-width: 300px) 100vw, 300px\" \/>                                            <\/a>\n                                                                                                                                        <div class=\"actions style_two\">\n                                                    <a href=\"\/index.php?rest_route=%2Fwp%2Fv2%2Fpages%2F56944&#038;add-to-cart=74860\" aria-describedby=\"woocommerce_loop_add_to_cart_link_describedby_74860\" data-quantity=\"1\" class=\"button product_type_simple add_to_cart_button ajax_add_to_cart\" data-product_id=\"74860\" data-product_sku=\"156636\" aria-label=\"Adiciona ao carrinho: &ldquo;Tinteiro hp 963 xl officejet pro 9010 \/ 9020 \/ 9022 \/ 9023 \/ 9025 magenta 1600 paginas&rdquo;\" rel=\"nofollow\" data-success_message=\"&ldquo;Tinteiro hp 963 xl officejet pro 9010 \/ 9020 \/ 9022 \/ 9023 \/ 9025 magenta 1600 paginas&rdquo; foi adicionado ao seu carrinho\" role=\"button\">Adicionar<\/a>\t<span id=\"woocommerce_loop_add_to_cart_link_describedby_74860\" class=\"screen-reader-text\">\n\t\t\t<\/span>\n<div class=\"tooltip_no wishlist button-default yith-wcwl-add-to-wishlist add-to-wishlist-74860\"><div class=\"yith-wcwl-add-button show\"><a href=\"https:\/\/ifoffice.pt\/?page_id=121&#038;wishlist-action\" data-product-id=\"74860\" data-product-type=\"simple\" class=\"add_to_wishlist\" aria-label=\"Wishlist\" rel=\"nofollow\"><i class=\"fa fa-heart-o\"><\/i><span class=\"ht-product-action-tooltip\">Adicionar \u00e0 lista de Desejos<\/span><\/a><i class=\"fa fa-spinner fa-pulse ajax-loading\" style=\"visibility:hidden\"><\/i><\/div><div class=\"yith-wcwl-wishlistaddedbrowse hide\" style=\"display:none;\"><a class=\"\" href=\"https:\/\/ifoffice.pt\/?page_id=121&#038;wishlist-action\" aria-label=\"Wishlist\" rel=\"nofollow\"><i class=\"fa fa-heart\"><\/i><span class=\"ht-product-action-tooltip\">Veja a sua lista de favoritos<\/span><\/a><\/div><div class=\"yith-wcwl-wishlistexistsbrowse hide\" style=\"display:none\"><a href=\"https:\/\/ifoffice.pt\/?page_id=121&#038;wishlist-action\" class=\"\" aria-label=\"Wishlist\" rel=\"nofollow\"><i class=\"fa fa-heart\"><\/i><span class=\"ht-product-action-tooltip\">Produto adicionado!<\/span><\/a><\/div><\/div>                                                <\/div>\n                                            \n                                            \n                                        <\/div>\n                                        \n                                        <div class=\"content\">\n                                            <h4 class=\"title\"><a href=\"https:\/\/ifoffice.pt\/?product=tinteiro-epson-603-xp-2100-2105-3100-4100-wf-2810-2830-2835-2850-magenta-130-paginas\">Tinteiro hp 963 xl officejet pro 9010 \/ 9020 \/ 9022 \/ 9023 \/ 9025 magenta 1600 paginas<\/a><\/h4>\n                                            \n\t<span class=\"price\"><span class=\"woocommerce-Price-amount amount\"><bdi><span class=\"woocommerce-Price-currencySymbol\">&euro;<\/span>66.51<\/bdi><\/span> <small class=\"woocommerce-price-suffix\">IVA inc.<\/small><\/span>\n                                                                                    <\/div>\n                                    <\/div>\n\n                                <\/div>\n\n                                                       <\/div>\n                            <div class=\"slide-item ht-col-xs-12\">\n                                \n                                <div class=\"product-item  \">\n\n                                    <div class=\"product-inner\">\n                                        <div class=\"image-wrap\">\n                                            <a href=\"https:\/\/ifoffice.pt\/?product=tinteiro-brother-lc22uybp-xl-dcp-j785dw-dcp-j785dwxl-mfc-j985dw-mfc-j985dw-amarelo-1-200-pag\" class=\"image\">\n                                                <img loading=\"lazy\" decoding=\"async\" width=\"300\" height=\"229\" src=\"https:\/\/ifoffice.pt\/wp-content\/uploads\/2023\/03\/154548g-300x229.jpg\" class=\"attachment-woocommerce_thumbnail size-woocommerce_thumbnail\" alt=\"Tinteiro brother lc22uybp xl dcp-j785dw \/ dcp-j785dwxl \/ mfc-j985dw \/ mfc-j985dw amarelo 1.200 pag\" srcset=\"https:\/\/ifoffice.pt\/wp-content\/uploads\/2023\/03\/154548g-300x229.jpg 300w, https:\/\/ifoffice.pt\/wp-content\/uploads\/2023\/03\/154548g-64x49.jpg 64w, https:\/\/ifoffice.pt\/wp-content\/uploads\/2023\/03\/154548g.jpg 420w\" sizes=\"(max-width: 300px) 100vw, 300px\" \/>                                            <\/a>\n                                                                                                                                        <div class=\"actions style_two\">\n                                                    <a href=\"\/index.php?rest_route=%2Fwp%2Fv2%2Fpages%2F56944&#038;add-to-cart=77435\" aria-describedby=\"woocommerce_loop_add_to_cart_link_describedby_77435\" data-quantity=\"1\" class=\"button product_type_simple add_to_cart_button ajax_add_to_cart\" data-product_id=\"77435\" data-product_sku=\"154548\" aria-label=\"Adiciona ao carrinho: &ldquo;Tinteiro brother lc22uybp xl dcp-j785dw \/ dcp-j785dwxl \/ mfc-j985dw \/ mfc-j985dw amarelo 1.200 pag&rdquo;\" rel=\"nofollow\" data-success_message=\"&ldquo;Tinteiro brother lc22uybp xl dcp-j785dw \/ dcp-j785dwxl \/ mfc-j985dw \/ mfc-j985dw amarelo 1.200 pag&rdquo; foi adicionado ao seu carrinho\" role=\"button\">Adicionar<\/a>\t<span id=\"woocommerce_loop_add_to_cart_link_describedby_77435\" class=\"screen-reader-text\">\n\t\t\t<\/span>\n<div class=\"tooltip_no wishlist button-default yith-wcwl-add-to-wishlist add-to-wishlist-77435\"><div class=\"yith-wcwl-add-button show\"><a href=\"https:\/\/ifoffice.pt\/?page_id=121&#038;wishlist-action\" data-product-id=\"77435\" data-product-type=\"simple\" class=\"add_to_wishlist\" aria-label=\"Wishlist\" rel=\"nofollow\"><i class=\"fa fa-heart-o\"><\/i><span class=\"ht-product-action-tooltip\">Adicionar \u00e0 lista de Desejos<\/span><\/a><i class=\"fa fa-spinner fa-pulse ajax-loading\" style=\"visibility:hidden\"><\/i><\/div><div class=\"yith-wcwl-wishlistaddedbrowse hide\" style=\"display:none;\"><a class=\"\" href=\"https:\/\/ifoffice.pt\/?page_id=121&#038;wishlist-action\" aria-label=\"Wishlist\" rel=\"nofollow\"><i class=\"fa fa-heart\"><\/i><span class=\"ht-product-action-tooltip\">Veja a sua lista de favoritos<\/span><\/a><\/div><div class=\"yith-wcwl-wishlistexistsbrowse hide\" style=\"display:none\"><a href=\"https:\/\/ifoffice.pt\/?page_id=121&#038;wishlist-action\" class=\"\" aria-label=\"Wishlist\" rel=\"nofollow\"><i class=\"fa fa-heart\"><\/i><span class=\"ht-product-action-tooltip\">Produto adicionado!<\/span><\/a><\/div><\/div>                                                <\/div>\n                                            \n                                            \n                                        <\/div>\n                                        \n                                        <div class=\"content\">\n                                            <h4 class=\"title\"><a href=\"https:\/\/ifoffice.pt\/?product=tinteiro-brother-lc22uybp-xl-dcp-j785dw-dcp-j785dwxl-mfc-j985dw-mfc-j985dw-amarelo-1-200-pag\">Tinteiro brother lc22uybp xl dcp-j785dw \/ dcp-j785dwxl \/ mfc-j985dw \/ mfc-j985dw amarelo 1.200 pag<\/a><\/h4>\n                                            \n\t<span class=\"price\"><span class=\"woocommerce-Price-amount amount\"><bdi><span class=\"woocommerce-Price-currencySymbol\">&euro;<\/span>22.31<\/bdi><\/span> <small class=\"woocommerce-price-suffix\">IVA inc.<\/small><\/span>\n                                                                                    <\/div>\n                                    <\/div>\n\n                                <\/div>\n\n                                                       <\/div>\n                            <div class=\"slide-item ht-col-xs-12\">\n                                \n                                <div class=\"product-item  \">\n\n                                    <div class=\"product-inner\">\n                                        <div class=\"image-wrap\">\n                                            <a href=\"https:\/\/ifoffice.pt\/?product=tinteiro-hp-n-711-designjet-t120-t520-preto-80-ml\" class=\"image\">\n                                                <img loading=\"lazy\" decoding=\"async\" width=\"300\" height=\"229\" src=\"https:\/\/ifoffice.pt\/wp-content\/uploads\/2023\/03\/150280g-300x229.jpg\" class=\"attachment-woocommerce_thumbnail size-woocommerce_thumbnail\" alt=\"Tinteiro hp 711 designjet t120 \/ t520 preto 80 ml\" srcset=\"https:\/\/ifoffice.pt\/wp-content\/uploads\/2023\/03\/150280g-300x229.jpg 300w, https:\/\/ifoffice.pt\/wp-content\/uploads\/2023\/03\/150280g-64x49.jpg 64w, https:\/\/ifoffice.pt\/wp-content\/uploads\/2023\/03\/150280g.jpg 420w\" sizes=\"(max-width: 300px) 100vw, 300px\" \/>                                            <\/a>\n                                                                                                                                        <div class=\"actions style_two\">\n                                                    <a href=\"\/index.php?rest_route=%2Fwp%2Fv2%2Fpages%2F56944&#038;add-to-cart=79933\" aria-describedby=\"woocommerce_loop_add_to_cart_link_describedby_79933\" data-quantity=\"1\" class=\"button product_type_simple add_to_cart_button ajax_add_to_cart\" data-product_id=\"79933\" data-product_sku=\"150280\" aria-label=\"Adiciona ao carrinho: &ldquo;Tinteiro hp 711 designjet t120 \/ t520 preto 80 ml&rdquo;\" rel=\"nofollow\" data-success_message=\"&ldquo;Tinteiro hp 711 designjet t120 \/ t520 preto 80 ml&rdquo; foi adicionado ao seu carrinho\" role=\"button\">Adicionar<\/a>\t<span id=\"woocommerce_loop_add_to_cart_link_describedby_79933\" class=\"screen-reader-text\">\n\t\t\t<\/span>\n<div class=\"tooltip_no wishlist button-default yith-wcwl-add-to-wishlist add-to-wishlist-79933\"><div class=\"yith-wcwl-add-button show\"><a href=\"https:\/\/ifoffice.pt\/?page_id=121&#038;wishlist-action\" data-product-id=\"79933\" data-product-type=\"simple\" class=\"add_to_wishlist\" aria-label=\"Wishlist\" rel=\"nofollow\"><i class=\"fa fa-heart-o\"><\/i><span class=\"ht-product-action-tooltip\">Adicionar \u00e0 lista de Desejos<\/span><\/a><i class=\"fa fa-spinner fa-pulse ajax-loading\" style=\"visibility:hidden\"><\/i><\/div><div class=\"yith-wcwl-wishlistaddedbrowse hide\" style=\"display:none;\"><a class=\"\" href=\"https:\/\/ifoffice.pt\/?page_id=121&#038;wishlist-action\" aria-label=\"Wishlist\" rel=\"nofollow\"><i class=\"fa fa-heart\"><\/i><span class=\"ht-product-action-tooltip\">Veja a sua lista de favoritos<\/span><\/a><\/div><div class=\"yith-wcwl-wishlistexistsbrowse hide\" style=\"display:none\"><a href=\"https:\/\/ifoffice.pt\/?page_id=121&#038;wishlist-action\" class=\"\" aria-label=\"Wishlist\" rel=\"nofollow\"><i class=\"fa fa-heart\"><\/i><span class=\"ht-product-action-tooltip\">Produto adicionado!<\/span><\/a><\/div><\/div>                                                <\/div>\n                                            \n                                            \n                                        <\/div>\n                                        \n                                        <div class=\"content\">\n                                            <h4 class=\"title\"><a href=\"https:\/\/ifoffice.pt\/?product=tinteiro-hp-n-711-designjet-t120-t520-preto-80-ml\">Tinteiro hp 711 designjet t120 \/ t520 preto 80 ml<\/a><\/h4>\n                                            \n\t<span class=\"price\"><span class=\"woocommerce-Price-amount amount\"><bdi><span class=\"woocommerce-Price-currencySymbol\">&euro;<\/span>133.97<\/bdi><\/span> <small class=\"woocommerce-price-suffix\">IVA inc.<\/small><\/span>\n                                                                                    <\/div>\n                                    <\/div>\n\n                                <\/div>\n\n                                                       <\/div>\n                            <div class=\"slide-item ht-col-xs-12\">\n                                \n                                <div class=\"product-item  \">\n\n                                    <div class=\"product-inner\">\n                                        <div class=\"image-wrap\">\n                                            <a href=\"https:\/\/ifoffice.pt\/?product=tinta-epson-t6644-et2500-2550-14000-l475-565-575-expression-et-2550-2550-workforce-et4500-amarelo-garrafa-70-ml-6500-pag\" class=\"image\">\n                                                <img loading=\"lazy\" decoding=\"async\" width=\"300\" height=\"229\" src=\"https:\/\/ifoffice.pt\/wp-content\/uploads\/2023\/03\/79856g-300x229.jpg\" class=\"attachment-woocommerce_thumbnail size-woocommerce_thumbnail\" alt=\"Tinta epson t6644 et2500\/2550\/14000\/l475\/565\/575 expression et-2550\/2550 workforce et4500 amarelo garrafa 70 ml 6500 pag\" srcset=\"https:\/\/ifoffice.pt\/wp-content\/uploads\/2023\/03\/79856g-300x229.jpg 300w, https:\/\/ifoffice.pt\/wp-content\/uploads\/2023\/03\/79856g-64x49.jpg 64w, https:\/\/ifoffice.pt\/wp-content\/uploads\/2023\/03\/79856g.jpg 420w\" sizes=\"(max-width: 300px) 100vw, 300px\" \/>                                            <\/a>\n                                                                                                                                        <div class=\"actions style_two\">\n                                                    <a href=\"\/index.php?rest_route=%2Fwp%2Fv2%2Fpages%2F56944&#038;add-to-cart=80960\" aria-describedby=\"woocommerce_loop_add_to_cart_link_describedby_80960\" data-quantity=\"1\" class=\"button product_type_simple add_to_cart_button ajax_add_to_cart\" data-product_id=\"80960\" data-product_sku=\"79856\" aria-label=\"Adiciona ao carrinho: &ldquo;Tinta epson t6644 et2500\/2550\/14000\/l475\/565\/575 expression et-2550\/2550 workforce et4500 amarelo garrafa 70 ml 6500 pag&rdquo;\" rel=\"nofollow\" data-success_message=\"&ldquo;Tinta epson t6644 et2500\/2550\/14000\/l475\/565\/575 expression et-2550\/2550 workforce et4500 amarelo garrafa 70 ml 6500 pag&rdquo; foi adicionado ao seu carrinho\" role=\"button\">Adicionar<\/a>\t<span id=\"woocommerce_loop_add_to_cart_link_describedby_80960\" class=\"screen-reader-text\">\n\t\t\t<\/span>\n<div class=\"tooltip_no wishlist button-default yith-wcwl-add-to-wishlist add-to-wishlist-80960\"><div class=\"yith-wcwl-add-button show\"><a href=\"https:\/\/ifoffice.pt\/?page_id=121&#038;wishlist-action\" data-product-id=\"80960\" data-product-type=\"simple\" class=\"add_to_wishlist\" aria-label=\"Wishlist\" rel=\"nofollow\"><i class=\"fa fa-heart-o\"><\/i><span class=\"ht-product-action-tooltip\">Adicionar \u00e0 lista de Desejos<\/span><\/a><i class=\"fa fa-spinner fa-pulse ajax-loading\" style=\"visibility:hidden\"><\/i><\/div><div class=\"yith-wcwl-wishlistaddedbrowse hide\" style=\"display:none;\"><a class=\"\" href=\"https:\/\/ifoffice.pt\/?page_id=121&#038;wishlist-action\" aria-label=\"Wishlist\" rel=\"nofollow\"><i class=\"fa fa-heart\"><\/i><span class=\"ht-product-action-tooltip\">Veja a sua lista de favoritos<\/span><\/a><\/div><div class=\"yith-wcwl-wishlistexistsbrowse hide\" style=\"display:none\"><a href=\"https:\/\/ifoffice.pt\/?page_id=121&#038;wishlist-action\" class=\"\" aria-label=\"Wishlist\" rel=\"nofollow\"><i class=\"fa fa-heart\"><\/i><span class=\"ht-product-action-tooltip\">Produto adicionado!<\/span><\/a><\/div><\/div>                                                <\/div>\n                                            \n                                            \n                                        <\/div>\n                                        \n                                        <div class=\"content\">\n                                            <h4 class=\"title\"><a href=\"https:\/\/ifoffice.pt\/?product=tinta-epson-t6644-et2500-2550-14000-l475-565-575-expression-et-2550-2550-workforce-et4500-amarelo-garrafa-70-ml-6500-pag\">Tinta epson t6644 et2500\/2550\/14000\/l475\/565\/575 expression et-2550\/2550 workforce et4500 amarelo garrafa 70 ml 6500 pag<\/a><\/h4>\n                                            \n\t<span class=\"price\"><span class=\"woocommerce-Price-amount amount\"><bdi><span class=\"woocommerce-Price-currencySymbol\">&euro;<\/span>15.49<\/bdi><\/span> <small class=\"woocommerce-price-suffix\">IVA inc.<\/small><\/span>\n                                                                                    <\/div>\n                                    <\/div>\n\n                                <\/div>\n\n                                                       <\/div>\n                            <div class=\"slide-item ht-col-xs-12\">\n                                \n                                <div class=\"product-item  \">\n\n                                    <div class=\"product-inner\">\n                                        <div class=\"image-wrap\">\n                                            <a href=\"https:\/\/ifoffice.pt\/?product=tinteiro-epson-16xl-wf2010w-wf2510wf-wf2520nf-wf2530wf-wf2540wf-amarelo-450-pag\" class=\"image\">\n                                                <img loading=\"lazy\" decoding=\"async\" width=\"300\" height=\"229\" src=\"https:\/\/ifoffice.pt\/wp-content\/uploads\/2023\/03\/74404g-300x229.jpg\" class=\"attachment-woocommerce_thumbnail size-woocommerce_thumbnail\" alt=\"Tinteiro epson 16xl wf2010w wf2510wf wf2520nf wf2530wf wf2540wf amarelo 450 pag\" srcset=\"https:\/\/ifoffice.pt\/wp-content\/uploads\/2023\/03\/74404g-300x229.jpg 300w, https:\/\/ifoffice.pt\/wp-content\/uploads\/2023\/03\/74404g-64x49.jpg 64w, https:\/\/ifoffice.pt\/wp-content\/uploads\/2023\/03\/74404g.jpg 420w\" sizes=\"(max-width: 300px) 100vw, 300px\" \/>                                            <\/a>\n                                                                                                                                        <div class=\"actions style_two\">\n                                                    <a href=\"\/index.php?rest_route=%2Fwp%2Fv2%2Fpages%2F56944&#038;add-to-cart=84231\" aria-describedby=\"woocommerce_loop_add_to_cart_link_describedby_84231\" data-quantity=\"1\" class=\"button product_type_simple add_to_cart_button ajax_add_to_cart\" data-product_id=\"84231\" data-product_sku=\"74404\" aria-label=\"Adiciona ao carrinho: &ldquo;Tinteiro epson 16xl wf2010w wf2510wf wf2520nf wf2530wf wf2540wf amarelo 450 pag&rdquo;\" rel=\"nofollow\" data-success_message=\"&ldquo;Tinteiro epson 16xl wf2010w wf2510wf wf2520nf wf2530wf wf2540wf amarelo 450 pag&rdquo; foi adicionado ao seu carrinho\" role=\"button\">Adicionar<\/a>\t<span id=\"woocommerce_loop_add_to_cart_link_describedby_84231\" class=\"screen-reader-text\">\n\t\t\t<\/span>\n<div class=\"tooltip_no wishlist button-default yith-wcwl-add-to-wishlist add-to-wishlist-84231\"><div class=\"yith-wcwl-add-button show\"><a href=\"https:\/\/ifoffice.pt\/?page_id=121&#038;wishlist-action\" data-product-id=\"84231\" data-product-type=\"simple\" class=\"add_to_wishlist\" aria-label=\"Wishlist\" rel=\"nofollow\"><i class=\"fa fa-heart-o\"><\/i><span class=\"ht-product-action-tooltip\">Adicionar \u00e0 lista de Desejos<\/span><\/a><i class=\"fa fa-spinner fa-pulse ajax-loading\" style=\"visibility:hidden\"><\/i><\/div><div class=\"yith-wcwl-wishlistaddedbrowse hide\" style=\"display:none;\"><a class=\"\" href=\"https:\/\/ifoffice.pt\/?page_id=121&#038;wishlist-action\" aria-label=\"Wishlist\" rel=\"nofollow\"><i class=\"fa fa-heart\"><\/i><span class=\"ht-product-action-tooltip\">Veja a sua lista de favoritos<\/span><\/a><\/div><div class=\"yith-wcwl-wishlistexistsbrowse hide\" style=\"display:none\"><a href=\"https:\/\/ifoffice.pt\/?page_id=121&#038;wishlist-action\" class=\"\" aria-label=\"Wishlist\" rel=\"nofollow\"><i class=\"fa fa-heart\"><\/i><span class=\"ht-product-action-tooltip\">Produto adicionado!<\/span><\/a><\/div><\/div>                                                <\/div>\n                                            \n                                            \n                                        <\/div>\n                                        \n                                        <div class=\"content\">\n                                            <h4 class=\"title\"><a href=\"https:\/\/ifoffice.pt\/?product=tinteiro-epson-16xl-wf2010w-wf2510wf-wf2520nf-wf2530wf-wf2540wf-amarelo-450-pag\">Tinteiro epson 16xl wf2010w wf2510wf wf2520nf wf2530wf wf2540wf amarelo 450 pag<\/a><\/h4>\n                                            \n\t<span class=\"price\"><span class=\"woocommerce-Price-amount amount\"><bdi><span class=\"woocommerce-Price-currencySymbol\">&euro;<\/span>33.95<\/bdi><\/span> <small class=\"woocommerce-price-suffix\">IVA inc.<\/small><\/span>\n                                                                                    <\/div>\n                                    <\/div>\n\n                                <\/div>\n\n                                                       <\/div>\n                            <div class=\"slide-item ht-col-xs-12\">\n                                \n                                <div class=\"product-item  \">\n\n                                    <div class=\"product-inner\">\n                                        <div class=\"image-wrap\">\n                                            <a href=\"https:\/\/ifoffice.pt\/?product=tinteiro-hp-jet-973x-pagewide-452-477-p55250-p57750-magenta-7000-pag\" class=\"image\">\n                                                <img loading=\"lazy\" decoding=\"async\" width=\"300\" height=\"229\" src=\"https:\/\/ifoffice.pt\/wp-content\/uploads\/2023\/03\/64724g-300x229.jpg\" class=\"attachment-woocommerce_thumbnail size-woocommerce_thumbnail\" alt=\"Tinteiro hp jet 973x pagewide 452 \/ 477 \/ p55250 \/ p57750 magenta 7000 pag\" srcset=\"https:\/\/ifoffice.pt\/wp-content\/uploads\/2023\/03\/64724g-300x229.jpg 300w, https:\/\/ifoffice.pt\/wp-content\/uploads\/2023\/03\/64724g-64x49.jpg 64w, https:\/\/ifoffice.pt\/wp-content\/uploads\/2023\/03\/64724g.jpg 420w\" sizes=\"(max-width: 300px) 100vw, 300px\" \/>                                            <\/a>\n                                                                                                                                        <div class=\"actions style_two\">\n                                                    <a href=\"\/index.php?rest_route=%2Fwp%2Fv2%2Fpages%2F56944&#038;add-to-cart=87191\" aria-describedby=\"woocommerce_loop_add_to_cart_link_describedby_87191\" data-quantity=\"1\" class=\"button product_type_simple add_to_cart_button ajax_add_to_cart\" data-product_id=\"87191\" data-product_sku=\"64724\" aria-label=\"Adiciona ao carrinho: &ldquo;Tinteiro hp jet 973x pagewide 452 \/ 477 \/ p55250 \/ p57750 magenta 7000 pag&rdquo;\" rel=\"nofollow\" data-success_message=\"&ldquo;Tinteiro hp jet 973x pagewide 452 \/ 477 \/ p55250 \/ p57750 magenta 7000 pag&rdquo; foi adicionado ao seu carrinho\" role=\"button\">Adicionar<\/a>\t<span id=\"woocommerce_loop_add_to_cart_link_describedby_87191\" class=\"screen-reader-text\">\n\t\t\t<\/span>\n<div class=\"tooltip_no wishlist button-default yith-wcwl-add-to-wishlist add-to-wishlist-87191\"><div class=\"yith-wcwl-add-button show\"><a href=\"https:\/\/ifoffice.pt\/?page_id=121&#038;wishlist-action\" data-product-id=\"87191\" data-product-type=\"simple\" class=\"add_to_wishlist\" aria-label=\"Wishlist\" rel=\"nofollow\"><i class=\"fa fa-heart-o\"><\/i><span class=\"ht-product-action-tooltip\">Adicionar \u00e0 lista de Desejos<\/span><\/a><i class=\"fa fa-spinner fa-pulse ajax-loading\" style=\"visibility:hidden\"><\/i><\/div><div class=\"yith-wcwl-wishlistaddedbrowse hide\" style=\"display:none;\"><a class=\"\" href=\"https:\/\/ifoffice.pt\/?page_id=121&#038;wishlist-action\" aria-label=\"Wishlist\" rel=\"nofollow\"><i class=\"fa fa-heart\"><\/i><span class=\"ht-product-action-tooltip\">Veja a sua lista de favoritos<\/span><\/a><\/div><div class=\"yith-wcwl-wishlistexistsbrowse hide\" style=\"display:none\"><a href=\"https:\/\/ifoffice.pt\/?page_id=121&#038;wishlist-action\" class=\"\" aria-label=\"Wishlist\" rel=\"nofollow\"><i class=\"fa fa-heart\"><\/i><span class=\"ht-product-action-tooltip\">Produto adicionado!<\/span><\/a><\/div><\/div>                                                <\/div>\n                                            \n                                            \n                                        <\/div>\n                                        \n                                        <div class=\"content\">\n                                            <h4 class=\"title\"><a href=\"https:\/\/ifoffice.pt\/?product=tinteiro-hp-jet-973x-pagewide-452-477-p55250-p57750-magenta-7000-pag\">Tinteiro hp jet 973x pagewide 452 \/ 477 \/ p55250 \/ p57750 magenta 7000 pag<\/a><\/h4>\n                                            \n\t<span class=\"price\"><span class=\"woocommerce-Price-amount amount\"><bdi><span class=\"woocommerce-Price-currencySymbol\">&euro;<\/span>266.62<\/bdi><\/span> <small class=\"woocommerce-price-suffix\">IVA inc.<\/small><\/span>\n                                                                                    <\/div>\n                                    <\/div>\n\n                                <\/div>\n\n                                                       <\/div>\n                            <div class=\"slide-item ht-col-xs-12\">\n                                \n                                <div class=\"product-item  \">\n\n                                    <div class=\"product-inner\">\n                                        <div class=\"image-wrap\">\n                                            <a href=\"https:\/\/ifoffice.pt\/?product=tinteiro-canon-cl-541xl-cor-pixma-mg2150-mg3150\" class=\"image\">\n                                                <img loading=\"lazy\" decoding=\"async\" width=\"300\" height=\"229\" src=\"https:\/\/ifoffice.pt\/wp-content\/uploads\/2023\/03\/58333g-300x229.jpg\" class=\"attachment-woocommerce_thumbnail size-woocommerce_thumbnail\" alt=\"Tinteiro canon cl-541xl cor pixma mg2150\/ mg3150\" srcset=\"https:\/\/ifoffice.pt\/wp-content\/uploads\/2023\/03\/58333g-300x229.jpg 300w, https:\/\/ifoffice.pt\/wp-content\/uploads\/2023\/03\/58333g-768x585.jpg 768w, https:\/\/ifoffice.pt\/wp-content\/uploads\/2023\/03\/58333g-600x457.jpg 600w, https:\/\/ifoffice.pt\/wp-content\/uploads\/2023\/03\/58333g-64x49.jpg 64w, https:\/\/ifoffice.pt\/wp-content\/uploads\/2023\/03\/58333g.jpg 1000w\" sizes=\"(max-width: 300px) 100vw, 300px\" \/>                                            <\/a>\n                                                                                                                                        <div class=\"actions style_two\">\n                                                    <a href=\"\/index.php?rest_route=%2Fwp%2Fv2%2Fpages%2F56944&#038;add-to-cart=89664\" aria-describedby=\"woocommerce_loop_add_to_cart_link_describedby_89664\" data-quantity=\"1\" class=\"button product_type_simple add_to_cart_button ajax_add_to_cart\" data-product_id=\"89664\" data-product_sku=\"58333\" aria-label=\"Adiciona ao carrinho: &ldquo;Tinteiro canon cl-541xl cor pixma mg2150\/ mg3150&rdquo;\" rel=\"nofollow\" data-success_message=\"&ldquo;Tinteiro canon cl-541xl cor pixma mg2150\/ mg3150&rdquo; foi adicionado ao seu carrinho\" role=\"button\">Adicionar<\/a>\t<span id=\"woocommerce_loop_add_to_cart_link_describedby_89664\" class=\"screen-reader-text\">\n\t\t\t<\/span>\n<div class=\"tooltip_no wishlist button-default yith-wcwl-add-to-wishlist add-to-wishlist-89664\"><div class=\"yith-wcwl-add-button show\"><a href=\"https:\/\/ifoffice.pt\/?page_id=121&#038;wishlist-action\" data-product-id=\"89664\" data-product-type=\"simple\" class=\"add_to_wishlist\" aria-label=\"Wishlist\" rel=\"nofollow\"><i class=\"fa fa-heart-o\"><\/i><span class=\"ht-product-action-tooltip\">Adicionar \u00e0 lista de Desejos<\/span><\/a><i class=\"fa fa-spinner fa-pulse ajax-loading\" style=\"visibility:hidden\"><\/i><\/div><div class=\"yith-wcwl-wishlistaddedbrowse hide\" style=\"display:none;\"><a class=\"\" href=\"https:\/\/ifoffice.pt\/?page_id=121&#038;wishlist-action\" aria-label=\"Wishlist\" rel=\"nofollow\"><i class=\"fa fa-heart\"><\/i><span class=\"ht-product-action-tooltip\">Veja a sua lista de favoritos<\/span><\/a><\/div><div class=\"yith-wcwl-wishlistexistsbrowse hide\" style=\"display:none\"><a href=\"https:\/\/ifoffice.pt\/?page_id=121&#038;wishlist-action\" class=\"\" aria-label=\"Wishlist\" rel=\"nofollow\"><i class=\"fa fa-heart\"><\/i><span class=\"ht-product-action-tooltip\">Produto adicionado!<\/span><\/a><\/div><\/div>                                                <\/div>\n                                            \n                                            \n                                        <\/div>\n                                        \n                                        <div class=\"content\">\n                                            <h4 class=\"title\"><a href=\"https:\/\/ifoffice.pt\/?product=tinteiro-canon-cl-541xl-cor-pixma-mg2150-mg3150\">Tinteiro canon cl-541xl cor pixma mg2150\/ mg3150<\/a><\/h4>\n                                            \n\t<span class=\"price\"><span class=\"woocommerce-Price-amount amount\"><bdi><span class=\"woocommerce-Price-currencySymbol\">&euro;<\/span>47.29<\/bdi><\/span> <small class=\"woocommerce-price-suffix\">IVA inc.<\/small><\/span>\n                                                                                    <\/div>\n                                    <\/div>\n\n                                <\/div>\n\n                                                       <\/div>\n                            <div class=\"slide-item ht-col-xs-12\">\n                                \n                                <div class=\"product-item  \">\n\n                                    <div class=\"product-inner\">\n                                        <div class=\"image-wrap\">\n                                            <a href=\"https:\/\/ifoffice.pt\/?product=tinteiro-epson-stylus-to-7934-magenta-p50-px650-700w-710w-720wd-730wd-800fw\" class=\"image\">\n                                                <img loading=\"lazy\" decoding=\"async\" width=\"300\" height=\"229\" src=\"https:\/\/ifoffice.pt\/wp-content\/uploads\/2023\/03\/57645g-300x229.jpg\" class=\"attachment-woocommerce_thumbnail size-woocommerce_thumbnail\" alt=\"Tinteiro epson stylus to 7934 magenta p50\/ px650\/ 700w\/ 710w\/ 720wd\/ 730wd\/ 800fw\" srcset=\"https:\/\/ifoffice.pt\/wp-content\/uploads\/2023\/03\/57645g-300x229.jpg 300w, https:\/\/ifoffice.pt\/wp-content\/uploads\/2023\/03\/57645g-64x49.jpg 64w, https:\/\/ifoffice.pt\/wp-content\/uploads\/2023\/03\/57645g.jpg 420w\" sizes=\"(max-width: 300px) 100vw, 300px\" \/>                                            <\/a>\n                                                                                                                                        <div class=\"actions style_two\">\n                                                    <a href=\"https:\/\/ifoffice.pt\/?product=tinteiro-epson-stylus-to-7934-magenta-p50-px650-700w-710w-720wd-730wd-800fw\" aria-describedby=\"woocommerce_loop_add_to_cart_link_describedby_89865\" data-quantity=\"1\" class=\"button product_type_simple\" data-product_id=\"89865\" data-product_sku=\"57645\" aria-label=\"Leia mais sobre &ldquo;Tinteiro epson stylus to 7934 magenta p50\/ px650\/ 700w\/ 710w\/ 720wd\/ 730wd\/ 800fw&rdquo;\" rel=\"nofollow\" data-success_message=\"\">Ler mais<\/a>\t<span id=\"woocommerce_loop_add_to_cart_link_describedby_89865\" class=\"screen-reader-text\">\n\t\t\t<\/span>\n<div class=\"tooltip_no wishlist button-default yith-wcwl-add-to-wishlist add-to-wishlist-89865\"><div class=\"yith-wcwl-add-button show\"><a href=\"https:\/\/ifoffice.pt\/?page_id=121&#038;wishlist-action\" data-product-id=\"89865\" data-product-type=\"simple\" class=\"add_to_wishlist\" aria-label=\"Wishlist\" rel=\"nofollow\"><i class=\"fa fa-heart-o\"><\/i><span class=\"ht-product-action-tooltip\">Adicionar \u00e0 lista de Desejos<\/span><\/a><i class=\"fa fa-spinner fa-pulse ajax-loading\" style=\"visibility:hidden\"><\/i><\/div><div class=\"yith-wcwl-wishlistaddedbrowse hide\" style=\"display:none;\"><a class=\"\" href=\"https:\/\/ifoffice.pt\/?page_id=121&#038;wishlist-action\" aria-label=\"Wishlist\" rel=\"nofollow\"><i class=\"fa fa-heart\"><\/i><span class=\"ht-product-action-tooltip\">Veja a sua lista de favoritos<\/span><\/a><\/div><div class=\"yith-wcwl-wishlistexistsbrowse hide\" style=\"display:none\"><a href=\"https:\/\/ifoffice.pt\/?page_id=121&#038;wishlist-action\" class=\"\" aria-label=\"Wishlist\" rel=\"nofollow\"><i class=\"fa fa-heart\"><\/i><span class=\"ht-product-action-tooltip\">Produto adicionado!<\/span><\/a><\/div><\/div>                                                <\/div>\n                                            \n                                            \n                                        <\/div>\n                                        \n                                        <div class=\"content\">\n                                            <h4 class=\"title\"><a href=\"https:\/\/ifoffice.pt\/?product=tinteiro-epson-stylus-to-7934-magenta-p50-px650-700w-710w-720wd-730wd-800fw\">Tinteiro epson stylus to 7934 magenta p50\/ px650\/ 700w\/ 710w\/ 720wd\/ 730wd\/ 800fw<\/a><\/h4>\n                                            \n\t<span class=\"price\"><span class=\"woocommerce-Price-amount amount\"><bdi><span class=\"woocommerce-Price-currencySymbol\">&euro;<\/span>22.42<\/bdi><\/span> <small class=\"woocommerce-price-suffix\">IVA inc.<\/small><\/span>\n                                                                                    <\/div>\n                                    <\/div>\n\n                                <\/div>\n\n                                                       <\/div>\n                            <div class=\"slide-item ht-col-xs-12\">\n                                \n                                <div class=\"product-item  \">\n\n                                    <div class=\"product-inner\">\n                                        <div class=\"image-wrap\">\n                                            <a href=\"https:\/\/ifoffice.pt\/?product=tinteiro-brother-lc-1240m-magenta-600pag-mfc-j6510dw-mfc-j6710dw-mfc-j6910dw\" class=\"image\">\n                                                <img loading=\"lazy\" decoding=\"async\" width=\"300\" height=\"229\" src=\"https:\/\/ifoffice.pt\/wp-content\/uploads\/2023\/03\/49892g-300x229.jpg\" class=\"attachment-woocommerce_thumbnail size-woocommerce_thumbnail\" alt=\"Tinteiro brother lc-1240m magenta -600pag mfc-j6510dw mfc-j6710dw mfc-j6910dw\" srcset=\"https:\/\/ifoffice.pt\/wp-content\/uploads\/2023\/03\/49892g-300x229.jpg 300w, https:\/\/ifoffice.pt\/wp-content\/uploads\/2023\/03\/49892g-64x49.jpg 64w, https:\/\/ifoffice.pt\/wp-content\/uploads\/2023\/03\/49892g.jpg 420w\" sizes=\"(max-width: 300px) 100vw, 300px\" \/>                                            <\/a>\n                                                                                                                                        <div class=\"actions style_two\">\n                                                    <a href=\"\/index.php?rest_route=%2Fwp%2Fv2%2Fpages%2F56944&#038;add-to-cart=91477\" aria-describedby=\"woocommerce_loop_add_to_cart_link_describedby_91477\" data-quantity=\"1\" class=\"button product_type_simple add_to_cart_button ajax_add_to_cart\" data-product_id=\"91477\" data-product_sku=\"49892\" aria-label=\"Adiciona ao carrinho: &ldquo;Tinteiro brother lc-1240m magenta -600pag mfc-j6510dw mfc-j6710dw mfc-j6910dw&rdquo;\" rel=\"nofollow\" data-success_message=\"&ldquo;Tinteiro brother lc-1240m magenta -600pag mfc-j6510dw mfc-j6710dw mfc-j6910dw&rdquo; foi adicionado ao seu carrinho\" role=\"button\">Adicionar<\/a>\t<span id=\"woocommerce_loop_add_to_cart_link_describedby_91477\" class=\"screen-reader-text\">\n\t\t\t<\/span>\n<div class=\"tooltip_no wishlist button-default yith-wcwl-add-to-wishlist add-to-wishlist-91477\"><div class=\"yith-wcwl-add-button show\"><a href=\"https:\/\/ifoffice.pt\/?page_id=121&#038;wishlist-action\" data-product-id=\"91477\" data-product-type=\"simple\" class=\"add_to_wishlist\" aria-label=\"Wishlist\" rel=\"nofollow\"><i class=\"fa fa-heart-o\"><\/i><span class=\"ht-product-action-tooltip\">Adicionar \u00e0 lista de Desejos<\/span><\/a><i class=\"fa fa-spinner fa-pulse ajax-loading\" style=\"visibility:hidden\"><\/i><\/div><div class=\"yith-wcwl-wishlistaddedbrowse hide\" style=\"display:none;\"><a class=\"\" href=\"https:\/\/ifoffice.pt\/?page_id=121&#038;wishlist-action\" aria-label=\"Wishlist\" rel=\"nofollow\"><i class=\"fa fa-heart\"><\/i><span class=\"ht-product-action-tooltip\">Veja a sua lista de favoritos<\/span><\/a><\/div><div class=\"yith-wcwl-wishlistexistsbrowse hide\" style=\"display:none\"><a href=\"https:\/\/ifoffice.pt\/?page_id=121&#038;wishlist-action\" class=\"\" aria-label=\"Wishlist\" rel=\"nofollow\"><i class=\"fa fa-heart\"><\/i><span class=\"ht-product-action-tooltip\">Produto adicionado!<\/span><\/a><\/div><\/div>                                                <\/div>\n                                            \n                                            \n                                        <\/div>\n                                        \n                                        <div class=\"content\">\n                                            <h4 class=\"title\"><a href=\"https:\/\/ifoffice.pt\/?product=tinteiro-brother-lc-1240m-magenta-600pag-mfc-j6510dw-mfc-j6710dw-mfc-j6910dw\">Tinteiro brother lc-1240m magenta -600pag mfc-j6510dw mfc-j6710dw mfc-j6910dw<\/a><\/h4>\n                                            \n\t<span class=\"price\"><span class=\"woocommerce-Price-amount amount\"><bdi><span class=\"woocommerce-Price-currencySymbol\">&euro;<\/span>26.93<\/bdi><\/span> <small class=\"woocommerce-price-suffix\">IVA inc.<\/small><\/span>\n                                                                                    <\/div>\n                                    <\/div>\n\n                                <\/div>\n\n                                                       <\/div>\n                            <div class=\"slide-item ht-col-xs-12\">\n                                \n                                <div class=\"product-item  \">\n\n                                    <div class=\"product-inner\">\n                                        <div class=\"image-wrap\">\n                                            <a href=\"https:\/\/ifoffice.pt\/?product=tinteiro-hp-72-cian-designjet-t610-1100-130ml\" class=\"image\">\n                                                <img loading=\"lazy\" decoding=\"async\" width=\"300\" height=\"229\" src=\"https:\/\/ifoffice.pt\/wp-content\/uploads\/2023\/03\/47097g-300x229.jpg\" class=\"attachment-woocommerce_thumbnail size-woocommerce_thumbnail\" alt=\"Tinteiro hp 72 cian designjet t610\/1100 130ml\" srcset=\"https:\/\/ifoffice.pt\/wp-content\/uploads\/2023\/03\/47097g-300x229.jpg 300w, https:\/\/ifoffice.pt\/wp-content\/uploads\/2023\/03\/47097g-64x49.jpg 64w, https:\/\/ifoffice.pt\/wp-content\/uploads\/2023\/03\/47097g.jpg 420w\" sizes=\"(max-width: 300px) 100vw, 300px\" \/>                                            <\/a>\n                                                                                                                                        <div class=\"actions style_two\">\n                                                    <a href=\"\/index.php?rest_route=%2Fwp%2Fv2%2Fpages%2F56944&#038;add-to-cart=92213\" aria-describedby=\"woocommerce_loop_add_to_cart_link_describedby_92213\" data-quantity=\"1\" class=\"button product_type_simple add_to_cart_button ajax_add_to_cart\" data-product_id=\"92213\" data-product_sku=\"47097\" aria-label=\"Adiciona ao carrinho: &ldquo;Tinteiro hp 72 cian designjet t610\/1100 130ml&rdquo;\" rel=\"nofollow\" data-success_message=\"&ldquo;Tinteiro hp 72 cian designjet t610\/1100 130ml&rdquo; foi adicionado ao seu carrinho\" role=\"button\">Adicionar<\/a>\t<span id=\"woocommerce_loop_add_to_cart_link_describedby_92213\" class=\"screen-reader-text\">\n\t\t\t<\/span>\n<div class=\"tooltip_no wishlist button-default yith-wcwl-add-to-wishlist add-to-wishlist-92213\"><div class=\"yith-wcwl-add-button show\"><a href=\"https:\/\/ifoffice.pt\/?page_id=121&#038;wishlist-action\" data-product-id=\"92213\" data-product-type=\"simple\" class=\"add_to_wishlist\" aria-label=\"Wishlist\" rel=\"nofollow\"><i class=\"fa fa-heart-o\"><\/i><span class=\"ht-product-action-tooltip\">Adicionar \u00e0 lista de Desejos<\/span><\/a><i class=\"fa fa-spinner fa-pulse ajax-loading\" style=\"visibility:hidden\"><\/i><\/div><div class=\"yith-wcwl-wishlistaddedbrowse hide\" style=\"display:none;\"><a class=\"\" href=\"https:\/\/ifoffice.pt\/?page_id=121&#038;wishlist-action\" aria-label=\"Wishlist\" rel=\"nofollow\"><i class=\"fa fa-heart\"><\/i><span class=\"ht-product-action-tooltip\">Veja a sua lista de favoritos<\/span><\/a><\/div><div class=\"yith-wcwl-wishlistexistsbrowse hide\" style=\"display:none\"><a href=\"https:\/\/ifoffice.pt\/?page_id=121&#038;wishlist-action\" class=\"\" aria-label=\"Wishlist\" rel=\"nofollow\"><i class=\"fa fa-heart\"><\/i><span class=\"ht-product-action-tooltip\">Produto adicionado!<\/span><\/a><\/div><\/div>                                                <\/div>\n                                            \n                                            \n                                        <\/div>\n                                        \n                                        <div class=\"content\">\n                                            <h4 class=\"title\"><a href=\"https:\/\/ifoffice.pt\/?product=tinteiro-hp-72-cian-designjet-t610-1100-130ml\">Tinteiro hp 72 cian designjet t610\/1100 130ml<\/a><\/h4>\n                                            \n\t<span class=\"price\"><span class=\"woocommerce-Price-amount amount\"><bdi><span class=\"woocommerce-Price-currencySymbol\">&euro;<\/span>172.96<\/bdi><\/span> <small class=\"woocommerce-price-suffix\">IVA inc.<\/small><\/span>\n                                                                                    <\/div>\n                                    <\/div>\n\n                                <\/div>\n\n                                                       <\/div>\n                            <div class=\"slide-item ht-col-xs-12\">\n                                \n                                <div class=\"product-item  \">\n\n                                    <div class=\"product-inner\">\n                                        <div class=\"image-wrap\">\n                                            <a href=\"https:\/\/ifoffice.pt\/?product=tinteiro-epson-t089340-magenta\" class=\"image\">\n                                                <img loading=\"lazy\" decoding=\"async\" width=\"300\" height=\"229\" src=\"https:\/\/ifoffice.pt\/wp-content\/uploads\/2023\/03\/45933g-300x229.jpg\" class=\"attachment-woocommerce_thumbnail size-woocommerce_thumbnail\" alt=\"Tinteiro epson t089340 magenta\" srcset=\"https:\/\/ifoffice.pt\/wp-content\/uploads\/2023\/03\/45933g-300x229.jpg 300w, https:\/\/ifoffice.pt\/wp-content\/uploads\/2023\/03\/45933g-64x49.jpg 64w, https:\/\/ifoffice.pt\/wp-content\/uploads\/2023\/03\/45933g.jpg 420w\" sizes=\"(max-width: 300px) 100vw, 300px\" \/>                                            <\/a>\n                                                                                                                                        <div class=\"actions style_two\">\n                                                    <a href=\"\/index.php?rest_route=%2Fwp%2Fv2%2Fpages%2F56944&#038;add-to-cart=92591\" aria-describedby=\"woocommerce_loop_add_to_cart_link_describedby_92591\" data-quantity=\"1\" class=\"button product_type_simple add_to_cart_button ajax_add_to_cart\" data-product_id=\"92591\" data-product_sku=\"45933\" aria-label=\"Adiciona ao carrinho: &ldquo;Tinteiro epson t089340 magenta&rdquo;\" rel=\"nofollow\" data-success_message=\"&ldquo;Tinteiro epson t089340 magenta&rdquo; foi adicionado ao seu carrinho\" role=\"button\">Adicionar<\/a>\t<span id=\"woocommerce_loop_add_to_cart_link_describedby_92591\" class=\"screen-reader-text\">\n\t\t\t<\/span>\n<div class=\"tooltip_no wishlist button-default yith-wcwl-add-to-wishlist add-to-wishlist-92591\"><div class=\"yith-wcwl-add-button show\"><a href=\"https:\/\/ifoffice.pt\/?page_id=121&#038;wishlist-action\" data-product-id=\"92591\" data-product-type=\"simple\" class=\"add_to_wishlist\" aria-label=\"Wishlist\" rel=\"nofollow\"><i class=\"fa fa-heart-o\"><\/i><span class=\"ht-product-action-tooltip\">Adicionar \u00e0 lista de Desejos<\/span><\/a><i class=\"fa fa-spinner fa-pulse ajax-loading\" style=\"visibility:hidden\"><\/i><\/div><div class=\"yith-wcwl-wishlistaddedbrowse hide\" style=\"display:none;\"><a class=\"\" href=\"https:\/\/ifoffice.pt\/?page_id=121&#038;wishlist-action\" aria-label=\"Wishlist\" rel=\"nofollow\"><i class=\"fa fa-heart\"><\/i><span class=\"ht-product-action-tooltip\">Veja a sua lista de favoritos<\/span><\/a><\/div><div class=\"yith-wcwl-wishlistexistsbrowse hide\" style=\"display:none\"><a href=\"https:\/\/ifoffice.pt\/?page_id=121&#038;wishlist-action\" class=\"\" aria-label=\"Wishlist\" rel=\"nofollow\"><i class=\"fa fa-heart\"><\/i><span class=\"ht-product-action-tooltip\">Produto adicionado!<\/span><\/a><\/div><\/div>                                                <\/div>\n                                            \n                                            \n                                        <\/div>\n                                        \n                                        <div class=\"content\">\n                                            <h4 class=\"title\"><a href=\"https:\/\/ifoffice.pt\/?product=tinteiro-epson-t089340-magenta\">Tinteiro epson t089340 magenta<\/a><\/h4>\n                                            \n\t<span class=\"price\"><span class=\"woocommerce-Price-amount amount\"><bdi><span class=\"woocommerce-Price-currencySymbol\">&euro;<\/span>13.78<\/bdi><\/span> <small class=\"woocommerce-price-suffix\">IVA inc.<\/small><\/span>\n                                                                                    <\/div>\n                                    <\/div>\n\n                                <\/div>\n\n                                                       <\/div>\n                            <div class=\"slide-item ht-col-xs-12\">\n                                \n                                <div class=\"product-item  \">\n\n                                    <div class=\"product-inner\">\n                                        <div class=\"image-wrap\">\n                                            <a href=\"https:\/\/ifoffice.pt\/?product=tinteiro-epson-t080240-cian\" class=\"image\">\n                                                <img loading=\"lazy\" decoding=\"async\" width=\"300\" height=\"229\" src=\"https:\/\/ifoffice.pt\/wp-content\/uploads\/2021\/01\/38154g-300x229.jpg\" class=\"attachment-woocommerce_thumbnail size-woocommerce_thumbnail\" alt=\"Tinteiro epson t080240 cian\" srcset=\"https:\/\/ifoffice.pt\/wp-content\/uploads\/2021\/01\/38154g-300x229.jpg 300w, https:\/\/ifoffice.pt\/wp-content\/uploads\/2021\/01\/38154g.jpg 420w\" sizes=\"(max-width: 300px) 100vw, 300px\" \/>                                            <\/a>\n                                                                                                                                        <div class=\"actions style_two\">\n                                                    <a href=\"https:\/\/ifoffice.pt\/?product=tinteiro-epson-t080240-cian\" aria-describedby=\"woocommerce_loop_add_to_cart_link_describedby_94248\" data-quantity=\"1\" class=\"button product_type_simple\" data-product_id=\"94248\" data-product_sku=\"38154\" aria-label=\"Leia mais sobre &ldquo;Tinteiro epson t080240 cian&rdquo;\" rel=\"nofollow\" data-success_message=\"\">Ler mais<\/a>\t<span id=\"woocommerce_loop_add_to_cart_link_describedby_94248\" class=\"screen-reader-text\">\n\t\t\t<\/span>\n<div class=\"tooltip_no wishlist button-default yith-wcwl-add-to-wishlist add-to-wishlist-94248\"><div class=\"yith-wcwl-add-button show\"><a href=\"https:\/\/ifoffice.pt\/?page_id=121&#038;wishlist-action\" data-product-id=\"94248\" data-product-type=\"simple\" class=\"add_to_wishlist\" aria-label=\"Wishlist\" rel=\"nofollow\"><i class=\"fa fa-heart-o\"><\/i><span class=\"ht-product-action-tooltip\">Adicionar \u00e0 lista de Desejos<\/span><\/a><i class=\"fa fa-spinner fa-pulse ajax-loading\" style=\"visibility:hidden\"><\/i><\/div><div class=\"yith-wcwl-wishlistaddedbrowse hide\" style=\"display:none;\"><a class=\"\" href=\"https:\/\/ifoffice.pt\/?page_id=121&#038;wishlist-action\" aria-label=\"Wishlist\" rel=\"nofollow\"><i class=\"fa fa-heart\"><\/i><span class=\"ht-product-action-tooltip\">Veja a sua lista de favoritos<\/span><\/a><\/div><div class=\"yith-wcwl-wishlistexistsbrowse hide\" style=\"display:none\"><a href=\"https:\/\/ifoffice.pt\/?page_id=121&#038;wishlist-action\" class=\"\" aria-label=\"Wishlist\" rel=\"nofollow\"><i class=\"fa fa-heart\"><\/i><span class=\"ht-product-action-tooltip\">Produto adicionado!<\/span><\/a><\/div><\/div>                                                <\/div>\n                                            \n                                            \n                                        <\/div>\n                                        \n                                        <div class=\"content\">\n                                            <h4 class=\"title\"><a href=\"https:\/\/ifoffice.pt\/?product=tinteiro-epson-t080240-cian\">Tinteiro epson t080240 cian<\/a><\/h4>\n                                            \n\t<span class=\"price\"><span class=\"woocommerce-Price-amount amount\"><bdi><span class=\"woocommerce-Price-currencySymbol\">&euro;<\/span>15.62<\/bdi><\/span> <small class=\"woocommerce-price-suffix\">IVA inc.<\/small><\/span>\n                                                                                    <\/div>\n                                    <\/div>\n\n                                <\/div>\n\n                                                       <\/div>\n                            <div class=\"slide-item ht-col-xs-12\">\n                                \n                                <div class=\"product-item  \">\n\n                                    <div class=\"product-inner\">\n                                        <div class=\"image-wrap\">\n                                            <a href=\"https:\/\/ifoffice.pt\/?product=tinteiro-hp-designjet-1000-series-1000-plus-series-1050c-1050cm-n-80-preto-175ml\" class=\"image\">\n                                                <img loading=\"lazy\" decoding=\"async\" width=\"300\" height=\"229\" src=\"https:\/\/ifoffice.pt\/wp-content\/uploads\/2023\/03\/32515g-300x229.jpg\" class=\"attachment-woocommerce_thumbnail size-woocommerce_thumbnail\" alt=\"Tinteiro hp designjet 1000 series\/1000 plus series\/1050c\/1050cm n.80 preto 175ml\" srcset=\"https:\/\/ifoffice.pt\/wp-content\/uploads\/2023\/03\/32515g-300x229.jpg 300w, https:\/\/ifoffice.pt\/wp-content\/uploads\/2023\/03\/32515g-64x49.jpg 64w, https:\/\/ifoffice.pt\/wp-content\/uploads\/2023\/03\/32515g.jpg 420w\" sizes=\"(max-width: 300px) 100vw, 300px\" \/>                                            <\/a>\n                                                                                                                                        <div class=\"actions style_two\">\n                                                    <a href=\"https:\/\/ifoffice.pt\/?product=tinteiro-hp-designjet-1000-series-1000-plus-series-1050c-1050cm-n-80-preto-175ml\" aria-describedby=\"woocommerce_loop_add_to_cart_link_describedby_95686\" data-quantity=\"1\" class=\"button product_type_simple\" data-product_id=\"95686\" data-product_sku=\"32515\" aria-label=\"Leia mais sobre &ldquo;Tinteiro hp designjet 1000 series\/1000 plus series\/1050c\/1050cm n.80 preto 175ml&rdquo;\" rel=\"nofollow\" data-success_message=\"\">Ler mais<\/a>\t<span id=\"woocommerce_loop_add_to_cart_link_describedby_95686\" class=\"screen-reader-text\">\n\t\t\t<\/span>\n<div class=\"tooltip_no wishlist button-default yith-wcwl-add-to-wishlist add-to-wishlist-95686\"><div class=\"yith-wcwl-add-button show\"><a href=\"https:\/\/ifoffice.pt\/?page_id=121&#038;wishlist-action\" data-product-id=\"95686\" data-product-type=\"simple\" class=\"add_to_wishlist\" aria-label=\"Wishlist\" rel=\"nofollow\"><i class=\"fa fa-heart-o\"><\/i><span class=\"ht-product-action-tooltip\">Adicionar \u00e0 lista de Desejos<\/span><\/a><i class=\"fa fa-spinner fa-pulse ajax-loading\" style=\"visibility:hidden\"><\/i><\/div><div class=\"yith-wcwl-wishlistaddedbrowse hide\" style=\"display:none;\"><a class=\"\" href=\"https:\/\/ifoffice.pt\/?page_id=121&#038;wishlist-action\" aria-label=\"Wishlist\" rel=\"nofollow\"><i class=\"fa fa-heart\"><\/i><span class=\"ht-product-action-tooltip\">Veja a sua lista de favoritos<\/span><\/a><\/div><div class=\"yith-wcwl-wishlistexistsbrowse hide\" style=\"display:none\"><a href=\"https:\/\/ifoffice.pt\/?page_id=121&#038;wishlist-action\" class=\"\" aria-label=\"Wishlist\" rel=\"nofollow\"><i class=\"fa fa-heart\"><\/i><span class=\"ht-product-action-tooltip\">Produto adicionado!<\/span><\/a><\/div><\/div>                                                <\/div>\n                                            \n                                            \n                                        <\/div>\n                                        \n                                        <div class=\"content\">\n                                            <h4 class=\"title\"><a href=\"https:\/\/ifoffice.pt\/?product=tinteiro-hp-designjet-1000-series-1000-plus-series-1050c-1050cm-n-80-preto-175ml\">Tinteiro hp designjet 1000 series\/1000 plus series\/1050c\/1050cm n.80 preto 175ml<\/a><\/h4>\n                                            \n\t<span class=\"price\"><span class=\"woocommerce-Price-amount amount\"><bdi><span class=\"woocommerce-Price-currencySymbol\">&euro;<\/span>293.86<\/bdi><\/span> <small class=\"woocommerce-price-suffix\">IVA inc.<\/small><\/span>\n                                                                                    <\/div>\n                                    <\/div>\n\n                                <\/div>\n\n                                                       <\/div>\n                            <div class=\"slide-item ht-col-xs-12\">\n                                \n                                <div class=\"product-item  \">\n\n                                    <div class=\"product-inner\">\n                                        <div class=\"image-wrap\">\n                                            <a href=\"https:\/\/ifoffice.pt\/?product=tinteiro-canon-cli-571-pixma-ts5051-ts6050-ts8051-ts9050-magenta-182-paginas\" class=\"image\">\n                                                <img loading=\"lazy\" decoding=\"async\" width=\"300\" height=\"229\" src=\"https:\/\/ifoffice.pt\/wp-content\/uploads\/2023\/03\/154817g-300x229.jpg\" class=\"attachment-woocommerce_thumbnail size-woocommerce_thumbnail\" alt=\"Tinteiro canon cli 571 pixma ts5051\/ ts6050 \/ ts8051 \/ ts9050 magenta 182 paginas\" srcset=\"https:\/\/ifoffice.pt\/wp-content\/uploads\/2023\/03\/154817g-300x229.jpg 300w, https:\/\/ifoffice.pt\/wp-content\/uploads\/2023\/03\/154817g-64x49.jpg 64w, https:\/\/ifoffice.pt\/wp-content\/uploads\/2023\/03\/154817g.jpg 420w\" sizes=\"(max-width: 300px) 100vw, 300px\" \/>                                            <\/a>\n                                                                                                                                        <div class=\"actions style_two\">\n                                                    <a href=\"\/index.php?rest_route=%2Fwp%2Fv2%2Fpages%2F56944&#038;add-to-cart=110870\" aria-describedby=\"woocommerce_loop_add_to_cart_link_describedby_110870\" data-quantity=\"1\" class=\"button product_type_simple add_to_cart_button ajax_add_to_cart\" data-product_id=\"110870\" data-product_sku=\"154817\" aria-label=\"Adiciona ao carrinho: &ldquo;Tinteiro canon cli 571 pixma ts5051\/ ts6050 \/ ts8051 \/ ts9050 magenta 182 paginas&rdquo;\" rel=\"nofollow\" data-success_message=\"&ldquo;Tinteiro canon cli 571 pixma ts5051\/ ts6050 \/ ts8051 \/ ts9050 magenta 182 paginas&rdquo; foi adicionado ao seu carrinho\" role=\"button\">Adicionar<\/a>\t<span id=\"woocommerce_loop_add_to_cart_link_describedby_110870\" class=\"screen-reader-text\">\n\t\t\t<\/span>\n<div class=\"tooltip_no wishlist button-default yith-wcwl-add-to-wishlist add-to-wishlist-110870\"><div class=\"yith-wcwl-add-button show\"><a href=\"https:\/\/ifoffice.pt\/?page_id=121&#038;wishlist-action\" data-product-id=\"110870\" data-product-type=\"simple\" class=\"add_to_wishlist\" aria-label=\"Wishlist\" rel=\"nofollow\"><i class=\"fa fa-heart-o\"><\/i><span class=\"ht-product-action-tooltip\">Adicionar \u00e0 lista de Desejos<\/span><\/a><i class=\"fa fa-spinner fa-pulse ajax-loading\" style=\"visibility:hidden\"><\/i><\/div><div class=\"yith-wcwl-wishlistaddedbrowse hide\" style=\"display:none;\"><a class=\"\" href=\"https:\/\/ifoffice.pt\/?page_id=121&#038;wishlist-action\" aria-label=\"Wishlist\" rel=\"nofollow\"><i class=\"fa fa-heart\"><\/i><span class=\"ht-product-action-tooltip\">Veja a sua lista de favoritos<\/span><\/a><\/div><div class=\"yith-wcwl-wishlistexistsbrowse hide\" style=\"display:none\"><a href=\"https:\/\/ifoffice.pt\/?page_id=121&#038;wishlist-action\" class=\"\" aria-label=\"Wishlist\" rel=\"nofollow\"><i class=\"fa fa-heart\"><\/i><span class=\"ht-product-action-tooltip\">Produto adicionado!<\/span><\/a><\/div><\/div>                                                <\/div>\n                                            \n                                            \n                                        <\/div>\n                                        \n                                        <div class=\"content\">\n                                            <h4 class=\"title\"><a href=\"https:\/\/ifoffice.pt\/?product=tinteiro-canon-cli-571-pixma-ts5051-ts6050-ts8051-ts9050-magenta-182-paginas\">Tinteiro canon cli 571 pixma ts5051\/ ts6050 \/ ts8051 \/ ts9050 magenta 182 paginas<\/a><\/h4>\n                                            \n\t<span class=\"price\"><span class=\"woocommerce-Price-amount amount\"><bdi><span class=\"woocommerce-Price-currencySymbol\">&euro;<\/span>23.27<\/bdi><\/span> <small class=\"woocommerce-price-suffix\">IVA inc.<\/small><\/span>\n                                                                                    <\/div>\n                                    <\/div>\n\n                                <\/div>\n\n                                                       <\/div>\n                            <div class=\"slide-item ht-col-xs-12\">\n                                \n                                <div class=\"product-item  \">\n\n                                    <div class=\"product-inner\">\n                                        <div class=\"image-wrap\">\n                                            <a href=\"https:\/\/ifoffice.pt\/?product=tinteiro-epson-ecotank-113-series-preto\" class=\"image\">\n                                                <img loading=\"lazy\" decoding=\"async\" width=\"300\" height=\"229\" src=\"https:\/\/ifoffice.pt\/wp-content\/uploads\/2023\/03\/160807g-300x229.jpg\" class=\"attachment-woocommerce_thumbnail size-woocommerce_thumbnail\" alt=\"Tinteiro epson ecotank 113 series preto\" srcset=\"https:\/\/ifoffice.pt\/wp-content\/uploads\/2023\/03\/160807g-300x229.jpg 300w, https:\/\/ifoffice.pt\/wp-content\/uploads\/2023\/03\/160807g-768x585.jpg 768w, https:\/\/ifoffice.pt\/wp-content\/uploads\/2023\/03\/160807g-600x457.jpg 600w, https:\/\/ifoffice.pt\/wp-content\/uploads\/2023\/03\/160807g-64x49.jpg 64w, https:\/\/ifoffice.pt\/wp-content\/uploads\/2023\/03\/160807g.jpg 1000w\" sizes=\"(max-width: 300px) 100vw, 300px\" \/>                                            <\/a>\n                                                                                                                                        <div class=\"actions style_two\">\n                                                    <a href=\"\/index.php?rest_route=%2Fwp%2Fv2%2Fpages%2F56944&#038;add-to-cart=110902\" aria-describedby=\"woocommerce_loop_add_to_cart_link_describedby_110902\" data-quantity=\"1\" class=\"button product_type_simple add_to_cart_button ajax_add_to_cart\" data-product_id=\"110902\" data-product_sku=\"160807\" aria-label=\"Adiciona ao carrinho: &ldquo;Tinteiro epson ecotank 113 series preto&rdquo;\" rel=\"nofollow\" data-success_message=\"&ldquo;Tinteiro epson ecotank 113 series preto&rdquo; foi adicionado ao seu carrinho\" role=\"button\">Adicionar<\/a>\t<span id=\"woocommerce_loop_add_to_cart_link_describedby_110902\" class=\"screen-reader-text\">\n\t\t\t<\/span>\n<div class=\"tooltip_no wishlist button-default yith-wcwl-add-to-wishlist add-to-wishlist-110902\"><div class=\"yith-wcwl-add-button show\"><a href=\"https:\/\/ifoffice.pt\/?page_id=121&#038;wishlist-action\" data-product-id=\"110902\" data-product-type=\"simple\" class=\"add_to_wishlist\" aria-label=\"Wishlist\" rel=\"nofollow\"><i class=\"fa fa-heart-o\"><\/i><span class=\"ht-product-action-tooltip\">Adicionar \u00e0 lista de Desejos<\/span><\/a><i class=\"fa fa-spinner fa-pulse ajax-loading\" style=\"visibility:hidden\"><\/i><\/div><div class=\"yith-wcwl-wishlistaddedbrowse hide\" style=\"display:none;\"><a class=\"\" href=\"https:\/\/ifoffice.pt\/?page_id=121&#038;wishlist-action\" aria-label=\"Wishlist\" rel=\"nofollow\"><i class=\"fa fa-heart\"><\/i><span class=\"ht-product-action-tooltip\">Veja a sua lista de favoritos<\/span><\/a><\/div><div class=\"yith-wcwl-wishlistexistsbrowse hide\" style=\"display:none\"><a href=\"https:\/\/ifoffice.pt\/?page_id=121&#038;wishlist-action\" class=\"\" aria-label=\"Wishlist\" rel=\"nofollow\"><i class=\"fa fa-heart\"><\/i><span class=\"ht-product-action-tooltip\">Produto adicionado!<\/span><\/a><\/div><\/div>                                                <\/div>\n                                            \n                                            \n                                        <\/div>\n                                        \n                                        <div class=\"content\">\n                                            <h4 class=\"title\"><a href=\"https:\/\/ifoffice.pt\/?product=tinteiro-epson-ecotank-113-series-preto\">Tinteiro epson ecotank 113 series preto<\/a><\/h4>\n                                            \n\t<span class=\"price\"><span class=\"woocommerce-Price-amount amount\"><bdi><span class=\"woocommerce-Price-currencySymbol\">&euro;<\/span>29.69<\/bdi><\/span> <small class=\"woocommerce-price-suffix\">IVA inc.<\/small><\/span>\n                                                                                    <\/div>\n                                    <\/div>\n\n                                <\/div>\n\n                                                       <\/div>\n                            <div class=\"slide-item ht-col-xs-12\">\n                                \n                                <div class=\"product-item  \">\n\n                                    <div class=\"product-inner\">\n                                        <div class=\"image-wrap\">\n                                            <a href=\"https:\/\/ifoffice.pt\/?product=tinteiro-epson-gf-surecolor-serie-sc-p-cinza-claro-ultrachrome-hdx-hd-700ml\" class=\"image\">\n                                                <img loading=\"lazy\" decoding=\"async\" width=\"300\" height=\"229\" src=\"https:\/\/ifoffice.pt\/wp-content\/uploads\/2023\/03\/160904g-300x229.jpg\" class=\"attachment-woocommerce_thumbnail size-woocommerce_thumbnail\" alt=\"Tinteiro epson gf surecolor serie sc-p cinza claro ultrachrome hdx\/hd 700ml\" srcset=\"https:\/\/ifoffice.pt\/wp-content\/uploads\/2023\/03\/160904g-300x229.jpg 300w, https:\/\/ifoffice.pt\/wp-content\/uploads\/2023\/03\/160904g-768x585.jpg 768w, https:\/\/ifoffice.pt\/wp-content\/uploads\/2023\/03\/160904g-600x457.jpg 600w, https:\/\/ifoffice.pt\/wp-content\/uploads\/2023\/03\/160904g-64x49.jpg 64w, https:\/\/ifoffice.pt\/wp-content\/uploads\/2023\/03\/160904g.jpg 1000w\" sizes=\"(max-width: 300px) 100vw, 300px\" \/>                                            <\/a>\n                                                                                                                                        <div class=\"actions style_two\">\n                                                    <a href=\"https:\/\/ifoffice.pt\/?product=tinteiro-epson-gf-surecolor-serie-sc-p-cinza-claro-ultrachrome-hdx-hd-700ml\" aria-describedby=\"woocommerce_loop_add_to_cart_link_describedby_110934\" data-quantity=\"1\" class=\"button product_type_simple\" data-product_id=\"110934\" data-product_sku=\"160904\" aria-label=\"Leia mais sobre &ldquo;Tinteiro epson gf surecolor serie sc-p cinza claro ultrachrome hdx\/hd 700ml&rdquo;\" rel=\"nofollow\" data-success_message=\"\">Ler mais<\/a>\t<span id=\"woocommerce_loop_add_to_cart_link_describedby_110934\" class=\"screen-reader-text\">\n\t\t\t<\/span>\n<div class=\"tooltip_no wishlist button-default yith-wcwl-add-to-wishlist add-to-wishlist-110934\"><div class=\"yith-wcwl-add-button show\"><a href=\"https:\/\/ifoffice.pt\/?page_id=121&#038;wishlist-action\" data-product-id=\"110934\" data-product-type=\"simple\" class=\"add_to_wishlist\" aria-label=\"Wishlist\" rel=\"nofollow\"><i class=\"fa fa-heart-o\"><\/i><span class=\"ht-product-action-tooltip\">Adicionar \u00e0 lista de Desejos<\/span><\/a><i class=\"fa fa-spinner fa-pulse ajax-loading\" style=\"visibility:hidden\"><\/i><\/div><div class=\"yith-wcwl-wishlistaddedbrowse hide\" style=\"display:none;\"><a class=\"\" href=\"https:\/\/ifoffice.pt\/?page_id=121&#038;wishlist-action\" aria-label=\"Wishlist\" rel=\"nofollow\"><i class=\"fa fa-heart\"><\/i><span class=\"ht-product-action-tooltip\">Veja a sua lista de favoritos<\/span><\/a><\/div><div class=\"yith-wcwl-wishlistexistsbrowse hide\" style=\"display:none\"><a href=\"https:\/\/ifoffice.pt\/?page_id=121&#038;wishlist-action\" class=\"\" aria-label=\"Wishlist\" rel=\"nofollow\"><i class=\"fa fa-heart\"><\/i><span class=\"ht-product-action-tooltip\">Produto adicionado!<\/span><\/a><\/div><\/div>                                                <\/div>\n                                            \n                                            \n                                        <\/div>\n                                        \n                                        <div class=\"content\">\n                                            <h4 class=\"title\"><a href=\"https:\/\/ifoffice.pt\/?product=tinteiro-epson-gf-surecolor-serie-sc-p-cinza-claro-ultrachrome-hdx-hd-700ml\">Tinteiro epson gf surecolor serie sc-p cinza claro ultrachrome hdx\/hd 700ml<\/a><\/h4>\n                                            \n\t<span class=\"price\"><span class=\"woocommerce-Price-amount amount\"><bdi><span class=\"woocommerce-Price-currencySymbol\">&euro;<\/span>360.43<\/bdi><\/span> <small class=\"woocommerce-price-suffix\">IVA inc.<\/small><\/span>\n                                                                                    <\/div>\n                                    <\/div>\n\n                                <\/div>\n\n                                                       <\/div>\n                            <div class=\"slide-item ht-col-xs-12\">\n                                \n                                <div class=\"product-item  \">\n\n                                    <div class=\"product-inner\">\n                                        <div class=\"image-wrap\">\n                                            <a href=\"https:\/\/ifoffice.pt\/?product=tinteiro-epson-stylus-pro-3800-3880-preto-photo-80ml\" class=\"image\">\n                                                <img loading=\"lazy\" decoding=\"async\" width=\"300\" height=\"229\" src=\"https:\/\/ifoffice.pt\/wp-content\/uploads\/2023\/03\/160957g-300x229.jpg\" class=\"attachment-woocommerce_thumbnail size-woocommerce_thumbnail\" alt=\"Tinteiro epson stylus pro-3800\/3880 preto photo (80ml)\" srcset=\"https:\/\/ifoffice.pt\/wp-content\/uploads\/2023\/03\/160957g-300x229.jpg 300w, https:\/\/ifoffice.pt\/wp-content\/uploads\/2023\/03\/160957g-768x585.jpg 768w, https:\/\/ifoffice.pt\/wp-content\/uploads\/2023\/03\/160957g-600x457.jpg 600w, https:\/\/ifoffice.pt\/wp-content\/uploads\/2023\/03\/160957g-64x49.jpg 64w, https:\/\/ifoffice.pt\/wp-content\/uploads\/2023\/03\/160957g.jpg 1000w\" sizes=\"(max-width: 300px) 100vw, 300px\" \/>                                            <\/a>\n                                                                                                                                        <div class=\"actions style_two\">\n                                                    <a href=\"\/index.php?rest_route=%2Fwp%2Fv2%2Fpages%2F56944&#038;add-to-cart=110966\" aria-describedby=\"woocommerce_loop_add_to_cart_link_describedby_110966\" data-quantity=\"1\" class=\"button product_type_simple add_to_cart_button ajax_add_to_cart\" data-product_id=\"110966\" data-product_sku=\"160957\" aria-label=\"Adiciona ao carrinho: &ldquo;Tinteiro epson stylus pro-3800\/3880 preto photo (80ml)&rdquo;\" rel=\"nofollow\" data-success_message=\"&ldquo;Tinteiro epson stylus pro-3800\/3880 preto photo (80ml)&rdquo; foi adicionado ao seu carrinho\" role=\"button\">Adicionar<\/a>\t<span id=\"woocommerce_loop_add_to_cart_link_describedby_110966\" class=\"screen-reader-text\">\n\t\t\t<\/span>\n<div class=\"tooltip_no wishlist button-default yith-wcwl-add-to-wishlist add-to-wishlist-110966\"><div class=\"yith-wcwl-add-button show\"><a href=\"https:\/\/ifoffice.pt\/?page_id=121&#038;wishlist-action\" data-product-id=\"110966\" data-product-type=\"simple\" class=\"add_to_wishlist\" aria-label=\"Wishlist\" rel=\"nofollow\"><i class=\"fa fa-heart-o\"><\/i><span class=\"ht-product-action-tooltip\">Adicionar \u00e0 lista de Desejos<\/span><\/a><i class=\"fa fa-spinner fa-pulse ajax-loading\" style=\"visibility:hidden\"><\/i><\/div><div class=\"yith-wcwl-wishlistaddedbrowse hide\" style=\"display:none;\"><a class=\"\" href=\"https:\/\/ifoffice.pt\/?page_id=121&#038;wishlist-action\" aria-label=\"Wishlist\" rel=\"nofollow\"><i class=\"fa fa-heart\"><\/i><span class=\"ht-product-action-tooltip\">Veja a sua lista de favoritos<\/span><\/a><\/div><div class=\"yith-wcwl-wishlistexistsbrowse hide\" style=\"display:none\"><a href=\"https:\/\/ifoffice.pt\/?page_id=121&#038;wishlist-action\" class=\"\" aria-label=\"Wishlist\" rel=\"nofollow\"><i class=\"fa fa-heart\"><\/i><span class=\"ht-product-action-tooltip\">Produto adicionado!<\/span><\/a><\/div><\/div>                                                <\/div>\n                                            \n                                            \n                                        <\/div>\n                                        \n                                        <div class=\"content\">\n                                            <h4 class=\"title\"><a href=\"https:\/\/ifoffice.pt\/?product=tinteiro-epson-stylus-pro-3800-3880-preto-photo-80ml\">Tinteiro epson stylus pro-3800\/3880 preto photo (80ml)<\/a><\/h4>\n                                            \n\t<span class=\"price\"><span class=\"woocommerce-Price-amount amount\"><bdi><span class=\"woocommerce-Price-currencySymbol\">&euro;<\/span>105.90<\/bdi><\/span> <small class=\"woocommerce-price-suffix\">IVA inc.<\/small><\/span>\n                                                                                    <\/div>\n                                    <\/div>\n\n                                <\/div>\n\n                                                       <\/div>\n                            <div class=\"slide-item ht-col-xs-12\">\n                                \n                                <div class=\"product-item  \">\n\n                                    <div class=\"product-inner\">\n                                        <div class=\"image-wrap\">\n                                            <a href=\"https:\/\/ifoffice.pt\/?product=tinteiro-epson-wf-c81xx-wf-c86xx-xl-amarelo\" class=\"image\">\n                                                <img loading=\"lazy\" decoding=\"async\" width=\"300\" height=\"229\" src=\"https:\/\/ifoffice.pt\/wp-content\/uploads\/2023\/03\/161017g-300x229.jpg\" class=\"attachment-woocommerce_thumbnail size-woocommerce_thumbnail\" alt=\"Tinteiro epson wf-c81xx \/ wf-c86xx xl amarelo\" srcset=\"https:\/\/ifoffice.pt\/wp-content\/uploads\/2023\/03\/161017g-300x229.jpg 300w, https:\/\/ifoffice.pt\/wp-content\/uploads\/2023\/03\/161017g-768x585.jpg 768w, https:\/\/ifoffice.pt\/wp-content\/uploads\/2023\/03\/161017g-600x457.jpg 600w, https:\/\/ifoffice.pt\/wp-content\/uploads\/2023\/03\/161017g-64x49.jpg 64w, https:\/\/ifoffice.pt\/wp-content\/uploads\/2023\/03\/161017g.jpg 1000w\" sizes=\"(max-width: 300px) 100vw, 300px\" \/>                                            <\/a>\n                                                                                                                                        <div class=\"actions style_two\">\n                                                    <a href=\"\/index.php?rest_route=%2Fwp%2Fv2%2Fpages%2F56944&#038;add-to-cart=110998\" aria-describedby=\"woocommerce_loop_add_to_cart_link_describedby_110998\" data-quantity=\"1\" class=\"button product_type_simple add_to_cart_button ajax_add_to_cart\" data-product_id=\"110998\" data-product_sku=\"161017\" aria-label=\"Adiciona ao carrinho: &ldquo;Tinteiro epson wf-c81xx \/ wf-c86xx xl amarelo&rdquo;\" rel=\"nofollow\" data-success_message=\"&ldquo;Tinteiro epson wf-c81xx \/ wf-c86xx xl amarelo&rdquo; foi adicionado ao seu carrinho\" role=\"button\">Adicionar<\/a>\t<span id=\"woocommerce_loop_add_to_cart_link_describedby_110998\" class=\"screen-reader-text\">\n\t\t\t<\/span>\n<div class=\"tooltip_no wishlist button-default yith-wcwl-add-to-wishlist add-to-wishlist-110998\"><div class=\"yith-wcwl-add-button show\"><a href=\"https:\/\/ifoffice.pt\/?page_id=121&#038;wishlist-action\" data-product-id=\"110998\" data-product-type=\"simple\" class=\"add_to_wishlist\" aria-label=\"Wishlist\" rel=\"nofollow\"><i class=\"fa fa-heart-o\"><\/i><span class=\"ht-product-action-tooltip\">Adicionar \u00e0 lista de Desejos<\/span><\/a><i class=\"fa fa-spinner fa-pulse ajax-loading\" style=\"visibility:hidden\"><\/i><\/div><div class=\"yith-wcwl-wishlistaddedbrowse hide\" style=\"display:none;\"><a class=\"\" href=\"https:\/\/ifoffice.pt\/?page_id=121&#038;wishlist-action\" aria-label=\"Wishlist\" rel=\"nofollow\"><i class=\"fa fa-heart\"><\/i><span class=\"ht-product-action-tooltip\">Veja a sua lista de favoritos<\/span><\/a><\/div><div class=\"yith-wcwl-wishlistexistsbrowse hide\" style=\"display:none\"><a href=\"https:\/\/ifoffice.pt\/?page_id=121&#038;wishlist-action\" class=\"\" aria-label=\"Wishlist\" rel=\"nofollow\"><i class=\"fa fa-heart\"><\/i><span class=\"ht-product-action-tooltip\">Produto adicionado!<\/span><\/a><\/div><\/div>                                                <\/div>\n                                            \n                                            \n                                        <\/div>\n                                        \n                                        <div class=\"content\">\n                                            <h4 class=\"title\"><a href=\"https:\/\/ifoffice.pt\/?product=tinteiro-epson-wf-c81xx-wf-c86xx-xl-amarelo\">Tinteiro epson wf-c81xx \/ wf-c86xx xl amarelo<\/a><\/h4>\n                                            \n\t<span class=\"price\"><span class=\"woocommerce-Price-amount amount\"><bdi><span class=\"woocommerce-Price-currencySymbol\">&euro;<\/span>177.92<\/bdi><\/span> <small class=\"woocommerce-price-suffix\">IVA inc.<\/small><\/span>\n                                                                                    <\/div>\n                                    <\/div>\n\n                                <\/div>\n\n                                                       <\/div>\n                            <div class=\"slide-item ht-col-xs-12\">\n                                \n                                <div class=\"product-item  \">\n\n                                    <div class=\"product-inner\">\n                                        <div class=\"image-wrap\">\n                                            <a href=\"https:\/\/ifoffice.pt\/?product=tinteiro-hp-designjet-t920-t1500-n-727-preto-foto-alta-1000-paginas\" class=\"image\">\n                                                <img loading=\"lazy\" decoding=\"async\" width=\"300\" height=\"229\" src=\"https:\/\/ifoffice.pt\/wp-content\/uploads\/2023\/03\/161118g-300x229.jpg\" class=\"attachment-woocommerce_thumbnail size-woocommerce_thumbnail\" alt=\"Tinteiro hp designjet t920\/t1500 n 727 preto foto alta\/1000 paginas\" srcset=\"https:\/\/ifoffice.pt\/wp-content\/uploads\/2023\/03\/161118g-300x229.jpg 300w, https:\/\/ifoffice.pt\/wp-content\/uploads\/2023\/03\/161118g-768x585.jpg 768w, https:\/\/ifoffice.pt\/wp-content\/uploads\/2023\/03\/161118g-600x457.jpg 600w, https:\/\/ifoffice.pt\/wp-content\/uploads\/2023\/03\/161118g-64x49.jpg 64w, https:\/\/ifoffice.pt\/wp-content\/uploads\/2023\/03\/161118g.jpg 1000w\" sizes=\"(max-width: 300px) 100vw, 300px\" \/>                                            <\/a>\n                                                                                                                                        <div class=\"actions style_two\">\n                                                    <a href=\"\/index.php?rest_route=%2Fwp%2Fv2%2Fpages%2F56944&#038;add-to-cart=111030\" aria-describedby=\"woocommerce_loop_add_to_cart_link_describedby_111030\" data-quantity=\"1\" class=\"button product_type_simple add_to_cart_button ajax_add_to_cart\" data-product_id=\"111030\" data-product_sku=\"161118\" aria-label=\"Adiciona ao carrinho: &ldquo;Tinteiro hp designjet t920\/t1500 n 727 preto foto alta\/1000 paginas&rdquo;\" rel=\"nofollow\" data-success_message=\"&ldquo;Tinteiro hp designjet t920\/t1500 n 727 preto foto alta\/1000 paginas&rdquo; foi adicionado ao seu carrinho\" role=\"button\">Adicionar<\/a>\t<span id=\"woocommerce_loop_add_to_cart_link_describedby_111030\" class=\"screen-reader-text\">\n\t\t\t<\/span>\n<div class=\"tooltip_no wishlist button-default yith-wcwl-add-to-wishlist add-to-wishlist-111030\"><div class=\"yith-wcwl-add-button show\"><a href=\"https:\/\/ifoffice.pt\/?page_id=121&#038;wishlist-action\" data-product-id=\"111030\" data-product-type=\"simple\" class=\"add_to_wishlist\" aria-label=\"Wishlist\" rel=\"nofollow\"><i class=\"fa fa-heart-o\"><\/i><span class=\"ht-product-action-tooltip\">Adicionar \u00e0 lista de Desejos<\/span><\/a><i class=\"fa fa-spinner fa-pulse ajax-loading\" style=\"visibility:hidden\"><\/i><\/div><div class=\"yith-wcwl-wishlistaddedbrowse hide\" style=\"display:none;\"><a class=\"\" href=\"https:\/\/ifoffice.pt\/?page_id=121&#038;wishlist-action\" aria-label=\"Wishlist\" rel=\"nofollow\"><i class=\"fa fa-heart\"><\/i><span class=\"ht-product-action-tooltip\">Veja a sua lista de favoritos<\/span><\/a><\/div><div class=\"yith-wcwl-wishlistexistsbrowse hide\" style=\"display:none\"><a href=\"https:\/\/ifoffice.pt\/?page_id=121&#038;wishlist-action\" class=\"\" aria-label=\"Wishlist\" rel=\"nofollow\"><i class=\"fa fa-heart\"><\/i><span class=\"ht-product-action-tooltip\">Produto adicionado!<\/span><\/a><\/div><\/div>                                                <\/div>\n                                            \n                                            \n                                        <\/div>\n                                        \n                                        <div class=\"content\">\n                                            <h4 class=\"title\"><a href=\"https:\/\/ifoffice.pt\/?product=tinteiro-hp-designjet-t920-t1500-n-727-preto-foto-alta-1000-paginas\">Tinteiro hp designjet t920\/t1500 n 727 preto foto alta\/1000 paginas<\/a><\/h4>\n                                            \n\t<span class=\"price\"><span class=\"woocommerce-Price-amount amount\"><bdi><span class=\"woocommerce-Price-currencySymbol\">&euro;<\/span>181.03<\/bdi><\/span> <small class=\"woocommerce-price-suffix\">IVA inc.<\/small><\/span>\n                                                                                    <\/div>\n                                    <\/div>\n\n                                <\/div>\n\n                                                       <\/div>\n                            <div class=\"slide-item ht-col-xs-12\">\n                                \n                                <div class=\"product-item  \">\n\n                                    <div class=\"product-inner\">\n                                        <div class=\"image-wrap\">\n                                            <a href=\"https:\/\/ifoffice.pt\/?product=toner-lexmark-laser-74c20c0-cx725de-cs720d-e-cs725de-cian-3000-paginas\" class=\"image\">\n                                                <img loading=\"lazy\" decoding=\"async\" width=\"300\" height=\"229\" src=\"https:\/\/ifoffice.pt\/wp-content\/uploads\/2023\/03\/162488g-300x229.jpg\" class=\"attachment-woocommerce_thumbnail size-woocommerce_thumbnail\" alt=\"Toner lexmark laser 74c20c0 cx725de \/ cs720d e\/ cs725de cian 3000 paginas\" srcset=\"https:\/\/ifoffice.pt\/wp-content\/uploads\/2023\/03\/162488g-300x229.jpg 300w, https:\/\/ifoffice.pt\/wp-content\/uploads\/2023\/03\/162488g-768x585.jpg 768w, https:\/\/ifoffice.pt\/wp-content\/uploads\/2023\/03\/162488g-600x457.jpg 600w, https:\/\/ifoffice.pt\/wp-content\/uploads\/2023\/03\/162488g-64x49.jpg 64w, https:\/\/ifoffice.pt\/wp-content\/uploads\/2023\/03\/162488g.jpg 1000w\" sizes=\"(max-width: 300px) 100vw, 300px\" \/>                                            <\/a>\n                                                                                                                                        <div class=\"actions style_two\">\n                                                    <a href=\"\/index.php?rest_route=%2Fwp%2Fv2%2Fpages%2F56944&#038;add-to-cart=111343\" aria-describedby=\"woocommerce_loop_add_to_cart_link_describedby_111343\" data-quantity=\"1\" class=\"button product_type_simple add_to_cart_button ajax_add_to_cart\" data-product_id=\"111343\" data-product_sku=\"162488\" aria-label=\"Adiciona ao carrinho: &ldquo;Toner lexmark laser 74c20c0 cx725de \/ cs720d e\/ cs725de cian 3000 paginas&rdquo;\" rel=\"nofollow\" data-success_message=\"&ldquo;Toner lexmark laser 74c20c0 cx725de \/ cs720d e\/ cs725de cian 3000 paginas&rdquo; foi adicionado ao seu carrinho\" role=\"button\">Adicionar<\/a>\t<span id=\"woocommerce_loop_add_to_cart_link_describedby_111343\" class=\"screen-reader-text\">\n\t\t\t<\/span>\n<div class=\"tooltip_no wishlist button-default yith-wcwl-add-to-wishlist add-to-wishlist-111343\"><div class=\"yith-wcwl-add-button show\"><a href=\"https:\/\/ifoffice.pt\/?page_id=121&#038;wishlist-action\" data-product-id=\"111343\" data-product-type=\"simple\" class=\"add_to_wishlist\" aria-label=\"Wishlist\" rel=\"nofollow\"><i class=\"fa fa-heart-o\"><\/i><span class=\"ht-product-action-tooltip\">Adicionar \u00e0 lista de Desejos<\/span><\/a><i class=\"fa fa-spinner fa-pulse ajax-loading\" style=\"visibility:hidden\"><\/i><\/div><div class=\"yith-wcwl-wishlistaddedbrowse hide\" style=\"display:none;\"><a class=\"\" href=\"https:\/\/ifoffice.pt\/?page_id=121&#038;wishlist-action\" aria-label=\"Wishlist\" rel=\"nofollow\"><i class=\"fa fa-heart\"><\/i><span class=\"ht-product-action-tooltip\">Veja a sua lista de favoritos<\/span><\/a><\/div><div class=\"yith-wcwl-wishlistexistsbrowse hide\" style=\"display:none\"><a href=\"https:\/\/ifoffice.pt\/?page_id=121&#038;wishlist-action\" class=\"\" aria-label=\"Wishlist\" rel=\"nofollow\"><i class=\"fa fa-heart\"><\/i><span class=\"ht-product-action-tooltip\">Produto adicionado!<\/span><\/a><\/div><\/div>                                                <\/div>\n                                            \n                                            \n                                        <\/div>\n                                        \n                                        <div class=\"content\">\n                                            <h4 class=\"title\"><a href=\"https:\/\/ifoffice.pt\/?product=toner-lexmark-laser-74c20c0-cx725de-cs720d-e-cs725de-cian-3000-paginas\">Toner lexmark laser 74c20c0 cx725de \/ cs720d e\/ cs725de cian 3000 paginas<\/a><\/h4>\n                                            \n\t<span class=\"price\"><span class=\"woocommerce-Price-amount amount\"><bdi><span class=\"woocommerce-Price-currencySymbol\">&euro;<\/span>290.46<\/bdi><\/span> <small class=\"woocommerce-price-suffix\">IVA inc.<\/small><\/span>\n                                                                                    <\/div>\n                                    <\/div>\n\n                                <\/div>\n\n                                                       <\/div>\n                            <div class=\"slide-item ht-col-xs-12\">\n                                \n                                <div class=\"product-item  \">\n\n                                    <div class=\"product-inner\">\n                                        <div class=\"image-wrap\">\n                                            <a href=\"https:\/\/ifoffice.pt\/?product=tinteiro-epson-34-workforce-pro-wf-3720-wf-3720dwf-wf-3725dwf-magenta-300-paginas\" class=\"image\">\n                                                <img loading=\"lazy\" decoding=\"async\" width=\"300\" height=\"229\" src=\"https:\/\/ifoffice.pt\/wp-content\/uploads\/2023\/03\/155159g-300x229.jpg\" class=\"attachment-woocommerce_thumbnail size-woocommerce_thumbnail\" alt=\"Tinteiro epson 34 workforce pro wf-3720 \/ wf-3720dwf \/ wf-3725dwf magenta 300 paginas\" srcset=\"https:\/\/ifoffice.pt\/wp-content\/uploads\/2023\/03\/155159g-300x229.jpg 300w, https:\/\/ifoffice.pt\/wp-content\/uploads\/2023\/03\/155159g-64x49.jpg 64w, https:\/\/ifoffice.pt\/wp-content\/uploads\/2023\/03\/155159g.jpg 420w\" sizes=\"(max-width: 300px) 100vw, 300px\" \/>                                            <\/a>\n                                                                                                                                        <div class=\"actions style_two\">\n                                                    <a href=\"\/index.php?rest_route=%2Fwp%2Fv2%2Fpages%2F56944&#038;add-to-cart=112097\" aria-describedby=\"woocommerce_loop_add_to_cart_link_describedby_112097\" data-quantity=\"1\" class=\"button product_type_simple add_to_cart_button ajax_add_to_cart\" data-product_id=\"112097\" data-product_sku=\"155159\" aria-label=\"Adiciona ao carrinho: &ldquo;Tinteiro epson 34 workforce pro wf-3720 \/ wf-3720dwf \/ wf-3725dwf magenta 300 paginas&rdquo;\" rel=\"nofollow\" data-success_message=\"&ldquo;Tinteiro epson 34 workforce pro wf-3720 \/ wf-3720dwf \/ wf-3725dwf magenta 300 paginas&rdquo; foi adicionado ao seu carrinho\" role=\"button\">Adicionar<\/a>\t<span id=\"woocommerce_loop_add_to_cart_link_describedby_112097\" class=\"screen-reader-text\">\n\t\t\t<\/span>\n<div class=\"tooltip_no wishlist button-default yith-wcwl-add-to-wishlist add-to-wishlist-112097\"><div class=\"yith-wcwl-add-button show\"><a href=\"https:\/\/ifoffice.pt\/?page_id=121&#038;wishlist-action\" data-product-id=\"112097\" data-product-type=\"simple\" class=\"add_to_wishlist\" aria-label=\"Wishlist\" rel=\"nofollow\"><i class=\"fa fa-heart-o\"><\/i><span class=\"ht-product-action-tooltip\">Adicionar \u00e0 lista de Desejos<\/span><\/a><i class=\"fa fa-spinner fa-pulse ajax-loading\" style=\"visibility:hidden\"><\/i><\/div><div class=\"yith-wcwl-wishlistaddedbrowse hide\" style=\"display:none;\"><a class=\"\" href=\"https:\/\/ifoffice.pt\/?page_id=121&#038;wishlist-action\" aria-label=\"Wishlist\" rel=\"nofollow\"><i class=\"fa fa-heart\"><\/i><span class=\"ht-product-action-tooltip\">Veja a sua lista de favoritos<\/span><\/a><\/div><div class=\"yith-wcwl-wishlistexistsbrowse hide\" style=\"display:none\"><a href=\"https:\/\/ifoffice.pt\/?page_id=121&#038;wishlist-action\" class=\"\" aria-label=\"Wishlist\" rel=\"nofollow\"><i class=\"fa fa-heart\"><\/i><span class=\"ht-product-action-tooltip\">Produto adicionado!<\/span><\/a><\/div><\/div>                                                <\/div>\n                                            \n                                            \n                                        <\/div>\n                                        \n                                        <div class=\"content\">\n                                            <h4 class=\"title\"><a href=\"https:\/\/ifoffice.pt\/?product=tinteiro-epson-34-workforce-pro-wf-3720-wf-3720dwf-wf-3725dwf-magenta-300-paginas\">Tinteiro epson 34 workforce pro wf-3720 \/ wf-3720dwf \/ wf-3725dwf magenta 300 paginas<\/a><\/h4>\n                                            \n\t<span class=\"price\"><span class=\"woocommerce-Price-amount amount\"><bdi><span class=\"woocommerce-Price-currencySymbol\">&euro;<\/span>20.77<\/bdi><\/span> <small class=\"woocommerce-price-suffix\">IVA inc.<\/small><\/span>\n                                                                                    <\/div>\n                                    <\/div>\n\n                                <\/div>\n\n                                                       <\/div>\n                            <div class=\"slide-item ht-col-xs-12\">\n                                \n                                <div class=\"product-item  \">\n\n                                    <div class=\"product-inner\">\n                                        <div class=\"image-wrap\">\n                                            <a href=\"https:\/\/ifoffice.pt\/?product=tinteiro-epson-stylus-photo-r3000-magenta-vivo-claro\" class=\"image\">\n                                                <img loading=\"lazy\" decoding=\"async\" width=\"300\" height=\"229\" src=\"https:\/\/ifoffice.pt\/wp-content\/uploads\/2023\/03\/160954g-300x229.jpg\" class=\"attachment-woocommerce_thumbnail size-woocommerce_thumbnail\" alt=\"Tinteiro epson stylus photo r3000 magenta vivo claro\" srcset=\"https:\/\/ifoffice.pt\/wp-content\/uploads\/2023\/03\/160954g-300x229.jpg 300w, https:\/\/ifoffice.pt\/wp-content\/uploads\/2023\/03\/160954g-768x585.jpg 768w, https:\/\/ifoffice.pt\/wp-content\/uploads\/2023\/03\/160954g-600x457.jpg 600w, https:\/\/ifoffice.pt\/wp-content\/uploads\/2023\/03\/160954g-64x49.jpg 64w, https:\/\/ifoffice.pt\/wp-content\/uploads\/2023\/03\/160954g.jpg 1000w\" sizes=\"(max-width: 300px) 100vw, 300px\" \/>                                            <\/a>\n                                                                                                                                        <div class=\"actions style_two\">\n                                                    <a href=\"https:\/\/ifoffice.pt\/?product=tinteiro-epson-stylus-photo-r3000-magenta-vivo-claro\" aria-describedby=\"woocommerce_loop_add_to_cart_link_describedby_112129\" data-quantity=\"1\" class=\"button product_type_simple\" data-product_id=\"112129\" data-product_sku=\"160954\" aria-label=\"Leia mais sobre &ldquo;Tinteiro epson stylus photo r3000 magenta vivo claro&rdquo;\" rel=\"nofollow\" data-success_message=\"\">Ler mais<\/a>\t<span id=\"woocommerce_loop_add_to_cart_link_describedby_112129\" class=\"screen-reader-text\">\n\t\t\t<\/span>\n<div class=\"tooltip_no wishlist button-default yith-wcwl-add-to-wishlist add-to-wishlist-112129\"><div class=\"yith-wcwl-add-button show\"><a href=\"https:\/\/ifoffice.pt\/?page_id=121&#038;wishlist-action\" data-product-id=\"112129\" data-product-type=\"simple\" class=\"add_to_wishlist\" aria-label=\"Wishlist\" rel=\"nofollow\"><i class=\"fa fa-heart-o\"><\/i><span class=\"ht-product-action-tooltip\">Adicionar \u00e0 lista de Desejos<\/span><\/a><i class=\"fa fa-spinner fa-pulse ajax-loading\" style=\"visibility:hidden\"><\/i><\/div><div class=\"yith-wcwl-wishlistaddedbrowse hide\" style=\"display:none;\"><a class=\"\" href=\"https:\/\/ifoffice.pt\/?page_id=121&#038;wishlist-action\" aria-label=\"Wishlist\" rel=\"nofollow\"><i class=\"fa fa-heart\"><\/i><span class=\"ht-product-action-tooltip\">Veja a sua lista de favoritos<\/span><\/a><\/div><div class=\"yith-wcwl-wishlistexistsbrowse hide\" style=\"display:none\"><a href=\"https:\/\/ifoffice.pt\/?page_id=121&#038;wishlist-action\" class=\"\" aria-label=\"Wishlist\" rel=\"nofollow\"><i class=\"fa fa-heart\"><\/i><span class=\"ht-product-action-tooltip\">Produto adicionado!<\/span><\/a><\/div><\/div>                                                <\/div>\n                                            \n                                            \n                                        <\/div>\n                                        \n                                        <div class=\"content\">\n                                            <h4 class=\"title\"><a href=\"https:\/\/ifoffice.pt\/?product=tinteiro-epson-stylus-photo-r3000-magenta-vivo-claro\">Tinteiro epson stylus photo r3000 magenta vivo claro<\/a><\/h4>\n                                            \n\t<span class=\"price\"><span class=\"woocommerce-Price-amount amount\"><bdi><span class=\"woocommerce-Price-currencySymbol\">&euro;<\/span>36.96<\/bdi><\/span> <small class=\"woocommerce-price-suffix\">IVA inc.<\/small><\/span>\n                                                                                    <\/div>\n                                    <\/div>\n\n                                <\/div>\n\n                                                       <\/div>\n                            <div class=\"slide-item ht-col-xs-12\">\n                                \n                                <div class=\"product-item  \">\n\n                                    <div class=\"product-inner\">\n                                        <div class=\"image-wrap\">\n                                            <a href=\"https:\/\/ifoffice.pt\/?product=tinteiro-hp-pack-2-s-preto-de-alto-rendimento-901xl-e-tricolor-901\" class=\"image\">\n                                                <img loading=\"lazy\" decoding=\"async\" width=\"300\" height=\"229\" src=\"https:\/\/ifoffice.pt\/wp-content\/uploads\/woocommerce-placeholder-300x229.png\" class=\"woocommerce-placeholder wp-post-image\" alt=\"Placeholder\" \/>                                            <\/a>\n                                                                                                                                        <div class=\"actions style_two\">\n                                                    <a href=\"https:\/\/ifoffice.pt\/?product=tinteiro-hp-pack-2-s-preto-de-alto-rendimento-901xl-e-tricolor-901\" aria-describedby=\"woocommerce_loop_add_to_cart_link_describedby_112161\" data-quantity=\"1\" class=\"button product_type_simple\" data-product_id=\"112161\" data-product_sku=\"161176\" aria-label=\"Leia mais sobre &ldquo;TINTEIRO HP PACK 2 S PRETO DE ALTO RENDIMENTO 901XL E TRICOLOR 901&rdquo;\" rel=\"nofollow\" data-success_message=\"\">Ler mais<\/a>\t<span id=\"woocommerce_loop_add_to_cart_link_describedby_112161\" class=\"screen-reader-text\">\n\t\t\t<\/span>\n<div class=\"tooltip_no wishlist button-default yith-wcwl-add-to-wishlist add-to-wishlist-112161\"><div class=\"yith-wcwl-add-button show\"><a href=\"https:\/\/ifoffice.pt\/?page_id=121&#038;wishlist-action\" data-product-id=\"112161\" data-product-type=\"simple\" class=\"add_to_wishlist\" aria-label=\"Wishlist\" rel=\"nofollow\"><i class=\"fa fa-heart-o\"><\/i><span class=\"ht-product-action-tooltip\">Adicionar \u00e0 lista de Desejos<\/span><\/a><i class=\"fa fa-spinner fa-pulse ajax-loading\" style=\"visibility:hidden\"><\/i><\/div><div class=\"yith-wcwl-wishlistaddedbrowse hide\" style=\"display:none;\"><a class=\"\" href=\"https:\/\/ifoffice.pt\/?page_id=121&#038;wishlist-action\" aria-label=\"Wishlist\" rel=\"nofollow\"><i class=\"fa fa-heart\"><\/i><span class=\"ht-product-action-tooltip\">Veja a sua lista de favoritos<\/span><\/a><\/div><div class=\"yith-wcwl-wishlistexistsbrowse hide\" style=\"display:none\"><a href=\"https:\/\/ifoffice.pt\/?page_id=121&#038;wishlist-action\" class=\"\" aria-label=\"Wishlist\" rel=\"nofollow\"><i class=\"fa fa-heart\"><\/i><span class=\"ht-product-action-tooltip\">Produto adicionado!<\/span><\/a><\/div><\/div>                                                <\/div>\n                                            \n                                            \n                                        <\/div>\n                                        \n                                        <div class=\"content\">\n                                            <h4 class=\"title\"><a href=\"https:\/\/ifoffice.pt\/?product=tinteiro-hp-pack-2-s-preto-de-alto-rendimento-901xl-e-tricolor-901\">TINTEIRO HP PACK 2 S PRETO DE ALTO RENDIMENTO 901XL E TRICOLOR 901<\/a><\/h4>\n                                            \n\t<span class=\"price\"><span class=\"woocommerce-Price-amount amount\"><bdi><span class=\"woocommerce-Price-currencySymbol\">&euro;<\/span>68.66<\/bdi><\/span> <small class=\"woocommerce-price-suffix\">IVA inc.<\/small><\/span>\n                                                                                    <\/div>\n                                    <\/div>\n\n                                <\/div>\n\n                                                       <\/div>\n                            <div class=\"slide-item ht-col-xs-12\">\n                                \n                                <div class=\"product-item  \">\n\n                                    <div class=\"product-inner\">\n                                        <div class=\"image-wrap\">\n                                            <a href=\"https:\/\/ifoffice.pt\/?product=tinteiro-epson-378-xl-expression-home-xp-8605-15000-8500-preto-amarelo-cian-magenta-cian-claro-magenta-claro-830-pag\" class=\"image\">\n                                                <img loading=\"lazy\" decoding=\"async\" width=\"300\" height=\"229\" src=\"https:\/\/ifoffice.pt\/wp-content\/uploads\/2023\/03\/159536g-300x229.jpg\" class=\"attachment-woocommerce_thumbnail size-woocommerce_thumbnail\" alt=\"Tinteiro epson 378 xl expression home xp-8605 \/ 15000 \/ 8500 preto amarelo cian magenta cian claro\" srcset=\"https:\/\/ifoffice.pt\/wp-content\/uploads\/2023\/03\/159536g-300x229.jpg 300w, https:\/\/ifoffice.pt\/wp-content\/uploads\/2023\/03\/159536g-768x585.jpg 768w, https:\/\/ifoffice.pt\/wp-content\/uploads\/2023\/03\/159536g-600x457.jpg 600w, https:\/\/ifoffice.pt\/wp-content\/uploads\/2023\/03\/159536g-64x49.jpg 64w, https:\/\/ifoffice.pt\/wp-content\/uploads\/2023\/03\/159536g.jpg 1000w\" sizes=\"(max-width: 300px) 100vw, 300px\" \/>                                            <\/a>\n                                                                                                                                        <div class=\"actions style_two\">\n                                                    <a href=\"\/index.php?rest_route=%2Fwp%2Fv2%2Fpages%2F56944&#038;add-to-cart=74072\" aria-describedby=\"woocommerce_loop_add_to_cart_link_describedby_74072\" data-quantity=\"1\" class=\"button product_type_simple add_to_cart_button ajax_add_to_cart\" data-product_id=\"74072\" data-product_sku=\"159536\" aria-label=\"Adiciona ao carrinho: &ldquo;Tinteiro epson 378 xl expression home xp-8605 \/ 15000 \/ 8500 preto amarelo cian magenta cian claro&rdquo;\" rel=\"nofollow\" data-success_message=\"&ldquo;Tinteiro epson 378 xl expression home xp-8605 \/ 15000 \/ 8500 preto amarelo cian magenta cian claro&rdquo; foi adicionado ao seu carrinho\" role=\"button\">Adicionar<\/a>\t<span id=\"woocommerce_loop_add_to_cart_link_describedby_74072\" class=\"screen-reader-text\">\n\t\t\t<\/span>\n<div class=\"tooltip_no wishlist button-default yith-wcwl-add-to-wishlist add-to-wishlist-74072\"><div class=\"yith-wcwl-add-button show\"><a href=\"https:\/\/ifoffice.pt\/?page_id=121&#038;wishlist-action\" data-product-id=\"74072\" data-product-type=\"simple\" class=\"add_to_wishlist\" aria-label=\"Wishlist\" rel=\"nofollow\"><i class=\"fa fa-heart-o\"><\/i><span class=\"ht-product-action-tooltip\">Adicionar \u00e0 lista de Desejos<\/span><\/a><i class=\"fa fa-spinner fa-pulse ajax-loading\" style=\"visibility:hidden\"><\/i><\/div><div class=\"yith-wcwl-wishlistaddedbrowse hide\" style=\"display:none;\"><a class=\"\" href=\"https:\/\/ifoffice.pt\/?page_id=121&#038;wishlist-action\" aria-label=\"Wishlist\" rel=\"nofollow\"><i class=\"fa fa-heart\"><\/i><span class=\"ht-product-action-tooltip\">Veja a sua lista de favoritos<\/span><\/a><\/div><div class=\"yith-wcwl-wishlistexistsbrowse hide\" style=\"display:none\"><a href=\"https:\/\/ifoffice.pt\/?page_id=121&#038;wishlist-action\" class=\"\" aria-label=\"Wishlist\" rel=\"nofollow\"><i class=\"fa fa-heart\"><\/i><span class=\"ht-product-action-tooltip\">Produto adicionado!<\/span><\/a><\/div><\/div>                                                <\/div>\n                                            \n                                            \n                                        <\/div>\n                                        \n                                        <div class=\"content\">\n                                            <h4 class=\"title\"><a href=\"https:\/\/ifoffice.pt\/?product=tinteiro-epson-378-xl-expression-home-xp-8605-15000-8500-preto-amarelo-cian-magenta-cian-claro-magenta-claro-830-pag\">Tinteiro epson 378 xl expression home xp-8605 \/ 15000 \/ 8500 preto amarelo cian magenta cian claro<\/a><\/h4>\n                                            \n\t<span class=\"price\"><span class=\"woocommerce-Price-amount amount\"><bdi><span class=\"woocommerce-Price-currencySymbol\">&euro;<\/span>229.40<\/bdi><\/span> <small class=\"woocommerce-price-suffix\">IVA inc.<\/small><\/span>\n                                                                                    <\/div>\n                                    <\/div>\n\n                                <\/div>\n\n                                                       <\/div>\n                            <div class=\"slide-item ht-col-xs-12\">\n                                \n                                <div class=\"product-item  \">\n\n                                    <div class=\"product-inner\">\n                                        <div class=\"image-wrap\">\n                                            <a href=\"https:\/\/ifoffice.pt\/?product=tinta-espon-ecotanao-104-et-2710-2711-2712-2720-2726-4700-magenta-7500-pag\" class=\"image\">\n                                                <img loading=\"lazy\" decoding=\"async\" width=\"300\" height=\"229\" src=\"https:\/\/ifoffice.pt\/wp-content\/uploads\/2023\/03\/156532g-300x229.jpg\" class=\"attachment-woocommerce_thumbnail size-woocommerce_thumbnail\" alt=\"Tinta epson ecotank 104 et-2710 \/ 2711 \/ 2712 \/ 2720 \/ 2726 \/ 4700 magenta 7500 paginas\" srcset=\"https:\/\/ifoffice.pt\/wp-content\/uploads\/2023\/03\/156532g-300x229.jpg 300w, https:\/\/ifoffice.pt\/wp-content\/uploads\/2023\/03\/156532g-64x49.jpg 64w, https:\/\/ifoffice.pt\/wp-content\/uploads\/2023\/03\/156532g.jpg 420w\" sizes=\"(max-width: 300px) 100vw, 300px\" \/>                                            <\/a>\n                                                                                                                                        <div class=\"actions style_two\">\n                                                    <a href=\"\/index.php?rest_route=%2Fwp%2Fv2%2Fpages%2F56944&#038;add-to-cart=75020\" aria-describedby=\"woocommerce_loop_add_to_cart_link_describedby_75020\" data-quantity=\"1\" class=\"button product_type_simple add_to_cart_button ajax_add_to_cart\" data-product_id=\"75020\" data-product_sku=\"156532\" aria-label=\"Adiciona ao carrinho: &ldquo;Tinta epson ecotank 104 et-2710 \/ 2711 \/ 2712 \/ 2720 \/ 2726 \/ 4700 magenta 7500 paginas&rdquo;\" rel=\"nofollow\" data-success_message=\"&ldquo;Tinta epson ecotank 104 et-2710 \/ 2711 \/ 2712 \/ 2720 \/ 2726 \/ 4700 magenta 7500 paginas&rdquo; foi adicionado ao seu carrinho\" role=\"button\">Adicionar<\/a>\t<span id=\"woocommerce_loop_add_to_cart_link_describedby_75020\" class=\"screen-reader-text\">\n\t\t\t<\/span>\n<div class=\"tooltip_no wishlist button-default yith-wcwl-add-to-wishlist add-to-wishlist-75020\"><div class=\"yith-wcwl-add-button show\"><a href=\"https:\/\/ifoffice.pt\/?page_id=121&#038;wishlist-action\" data-product-id=\"75020\" data-product-type=\"simple\" class=\"add_to_wishlist\" aria-label=\"Wishlist\" rel=\"nofollow\"><i class=\"fa fa-heart-o\"><\/i><span class=\"ht-product-action-tooltip\">Adicionar \u00e0 lista de Desejos<\/span><\/a><i class=\"fa fa-spinner fa-pulse ajax-loading\" style=\"visibility:hidden\"><\/i><\/div><div class=\"yith-wcwl-wishlistaddedbrowse hide\" style=\"display:none;\"><a class=\"\" href=\"https:\/\/ifoffice.pt\/?page_id=121&#038;wishlist-action\" aria-label=\"Wishlist\" rel=\"nofollow\"><i class=\"fa fa-heart\"><\/i><span class=\"ht-product-action-tooltip\">Veja a sua lista de favoritos<\/span><\/a><\/div><div class=\"yith-wcwl-wishlistexistsbrowse hide\" style=\"display:none\"><a href=\"https:\/\/ifoffice.pt\/?page_id=121&#038;wishlist-action\" class=\"\" aria-label=\"Wishlist\" rel=\"nofollow\"><i class=\"fa fa-heart\"><\/i><span class=\"ht-product-action-tooltip\">Produto adicionado!<\/span><\/a><\/div><\/div>                                                <\/div>\n                                            \n                                            \n                                        <\/div>\n                                        \n                                        <div class=\"content\">\n                                            <h4 class=\"title\"><a href=\"https:\/\/ifoffice.pt\/?product=tinta-espon-ecotanao-104-et-2710-2711-2712-2720-2726-4700-magenta-7500-pag\">Tinta epson ecotank 104 et-2710 \/ 2711 \/ 2712 \/ 2720 \/ 2726 \/ 4700 magenta 7500 paginas<\/a><\/h4>\n                                            \n\t<span class=\"price\"><span class=\"woocommerce-Price-amount amount\"><bdi><span class=\"woocommerce-Price-currencySymbol\">&euro;<\/span>16.31<\/bdi><\/span> <small class=\"woocommerce-price-suffix\">IVA inc.<\/small><\/span>\n                                                                                    <\/div>\n                                    <\/div>\n\n                                <\/div>\n\n                                                       <\/div>\n                            <div class=\"slide-item ht-col-xs-12\">\n                                \n                                <div class=\"product-item  \">\n\n                                    <div class=\"product-inner\">\n                                        <div class=\"image-wrap\">\n                                            <a href=\"https:\/\/ifoffice.pt\/?product=tinteiro-brother-lc221bk-dcp-j562dw-mfc-j480dw-680dw-880dw-preto-260-pag\" class=\"image\">\n                                                <img loading=\"lazy\" decoding=\"async\" width=\"300\" height=\"229\" src=\"https:\/\/ifoffice.pt\/wp-content\/uploads\/2023\/03\/153898g-300x229.jpg\" class=\"attachment-woocommerce_thumbnail size-woocommerce_thumbnail\" alt=\"Tinteiro brother lc221bk dcp-j562dw \/ mfc-j480dw \/ 680dw \/ 880dw preto 260 pag\" srcset=\"https:\/\/ifoffice.pt\/wp-content\/uploads\/2023\/03\/153898g-300x229.jpg 300w, https:\/\/ifoffice.pt\/wp-content\/uploads\/2023\/03\/153898g-64x49.jpg 64w, https:\/\/ifoffice.pt\/wp-content\/uploads\/2023\/03\/153898g.jpg 420w\" sizes=\"(max-width: 300px) 100vw, 300px\" \/>                                            <\/a>\n                                                                                                                                        <div class=\"actions style_two\">\n                                                    <a href=\"https:\/\/ifoffice.pt\/?product=tinteiro-brother-lc221bk-dcp-j562dw-mfc-j480dw-680dw-880dw-preto-260-pag\" aria-describedby=\"woocommerce_loop_add_to_cart_link_describedby_77978\" data-quantity=\"1\" class=\"button product_type_simple\" data-product_id=\"77978\" data-product_sku=\"153898\" aria-label=\"Leia mais sobre &ldquo;Tinteiro brother lc221bk dcp-j562dw \/ mfc-j480dw \/ 680dw \/ 880dw preto 260 pag&rdquo;\" rel=\"nofollow\" data-success_message=\"\">Ler mais<\/a>\t<span id=\"woocommerce_loop_add_to_cart_link_describedby_77978\" class=\"screen-reader-text\">\n\t\t\t<\/span>\n<div class=\"tooltip_no wishlist button-default yith-wcwl-add-to-wishlist add-to-wishlist-77978\"><div class=\"yith-wcwl-add-button show\"><a href=\"https:\/\/ifoffice.pt\/?page_id=121&#038;wishlist-action\" data-product-id=\"77978\" data-product-type=\"simple\" class=\"add_to_wishlist\" aria-label=\"Wishlist\" rel=\"nofollow\"><i class=\"fa fa-heart-o\"><\/i><span class=\"ht-product-action-tooltip\">Adicionar \u00e0 lista de Desejos<\/span><\/a><i class=\"fa fa-spinner fa-pulse ajax-loading\" style=\"visibility:hidden\"><\/i><\/div><div class=\"yith-wcwl-wishlistaddedbrowse hide\" style=\"display:none;\"><a class=\"\" href=\"https:\/\/ifoffice.pt\/?page_id=121&#038;wishlist-action\" aria-label=\"Wishlist\" rel=\"nofollow\"><i class=\"fa fa-heart\"><\/i><span class=\"ht-product-action-tooltip\">Veja a sua lista de favoritos<\/span><\/a><\/div><div class=\"yith-wcwl-wishlistexistsbrowse hide\" style=\"display:none\"><a href=\"https:\/\/ifoffice.pt\/?page_id=121&#038;wishlist-action\" class=\"\" aria-label=\"Wishlist\" rel=\"nofollow\"><i class=\"fa fa-heart\"><\/i><span class=\"ht-product-action-tooltip\">Produto adicionado!<\/span><\/a><\/div><\/div>                                                <\/div>\n                                            \n                                            \n                                        <\/div>\n                                        \n                                        <div class=\"content\">\n                                            <h4 class=\"title\"><a href=\"https:\/\/ifoffice.pt\/?product=tinteiro-brother-lc221bk-dcp-j562dw-mfc-j480dw-680dw-880dw-preto-260-pag\">Tinteiro brother lc221bk dcp-j562dw \/ mfc-j480dw \/ 680dw \/ 880dw preto 260 pag<\/a><\/h4>\n                                            \n\t<span class=\"price\"><span class=\"woocommerce-Price-amount amount\"><bdi><span class=\"woocommerce-Price-currencySymbol\">&euro;<\/span>27.00<\/bdi><\/span> <small class=\"woocommerce-price-suffix\">IVA inc.<\/small><\/span>\n                                                                                    <\/div>\n                                    <\/div>\n\n                                <\/div>\n\n                                                       <\/div>\n                            <div class=\"slide-item ht-col-xs-12\">\n                                \n                                <div class=\"product-item  \">\n\n                                    <div class=\"product-inner\">\n                                        <div class=\"image-wrap\">\n                                            <a href=\"https:\/\/ifoffice.pt\/?product=tinteiro-epson-27-wf3620-7110-7610-7620-cyan-300-pag\" class=\"image\">\n                                                <img loading=\"lazy\" decoding=\"async\" width=\"300\" height=\"229\" src=\"https:\/\/ifoffice.pt\/wp-content\/uploads\/2023\/03\/90851g-300x229.jpg\" class=\"attachment-woocommerce_thumbnail size-woocommerce_thumbnail\" alt=\"Tinteiro epson 27 wf3620 \/ 7110 \/ 7610 \/ 7620 cyan 300 pag\" srcset=\"https:\/\/ifoffice.pt\/wp-content\/uploads\/2023\/03\/90851g-300x229.jpg 300w, https:\/\/ifoffice.pt\/wp-content\/uploads\/2023\/03\/90851g-64x49.jpg 64w, https:\/\/ifoffice.pt\/wp-content\/uploads\/2023\/03\/90851g.jpg 420w\" sizes=\"(max-width: 300px) 100vw, 300px\" \/>                                            <\/a>\n                                                                                                                                        <div class=\"actions style_two\">\n                                                    <a href=\"\/index.php?rest_route=%2Fwp%2Fv2%2Fpages%2F56944&#038;add-to-cart=80493\" aria-describedby=\"woocommerce_loop_add_to_cart_link_describedby_80493\" data-quantity=\"1\" class=\"button product_type_simple add_to_cart_button ajax_add_to_cart\" data-product_id=\"80493\" data-product_sku=\"90851\" aria-label=\"Adiciona ao carrinho: &ldquo;Tinteiro epson 27 wf3620 \/ 7110 \/ 7610 \/ 7620 cyan 300 pag&rdquo;\" rel=\"nofollow\" data-success_message=\"&ldquo;Tinteiro epson 27 wf3620 \/ 7110 \/ 7610 \/ 7620 cyan 300 pag&rdquo; foi adicionado ao seu carrinho\" role=\"button\">Adicionar<\/a>\t<span id=\"woocommerce_loop_add_to_cart_link_describedby_80493\" class=\"screen-reader-text\">\n\t\t\t<\/span>\n<div class=\"tooltip_no wishlist button-default yith-wcwl-add-to-wishlist add-to-wishlist-80493\"><div class=\"yith-wcwl-add-button show\"><a href=\"https:\/\/ifoffice.pt\/?page_id=121&#038;wishlist-action\" data-product-id=\"80493\" data-product-type=\"simple\" class=\"add_to_wishlist\" aria-label=\"Wishlist\" rel=\"nofollow\"><i class=\"fa fa-heart-o\"><\/i><span class=\"ht-product-action-tooltip\">Adicionar \u00e0 lista de Desejos<\/span><\/a><i class=\"fa fa-spinner fa-pulse ajax-loading\" style=\"visibility:hidden\"><\/i><\/div><div class=\"yith-wcwl-wishlistaddedbrowse hide\" style=\"display:none;\"><a class=\"\" href=\"https:\/\/ifoffice.pt\/?page_id=121&#038;wishlist-action\" aria-label=\"Wishlist\" rel=\"nofollow\"><i class=\"fa fa-heart\"><\/i><span class=\"ht-product-action-tooltip\">Veja a sua lista de favoritos<\/span><\/a><\/div><div class=\"yith-wcwl-wishlistexistsbrowse hide\" style=\"display:none\"><a href=\"https:\/\/ifoffice.pt\/?page_id=121&#038;wishlist-action\" class=\"\" aria-label=\"Wishlist\" rel=\"nofollow\"><i class=\"fa fa-heart\"><\/i><span class=\"ht-product-action-tooltip\">Produto adicionado!<\/span><\/a><\/div><\/div>                                                <\/div>\n                                            \n                                            \n                                        <\/div>\n                                        \n                                        <div class=\"content\">\n                                            <h4 class=\"title\"><a href=\"https:\/\/ifoffice.pt\/?product=tinteiro-epson-27-wf3620-7110-7610-7620-cyan-300-pag\">Tinteiro epson 27 wf3620 \/ 7110 \/ 7610 \/ 7620 cyan 300 pag<\/a><\/h4>\n                                            \n\t<span class=\"price\"><span class=\"woocommerce-Price-amount amount\"><bdi><span class=\"woocommerce-Price-currencySymbol\">&euro;<\/span>20.80<\/bdi><\/span> <small class=\"woocommerce-price-suffix\">IVA inc.<\/small><\/span>\n                                                                                    <\/div>\n                                    <\/div>\n\n                                <\/div>\n\n                                                       <\/div>\n                            <div class=\"slide-item ht-col-xs-12\">\n                                \n                                <div class=\"product-item  \">\n\n                                    <div class=\"product-inner\">\n                                        <div class=\"image-wrap\">\n                                            <a href=\"https:\/\/ifoffice.pt\/?product=tinteiro-epson-home-29-xl-t2992-xp435-330-335-332-430-235-432-cian-450-pag\" class=\"image\">\n                                                <img loading=\"lazy\" decoding=\"async\" width=\"300\" height=\"229\" src=\"https:\/\/ifoffice.pt\/wp-content\/uploads\/2024\/02\/79469g-1.jpg\" class=\"attachment-woocommerce_thumbnail size-woocommerce_thumbnail\" alt=\"Tinteiro epson home 29 xl t2992 xp435\/330\/335\/332\/430\/235\/432 cian 450 pag\" \/>                                            <\/a>\n                                                                                                                                        <div class=\"actions style_two\">\n                                                    <a href=\"\/index.php?rest_route=%2Fwp%2Fv2%2Fpages%2F56944&#038;add-to-cart=81274\" aria-describedby=\"woocommerce_loop_add_to_cart_link_describedby_81274\" data-quantity=\"1\" class=\"button product_type_simple add_to_cart_button ajax_add_to_cart\" data-product_id=\"81274\" data-product_sku=\"79469\" aria-label=\"Adiciona ao carrinho: &ldquo;Tinteiro epson home 29 xl t2992 xp435\/330\/335\/332\/430\/235\/432 cian 450 pag&rdquo;\" rel=\"nofollow\" data-success_message=\"&ldquo;Tinteiro epson home 29 xl t2992 xp435\/330\/335\/332\/430\/235\/432 cian 450 pag&rdquo; foi adicionado ao seu carrinho\" role=\"button\">Adicionar<\/a>\t<span id=\"woocommerce_loop_add_to_cart_link_describedby_81274\" class=\"screen-reader-text\">\n\t\t\t<\/span>\n<div class=\"tooltip_no wishlist button-default yith-wcwl-add-to-wishlist add-to-wishlist-81274\"><div class=\"yith-wcwl-add-button show\"><a href=\"https:\/\/ifoffice.pt\/?page_id=121&#038;wishlist-action\" data-product-id=\"81274\" data-product-type=\"simple\" class=\"add_to_wishlist\" aria-label=\"Wishlist\" rel=\"nofollow\"><i class=\"fa fa-heart-o\"><\/i><span class=\"ht-product-action-tooltip\">Adicionar \u00e0 lista de Desejos<\/span><\/a><i class=\"fa fa-spinner fa-pulse ajax-loading\" style=\"visibility:hidden\"><\/i><\/div><div class=\"yith-wcwl-wishlistaddedbrowse hide\" style=\"display:none;\"><a class=\"\" href=\"https:\/\/ifoffice.pt\/?page_id=121&#038;wishlist-action\" aria-label=\"Wishlist\" rel=\"nofollow\"><i class=\"fa fa-heart\"><\/i><span class=\"ht-product-action-tooltip\">Veja a sua lista de favoritos<\/span><\/a><\/div><div class=\"yith-wcwl-wishlistexistsbrowse hide\" style=\"display:none\"><a href=\"https:\/\/ifoffice.pt\/?page_id=121&#038;wishlist-action\" class=\"\" aria-label=\"Wishlist\" rel=\"nofollow\"><i class=\"fa fa-heart\"><\/i><span class=\"ht-product-action-tooltip\">Produto adicionado!<\/span><\/a><\/div><\/div>                                                <\/div>\n                                            \n                                            \n                                        <\/div>\n                                        \n                                        <div class=\"content\">\n                                            <h4 class=\"title\"><a href=\"https:\/\/ifoffice.pt\/?product=tinteiro-epson-home-29-xl-t2992-xp435-330-335-332-430-235-432-cian-450-pag\">Tinteiro epson home 29 xl t2992 xp435\/330\/335\/332\/430\/235\/432 cian 450 pag<\/a><\/h4>\n                                            \n\t<span class=\"price\"><span class=\"woocommerce-Price-amount amount\"><bdi><span class=\"woocommerce-Price-currencySymbol\">&euro;<\/span>34.16<\/bdi><\/span> <small class=\"woocommerce-price-suffix\">IVA inc.<\/small><\/span>\n                                                                                    <\/div>\n                                    <\/div>\n\n                                <\/div>\n\n                                                       <\/div>\n                            <div class=\"slide-item ht-col-xs-12\">\n                                \n                                <div class=\"product-item  \">\n\n                                    <div class=\"product-inner\">\n                                        <div class=\"image-wrap\">\n                                            <a href=\"https:\/\/ifoffice.pt\/?product=tinteiro-hp-xl-cn627ae-x451dn-x451dw-551dw-x476dn-x476dw-x576dw-magenta-6-600pag\" class=\"image\">\n                                                <img loading=\"lazy\" decoding=\"async\" width=\"300\" height=\"229\" src=\"https:\/\/ifoffice.pt\/wp-content\/uploads\/2023\/03\/72883g-300x229.jpg\" class=\"attachment-woocommerce_thumbnail size-woocommerce_thumbnail\" alt=\"Tinteiro hp xl cn627ae x451dn x451dw\/551dw x476dn x476dw x576dw magenta 6.600pag\" srcset=\"https:\/\/ifoffice.pt\/wp-content\/uploads\/2023\/03\/72883g-300x229.jpg 300w, https:\/\/ifoffice.pt\/wp-content\/uploads\/2023\/03\/72883g-64x49.jpg 64w, https:\/\/ifoffice.pt\/wp-content\/uploads\/2023\/03\/72883g.jpg 420w\" sizes=\"(max-width: 300px) 100vw, 300px\" \/>                                            <\/a>\n                                                                                                                                        <div class=\"actions style_two\">\n                                                    <a href=\"\/index.php?rest_route=%2Fwp%2Fv2%2Fpages%2F56944&#038;add-to-cart=84991\" aria-describedby=\"woocommerce_loop_add_to_cart_link_describedby_84991\" data-quantity=\"1\" class=\"button product_type_simple add_to_cart_button ajax_add_to_cart\" data-product_id=\"84991\" data-product_sku=\"72883\" aria-label=\"Adiciona ao carrinho: &ldquo;Tinteiro hp xl cn627ae x451dn x451dw\/551dw x476dn x476dw x576dw magenta 6.600pag&rdquo;\" rel=\"nofollow\" data-success_message=\"&ldquo;Tinteiro hp xl cn627ae x451dn x451dw\/551dw x476dn x476dw x576dw magenta 6.600pag&rdquo; foi adicionado ao seu carrinho\" role=\"button\">Adicionar<\/a>\t<span id=\"woocommerce_loop_add_to_cart_link_describedby_84991\" class=\"screen-reader-text\">\n\t\t\t<\/span>\n<div class=\"tooltip_no wishlist button-default yith-wcwl-add-to-wishlist add-to-wishlist-84991\"><div class=\"yith-wcwl-add-button show\"><a href=\"https:\/\/ifoffice.pt\/?page_id=121&#038;wishlist-action\" data-product-id=\"84991\" data-product-type=\"simple\" class=\"add_to_wishlist\" aria-label=\"Wishlist\" rel=\"nofollow\"><i class=\"fa fa-heart-o\"><\/i><span class=\"ht-product-action-tooltip\">Adicionar \u00e0 lista de Desejos<\/span><\/a><i class=\"fa fa-spinner fa-pulse ajax-loading\" style=\"visibility:hidden\"><\/i><\/div><div class=\"yith-wcwl-wishlistaddedbrowse hide\" style=\"display:none;\"><a class=\"\" href=\"https:\/\/ifoffice.pt\/?page_id=121&#038;wishlist-action\" aria-label=\"Wishlist\" rel=\"nofollow\"><i class=\"fa fa-heart\"><\/i><span class=\"ht-product-action-tooltip\">Veja a sua lista de favoritos<\/span><\/a><\/div><div class=\"yith-wcwl-wishlistexistsbrowse hide\" style=\"display:none\"><a href=\"https:\/\/ifoffice.pt\/?page_id=121&#038;wishlist-action\" class=\"\" aria-label=\"Wishlist\" rel=\"nofollow\"><i class=\"fa fa-heart\"><\/i><span class=\"ht-product-action-tooltip\">Produto adicionado!<\/span><\/a><\/div><\/div>                                                <\/div>\n                                            \n                                            \n                                        <\/div>\n                                        \n                                        <div class=\"content\">\n                                            <h4 class=\"title\"><a href=\"https:\/\/ifoffice.pt\/?product=tinteiro-hp-xl-cn627ae-x451dn-x451dw-551dw-x476dn-x476dw-x576dw-magenta-6-600pag\">Tinteiro hp xl cn627ae x451dn x451dw\/551dw x476dn x476dw x576dw magenta 6.600pag<\/a><\/h4>\n                                            \n\t<span class=\"price\"><span class=\"woocommerce-Price-amount amount\"><bdi><span class=\"woocommerce-Price-currencySymbol\">&euro;<\/span>250.59<\/bdi><\/span> <small class=\"woocommerce-price-suffix\">IVA inc.<\/small><\/span>\n                                                                                    <\/div>\n                                    <\/div>\n\n                                <\/div>\n\n                                                       <\/div>\n                            <div class=\"slide-item ht-col-xs-12\">\n                                \n                                <div class=\"product-item  \">\n\n                                    <div class=\"product-inner\">\n                                        <div class=\"image-wrap\">\n                                            <a href=\"https:\/\/ifoffice.pt\/?product=tinteiro-epson-expression-premium-t3357-33xl-xp-530-xp-630-xp-640-xp-830-xp-900-multipack-5-cores\" class=\"image\">\n                                                <img loading=\"lazy\" decoding=\"async\" width=\"300\" height=\"229\" src=\"https:\/\/ifoffice.pt\/wp-content\/uploads\/2023\/03\/64020g-300x229.jpg\" class=\"attachment-woocommerce_thumbnail size-woocommerce_thumbnail\" alt=\"Tinteiro epson expression premium t3357 33xl xp-530 \/ xp-630 \/ xp-640 \/ xp-830 \/ xp-900 multipack 5 cores\" srcset=\"https:\/\/ifoffice.pt\/wp-content\/uploads\/2023\/03\/64020g-300x229.jpg 300w, https:\/\/ifoffice.pt\/wp-content\/uploads\/2023\/03\/64020g-768x585.jpg 768w, https:\/\/ifoffice.pt\/wp-content\/uploads\/2023\/03\/64020g-600x457.jpg 600w, https:\/\/ifoffice.pt\/wp-content\/uploads\/2023\/03\/64020g-64x49.jpg 64w, https:\/\/ifoffice.pt\/wp-content\/uploads\/2023\/03\/64020g.jpg 1000w\" sizes=\"(max-width: 300px) 100vw, 300px\" \/>                                            <\/a>\n                                                                                                                                        <div class=\"actions style_two\">\n                                                    <a href=\"\/index.php?rest_route=%2Fwp%2Fv2%2Fpages%2F56944&#038;add-to-cart=87600\" aria-describedby=\"woocommerce_loop_add_to_cart_link_describedby_87600\" data-quantity=\"1\" class=\"button product_type_simple add_to_cart_button ajax_add_to_cart\" data-product_id=\"87600\" data-product_sku=\"64020\" aria-label=\"Adiciona ao carrinho: &ldquo;Tinteiro epson expression premium t3357 33xl xp-530 \/ xp-630 \/ xp-640 \/ xp-830 \/ xp-900 multipack 5 cores&rdquo;\" rel=\"nofollow\" data-success_message=\"&ldquo;Tinteiro epson expression premium t3357 33xl xp-530 \/ xp-630 \/ xp-640 \/ xp-830 \/ xp-900 multipack 5 cores&rdquo; foi adicionado ao seu carrinho\" role=\"button\">Adicionar<\/a>\t<span id=\"woocommerce_loop_add_to_cart_link_describedby_87600\" class=\"screen-reader-text\">\n\t\t\t<\/span>\n<div class=\"tooltip_no wishlist button-default yith-wcwl-add-to-wishlist add-to-wishlist-87600\"><div class=\"yith-wcwl-add-button show\"><a href=\"https:\/\/ifoffice.pt\/?page_id=121&#038;wishlist-action\" data-product-id=\"87600\" data-product-type=\"simple\" class=\"add_to_wishlist\" aria-label=\"Wishlist\" rel=\"nofollow\"><i class=\"fa fa-heart-o\"><\/i><span class=\"ht-product-action-tooltip\">Adicionar \u00e0 lista de Desejos<\/span><\/a><i class=\"fa fa-spinner fa-pulse ajax-loading\" style=\"visibility:hidden\"><\/i><\/div><div class=\"yith-wcwl-wishlistaddedbrowse hide\" style=\"display:none;\"><a class=\"\" href=\"https:\/\/ifoffice.pt\/?page_id=121&#038;wishlist-action\" aria-label=\"Wishlist\" rel=\"nofollow\"><i class=\"fa fa-heart\"><\/i><span class=\"ht-product-action-tooltip\">Veja a sua lista de favoritos<\/span><\/a><\/div><div class=\"yith-wcwl-wishlistexistsbrowse hide\" style=\"display:none\"><a href=\"https:\/\/ifoffice.pt\/?page_id=121&#038;wishlist-action\" class=\"\" aria-label=\"Wishlist\" rel=\"nofollow\"><i class=\"fa fa-heart\"><\/i><span class=\"ht-product-action-tooltip\">Produto adicionado!<\/span><\/a><\/div><\/div>                                                <\/div>\n                                            \n                                            \n                                        <\/div>\n                                        \n                                        <div class=\"content\">\n                                            <h4 class=\"title\"><a href=\"https:\/\/ifoffice.pt\/?product=tinteiro-epson-expression-premium-t3357-33xl-xp-530-xp-630-xp-640-xp-830-xp-900-multipack-5-cores\">Tinteiro epson expression premium t3357 33xl xp-530 \/ xp-630 \/ xp-640 \/ xp-830 \/ xp-900 multipack 5 cores<\/a><\/h4>\n                                            \n\t<span class=\"price\"><span class=\"woocommerce-Price-amount amount\"><bdi><span class=\"woocommerce-Price-currencySymbol\">&euro;<\/span>199.84<\/bdi><\/span> <small class=\"woocommerce-price-suffix\">IVA inc.<\/small><\/span>\n                                                                                    <\/div>\n                                    <\/div>\n\n                                <\/div>\n\n                                                       <\/div>\n                            <div class=\"slide-item ht-col-xs-12\">\n                                \n                                <div class=\"product-item  \">\n\n                                    <div class=\"product-inner\">\n                                        <div class=\"image-wrap\">\n                                            <a href=\"https:\/\/ifoffice.pt\/?product=tinteiro-epson-multipack-t1806-preto-amarelo-cian-e-magenta-xp-102-px-202-px-205xp-305-xp-405\" class=\"image\">\n                                                <img loading=\"lazy\" decoding=\"async\" width=\"300\" height=\"229\" src=\"https:\/\/ifoffice.pt\/wp-content\/uploads\/2023\/03\/57667g-300x229.jpg\" class=\"attachment-woocommerce_thumbnail size-woocommerce_thumbnail\" alt=\"Tinteiro epson multipack t1806 preto amarelo cian e magenta xp-102 px-202 px-205xp-305 xp-405\" srcset=\"https:\/\/ifoffice.pt\/wp-content\/uploads\/2023\/03\/57667g-300x229.jpg 300w, https:\/\/ifoffice.pt\/wp-content\/uploads\/2023\/03\/57667g-64x49.jpg 64w, https:\/\/ifoffice.pt\/wp-content\/uploads\/2023\/03\/57667g.jpg 420w\" sizes=\"(max-width: 300px) 100vw, 300px\" \/>                                            <\/a>\n                                                                                                                                        <div class=\"actions style_two\">\n                                                    <a href=\"\/index.php?rest_route=%2Fwp%2Fv2%2Fpages%2F56944&#038;add-to-cart=89817\" aria-describedby=\"woocommerce_loop_add_to_cart_link_describedby_89817\" data-quantity=\"1\" class=\"button product_type_simple add_to_cart_button ajax_add_to_cart\" data-product_id=\"89817\" data-product_sku=\"57667\" aria-label=\"Adiciona ao carrinho: &ldquo;Tinteiro epson multipack t1806 preto amarelo cian e magenta xp-102 px-202 px-205xp-305 xp-405&rdquo;\" rel=\"nofollow\" data-success_message=\"&ldquo;Tinteiro epson multipack t1806 preto amarelo cian e magenta xp-102 px-202 px-205xp-305 xp-405&rdquo; foi adicionado ao seu carrinho\" role=\"button\">Adicionar<\/a>\t<span id=\"woocommerce_loop_add_to_cart_link_describedby_89817\" class=\"screen-reader-text\">\n\t\t\t<\/span>\n<div class=\"tooltip_no wishlist button-default yith-wcwl-add-to-wishlist add-to-wishlist-89817\"><div class=\"yith-wcwl-add-button show\"><a href=\"https:\/\/ifoffice.pt\/?page_id=121&#038;wishlist-action\" data-product-id=\"89817\" data-product-type=\"simple\" class=\"add_to_wishlist\" aria-label=\"Wishlist\" rel=\"nofollow\"><i class=\"fa fa-heart-o\"><\/i><span class=\"ht-product-action-tooltip\">Adicionar \u00e0 lista de Desejos<\/span><\/a><i class=\"fa fa-spinner fa-pulse ajax-loading\" style=\"visibility:hidden\"><\/i><\/div><div class=\"yith-wcwl-wishlistaddedbrowse hide\" style=\"display:none;\"><a class=\"\" href=\"https:\/\/ifoffice.pt\/?page_id=121&#038;wishlist-action\" aria-label=\"Wishlist\" rel=\"nofollow\"><i class=\"fa fa-heart\"><\/i><span class=\"ht-product-action-tooltip\">Veja a sua lista de favoritos<\/span><\/a><\/div><div class=\"yith-wcwl-wishlistexistsbrowse hide\" style=\"display:none\"><a href=\"https:\/\/ifoffice.pt\/?page_id=121&#038;wishlist-action\" class=\"\" aria-label=\"Wishlist\" rel=\"nofollow\"><i class=\"fa fa-heart\"><\/i><span class=\"ht-product-action-tooltip\">Produto adicionado!<\/span><\/a><\/div><\/div>                                                <\/div>\n                                            \n                                            \n                                        <\/div>\n                                        \n                                        <div class=\"content\">\n                                            <h4 class=\"title\"><a href=\"https:\/\/ifoffice.pt\/?product=tinteiro-epson-multipack-t1806-preto-amarelo-cian-e-magenta-xp-102-px-202-px-205xp-305-xp-405\">Tinteiro epson multipack t1806 preto amarelo cian e magenta xp-102 px-202 px-205xp-305 xp-405<\/a><\/h4>\n                                            \n\t<span class=\"price\"><span class=\"woocommerce-Price-amount amount\"><bdi><span class=\"woocommerce-Price-currencySymbol\">&euro;<\/span>85.52<\/bdi><\/span> <small class=\"woocommerce-price-suffix\">IVA inc.<\/small><\/span>\n                                                                                    <\/div>\n                                    <\/div>\n\n                                <\/div>\n\n                                                       <\/div>\n                            <div class=\"slide-item ht-col-xs-12\">\n                                \n                                <div class=\"product-item  \">\n\n                                    <div class=\"product-inner\">\n                                        <div class=\"image-wrap\">\n                                            <a href=\"https:\/\/ifoffice.pt\/?product=tinteiro-canon-cli-526-m-magenta\" class=\"image\">\n                                                <img loading=\"lazy\" decoding=\"async\" width=\"300\" height=\"229\" src=\"https:\/\/ifoffice.pt\/wp-content\/uploads\/2023\/03\/53709g-300x229.jpg\" class=\"attachment-woocommerce_thumbnail size-woocommerce_thumbnail\" alt=\"Tinteiro canon cli-526 m magenta\" srcset=\"https:\/\/ifoffice.pt\/wp-content\/uploads\/2023\/03\/53709g-300x229.jpg 300w, https:\/\/ifoffice.pt\/wp-content\/uploads\/2023\/03\/53709g-64x49.jpg 64w, https:\/\/ifoffice.pt\/wp-content\/uploads\/2023\/03\/53709g.jpg 420w\" sizes=\"(max-width: 300px) 100vw, 300px\" \/>                                            <\/a>\n                                                                                                                                        <div class=\"actions style_two\">\n                                                    <a href=\"\/index.php?rest_route=%2Fwp%2Fv2%2Fpages%2F56944&#038;add-to-cart=90806\" aria-describedby=\"woocommerce_loop_add_to_cart_link_describedby_90806\" data-quantity=\"1\" class=\"button product_type_simple add_to_cart_button ajax_add_to_cart\" data-product_id=\"90806\" data-product_sku=\"53709\" aria-label=\"Adiciona ao carrinho: &ldquo;Tinteiro canon cli-526 m magenta&rdquo;\" rel=\"nofollow\" data-success_message=\"&ldquo;Tinteiro canon cli-526 m magenta&rdquo; foi adicionado ao seu carrinho\" role=\"button\">Adicionar<\/a>\t<span id=\"woocommerce_loop_add_to_cart_link_describedby_90806\" class=\"screen-reader-text\">\n\t\t\t<\/span>\n<div class=\"tooltip_no wishlist button-default yith-wcwl-add-to-wishlist add-to-wishlist-90806\"><div class=\"yith-wcwl-add-button show\"><a href=\"https:\/\/ifoffice.pt\/?page_id=121&#038;wishlist-action\" data-product-id=\"90806\" data-product-type=\"simple\" class=\"add_to_wishlist\" aria-label=\"Wishlist\" rel=\"nofollow\"><i class=\"fa fa-heart-o\"><\/i><span class=\"ht-product-action-tooltip\">Adicionar \u00e0 lista de Desejos<\/span><\/a><i class=\"fa fa-spinner fa-pulse ajax-loading\" style=\"visibility:hidden\"><\/i><\/div><div class=\"yith-wcwl-wishlistaddedbrowse hide\" style=\"display:none;\"><a class=\"\" href=\"https:\/\/ifoffice.pt\/?page_id=121&#038;wishlist-action\" aria-label=\"Wishlist\" rel=\"nofollow\"><i class=\"fa fa-heart\"><\/i><span class=\"ht-product-action-tooltip\">Veja a sua lista de favoritos<\/span><\/a><\/div><div class=\"yith-wcwl-wishlistexistsbrowse hide\" style=\"display:none\"><a href=\"https:\/\/ifoffice.pt\/?page_id=121&#038;wishlist-action\" class=\"\" aria-label=\"Wishlist\" rel=\"nofollow\"><i class=\"fa fa-heart\"><\/i><span class=\"ht-product-action-tooltip\">Produto adicionado!<\/span><\/a><\/div><\/div>                                                <\/div>\n                                            \n                                            \n                                        <\/div>\n                                        \n                                        <div class=\"content\">\n                                            <h4 class=\"title\"><a href=\"https:\/\/ifoffice.pt\/?product=tinteiro-canon-cli-526-m-magenta\">Tinteiro canon cli-526 m magenta<\/a><\/h4>\n                                            \n\t<span class=\"price\"><span class=\"woocommerce-Price-amount amount\"><bdi><span class=\"woocommerce-Price-currencySymbol\">&euro;<\/span>24.34<\/bdi><\/span> <small class=\"woocommerce-price-suffix\">IVA inc.<\/small><\/span>\n                                                                                    <\/div>\n                                    <\/div>\n\n                                <\/div>\n\n                                                       <\/div>\n                            <div class=\"slide-item ht-col-xs-12\">\n                                \n                                <div class=\"product-item  \">\n\n                                    <div class=\"product-inner\">\n                                        <div class=\"image-wrap\">\n                                            <a href=\"https:\/\/ifoffice.pt\/?product=cartucho-de-tinta-epson-stylus-t1302-cian-office-bx320f-alta-capacidade\" class=\"image\">\n                                                <img loading=\"lazy\" decoding=\"async\" width=\"300\" height=\"229\" src=\"https:\/\/ifoffice.pt\/wp-content\/uploads\/2023\/03\/49793g-300x229.jpg\" class=\"attachment-woocommerce_thumbnail size-woocommerce_thumbnail\" alt=\"Tinteiro epson stylus t1302 cian office bx320f alta capacidade\" srcset=\"https:\/\/ifoffice.pt\/wp-content\/uploads\/2023\/03\/49793g-300x229.jpg 300w, https:\/\/ifoffice.pt\/wp-content\/uploads\/2023\/03\/49793g-64x49.jpg 64w, https:\/\/ifoffice.pt\/wp-content\/uploads\/2023\/03\/49793g.jpg 420w\" sizes=\"(max-width: 300px) 100vw, 300px\" \/>                                            <\/a>\n                                                                                                                                        <div class=\"actions style_two\">\n                                                    <a href=\"https:\/\/ifoffice.pt\/?product=cartucho-de-tinta-epson-stylus-t1302-cian-office-bx320f-alta-capacidade\" aria-describedby=\"woocommerce_loop_add_to_cart_link_describedby_91528\" data-quantity=\"1\" class=\"button product_type_simple\" data-product_id=\"91528\" data-product_sku=\"49793\" aria-label=\"Leia mais sobre &ldquo;Tinteiro epson stylus t1302 cian office bx320f alta capacidade&rdquo;\" rel=\"nofollow\" data-success_message=\"\">Ler mais<\/a>\t<span id=\"woocommerce_loop_add_to_cart_link_describedby_91528\" class=\"screen-reader-text\">\n\t\t\t<\/span>\n<div class=\"tooltip_no wishlist button-default yith-wcwl-add-to-wishlist add-to-wishlist-91528\"><div class=\"yith-wcwl-add-button show\"><a href=\"https:\/\/ifoffice.pt\/?page_id=121&#038;wishlist-action\" data-product-id=\"91528\" data-product-type=\"simple\" class=\"add_to_wishlist\" aria-label=\"Wishlist\" rel=\"nofollow\"><i class=\"fa fa-heart-o\"><\/i><span class=\"ht-product-action-tooltip\">Adicionar \u00e0 lista de Desejos<\/span><\/a><i class=\"fa fa-spinner fa-pulse ajax-loading\" style=\"visibility:hidden\"><\/i><\/div><div class=\"yith-wcwl-wishlistaddedbrowse hide\" style=\"display:none;\"><a class=\"\" href=\"https:\/\/ifoffice.pt\/?page_id=121&#038;wishlist-action\" aria-label=\"Wishlist\" rel=\"nofollow\"><i class=\"fa fa-heart\"><\/i><span class=\"ht-product-action-tooltip\">Veja a sua lista de favoritos<\/span><\/a><\/div><div class=\"yith-wcwl-wishlistexistsbrowse hide\" style=\"display:none\"><a href=\"https:\/\/ifoffice.pt\/?page_id=121&#038;wishlist-action\" class=\"\" aria-label=\"Wishlist\" rel=\"nofollow\"><i class=\"fa fa-heart\"><\/i><span class=\"ht-product-action-tooltip\">Produto adicionado!<\/span><\/a><\/div><\/div>                                                <\/div>\n                                            \n                                            \n                                        <\/div>\n                                        \n                                        <div class=\"content\">\n                                            <h4 class=\"title\"><a href=\"https:\/\/ifoffice.pt\/?product=cartucho-de-tinta-epson-stylus-t1302-cian-office-bx320f-alta-capacidade\">Tinteiro epson stylus t1302 cian office bx320f alta capacidade<\/a><\/h4>\n                                            \n\t<span class=\"price\"><span class=\"woocommerce-Price-amount amount\"><bdi><span class=\"woocommerce-Price-currencySymbol\">&euro;<\/span>31.21<\/bdi><\/span> <small class=\"woocommerce-price-suffix\">IVA inc.<\/small><\/span>\n                                                                                    <\/div>\n                                    <\/div>\n\n                                <\/div>\n\n                                                       <\/div>\n                            <div class=\"slide-item ht-col-xs-12\">\n                                \n                                <div class=\"product-item  \">\n\n                                    <div class=\"product-inner\">\n                                        <div class=\"image-wrap\">\n                                            <a href=\"https:\/\/ifoffice.pt\/?product=tinteiro-hp-364-preto-foto-photosmart-premium-c309a-series-c5300-c6300-b8500-d5400-130pag-10x15\" class=\"image\">\n                                                <img loading=\"lazy\" decoding=\"async\" width=\"300\" height=\"229\" src=\"https:\/\/ifoffice.pt\/wp-content\/uploads\/2023\/03\/46966g-300x229.jpg\" class=\"attachment-woocommerce_thumbnail size-woocommerce_thumbnail\" alt=\"Tinteiro hp 364 preto foto photosmart premium - c309a \/ series c5300 \/ c6300 \/ b8500 \/ d5400 130pag 10x15\" srcset=\"https:\/\/ifoffice.pt\/wp-content\/uploads\/2023\/03\/46966g-300x229.jpg 300w, https:\/\/ifoffice.pt\/wp-content\/uploads\/2023\/03\/46966g-64x49.jpg 64w, https:\/\/ifoffice.pt\/wp-content\/uploads\/2023\/03\/46966g.jpg 420w\" sizes=\"(max-width: 300px) 100vw, 300px\" \/>                                            <\/a>\n                                                                                                                                        <div class=\"actions style_two\">\n                                                    <a href=\"\/index.php?rest_route=%2Fwp%2Fv2%2Fpages%2F56944&#038;add-to-cart=92277\" aria-describedby=\"woocommerce_loop_add_to_cart_link_describedby_92277\" data-quantity=\"1\" class=\"button product_type_simple add_to_cart_button ajax_add_to_cart\" data-product_id=\"92277\" data-product_sku=\"46966\" aria-label=\"Adiciona ao carrinho: &ldquo;Tinteiro hp 364 preto foto photosmart premium - c309a \/ series c5300 \/ c6300 \/ b8500 \/ d5400 130pag 10x15&rdquo;\" rel=\"nofollow\" data-success_message=\"&ldquo;Tinteiro hp 364 preto foto photosmart premium - c309a \/ series c5300 \/ c6300 \/ b8500 \/ d5400 130pag 10x15&rdquo; foi adicionado ao seu carrinho\" role=\"button\">Adicionar<\/a>\t<span id=\"woocommerce_loop_add_to_cart_link_describedby_92277\" class=\"screen-reader-text\">\n\t\t\t<\/span>\n<div class=\"tooltip_no wishlist button-default yith-wcwl-add-to-wishlist add-to-wishlist-92277\"><div class=\"yith-wcwl-add-button show\"><a href=\"https:\/\/ifoffice.pt\/?page_id=121&#038;wishlist-action\" data-product-id=\"92277\" data-product-type=\"simple\" class=\"add_to_wishlist\" aria-label=\"Wishlist\" rel=\"nofollow\"><i class=\"fa fa-heart-o\"><\/i><span class=\"ht-product-action-tooltip\">Adicionar \u00e0 lista de Desejos<\/span><\/a><i class=\"fa fa-spinner fa-pulse ajax-loading\" style=\"visibility:hidden\"><\/i><\/div><div class=\"yith-wcwl-wishlistaddedbrowse hide\" style=\"display:none;\"><a class=\"\" href=\"https:\/\/ifoffice.pt\/?page_id=121&#038;wishlist-action\" aria-label=\"Wishlist\" rel=\"nofollow\"><i class=\"fa fa-heart\"><\/i><span class=\"ht-product-action-tooltip\">Veja a sua lista de favoritos<\/span><\/a><\/div><div class=\"yith-wcwl-wishlistexistsbrowse hide\" style=\"display:none\"><a href=\"https:\/\/ifoffice.pt\/?page_id=121&#038;wishlist-action\" class=\"\" aria-label=\"Wishlist\" rel=\"nofollow\"><i class=\"fa fa-heart\"><\/i><span class=\"ht-product-action-tooltip\">Produto adicionado!<\/span><\/a><\/div><\/div>                                                <\/div>\n                                            \n                                            \n                                        <\/div>\n                                        \n                                        <div class=\"content\">\n                                            <h4 class=\"title\"><a href=\"https:\/\/ifoffice.pt\/?product=tinteiro-hp-364-preto-foto-photosmart-premium-c309a-series-c5300-c6300-b8500-d5400-130pag-10x15\">Tinteiro hp 364 preto foto photosmart premium &#8211; c309a \/ series c5300 \/ c6300 \/ b8500 \/ d5400 130pag 10&#215;15<\/a><\/h4>\n                                            \n\t<span class=\"price\"><span class=\"woocommerce-Price-amount amount\"><bdi><span class=\"woocommerce-Price-currencySymbol\">&euro;<\/span>27.53<\/bdi><\/span> <small class=\"woocommerce-price-suffix\">IVA inc.<\/small><\/span>\n                                                                                    <\/div>\n                                    <\/div>\n\n                                <\/div>\n\n                                                       <\/div>\n                            <div class=\"slide-item ht-col-xs-12\">\n                                \n                                <div class=\"product-item  \">\n\n                                    <div class=\"product-inner\">\n                                        <div class=\"image-wrap\">\n                                            <a href=\"https:\/\/ifoffice.pt\/?product=tinteiro-brother-lc-1100hyvalbp-pack-cian-magenta-amarelo-e-preto-de-alta-capacidade\" class=\"image\">\n                                                <img loading=\"lazy\" decoding=\"async\" width=\"300\" height=\"229\" src=\"https:\/\/ifoffice.pt\/wp-content\/uploads\/2023\/03\/43426g-300x229.jpg\" class=\"attachment-woocommerce_thumbnail size-woocommerce_thumbnail\" alt=\"Tinteiro brother lc-1100hyvalbp pack cian\/magenta\/amarelo e preto de alta capacidade\" srcset=\"https:\/\/ifoffice.pt\/wp-content\/uploads\/2023\/03\/43426g-300x229.jpg 300w, https:\/\/ifoffice.pt\/wp-content\/uploads\/2023\/03\/43426g-64x49.jpg 64w, https:\/\/ifoffice.pt\/wp-content\/uploads\/2023\/03\/43426g.jpg 420w\" sizes=\"(max-width: 300px) 100vw, 300px\" \/>                                            <\/a>\n                                                                                                                                        <div class=\"actions style_two\">\n                                                    <a href=\"\/index.php?rest_route=%2Fwp%2Fv2%2Fpages%2F56944&#038;add-to-cart=93475\" aria-describedby=\"woocommerce_loop_add_to_cart_link_describedby_93475\" data-quantity=\"1\" class=\"button product_type_simple add_to_cart_button ajax_add_to_cart\" data-product_id=\"93475\" data-product_sku=\"43426\" aria-label=\"Adiciona ao carrinho: &ldquo;Tinteiro brother lc-1100hyvalbp pack cian\/magenta\/amarelo e preto de alta capacidade&rdquo;\" rel=\"nofollow\" data-success_message=\"&ldquo;Tinteiro brother lc-1100hyvalbp pack cian\/magenta\/amarelo e preto de alta capacidade&rdquo; foi adicionado ao seu carrinho\" role=\"button\">Adicionar<\/a>\t<span id=\"woocommerce_loop_add_to_cart_link_describedby_93475\" class=\"screen-reader-text\">\n\t\t\t<\/span>\n<div class=\"tooltip_no wishlist button-default yith-wcwl-add-to-wishlist add-to-wishlist-93475\"><div class=\"yith-wcwl-add-button show\"><a href=\"https:\/\/ifoffice.pt\/?page_id=121&#038;wishlist-action\" data-product-id=\"93475\" data-product-type=\"simple\" class=\"add_to_wishlist\" aria-label=\"Wishlist\" rel=\"nofollow\"><i class=\"fa fa-heart-o\"><\/i><span class=\"ht-product-action-tooltip\">Adicionar \u00e0 lista de Desejos<\/span><\/a><i class=\"fa fa-spinner fa-pulse ajax-loading\" style=\"visibility:hidden\"><\/i><\/div><div class=\"yith-wcwl-wishlistaddedbrowse hide\" style=\"display:none;\"><a class=\"\" href=\"https:\/\/ifoffice.pt\/?page_id=121&#038;wishlist-action\" aria-label=\"Wishlist\" rel=\"nofollow\"><i class=\"fa fa-heart\"><\/i><span class=\"ht-product-action-tooltip\">Veja a sua lista de favoritos<\/span><\/a><\/div><div class=\"yith-wcwl-wishlistexistsbrowse hide\" style=\"display:none\"><a href=\"https:\/\/ifoffice.pt\/?page_id=121&#038;wishlist-action\" class=\"\" aria-label=\"Wishlist\" rel=\"nofollow\"><i class=\"fa fa-heart\"><\/i><span class=\"ht-product-action-tooltip\">Produto adicionado!<\/span><\/a><\/div><\/div>                                                <\/div>\n                                            \n                                            \n                                        <\/div>\n                                        \n                                        <div class=\"content\">\n                                            <h4 class=\"title\"><a href=\"https:\/\/ifoffice.pt\/?product=tinteiro-brother-lc-1100hyvalbp-pack-cian-magenta-amarelo-e-preto-de-alta-capacidade\">Tinteiro brother lc-1100hyvalbp pack cian\/magenta\/amarelo e preto de alta capacidade<\/a><\/h4>\n                                            \n\t<span class=\"price\"><span class=\"woocommerce-Price-amount amount\"><bdi><span class=\"woocommerce-Price-currencySymbol\">&euro;<\/span>96.17<\/bdi><\/span> <small class=\"woocommerce-price-suffix\">IVA inc.<\/small><\/span>\n                                                                                    <\/div>\n                                    <\/div>\n\n                                <\/div>\n\n                                                       <\/div>\n                            <div class=\"slide-item ht-col-xs-12\">\n                                \n                                <div class=\"product-item  \">\n\n                                    <div class=\"product-inner\">\n                                        <div class=\"image-wrap\">\n                                            <a href=\"https:\/\/ifoffice.pt\/?product=tinteiro-canon-cl-38-tricolor\" class=\"image\">\n                                                <img loading=\"lazy\" decoding=\"async\" width=\"300\" height=\"229\" src=\"https:\/\/ifoffice.pt\/wp-content\/uploads\/2023\/03\/37857g-300x229.jpg\" class=\"attachment-woocommerce_thumbnail size-woocommerce_thumbnail\" alt=\"Tinteiro canon cl-38 tricolor\" srcset=\"https:\/\/ifoffice.pt\/wp-content\/uploads\/2023\/03\/37857g-300x229.jpg 300w, https:\/\/ifoffice.pt\/wp-content\/uploads\/2023\/03\/37857g-64x49.jpg 64w, https:\/\/ifoffice.pt\/wp-content\/uploads\/2023\/03\/37857g.jpg 420w\" sizes=\"(max-width: 300px) 100vw, 300px\" \/>                                            <\/a>\n                                                                                                                                        <div class=\"actions style_two\">\n                                                    <a href=\"\/index.php?rest_route=%2Fwp%2Fv2%2Fpages%2F56944&#038;add-to-cart=94400\" aria-describedby=\"woocommerce_loop_add_to_cart_link_describedby_94400\" data-quantity=\"1\" class=\"button product_type_simple add_to_cart_button ajax_add_to_cart\" data-product_id=\"94400\" data-product_sku=\"37857\" aria-label=\"Adiciona ao carrinho: &ldquo;Tinteiro canon cl-38 tricolor&rdquo;\" rel=\"nofollow\" data-success_message=\"&ldquo;Tinteiro canon cl-38 tricolor&rdquo; foi adicionado ao seu carrinho\" role=\"button\">Adicionar<\/a>\t<span id=\"woocommerce_loop_add_to_cart_link_describedby_94400\" class=\"screen-reader-text\">\n\t\t\t<\/span>\n<div class=\"tooltip_no wishlist button-default yith-wcwl-add-to-wishlist add-to-wishlist-94400\"><div class=\"yith-wcwl-add-button show\"><a href=\"https:\/\/ifoffice.pt\/?page_id=121&#038;wishlist-action\" data-product-id=\"94400\" data-product-type=\"simple\" class=\"add_to_wishlist\" aria-label=\"Wishlist\" rel=\"nofollow\"><i class=\"fa fa-heart-o\"><\/i><span class=\"ht-product-action-tooltip\">Adicionar \u00e0 lista de Desejos<\/span><\/a><i class=\"fa fa-spinner fa-pulse ajax-loading\" style=\"visibility:hidden\"><\/i><\/div><div class=\"yith-wcwl-wishlistaddedbrowse hide\" style=\"display:none;\"><a class=\"\" href=\"https:\/\/ifoffice.pt\/?page_id=121&#038;wishlist-action\" aria-label=\"Wishlist\" rel=\"nofollow\"><i class=\"fa fa-heart\"><\/i><span class=\"ht-product-action-tooltip\">Veja a sua lista de favoritos<\/span><\/a><\/div><div class=\"yith-wcwl-wishlistexistsbrowse hide\" style=\"display:none\"><a href=\"https:\/\/ifoffice.pt\/?page_id=121&#038;wishlist-action\" class=\"\" aria-label=\"Wishlist\" rel=\"nofollow\"><i class=\"fa fa-heart\"><\/i><span class=\"ht-product-action-tooltip\">Produto adicionado!<\/span><\/a><\/div><\/div>                                                <\/div>\n                                            \n                                            \n                                        <\/div>\n                                        \n                                        <div class=\"content\">\n                                            <h4 class=\"title\"><a href=\"https:\/\/ifoffice.pt\/?product=tinteiro-canon-cl-38-tricolor\">Tinteiro canon cl-38 tricolor<\/a><\/h4>\n                                            \n\t<span class=\"price\"><span class=\"woocommerce-Price-amount amount\"><bdi><span class=\"woocommerce-Price-currencySymbol\">&euro;<\/span>34.24<\/bdi><\/span> <small class=\"woocommerce-price-suffix\">IVA inc.<\/small><\/span>\n                                                                                    <\/div>\n                                    <\/div>\n\n                                <\/div>\n\n                                                       <\/div>\n                            <div class=\"slide-item ht-col-xs-12\">\n                                \n                                <div class=\"product-item  \">\n\n                                    <div class=\"product-inner\">\n                                        <div class=\"image-wrap\">\n                                            <a href=\"https:\/\/ifoffice.pt\/?product=165949\" class=\"image\">\n                                                <img loading=\"lazy\" decoding=\"async\" width=\"300\" height=\"229\" src=\"https:\/\/ifoffice.pt\/wp-content\/uploads\/2023\/03\/165949g-300x229.jpg\" class=\"attachment-woocommerce_thumbnail size-woocommerce_thumbnail\" alt=\"Tinteiro brother lc-422y amarelo mfc-j5340dw \/ mfc-j5740dw \/ mfc-j6540dw \/ mfc-j6940dw 550 paginas\" srcset=\"https:\/\/ifoffice.pt\/wp-content\/uploads\/2023\/03\/165949g-300x229.jpg 300w, https:\/\/ifoffice.pt\/wp-content\/uploads\/2023\/03\/165949g-768x585.jpg 768w, https:\/\/ifoffice.pt\/wp-content\/uploads\/2023\/03\/165949g-600x457.jpg 600w, https:\/\/ifoffice.pt\/wp-content\/uploads\/2023\/03\/165949g-64x49.jpg 64w, https:\/\/ifoffice.pt\/wp-content\/uploads\/2023\/03\/165949g.jpg 1000w\" sizes=\"(max-width: 300px) 100vw, 300px\" \/>                                            <\/a>\n                                                                                                                                        <div class=\"actions style_two\">\n                                                    <a href=\"\/index.php?rest_route=%2Fwp%2Fv2%2Fpages%2F56944&#038;add-to-cart=106986\" aria-describedby=\"woocommerce_loop_add_to_cart_link_describedby_106986\" data-quantity=\"1\" class=\"button product_type_simple add_to_cart_button ajax_add_to_cart\" data-product_id=\"106986\" data-product_sku=\"165949\" aria-label=\"Adiciona ao carrinho: &ldquo;Tinteiro brother lc-422y amarelo mfc-j5340dw \/ mfc-j5740dw \/ mfc-j6540dw \/ mfc-j6940dw 550 paginas&rdquo;\" rel=\"nofollow\" data-success_message=\"&ldquo;Tinteiro brother lc-422y amarelo mfc-j5340dw \/ mfc-j5740dw \/ mfc-j6540dw \/ mfc-j6940dw 550 paginas&rdquo; foi adicionado ao seu carrinho\" role=\"button\">Adicionar<\/a>\t<span id=\"woocommerce_loop_add_to_cart_link_describedby_106986\" class=\"screen-reader-text\">\n\t\t\t<\/span>\n<div class=\"tooltip_no wishlist button-default yith-wcwl-add-to-wishlist add-to-wishlist-106986\"><div class=\"yith-wcwl-add-button show\"><a href=\"https:\/\/ifoffice.pt\/?page_id=121&#038;wishlist-action\" data-product-id=\"106986\" data-product-type=\"simple\" class=\"add_to_wishlist\" aria-label=\"Wishlist\" rel=\"nofollow\"><i class=\"fa fa-heart-o\"><\/i><span class=\"ht-product-action-tooltip\">Adicionar \u00e0 lista de Desejos<\/span><\/a><i class=\"fa fa-spinner fa-pulse ajax-loading\" style=\"visibility:hidden\"><\/i><\/div><div class=\"yith-wcwl-wishlistaddedbrowse hide\" style=\"display:none;\"><a class=\"\" href=\"https:\/\/ifoffice.pt\/?page_id=121&#038;wishlist-action\" aria-label=\"Wishlist\" rel=\"nofollow\"><i class=\"fa fa-heart\"><\/i><span class=\"ht-product-action-tooltip\">Veja a sua lista de favoritos<\/span><\/a><\/div><div class=\"yith-wcwl-wishlistexistsbrowse hide\" style=\"display:none\"><a href=\"https:\/\/ifoffice.pt\/?page_id=121&#038;wishlist-action\" class=\"\" aria-label=\"Wishlist\" rel=\"nofollow\"><i class=\"fa fa-heart\"><\/i><span class=\"ht-product-action-tooltip\">Produto adicionado!<\/span><\/a><\/div><\/div>                                                <\/div>\n                                            \n                                            \n                                        <\/div>\n                                        \n                                        <div class=\"content\">\n                                            <h4 class=\"title\"><a href=\"https:\/\/ifoffice.pt\/?product=165949\">Tinteiro brother lc-422y amarelo mfc-j5340dw \/ mfc-j5740dw \/ mfc-j6540dw \/ mfc-j6940dw 550 paginas<\/a><\/h4>\n                                            \n\t<span class=\"price\"><span class=\"woocommerce-Price-amount amount\"><bdi><span class=\"woocommerce-Price-currencySymbol\">&euro;<\/span>26.74<\/bdi><\/span> <small class=\"woocommerce-price-suffix\">IVA inc.<\/small><\/span>\n                                                                                    <\/div>\n                                    <\/div>\n\n                                <\/div>\n\n                                                       <\/div>\n                            <div class=\"slide-item ht-col-xs-12\">\n                                \n                                <div class=\"product-item  \">\n\n                                    <div class=\"product-inner\">\n                                        <div class=\"image-wrap\">\n                                            <a href=\"https:\/\/ifoffice.pt\/?product=tinteiro-epson-378-xl-expression-home-xp-8605-8606-xp-15000-xp-8500-8505-magenta-claro-830-pag\" class=\"image\">\n                                                <img loading=\"lazy\" decoding=\"async\" width=\"300\" height=\"229\" src=\"https:\/\/ifoffice.pt\/wp-content\/uploads\/2023\/03\/159535g-300x229.jpg\" class=\"attachment-woocommerce_thumbnail size-woocommerce_thumbnail\" alt=\"Tinteiro epson 378 xl expression home xp-8605 \/ 8606 \/ xp-15000 \/ xp-8500 \/ 8505 magenta claro 830 pag\" srcset=\"https:\/\/ifoffice.pt\/wp-content\/uploads\/2023\/03\/159535g-300x229.jpg 300w, https:\/\/ifoffice.pt\/wp-content\/uploads\/2023\/03\/159535g-768x585.jpg 768w, https:\/\/ifoffice.pt\/wp-content\/uploads\/2023\/03\/159535g-600x457.jpg 600w, https:\/\/ifoffice.pt\/wp-content\/uploads\/2023\/03\/159535g-64x49.jpg 64w, https:\/\/ifoffice.pt\/wp-content\/uploads\/2023\/03\/159535g.jpg 1000w\" sizes=\"(max-width: 300px) 100vw, 300px\" \/>                                            <\/a>\n                                                                                                                                        <div class=\"actions style_two\">\n                                                    <a href=\"https:\/\/ifoffice.pt\/?product=tinteiro-epson-378-xl-expression-home-xp-8605-8606-xp-15000-xp-8500-8505-magenta-claro-830-pag\" aria-describedby=\"woocommerce_loop_add_to_cart_link_describedby_110881\" data-quantity=\"1\" class=\"button product_type_simple\" data-product_id=\"110881\" data-product_sku=\"159535\" aria-label=\"Leia mais sobre &ldquo;Tinteiro epson 378 xl expression home xp-8605 \/ 8606 \/ xp-15000 \/ xp-8500 \/ 8505 magenta claro 830 pag&rdquo;\" rel=\"nofollow\" data-success_message=\"\">Ler mais<\/a>\t<span id=\"woocommerce_loop_add_to_cart_link_describedby_110881\" class=\"screen-reader-text\">\n\t\t\t<\/span>\n<div class=\"tooltip_no wishlist button-default yith-wcwl-add-to-wishlist add-to-wishlist-110881\"><div class=\"yith-wcwl-add-button show\"><a href=\"https:\/\/ifoffice.pt\/?page_id=121&#038;wishlist-action\" data-product-id=\"110881\" data-product-type=\"simple\" class=\"add_to_wishlist\" aria-label=\"Wishlist\" rel=\"nofollow\"><i class=\"fa fa-heart-o\"><\/i><span class=\"ht-product-action-tooltip\">Adicionar \u00e0 lista de Desejos<\/span><\/a><i class=\"fa fa-spinner fa-pulse ajax-loading\" style=\"visibility:hidden\"><\/i><\/div><div class=\"yith-wcwl-wishlistaddedbrowse hide\" style=\"display:none;\"><a class=\"\" href=\"https:\/\/ifoffice.pt\/?page_id=121&#038;wishlist-action\" aria-label=\"Wishlist\" rel=\"nofollow\"><i class=\"fa fa-heart\"><\/i><span class=\"ht-product-action-tooltip\">Veja a sua lista de favoritos<\/span><\/a><\/div><div class=\"yith-wcwl-wishlistexistsbrowse hide\" style=\"display:none\"><a href=\"https:\/\/ifoffice.pt\/?page_id=121&#038;wishlist-action\" class=\"\" aria-label=\"Wishlist\" rel=\"nofollow\"><i class=\"fa fa-heart\"><\/i><span class=\"ht-product-action-tooltip\">Produto adicionado!<\/span><\/a><\/div><\/div>                                                <\/div>\n                                            \n                                            \n                                        <\/div>\n                                        \n                                        <div class=\"content\">\n                                            <h4 class=\"title\"><a href=\"https:\/\/ifoffice.pt\/?product=tinteiro-epson-378-xl-expression-home-xp-8605-8606-xp-15000-xp-8500-8505-magenta-claro-830-pag\">Tinteiro epson 378 xl expression home xp-8605 \/ 8606 \/ xp-15000 \/ xp-8500 \/ 8505 magenta claro 830 pag<\/a><\/h4>\n                                            \n\t<span class=\"price\"><span class=\"woocommerce-Price-amount amount\"><bdi><span class=\"woocommerce-Price-currencySymbol\">&euro;<\/span>25.60<\/bdi><\/span> <small class=\"woocommerce-price-suffix\">IVA inc.<\/small><\/span>\n                                                                                    <\/div>\n                                    <\/div>\n\n                                <\/div>\n\n                                                       <\/div>\n                            <div class=\"slide-item ht-col-xs-12\">\n                                \n                                <div class=\"product-item  \">\n\n                                    <div class=\"product-inner\">\n                                        <div class=\"image-wrap\">\n                                            <a href=\"https:\/\/ifoffice.pt\/?product=tinteiro-epson-gf-stylus-photo-7900-9900-cian-alta-capacidade\" class=\"image\">\n                                                <img loading=\"lazy\" decoding=\"async\" width=\"300\" height=\"229\" src=\"https:\/\/ifoffice.pt\/wp-content\/uploads\/2023\/03\/160854g-300x229.jpg\" class=\"attachment-woocommerce_thumbnail size-woocommerce_thumbnail\" alt=\"Tinteiro epson gf stylus photo 7900\/9900 cian alta capacidade\" srcset=\"https:\/\/ifoffice.pt\/wp-content\/uploads\/2023\/03\/160854g-300x229.jpg 300w, https:\/\/ifoffice.pt\/wp-content\/uploads\/2023\/03\/160854g-768x585.jpg 768w, https:\/\/ifoffice.pt\/wp-content\/uploads\/2023\/03\/160854g-600x457.jpg 600w, https:\/\/ifoffice.pt\/wp-content\/uploads\/2023\/03\/160854g-64x49.jpg 64w, https:\/\/ifoffice.pt\/wp-content\/uploads\/2023\/03\/160854g.jpg 1000w\" sizes=\"(max-width: 300px) 100vw, 300px\" \/>                                            <\/a>\n                                                                                                                                        <div class=\"actions style_two\">\n                                                    <a href=\"\/index.php?rest_route=%2Fwp%2Fv2%2Fpages%2F56944&#038;add-to-cart=110913\" aria-describedby=\"woocommerce_loop_add_to_cart_link_describedby_110913\" data-quantity=\"1\" class=\"button product_type_simple add_to_cart_button ajax_add_to_cart\" data-product_id=\"110913\" data-product_sku=\"160854\" aria-label=\"Adiciona ao carrinho: &ldquo;Tinteiro epson gf stylus photo 7900\/9900 cian alta capacidade&rdquo;\" rel=\"nofollow\" data-success_message=\"&ldquo;Tinteiro epson gf stylus photo 7900\/9900 cian alta capacidade&rdquo; foi adicionado ao seu carrinho\" role=\"button\">Adicionar<\/a>\t<span id=\"woocommerce_loop_add_to_cart_link_describedby_110913\" class=\"screen-reader-text\">\n\t\t\t<\/span>\n<div class=\"tooltip_no wishlist button-default yith-wcwl-add-to-wishlist add-to-wishlist-110913\"><div class=\"yith-wcwl-add-button show\"><a href=\"https:\/\/ifoffice.pt\/?page_id=121&#038;wishlist-action\" data-product-id=\"110913\" data-product-type=\"simple\" class=\"add_to_wishlist\" aria-label=\"Wishlist\" rel=\"nofollow\"><i class=\"fa fa-heart-o\"><\/i><span class=\"ht-product-action-tooltip\">Adicionar \u00e0 lista de Desejos<\/span><\/a><i class=\"fa fa-spinner fa-pulse ajax-loading\" style=\"visibility:hidden\"><\/i><\/div><div class=\"yith-wcwl-wishlistaddedbrowse hide\" style=\"display:none;\"><a class=\"\" href=\"https:\/\/ifoffice.pt\/?page_id=121&#038;wishlist-action\" aria-label=\"Wishlist\" rel=\"nofollow\"><i class=\"fa fa-heart\"><\/i><span class=\"ht-product-action-tooltip\">Veja a sua lista de favoritos<\/span><\/a><\/div><div class=\"yith-wcwl-wishlistexistsbrowse hide\" style=\"display:none\"><a href=\"https:\/\/ifoffice.pt\/?page_id=121&#038;wishlist-action\" class=\"\" aria-label=\"Wishlist\" rel=\"nofollow\"><i class=\"fa fa-heart\"><\/i><span class=\"ht-product-action-tooltip\">Produto adicionado!<\/span><\/a><\/div><\/div>                                                <\/div>\n                                            \n                                            \n                                        <\/div>\n                                        \n                                        <div class=\"content\">\n                                            <h4 class=\"title\"><a href=\"https:\/\/ifoffice.pt\/?product=tinteiro-epson-gf-stylus-photo-7900-9900-cian-alta-capacidade\">Tinteiro epson gf stylus photo 7900\/9900 cian alta capacidade<\/a><\/h4>\n                                            \n\t<span class=\"price\"><span class=\"woocommerce-Price-amount amount\"><bdi><span class=\"woocommerce-Price-currencySymbol\">&euro;<\/span>582.75<\/bdi><\/span> <small class=\"woocommerce-price-suffix\">IVA inc.<\/small><\/span>\n                                                                                    <\/div>\n                                    <\/div>\n\n                                <\/div>\n\n                                                       <\/div>\n                            <div class=\"slide-item ht-col-xs-12\">\n                                \n                                <div class=\"product-item  \">\n\n                                    <div class=\"product-inner\">\n                                        <div class=\"image-wrap\">\n                                            <a href=\"https:\/\/ifoffice.pt\/?product=tinteiro-epson-magenta-xxl-7000p-wf-8x90\" class=\"image\">\n                                                <img loading=\"lazy\" decoding=\"async\" width=\"300\" height=\"229\" src=\"https:\/\/ifoffice.pt\/wp-content\/uploads\/2023\/03\/160811g-300x229.jpg\" class=\"attachment-woocommerce_thumbnail size-woocommerce_thumbnail\" alt=\"Tinteiro epson magenta xxl 7000p wf-8x90\" srcset=\"https:\/\/ifoffice.pt\/wp-content\/uploads\/2023\/03\/160811g-300x229.jpg 300w, https:\/\/ifoffice.pt\/wp-content\/uploads\/2023\/03\/160811g-768x585.jpg 768w, https:\/\/ifoffice.pt\/wp-content\/uploads\/2023\/03\/160811g-600x457.jpg 600w, https:\/\/ifoffice.pt\/wp-content\/uploads\/2023\/03\/160811g-64x49.jpg 64w, https:\/\/ifoffice.pt\/wp-content\/uploads\/2023\/03\/160811g.jpg 1000w\" sizes=\"(max-width: 300px) 100vw, 300px\" \/>                                            <\/a>\n                                                                                                                                        <div class=\"actions style_two\">\n                                                    <a href=\"\/index.php?rest_route=%2Fwp%2Fv2%2Fpages%2F56944&#038;add-to-cart=110945\" aria-describedby=\"woocommerce_loop_add_to_cart_link_describedby_110945\" data-quantity=\"1\" class=\"button product_type_simple add_to_cart_button ajax_add_to_cart\" data-product_id=\"110945\" data-product_sku=\"160811\" aria-label=\"Adiciona ao carrinho: &ldquo;Tinteiro epson magenta xxl 7000p wf-8x90&rdquo;\" rel=\"nofollow\" data-success_message=\"&ldquo;Tinteiro epson magenta xxl 7000p wf-8x90&rdquo; foi adicionado ao seu carrinho\" role=\"button\">Adicionar<\/a>\t<span id=\"woocommerce_loop_add_to_cart_link_describedby_110945\" class=\"screen-reader-text\">\n\t\t\t<\/span>\n<div class=\"tooltip_no wishlist button-default yith-wcwl-add-to-wishlist add-to-wishlist-110945\"><div class=\"yith-wcwl-add-button show\"><a href=\"https:\/\/ifoffice.pt\/?page_id=121&#038;wishlist-action\" data-product-id=\"110945\" data-product-type=\"simple\" class=\"add_to_wishlist\" aria-label=\"Wishlist\" rel=\"nofollow\"><i class=\"fa fa-heart-o\"><\/i><span class=\"ht-product-action-tooltip\">Adicionar \u00e0 lista de Desejos<\/span><\/a><i class=\"fa fa-spinner fa-pulse ajax-loading\" style=\"visibility:hidden\"><\/i><\/div><div class=\"yith-wcwl-wishlistaddedbrowse hide\" style=\"display:none;\"><a class=\"\" href=\"https:\/\/ifoffice.pt\/?page_id=121&#038;wishlist-action\" aria-label=\"Wishlist\" rel=\"nofollow\"><i class=\"fa fa-heart\"><\/i><span class=\"ht-product-action-tooltip\">Veja a sua lista de favoritos<\/span><\/a><\/div><div class=\"yith-wcwl-wishlistexistsbrowse hide\" style=\"display:none\"><a href=\"https:\/\/ifoffice.pt\/?page_id=121&#038;wishlist-action\" class=\"\" aria-label=\"Wishlist\" rel=\"nofollow\"><i class=\"fa fa-heart\"><\/i><span class=\"ht-product-action-tooltip\">Produto adicionado!<\/span><\/a><\/div><\/div>                                                <\/div>\n                                            \n                                            \n                                        <\/div>\n                                        \n                                        <div class=\"content\">\n                                            <h4 class=\"title\"><a href=\"https:\/\/ifoffice.pt\/?product=tinteiro-epson-magenta-xxl-7000p-wf-8x90\">Tinteiro epson magenta xxl 7000p wf-8&#215;90<\/a><\/h4>\n                                            \n\t<span class=\"price\"><span class=\"woocommerce-Price-amount amount\"><bdi><span class=\"woocommerce-Price-currencySymbol\">&euro;<\/span>241.73<\/bdi><\/span> <small class=\"woocommerce-price-suffix\">IVA inc.<\/small><\/span>\n                                                                                    <\/div>\n                                    <\/div>\n\n                                <\/div>\n\n                                                       <\/div>\n                            <div class=\"slide-item ht-col-xs-12\">\n                                \n                                <div class=\"product-item  \">\n\n                                    <div class=\"product-inner\">\n                                        <div class=\"image-wrap\">\n                                            <a href=\"https:\/\/ifoffice.pt\/?product=tinteiro-epson-t9132-cian-ink-200ml\" class=\"image\">\n                                                <img loading=\"lazy\" decoding=\"async\" width=\"300\" height=\"229\" src=\"https:\/\/ifoffice.pt\/wp-content\/uploads\/2023\/03\/160980g-300x229.jpg\" class=\"attachment-woocommerce_thumbnail size-woocommerce_thumbnail\" alt=\"Tinteiro epson t9132 cian ink 200ml\" srcset=\"https:\/\/ifoffice.pt\/wp-content\/uploads\/2023\/03\/160980g-300x229.jpg 300w, https:\/\/ifoffice.pt\/wp-content\/uploads\/2023\/03\/160980g-768x585.jpg 768w, https:\/\/ifoffice.pt\/wp-content\/uploads\/2023\/03\/160980g-600x457.jpg 600w, https:\/\/ifoffice.pt\/wp-content\/uploads\/2023\/03\/160980g-64x49.jpg 64w, https:\/\/ifoffice.pt\/wp-content\/uploads\/2023\/03\/160980g.jpg 1000w\" sizes=\"(max-width: 300px) 100vw, 300px\" \/>                                            <\/a>\n                                                                                                                                        <div class=\"actions style_two\">\n                                                    <a href=\"\/index.php?rest_route=%2Fwp%2Fv2%2Fpages%2F56944&#038;add-to-cart=110977\" aria-describedby=\"woocommerce_loop_add_to_cart_link_describedby_110977\" data-quantity=\"1\" class=\"button product_type_simple add_to_cart_button ajax_add_to_cart\" data-product_id=\"110977\" data-product_sku=\"160980\" aria-label=\"Adiciona ao carrinho: &ldquo;Tinteiro epson t9132 cian ink 200ml&rdquo;\" rel=\"nofollow\" data-success_message=\"&ldquo;Tinteiro epson t9132 cian ink 200ml&rdquo; foi adicionado ao seu carrinho\" role=\"button\">Adicionar<\/a>\t<span id=\"woocommerce_loop_add_to_cart_link_describedby_110977\" class=\"screen-reader-text\">\n\t\t\t<\/span>\n<div class=\"tooltip_no wishlist button-default yith-wcwl-add-to-wishlist add-to-wishlist-110977\"><div class=\"yith-wcwl-add-button show\"><a href=\"https:\/\/ifoffice.pt\/?page_id=121&#038;wishlist-action\" data-product-id=\"110977\" data-product-type=\"simple\" class=\"add_to_wishlist\" aria-label=\"Wishlist\" rel=\"nofollow\"><i class=\"fa fa-heart-o\"><\/i><span class=\"ht-product-action-tooltip\">Adicionar \u00e0 lista de Desejos<\/span><\/a><i class=\"fa fa-spinner fa-pulse ajax-loading\" style=\"visibility:hidden\"><\/i><\/div><div class=\"yith-wcwl-wishlistaddedbrowse hide\" style=\"display:none;\"><a class=\"\" href=\"https:\/\/ifoffice.pt\/?page_id=121&#038;wishlist-action\" aria-label=\"Wishlist\" rel=\"nofollow\"><i class=\"fa fa-heart\"><\/i><span class=\"ht-product-action-tooltip\">Veja a sua lista de favoritos<\/span><\/a><\/div><div class=\"yith-wcwl-wishlistexistsbrowse hide\" style=\"display:none\"><a href=\"https:\/\/ifoffice.pt\/?page_id=121&#038;wishlist-action\" class=\"\" aria-label=\"Wishlist\" rel=\"nofollow\"><i class=\"fa fa-heart\"><\/i><span class=\"ht-product-action-tooltip\">Produto adicionado!<\/span><\/a><\/div><\/div>                                                <\/div>\n                                            \n                                            \n                                        <\/div>\n                                        \n                                        <div class=\"content\">\n                                            <h4 class=\"title\"><a href=\"https:\/\/ifoffice.pt\/?product=tinteiro-epson-t9132-cian-ink-200ml\">Tinteiro epson t9132 cian ink 200ml<\/a><\/h4>\n                                            \n\t<span class=\"price\"><span class=\"woocommerce-Price-amount amount\"><bdi><span class=\"woocommerce-Price-currencySymbol\">&euro;<\/span>161.08<\/bdi><\/span> <small class=\"woocommerce-price-suffix\">IVA inc.<\/small><\/span>\n                                                                                    <\/div>\n                                    <\/div>\n\n                                <\/div>\n\n                                                       <\/div>\n                            <div class=\"slide-item ht-col-xs-12\">\n                                \n                                <div class=\"product-item  \">\n\n                                    <div class=\"product-inner\">\n                                        <div class=\"image-wrap\">\n                                            <a href=\"https:\/\/ifoffice.pt\/?product=tinteiro-epson-workforce-pro-wf-c529r-c579r-amarelo-xl-ink-5k\" class=\"image\">\n                                                <img loading=\"lazy\" decoding=\"async\" width=\"300\" height=\"229\" src=\"https:\/\/ifoffice.pt\/wp-content\/uploads\/2023\/03\/161030g-300x229.jpg\" class=\"attachment-woocommerce_thumbnail size-woocommerce_thumbnail\" alt=\"Tinteiro epson workforce pro wf-c529r \/ c579r amarelo xl ink 5k\" srcset=\"https:\/\/ifoffice.pt\/wp-content\/uploads\/2023\/03\/161030g-300x229.jpg 300w, https:\/\/ifoffice.pt\/wp-content\/uploads\/2023\/03\/161030g-768x585.jpg 768w, https:\/\/ifoffice.pt\/wp-content\/uploads\/2023\/03\/161030g-600x457.jpg 600w, https:\/\/ifoffice.pt\/wp-content\/uploads\/2023\/03\/161030g-64x49.jpg 64w, https:\/\/ifoffice.pt\/wp-content\/uploads\/2023\/03\/161030g.jpg 1000w\" sizes=\"(max-width: 300px) 100vw, 300px\" \/>                                            <\/a>\n                                                                                                                                        <div class=\"actions style_two\">\n                                                    <a href=\"https:\/\/ifoffice.pt\/?product=tinteiro-epson-workforce-pro-wf-c529r-c579r-amarelo-xl-ink-5k\" aria-describedby=\"woocommerce_loop_add_to_cart_link_describedby_111009\" data-quantity=\"1\" class=\"button product_type_simple\" data-product_id=\"111009\" data-product_sku=\"161030\" aria-label=\"Leia mais sobre &ldquo;Tinteiro epson workforce pro wf-c529r \/ c579r amarelo xl ink 5k&rdquo;\" rel=\"nofollow\" data-success_message=\"\">Ler mais<\/a>\t<span id=\"woocommerce_loop_add_to_cart_link_describedby_111009\" class=\"screen-reader-text\">\n\t\t\t<\/span>\n<div class=\"tooltip_no wishlist button-default yith-wcwl-add-to-wishlist add-to-wishlist-111009\"><div class=\"yith-wcwl-add-button show\"><a href=\"https:\/\/ifoffice.pt\/?page_id=121&#038;wishlist-action\" data-product-id=\"111009\" data-product-type=\"simple\" class=\"add_to_wishlist\" aria-label=\"Wishlist\" rel=\"nofollow\"><i class=\"fa fa-heart-o\"><\/i><span class=\"ht-product-action-tooltip\">Adicionar \u00e0 lista de Desejos<\/span><\/a><i class=\"fa fa-spinner fa-pulse ajax-loading\" style=\"visibility:hidden\"><\/i><\/div><div class=\"yith-wcwl-wishlistaddedbrowse hide\" style=\"display:none;\"><a class=\"\" href=\"https:\/\/ifoffice.pt\/?page_id=121&#038;wishlist-action\" aria-label=\"Wishlist\" rel=\"nofollow\"><i class=\"fa fa-heart\"><\/i><span class=\"ht-product-action-tooltip\">Veja a sua lista de favoritos<\/span><\/a><\/div><div class=\"yith-wcwl-wishlistexistsbrowse hide\" style=\"display:none\"><a href=\"https:\/\/ifoffice.pt\/?page_id=121&#038;wishlist-action\" class=\"\" aria-label=\"Wishlist\" rel=\"nofollow\"><i class=\"fa fa-heart\"><\/i><span class=\"ht-product-action-tooltip\">Produto adicionado!<\/span><\/a><\/div><\/div>                                                <\/div>\n                                            \n                                            \n                                        <\/div>\n                                        \n                                        <div class=\"content\">\n                                            <h4 class=\"title\"><a href=\"https:\/\/ifoffice.pt\/?product=tinteiro-epson-workforce-pro-wf-c529r-c579r-amarelo-xl-ink-5k\">Tinteiro epson workforce pro wf-c529r \/ c579r amarelo xl ink 5k<\/a><\/h4>\n                                            \n\t<span class=\"price\"><span class=\"woocommerce-Price-amount amount\"><bdi><span class=\"woocommerce-Price-currencySymbol\">&euro;<\/span>72.91<\/bdi><\/span> <small class=\"woocommerce-price-suffix\">IVA inc.<\/small><\/span>\n                                                                                    <\/div>\n                                    <\/div>\n\n                                <\/div>\n\n                                                       <\/div>\n                            <div class=\"slide-item ht-col-xs-12\">\n                                \n                                <div class=\"product-item  \">\n\n                                    <div class=\"product-inner\">\n                                        <div class=\"image-wrap\">\n                                            <a href=\"https:\/\/ifoffice.pt\/?product=toner-laser-lexmark-80c2hme-magenta-3000-paginas\" class=\"image\">\n                                                <img loading=\"lazy\" decoding=\"async\" width=\"300\" height=\"229\" src=\"https:\/\/ifoffice.pt\/wp-content\/uploads\/2023\/03\/162417g-300x229.jpg\" class=\"attachment-woocommerce_thumbnail size-woocommerce_thumbnail\" alt=\"Toner laser lexmark 80c2hme magenta 3000 paginas\" srcset=\"https:\/\/ifoffice.pt\/wp-content\/uploads\/2023\/03\/162417g-300x229.jpg 300w, https:\/\/ifoffice.pt\/wp-content\/uploads\/2023\/03\/162417g-768x585.jpg 768w, https:\/\/ifoffice.pt\/wp-content\/uploads\/2023\/03\/162417g-600x457.jpg 600w, https:\/\/ifoffice.pt\/wp-content\/uploads\/2023\/03\/162417g-64x49.jpg 64w, https:\/\/ifoffice.pt\/wp-content\/uploads\/2023\/03\/162417g.jpg 1000w\" sizes=\"(max-width: 300px) 100vw, 300px\" \/>                                            <\/a>\n                                                                                                                                        <div class=\"actions style_two\">\n                                                    <a href=\"\/index.php?rest_route=%2Fwp%2Fv2%2Fpages%2F56944&#038;add-to-cart=111319\" aria-describedby=\"woocommerce_loop_add_to_cart_link_describedby_111319\" data-quantity=\"1\" class=\"button product_type_simple add_to_cart_button ajax_add_to_cart\" data-product_id=\"111319\" data-product_sku=\"162417\" aria-label=\"Adiciona ao carrinho: &ldquo;Toner laser lexmark 80c2hme magenta 3000 paginas&rdquo;\" rel=\"nofollow\" data-success_message=\"&ldquo;Toner laser lexmark 80c2hme magenta 3000 paginas&rdquo; foi adicionado ao seu carrinho\" role=\"button\">Adicionar<\/a>\t<span id=\"woocommerce_loop_add_to_cart_link_describedby_111319\" class=\"screen-reader-text\">\n\t\t\t<\/span>\n<div class=\"tooltip_no wishlist button-default yith-wcwl-add-to-wishlist add-to-wishlist-111319\"><div class=\"yith-wcwl-add-button show\"><a href=\"https:\/\/ifoffice.pt\/?page_id=121&#038;wishlist-action\" data-product-id=\"111319\" data-product-type=\"simple\" class=\"add_to_wishlist\" aria-label=\"Wishlist\" rel=\"nofollow\"><i class=\"fa fa-heart-o\"><\/i><span class=\"ht-product-action-tooltip\">Adicionar \u00e0 lista de Desejos<\/span><\/a><i class=\"fa fa-spinner fa-pulse ajax-loading\" style=\"visibility:hidden\"><\/i><\/div><div class=\"yith-wcwl-wishlistaddedbrowse hide\" style=\"display:none;\"><a class=\"\" href=\"https:\/\/ifoffice.pt\/?page_id=121&#038;wishlist-action\" aria-label=\"Wishlist\" rel=\"nofollow\"><i class=\"fa fa-heart\"><\/i><span class=\"ht-product-action-tooltip\">Veja a sua lista de favoritos<\/span><\/a><\/div><div class=\"yith-wcwl-wishlistexistsbrowse hide\" style=\"display:none\"><a href=\"https:\/\/ifoffice.pt\/?page_id=121&#038;wishlist-action\" class=\"\" aria-label=\"Wishlist\" rel=\"nofollow\"><i class=\"fa fa-heart\"><\/i><span class=\"ht-product-action-tooltip\">Produto adicionado!<\/span><\/a><\/div><\/div>                                                <\/div>\n                                            \n                                            \n                                        <\/div>\n                                        \n                                        <div class=\"content\">\n                                            <h4 class=\"title\"><a href=\"https:\/\/ifoffice.pt\/?product=toner-laser-lexmark-80c2hme-magenta-3000-paginas\">Toner laser lexmark 80c2hme magenta 3000 paginas<\/a><\/h4>\n                                            \n\t<span class=\"price\"><span class=\"woocommerce-Price-amount amount\"><bdi><span class=\"woocommerce-Price-currencySymbol\">&euro;<\/span>384.10<\/bdi><\/span> <small class=\"woocommerce-price-suffix\">IVA inc.<\/small><\/span>\n                                                                                    <\/div>\n                                    <\/div>\n\n                                <\/div>\n\n                                                       <\/div>\n                            <div class=\"slide-item ht-col-xs-12\">\n                                \n                                <div class=\"product-item  \">\n\n                                    <div class=\"product-inner\">\n                                        <div class=\"image-wrap\">\n                                            <a href=\"https:\/\/ifoffice.pt\/?product=tinteiro-brother-lc3235xlbk-dcp-j1100dw-mfc-j1300dw-preto-6000-paginas\" class=\"image\">\n                                                <img loading=\"lazy\" decoding=\"async\" width=\"300\" height=\"229\" src=\"https:\/\/ifoffice.pt\/wp-content\/uploads\/2023\/03\/162785g-300x229.jpg\" class=\"attachment-woocommerce_thumbnail size-woocommerce_thumbnail\" alt=\"Tinteiro brother lc3235xlbk dcp-j1100dw \/ mfc-j1300dw preto 6000 paginas\" srcset=\"https:\/\/ifoffice.pt\/wp-content\/uploads\/2023\/03\/162785g-300x229.jpg 300w, https:\/\/ifoffice.pt\/wp-content\/uploads\/2023\/03\/162785g-768x585.jpg 768w, https:\/\/ifoffice.pt\/wp-content\/uploads\/2023\/03\/162785g-600x457.jpg 600w, https:\/\/ifoffice.pt\/wp-content\/uploads\/2023\/03\/162785g-64x49.jpg 64w, https:\/\/ifoffice.pt\/wp-content\/uploads\/2023\/03\/162785g.jpg 1000w\" sizes=\"(max-width: 300px) 100vw, 300px\" \/>                                            <\/a>\n                                                                                                                                        <div class=\"actions style_two\">\n                                                    <a href=\"\/index.php?rest_route=%2Fwp%2Fv2%2Fpages%2F56944&#038;add-to-cart=112076\" aria-describedby=\"woocommerce_loop_add_to_cart_link_describedby_112076\" data-quantity=\"1\" class=\"button product_type_simple add_to_cart_button ajax_add_to_cart\" data-product_id=\"112076\" data-product_sku=\"162785\" aria-label=\"Adiciona ao carrinho: &ldquo;Tinteiro brother lc3235xlbk dcp-j1100dw \/ mfc-j1300dw preto 6000 paginas&rdquo;\" rel=\"nofollow\" data-success_message=\"&ldquo;Tinteiro brother lc3235xlbk dcp-j1100dw \/ mfc-j1300dw preto 6000 paginas&rdquo; foi adicionado ao seu carrinho\" role=\"button\">Adicionar<\/a>\t<span id=\"woocommerce_loop_add_to_cart_link_describedby_112076\" class=\"screen-reader-text\">\n\t\t\t<\/span>\n<div class=\"tooltip_no wishlist button-default yith-wcwl-add-to-wishlist add-to-wishlist-112076\"><div class=\"yith-wcwl-add-button show\"><a href=\"https:\/\/ifoffice.pt\/?page_id=121&#038;wishlist-action\" data-product-id=\"112076\" data-product-type=\"simple\" class=\"add_to_wishlist\" aria-label=\"Wishlist\" rel=\"nofollow\"><i class=\"fa fa-heart-o\"><\/i><span class=\"ht-product-action-tooltip\">Adicionar \u00e0 lista de Desejos<\/span><\/a><i class=\"fa fa-spinner fa-pulse ajax-loading\" style=\"visibility:hidden\"><\/i><\/div><div class=\"yith-wcwl-wishlistaddedbrowse hide\" style=\"display:none;\"><a class=\"\" href=\"https:\/\/ifoffice.pt\/?page_id=121&#038;wishlist-action\" aria-label=\"Wishlist\" rel=\"nofollow\"><i class=\"fa fa-heart\"><\/i><span class=\"ht-product-action-tooltip\">Veja a sua lista de favoritos<\/span><\/a><\/div><div class=\"yith-wcwl-wishlistexistsbrowse hide\" style=\"display:none\"><a href=\"https:\/\/ifoffice.pt\/?page_id=121&#038;wishlist-action\" class=\"\" aria-label=\"Wishlist\" rel=\"nofollow\"><i class=\"fa fa-heart\"><\/i><span class=\"ht-product-action-tooltip\">Produto adicionado!<\/span><\/a><\/div><\/div>                                                <\/div>\n                                            \n                                            \n                                        <\/div>\n                                        \n                                        <div class=\"content\">\n                                            <h4 class=\"title\"><a href=\"https:\/\/ifoffice.pt\/?product=tinteiro-brother-lc3235xlbk-dcp-j1100dw-mfc-j1300dw-preto-6000-paginas\">Tinteiro brother lc3235xlbk dcp-j1100dw \/ mfc-j1300dw preto 6000 paginas<\/a><\/h4>\n                                            \n\t<span class=\"price\"><span class=\"woocommerce-Price-amount amount\"><bdi><span class=\"woocommerce-Price-currencySymbol\">&euro;<\/span>65.78<\/bdi><\/span> <small class=\"woocommerce-price-suffix\">IVA inc.<\/small><\/span>\n                                                                                    <\/div>\n                                    <\/div>\n\n                                <\/div>\n\n                                                       <\/div>\n                            <div class=\"slide-item ht-col-xs-12\">\n                                \n                                <div class=\"product-item  \">\n\n                                    <div class=\"product-inner\">\n                                        <div class=\"image-wrap\">\n                                            <a href=\"https:\/\/ifoffice.pt\/?product=tinteiro-epson-gf-stylus-photo-7900-9900-cinza-claro-alta-capacidade\" class=\"image\">\n                                                <img loading=\"lazy\" decoding=\"async\" width=\"300\" height=\"229\" src=\"https:\/\/ifoffice.pt\/wp-content\/uploads\/2023\/03\/160860g-300x229.jpg\" class=\"attachment-woocommerce_thumbnail size-woocommerce_thumbnail\" alt=\"Tinteiro epson gf stylus photo 7900\/9900 cinza claro alta capacidade\" srcset=\"https:\/\/ifoffice.pt\/wp-content\/uploads\/2023\/03\/160860g-300x229.jpg 300w, https:\/\/ifoffice.pt\/wp-content\/uploads\/2023\/03\/160860g-768x585.jpg 768w, https:\/\/ifoffice.pt\/wp-content\/uploads\/2023\/03\/160860g-600x457.jpg 600w, https:\/\/ifoffice.pt\/wp-content\/uploads\/2023\/03\/160860g-64x49.jpg 64w, https:\/\/ifoffice.pt\/wp-content\/uploads\/2023\/03\/160860g.jpg 1000w\" sizes=\"(max-width: 300px) 100vw, 300px\" \/>                                            <\/a>\n                                                                                                                                        <div class=\"actions style_two\">\n                                                    <a href=\"\/index.php?rest_route=%2Fwp%2Fv2%2Fpages%2F56944&#038;add-to-cart=112108\" aria-describedby=\"woocommerce_loop_add_to_cart_link_describedby_112108\" data-quantity=\"1\" class=\"button product_type_simple add_to_cart_button ajax_add_to_cart\" data-product_id=\"112108\" data-product_sku=\"160860\" aria-label=\"Adiciona ao carrinho: &ldquo;Tinteiro epson gf stylus photo 7900\/9900 cinza claro alta capacidade&rdquo;\" rel=\"nofollow\" data-success_message=\"&ldquo;Tinteiro epson gf stylus photo 7900\/9900 cinza claro alta capacidade&rdquo; foi adicionado ao seu carrinho\" role=\"button\">Adicionar<\/a>\t<span id=\"woocommerce_loop_add_to_cart_link_describedby_112108\" class=\"screen-reader-text\">\n\t\t\t<\/span>\n<div class=\"tooltip_no wishlist button-default yith-wcwl-add-to-wishlist add-to-wishlist-112108\"><div class=\"yith-wcwl-add-button show\"><a href=\"https:\/\/ifoffice.pt\/?page_id=121&#038;wishlist-action\" data-product-id=\"112108\" data-product-type=\"simple\" class=\"add_to_wishlist\" aria-label=\"Wishlist\" rel=\"nofollow\"><i class=\"fa fa-heart-o\"><\/i><span class=\"ht-product-action-tooltip\">Adicionar \u00e0 lista de Desejos<\/span><\/a><i class=\"fa fa-spinner fa-pulse ajax-loading\" style=\"visibility:hidden\"><\/i><\/div><div class=\"yith-wcwl-wishlistaddedbrowse hide\" style=\"display:none;\"><a class=\"\" href=\"https:\/\/ifoffice.pt\/?page_id=121&#038;wishlist-action\" aria-label=\"Wishlist\" rel=\"nofollow\"><i class=\"fa fa-heart\"><\/i><span class=\"ht-product-action-tooltip\">Veja a sua lista de favoritos<\/span><\/a><\/div><div class=\"yith-wcwl-wishlistexistsbrowse hide\" style=\"display:none\"><a href=\"https:\/\/ifoffice.pt\/?page_id=121&#038;wishlist-action\" class=\"\" aria-label=\"Wishlist\" rel=\"nofollow\"><i class=\"fa fa-heart\"><\/i><span class=\"ht-product-action-tooltip\">Produto adicionado!<\/span><\/a><\/div><\/div>                                                <\/div>\n                                            \n                                            \n                                        <\/div>\n                                        \n                                        <div class=\"content\">\n                                            <h4 class=\"title\"><a href=\"https:\/\/ifoffice.pt\/?product=tinteiro-epson-gf-stylus-photo-7900-9900-cinza-claro-alta-capacidade\">Tinteiro epson gf stylus photo 7900\/9900 cinza claro alta capacidade<\/a><\/h4>\n                                            \n\t<span class=\"price\"><span class=\"woocommerce-Price-amount amount\"><bdi><span class=\"woocommerce-Price-currencySymbol\">&euro;<\/span>582.80<\/bdi><\/span> <small class=\"woocommerce-price-suffix\">IVA inc.<\/small><\/span>\n                                                                                    <\/div>\n                                    <\/div>\n\n                                <\/div>\n\n                                                       <\/div>\n                            <div class=\"slide-item ht-col-xs-12\">\n                                \n                                <div class=\"product-item  \">\n\n                                    <div class=\"product-inner\">\n                                        <div class=\"image-wrap\">\n                                            <a href=\"https:\/\/ifoffice.pt\/?product=tinteiro-epson-wf-6590dwf-wf-6090dw-amarelo-xl\" class=\"image\">\n                                                <img loading=\"lazy\" decoding=\"async\" width=\"300\" height=\"229\" src=\"https:\/\/ifoffice.pt\/wp-content\/uploads\/2023\/03\/161001g-300x229.jpg\" class=\"attachment-woocommerce_thumbnail size-woocommerce_thumbnail\" alt=\"Tinteiro epson wf-6590dwf\/wf-6090dw amarelo xl\" srcset=\"https:\/\/ifoffice.pt\/wp-content\/uploads\/2023\/03\/161001g-300x229.jpg 300w, https:\/\/ifoffice.pt\/wp-content\/uploads\/2023\/03\/161001g-768x585.jpg 768w, https:\/\/ifoffice.pt\/wp-content\/uploads\/2023\/03\/161001g-600x457.jpg 600w, https:\/\/ifoffice.pt\/wp-content\/uploads\/2023\/03\/161001g-64x49.jpg 64w, https:\/\/ifoffice.pt\/wp-content\/uploads\/2023\/03\/161001g.jpg 1000w\" sizes=\"(max-width: 300px) 100vw, 300px\" \/>                                            <\/a>\n                                                                                                                                        <div class=\"actions style_two\">\n                                                    <a href=\"\/index.php?rest_route=%2Fwp%2Fv2%2Fpages%2F56944&#038;add-to-cart=112140\" aria-describedby=\"woocommerce_loop_add_to_cart_link_describedby_112140\" data-quantity=\"1\" class=\"button product_type_simple add_to_cart_button ajax_add_to_cart\" data-product_id=\"112140\" data-product_sku=\"161001\" aria-label=\"Adiciona ao carrinho: &ldquo;Tinteiro epson wf-6590dwf\/wf-6090dw amarelo xl&rdquo;\" rel=\"nofollow\" data-success_message=\"&ldquo;Tinteiro epson wf-6590dwf\/wf-6090dw amarelo xl&rdquo; foi adicionado ao seu carrinho\" role=\"button\">Adicionar<\/a>\t<span id=\"woocommerce_loop_add_to_cart_link_describedby_112140\" class=\"screen-reader-text\">\n\t\t\t<\/span>\n<div class=\"tooltip_no wishlist button-default yith-wcwl-add-to-wishlist add-to-wishlist-112140\"><div class=\"yith-wcwl-add-button show\"><a href=\"https:\/\/ifoffice.pt\/?page_id=121&#038;wishlist-action\" data-product-id=\"112140\" data-product-type=\"simple\" class=\"add_to_wishlist\" aria-label=\"Wishlist\" rel=\"nofollow\"><i class=\"fa fa-heart-o\"><\/i><span class=\"ht-product-action-tooltip\">Adicionar \u00e0 lista de Desejos<\/span><\/a><i class=\"fa fa-spinner fa-pulse ajax-loading\" style=\"visibility:hidden\"><\/i><\/div><div class=\"yith-wcwl-wishlistaddedbrowse hide\" style=\"display:none;\"><a class=\"\" href=\"https:\/\/ifoffice.pt\/?page_id=121&#038;wishlist-action\" aria-label=\"Wishlist\" rel=\"nofollow\"><i class=\"fa fa-heart\"><\/i><span class=\"ht-product-action-tooltip\">Veja a sua lista de favoritos<\/span><\/a><\/div><div class=\"yith-wcwl-wishlistexistsbrowse hide\" style=\"display:none\"><a href=\"https:\/\/ifoffice.pt\/?page_id=121&#038;wishlist-action\" class=\"\" aria-label=\"Wishlist\" rel=\"nofollow\"><i class=\"fa fa-heart\"><\/i><span class=\"ht-product-action-tooltip\">Produto adicionado!<\/span><\/a><\/div><\/div>                                                <\/div>\n                                            \n                                            \n                                        <\/div>\n                                        \n                                        <div class=\"content\">\n                                            <h4 class=\"title\"><a href=\"https:\/\/ifoffice.pt\/?product=tinteiro-epson-wf-6590dwf-wf-6090dw-amarelo-xl\">Tinteiro epson wf-6590dwf\/wf-6090dw amarelo xl<\/a><\/h4>\n                                            \n\t<span class=\"price\"><span class=\"woocommerce-Price-amount amount\"><bdi><span class=\"woocommerce-Price-currencySymbol\">&euro;<\/span>128.39<\/bdi><\/span> <small class=\"woocommerce-price-suffix\">IVA inc.<\/small><\/span>\n                                                                                    <\/div>\n                                    <\/div>\n\n                                <\/div>\n\n                                                       <\/div>\n                            <div class=\"slide-item ht-col-xs-12\">\n                                \n                                <div class=\"product-item  \">\n\n                                    <div class=\"product-inner\">\n                                        <div class=\"image-wrap\">\n                                            <a href=\"https:\/\/ifoffice.pt\/?product=tinteiro-hp-912-xl-officejet-8010-8020-8035-amarelo-825-pag\" class=\"image\">\n                                                <img loading=\"lazy\" decoding=\"async\" width=\"300\" height=\"229\" src=\"https:\/\/ifoffice.pt\/wp-content\/uploads\/2023\/03\/159522g-300x229.jpg\" class=\"attachment-woocommerce_thumbnail size-woocommerce_thumbnail\" alt=\"Tinteiro hp 912 xl officejet 8010 \/ 8020 \/ 8035 amarelo 825 pag\" srcset=\"https:\/\/ifoffice.pt\/wp-content\/uploads\/2023\/03\/159522g-300x229.jpg 300w, https:\/\/ifoffice.pt\/wp-content\/uploads\/2023\/03\/159522g-768x585.jpg 768w, https:\/\/ifoffice.pt\/wp-content\/uploads\/2023\/03\/159522g-600x457.jpg 600w, https:\/\/ifoffice.pt\/wp-content\/uploads\/2023\/03\/159522g-64x49.jpg 64w, https:\/\/ifoffice.pt\/wp-content\/uploads\/2023\/03\/159522g.jpg 1000w\" sizes=\"(max-width: 300px) 100vw, 300px\" \/>                                            <\/a>\n                                                                                                                                        <div class=\"actions style_two\">\n                                                    <a href=\"\/index.php?rest_route=%2Fwp%2Fv2%2Fpages%2F56944&#038;add-to-cart=74098\" aria-describedby=\"woocommerce_loop_add_to_cart_link_describedby_74098\" data-quantity=\"1\" class=\"button product_type_simple add_to_cart_button ajax_add_to_cart\" data-product_id=\"74098\" data-product_sku=\"159522\" aria-label=\"Adiciona ao carrinho: &ldquo;Tinteiro hp 912 xl officejet 8010 \/ 8020 \/ 8035 amarelo 825 pag&rdquo;\" rel=\"nofollow\" data-success_message=\"&ldquo;Tinteiro hp 912 xl officejet 8010 \/ 8020 \/ 8035 amarelo 825 pag&rdquo; foi adicionado ao seu carrinho\" role=\"button\">Adicionar<\/a>\t<span id=\"woocommerce_loop_add_to_cart_link_describedby_74098\" class=\"screen-reader-text\">\n\t\t\t<\/span>\n<div class=\"tooltip_no wishlist button-default yith-wcwl-add-to-wishlist add-to-wishlist-74098\"><div class=\"yith-wcwl-add-button show\"><a href=\"https:\/\/ifoffice.pt\/?page_id=121&#038;wishlist-action\" data-product-id=\"74098\" data-product-type=\"simple\" class=\"add_to_wishlist\" aria-label=\"Wishlist\" rel=\"nofollow\"><i class=\"fa fa-heart-o\"><\/i><span class=\"ht-product-action-tooltip\">Adicionar \u00e0 lista de Desejos<\/span><\/a><i class=\"fa fa-spinner fa-pulse ajax-loading\" style=\"visibility:hidden\"><\/i><\/div><div class=\"yith-wcwl-wishlistaddedbrowse hide\" style=\"display:none;\"><a class=\"\" href=\"https:\/\/ifoffice.pt\/?page_id=121&#038;wishlist-action\" aria-label=\"Wishlist\" rel=\"nofollow\"><i class=\"fa fa-heart\"><\/i><span class=\"ht-product-action-tooltip\">Veja a sua lista de favoritos<\/span><\/a><\/div><div class=\"yith-wcwl-wishlistexistsbrowse hide\" style=\"display:none\"><a href=\"https:\/\/ifoffice.pt\/?page_id=121&#038;wishlist-action\" class=\"\" aria-label=\"Wishlist\" rel=\"nofollow\"><i class=\"fa fa-heart\"><\/i><span class=\"ht-product-action-tooltip\">Produto adicionado!<\/span><\/a><\/div><\/div>                                                <\/div>\n                                            \n                                            \n                                        <\/div>\n                                        \n                                        <div class=\"content\">\n                                            <h4 class=\"title\"><a href=\"https:\/\/ifoffice.pt\/?product=tinteiro-hp-912-xl-officejet-8010-8020-8035-amarelo-825-pag\">Tinteiro hp 912 xl officejet 8010 \/ 8020 \/ 8035 amarelo 825 pag<\/a><\/h4>\n                                            \n\t<span class=\"price\"><span class=\"woocommerce-Price-amount amount\"><bdi><span class=\"woocommerce-Price-currencySymbol\">&euro;<\/span>37.16<\/bdi><\/span> <small class=\"woocommerce-price-suffix\">IVA inc.<\/small><\/span>\n                                                                                    <\/div>\n                                    <\/div>\n\n                                <\/div>\n\n                                                       <\/div>\n                            <div class=\"slide-item ht-col-xs-12\">\n                                \n                                <div class=\"product-item  \">\n\n                                    <div class=\"product-inner\">\n                                        <div class=\"image-wrap\">\n                                            <a href=\"https:\/\/ifoffice.pt\/?product=tinteiro-canon-pgi-2500-xl-maxify-ib4050-mb5050-mb5150-mb5155-mb5350-mb5450-cian-1755-paginas\" class=\"image\">\n                                                <img loading=\"lazy\" decoding=\"async\" width=\"300\" height=\"229\" src=\"https:\/\/ifoffice.pt\/wp-content\/uploads\/2023\/03\/154823g-300x229.jpg\" class=\"attachment-woocommerce_thumbnail size-woocommerce_thumbnail\" alt=\"Tinteiro canon pgi 2500 xl maxify ib4050 \/ mb5050 \/ mb5150 \/ mb5155 \/ mb5350 \/ mb5450 cian 1755 paginas\" srcset=\"https:\/\/ifoffice.pt\/wp-content\/uploads\/2023\/03\/154823g-300x229.jpg 300w, https:\/\/ifoffice.pt\/wp-content\/uploads\/2023\/03\/154823g-64x49.jpg 64w, https:\/\/ifoffice.pt\/wp-content\/uploads\/2023\/03\/154823g.jpg 420w\" sizes=\"(max-width: 300px) 100vw, 300px\" \/>                                            <\/a>\n                                                                                                                                        <div class=\"actions style_two\">\n                                                    <a href=\"\/index.php?rest_route=%2Fwp%2Fv2%2Fpages%2F56944&#038;add-to-cart=77140\" aria-describedby=\"woocommerce_loop_add_to_cart_link_describedby_77140\" data-quantity=\"1\" class=\"button product_type_simple add_to_cart_button ajax_add_to_cart\" data-product_id=\"77140\" data-product_sku=\"154823\" aria-label=\"Adiciona ao carrinho: &ldquo;Tinteiro canon pgi 2500 xl maxify ib4050 \/ mb5050 \/ mb5150 \/ mb5155 \/ mb5350 \/ mb5450 cian 1755 paginas&rdquo;\" rel=\"nofollow\" data-success_message=\"&ldquo;Tinteiro canon pgi 2500 xl maxify ib4050 \/ mb5050 \/ mb5150 \/ mb5155 \/ mb5350 \/ mb5450 cian 1755 paginas&rdquo; foi adicionado ao seu carrinho\" role=\"button\">Adicionar<\/a>\t<span id=\"woocommerce_loop_add_to_cart_link_describedby_77140\" class=\"screen-reader-text\">\n\t\t\t<\/span>\n<div class=\"tooltip_no wishlist button-default yith-wcwl-add-to-wishlist add-to-wishlist-77140\"><div class=\"yith-wcwl-add-button show\"><a href=\"https:\/\/ifoffice.pt\/?page_id=121&#038;wishlist-action\" data-product-id=\"77140\" data-product-type=\"simple\" class=\"add_to_wishlist\" aria-label=\"Wishlist\" rel=\"nofollow\"><i class=\"fa fa-heart-o\"><\/i><span class=\"ht-product-action-tooltip\">Adicionar \u00e0 lista de Desejos<\/span><\/a><i class=\"fa fa-spinner fa-pulse ajax-loading\" style=\"visibility:hidden\"><\/i><\/div><div class=\"yith-wcwl-wishlistaddedbrowse hide\" style=\"display:none;\"><a class=\"\" href=\"https:\/\/ifoffice.pt\/?page_id=121&#038;wishlist-action\" aria-label=\"Wishlist\" rel=\"nofollow\"><i class=\"fa fa-heart\"><\/i><span class=\"ht-product-action-tooltip\">Veja a sua lista de favoritos<\/span><\/a><\/div><div class=\"yith-wcwl-wishlistexistsbrowse hide\" style=\"display:none\"><a href=\"https:\/\/ifoffice.pt\/?page_id=121&#038;wishlist-action\" class=\"\" aria-label=\"Wishlist\" rel=\"nofollow\"><i class=\"fa fa-heart\"><\/i><span class=\"ht-product-action-tooltip\">Produto adicionado!<\/span><\/a><\/div><\/div>                                                <\/div>\n                                            \n                                            \n                                        <\/div>\n                                        \n                                        <div class=\"content\">\n                                            <h4 class=\"title\"><a href=\"https:\/\/ifoffice.pt\/?product=tinteiro-canon-pgi-2500-xl-maxify-ib4050-mb5050-mb5150-mb5155-mb5350-mb5450-cian-1755-paginas\">Tinteiro canon pgi 2500 xl maxify ib4050 \/ mb5050 \/ mb5150 \/ mb5155 \/ mb5350 \/ mb5450 cian 1755 paginas<\/a><\/h4>\n                                            \n\t<span class=\"price\"><span class=\"woocommerce-Price-amount amount\"><bdi><span class=\"woocommerce-Price-currencySymbol\">&euro;<\/span>40.93<\/bdi><\/span> <small class=\"woocommerce-price-suffix\">IVA inc.<\/small><\/span>\n                                                                                    <\/div>\n                                    <\/div>\n\n                                <\/div>\n\n                                                       <\/div>\n                            <div class=\"slide-item ht-col-xs-12\">\n                                \n                                <div class=\"product-item  \">\n\n                                    <div class=\"product-inner\">\n                                        <div class=\"image-wrap\">\n                                            <a href=\"https:\/\/ifoffice.pt\/?product=tinteiro-hp-n-303-envy-photo-6230-7130-7830-cor-tricolor-capacidade-200-pag\" class=\"image\">\n                                                <img loading=\"lazy\" decoding=\"async\" width=\"300\" height=\"229\" src=\"https:\/\/ifoffice.pt\/wp-content\/uploads\/2023\/03\/152486g-300x229.jpg\" class=\"attachment-woocommerce_thumbnail size-woocommerce_thumbnail\" alt=\"Tinteiro hp 303 envy photo 6230 \/ 7130 \/ 7830 cor tricor capacidade 200 pag\" srcset=\"https:\/\/ifoffice.pt\/wp-content\/uploads\/2023\/03\/152486g-300x229.jpg 300w, https:\/\/ifoffice.pt\/wp-content\/uploads\/2023\/03\/152486g-64x49.jpg 64w, https:\/\/ifoffice.pt\/wp-content\/uploads\/2023\/03\/152486g.jpg 420w\" sizes=\"(max-width: 300px) 100vw, 300px\" \/>                                            <\/a>\n                                                                                                                                        <div class=\"actions style_two\">\n                                                    <a href=\"\/index.php?rest_route=%2Fwp%2Fv2%2Fpages%2F56944&#038;add-to-cart=78630\" aria-describedby=\"woocommerce_loop_add_to_cart_link_describedby_78630\" data-quantity=\"1\" class=\"button product_type_simple add_to_cart_button ajax_add_to_cart\" data-product_id=\"78630\" data-product_sku=\"152486\" aria-label=\"Adiciona ao carrinho: &ldquo;Tinteiro hp 303 envy photo 6230 \/ 7130 \/ 7830 cor tricor capacidade 200 pag&rdquo;\" rel=\"nofollow\" data-success_message=\"&ldquo;Tinteiro hp 303 envy photo 6230 \/ 7130 \/ 7830 cor tricor capacidade 200 pag&rdquo; foi adicionado ao seu carrinho\" role=\"button\">Adicionar<\/a>\t<span id=\"woocommerce_loop_add_to_cart_link_describedby_78630\" class=\"screen-reader-text\">\n\t\t\t<\/span>\n<div class=\"tooltip_no wishlist button-default yith-wcwl-add-to-wishlist add-to-wishlist-78630\"><div class=\"yith-wcwl-add-button show\"><a href=\"https:\/\/ifoffice.pt\/?page_id=121&#038;wishlist-action\" data-product-id=\"78630\" data-product-type=\"simple\" class=\"add_to_wishlist\" aria-label=\"Wishlist\" rel=\"nofollow\"><i class=\"fa fa-heart-o\"><\/i><span class=\"ht-product-action-tooltip\">Adicionar \u00e0 lista de Desejos<\/span><\/a><i class=\"fa fa-spinner fa-pulse ajax-loading\" style=\"visibility:hidden\"><\/i><\/div><div class=\"yith-wcwl-wishlistaddedbrowse hide\" style=\"display:none;\"><a class=\"\" href=\"https:\/\/ifoffice.pt\/?page_id=121&#038;wishlist-action\" aria-label=\"Wishlist\" rel=\"nofollow\"><i class=\"fa fa-heart\"><\/i><span class=\"ht-product-action-tooltip\">Veja a sua lista de favoritos<\/span><\/a><\/div><div class=\"yith-wcwl-wishlistexistsbrowse hide\" style=\"display:none\"><a href=\"https:\/\/ifoffice.pt\/?page_id=121&#038;wishlist-action\" class=\"\" aria-label=\"Wishlist\" rel=\"nofollow\"><i class=\"fa fa-heart\"><\/i><span class=\"ht-product-action-tooltip\">Produto adicionado!<\/span><\/a><\/div><\/div>                                                <\/div>\n                                            \n                                            \n                                        <\/div>\n                                        \n                                        <div class=\"content\">\n                                            <h4 class=\"title\"><a href=\"https:\/\/ifoffice.pt\/?product=tinteiro-hp-n-303-envy-photo-6230-7130-7830-cor-tricolor-capacidade-200-pag\">Tinteiro hp 303 envy photo 6230 \/ 7130 \/ 7830 cor tricor capacidade 200 pag<\/a><\/h4>\n                                            \n\t<span class=\"price\"><span class=\"woocommerce-Price-amount amount\"><bdi><span class=\"woocommerce-Price-currencySymbol\">&euro;<\/span>41.09<\/bdi><\/span> <small class=\"woocommerce-price-suffix\">IVA inc.<\/small><\/span>\n                                                                                    <\/div>\n                                    <\/div>\n\n                                <\/div>\n\n                                                       <\/div>\n                            <div class=\"slide-item ht-col-xs-12\">\n                                \n                                <div class=\"product-item  \">\n\n                                    <div class=\"product-inner\">\n                                        <div class=\"image-wrap\">\n                                            <a href=\"https:\/\/ifoffice.pt\/?product=tinteiro-hp-envy-5640-7640-officejet-5740-n-62-xl-preto-600-pag\" class=\"image\">\n                                                <img loading=\"lazy\" decoding=\"async\" width=\"300\" height=\"229\" src=\"https:\/\/ifoffice.pt\/wp-content\/uploads\/2023\/03\/90521g-300x229.jpg\" class=\"attachment-woocommerce_thumbnail size-woocommerce_thumbnail\" alt=\"Tinteiro hp envy 5640 \/ 7640 officejet 5740 n.62 xl preto 600 pag\" srcset=\"https:\/\/ifoffice.pt\/wp-content\/uploads\/2023\/03\/90521g-300x229.jpg 300w, https:\/\/ifoffice.pt\/wp-content\/uploads\/2023\/03\/90521g-64x49.jpg 64w, https:\/\/ifoffice.pt\/wp-content\/uploads\/2023\/03\/90521g.jpg 420w\" sizes=\"(max-width: 300px) 100vw, 300px\" \/>                                            <\/a>\n                                                                                                                                        <div class=\"actions style_two\">\n                                                    <a href=\"\/index.php?rest_route=%2Fwp%2Fv2%2Fpages%2F56944&#038;add-to-cart=80567\" aria-describedby=\"woocommerce_loop_add_to_cart_link_describedby_80567\" data-quantity=\"1\" class=\"button product_type_simple add_to_cart_button ajax_add_to_cart\" data-product_id=\"80567\" data-product_sku=\"90521\" aria-label=\"Adiciona ao carrinho: &ldquo;Tinteiro hp envy 5640 \/ 7640 officejet 5740 n.62 xl preto 600 pag&rdquo;\" rel=\"nofollow\" data-success_message=\"&ldquo;Tinteiro hp envy 5640 \/ 7640 officejet 5740 n.62 xl preto 600 pag&rdquo; foi adicionado ao seu carrinho\" role=\"button\">Adicionar<\/a>\t<span id=\"woocommerce_loop_add_to_cart_link_describedby_80567\" class=\"screen-reader-text\">\n\t\t\t<\/span>\n<div class=\"tooltip_no wishlist button-default yith-wcwl-add-to-wishlist add-to-wishlist-80567\"><div class=\"yith-wcwl-add-button show\"><a href=\"https:\/\/ifoffice.pt\/?page_id=121&#038;wishlist-action\" data-product-id=\"80567\" data-product-type=\"simple\" class=\"add_to_wishlist\" aria-label=\"Wishlist\" rel=\"nofollow\"><i class=\"fa fa-heart-o\"><\/i><span class=\"ht-product-action-tooltip\">Adicionar \u00e0 lista de Desejos<\/span><\/a><i class=\"fa fa-spinner fa-pulse ajax-loading\" style=\"visibility:hidden\"><\/i><\/div><div class=\"yith-wcwl-wishlistaddedbrowse hide\" style=\"display:none;\"><a class=\"\" href=\"https:\/\/ifoffice.pt\/?page_id=121&#038;wishlist-action\" aria-label=\"Wishlist\" rel=\"nofollow\"><i class=\"fa fa-heart\"><\/i><span class=\"ht-product-action-tooltip\">Veja a sua lista de favoritos<\/span><\/a><\/div><div class=\"yith-wcwl-wishlistexistsbrowse hide\" style=\"display:none\"><a href=\"https:\/\/ifoffice.pt\/?page_id=121&#038;wishlist-action\" class=\"\" aria-label=\"Wishlist\" rel=\"nofollow\"><i class=\"fa fa-heart\"><\/i><span class=\"ht-product-action-tooltip\">Produto adicionado!<\/span><\/a><\/div><\/div>                                                <\/div>\n                                            \n                                            \n                                        <\/div>\n                                        \n                                        <div class=\"content\">\n                                            <h4 class=\"title\"><a href=\"https:\/\/ifoffice.pt\/?product=tinteiro-hp-envy-5640-7640-officejet-5740-n-62-xl-preto-600-pag\">Tinteiro hp envy 5640 \/ 7640 officejet 5740 n.62 xl preto 600 pag<\/a><\/h4>\n                                            \n\t<span class=\"price\"><span class=\"woocommerce-Price-amount amount\"><bdi><span class=\"woocommerce-Price-currencySymbol\">&euro;<\/span>98.77<\/bdi><\/span> <small class=\"woocommerce-price-suffix\">IVA inc.<\/small><\/span>\n                                                                                    <\/div>\n                                    <\/div>\n\n                                <\/div>\n\n                                                       <\/div>\n                            <div class=\"slide-item ht-col-xs-12\">\n                                \n                                <div class=\"product-item  \">\n\n                                    <div class=\"product-inner\">\n                                        <div class=\"image-wrap\">\n                                            <a href=\"https:\/\/ifoffice.pt\/?product=toner-lexmark-mx310-mx410-mx510-preta2-500-pag\" class=\"image\">\n                                                <img loading=\"lazy\" decoding=\"async\" width=\"300\" height=\"229\" src=\"https:\/\/ifoffice.pt\/wp-content\/uploads\/2023\/03\/77728g-300x229.jpg\" class=\"attachment-woocommerce_thumbnail size-woocommerce_thumbnail\" alt=\"Toner lexmark mx310 \/ mx410 \/ mx510 preta2.500 pag\" srcset=\"https:\/\/ifoffice.pt\/wp-content\/uploads\/2023\/03\/77728g-300x229.jpg 300w, https:\/\/ifoffice.pt\/wp-content\/uploads\/2023\/03\/77728g-64x49.jpg 64w, https:\/\/ifoffice.pt\/wp-content\/uploads\/2023\/03\/77728g.jpg 420w\" sizes=\"(max-width: 300px) 100vw, 300px\" \/>                                            <\/a>\n                                                                                                                                        <div class=\"actions style_two\">\n                                                    <a href=\"\/index.php?rest_route=%2Fwp%2Fv2%2Fpages%2F56944&#038;add-to-cart=82535\" aria-describedby=\"woocommerce_loop_add_to_cart_link_describedby_82535\" data-quantity=\"1\" class=\"button product_type_simple add_to_cart_button ajax_add_to_cart\" data-product_id=\"82535\" data-product_sku=\"77728\" aria-label=\"Adiciona ao carrinho: &ldquo;Toner lexmark mx310 \/ mx410 \/ mx510 preta2.500 pag&rdquo;\" rel=\"nofollow\" data-success_message=\"&ldquo;Toner lexmark mx310 \/ mx410 \/ mx510 preta2.500 pag&rdquo; foi adicionado ao seu carrinho\" role=\"button\">Adicionar<\/a>\t<span id=\"woocommerce_loop_add_to_cart_link_describedby_82535\" class=\"screen-reader-text\">\n\t\t\t<\/span>\n<div class=\"tooltip_no wishlist button-default yith-wcwl-add-to-wishlist add-to-wishlist-82535\"><div class=\"yith-wcwl-add-button show\"><a href=\"https:\/\/ifoffice.pt\/?page_id=121&#038;wishlist-action\" data-product-id=\"82535\" data-product-type=\"simple\" class=\"add_to_wishlist\" aria-label=\"Wishlist\" rel=\"nofollow\"><i class=\"fa fa-heart-o\"><\/i><span class=\"ht-product-action-tooltip\">Adicionar \u00e0 lista de Desejos<\/span><\/a><i class=\"fa fa-spinner fa-pulse ajax-loading\" style=\"visibility:hidden\"><\/i><\/div><div class=\"yith-wcwl-wishlistaddedbrowse hide\" style=\"display:none;\"><a class=\"\" href=\"https:\/\/ifoffice.pt\/?page_id=121&#038;wishlist-action\" aria-label=\"Wishlist\" rel=\"nofollow\"><i class=\"fa fa-heart\"><\/i><span class=\"ht-product-action-tooltip\">Veja a sua lista de favoritos<\/span><\/a><\/div><div class=\"yith-wcwl-wishlistexistsbrowse hide\" style=\"display:none\"><a href=\"https:\/\/ifoffice.pt\/?page_id=121&#038;wishlist-action\" class=\"\" aria-label=\"Wishlist\" rel=\"nofollow\"><i class=\"fa fa-heart\"><\/i><span class=\"ht-product-action-tooltip\">Produto adicionado!<\/span><\/a><\/div><\/div>                                                <\/div>\n                                            \n                                            \n                                        <\/div>\n                                        \n                                        <div class=\"content\">\n                                            <h4 class=\"title\"><a href=\"https:\/\/ifoffice.pt\/?product=toner-lexmark-mx310-mx410-mx510-preta2-500-pag\">Toner lexmark mx310 \/ mx410 \/ mx510 preta2.500 pag<\/a><\/h4>\n                                            \n\t<span class=\"price\"><span class=\"woocommerce-Price-amount amount\"><bdi><span class=\"woocommerce-Price-currencySymbol\">&euro;<\/span>218.05<\/bdi><\/span> <small class=\"woocommerce-price-suffix\">IVA inc.<\/small><\/span>\n                                                                                    <\/div>\n                                    <\/div>\n\n                                <\/div>\n\n                                                       <\/div>\n                            <div class=\"slide-item ht-col-xs-12\">\n                                \n                                <div class=\"product-item  \">\n\n                                    <div class=\"product-inner\">\n                                        <div class=\"image-wrap\">\n                                            <a href=\"https:\/\/ifoffice.pt\/?product=tinteiro-brother-lc-3219xlc-mfc-j6530dw-mfc-j6930dw-amarelo-1-500-pag\" class=\"image\">\n                                                <img loading=\"lazy\" decoding=\"async\" width=\"300\" height=\"229\" src=\"https:\/\/ifoffice.pt\/wp-content\/uploads\/2023\/03\/67910g-300x229.jpg\" class=\"attachment-woocommerce_thumbnail size-woocommerce_thumbnail\" alt=\"Tinteiro brother lc-3219xlc mfc-j6530dw \/ mfc-j6930dw amarelo 1.500 pag\" srcset=\"https:\/\/ifoffice.pt\/wp-content\/uploads\/2023\/03\/67910g-300x229.jpg 300w, https:\/\/ifoffice.pt\/wp-content\/uploads\/2023\/03\/67910g-64x49.jpg 64w, https:\/\/ifoffice.pt\/wp-content\/uploads\/2023\/03\/67910g.jpg 420w\" sizes=\"(max-width: 300px) 100vw, 300px\" \/>                                            <\/a>\n                                                                                                                                        <div class=\"actions style_two\">\n                                                    <a href=\"\/index.php?rest_route=%2Fwp%2Fv2%2Fpages%2F56944&#038;add-to-cart=86834\" aria-describedby=\"woocommerce_loop_add_to_cart_link_describedby_86834\" data-quantity=\"1\" class=\"button product_type_simple add_to_cart_button ajax_add_to_cart\" data-product_id=\"86834\" data-product_sku=\"67910\" aria-label=\"Adiciona ao carrinho: &ldquo;Tinteiro brother lc-3219xlc mfc-j6530dw \/ mfc-j6930dw amarelo 1.500 pag&rdquo;\" rel=\"nofollow\" data-success_message=\"&ldquo;Tinteiro brother lc-3219xlc mfc-j6530dw \/ mfc-j6930dw amarelo 1.500 pag&rdquo; foi adicionado ao seu carrinho\" role=\"button\">Adicionar<\/a>\t<span id=\"woocommerce_loop_add_to_cart_link_describedby_86834\" class=\"screen-reader-text\">\n\t\t\t<\/span>\n<div class=\"tooltip_no wishlist button-default yith-wcwl-add-to-wishlist add-to-wishlist-86834\"><div class=\"yith-wcwl-add-button show\"><a href=\"https:\/\/ifoffice.pt\/?page_id=121&#038;wishlist-action\" data-product-id=\"86834\" data-product-type=\"simple\" class=\"add_to_wishlist\" aria-label=\"Wishlist\" rel=\"nofollow\"><i class=\"fa fa-heart-o\"><\/i><span class=\"ht-product-action-tooltip\">Adicionar \u00e0 lista de Desejos<\/span><\/a><i class=\"fa fa-spinner fa-pulse ajax-loading\" style=\"visibility:hidden\"><\/i><\/div><div class=\"yith-wcwl-wishlistaddedbrowse hide\" style=\"display:none;\"><a class=\"\" href=\"https:\/\/ifoffice.pt\/?page_id=121&#038;wishlist-action\" aria-label=\"Wishlist\" rel=\"nofollow\"><i class=\"fa fa-heart\"><\/i><span class=\"ht-product-action-tooltip\">Veja a sua lista de favoritos<\/span><\/a><\/div><div class=\"yith-wcwl-wishlistexistsbrowse hide\" style=\"display:none\"><a href=\"https:\/\/ifoffice.pt\/?page_id=121&#038;wishlist-action\" class=\"\" aria-label=\"Wishlist\" rel=\"nofollow\"><i class=\"fa fa-heart\"><\/i><span class=\"ht-product-action-tooltip\">Produto adicionado!<\/span><\/a><\/div><\/div>                                                <\/div>\n                                            \n                                            \n                                        <\/div>\n                                        \n                                        <div class=\"content\">\n                                            <h4 class=\"title\"><a href=\"https:\/\/ifoffice.pt\/?product=tinteiro-brother-lc-3219xlc-mfc-j6530dw-mfc-j6930dw-amarelo-1-500-pag\">Tinteiro brother lc-3219xlc mfc-j6530dw \/ mfc-j6930dw amarelo 1.500 pag<\/a><\/h4>\n                                            \n\t<span class=\"price\"><span class=\"woocommerce-Price-amount amount\"><bdi><span class=\"woocommerce-Price-currencySymbol\">&euro;<\/span>42.32<\/bdi><\/span> <small class=\"woocommerce-price-suffix\">IVA inc.<\/small><\/span>\n                                                                                    <\/div>\n                                    <\/div>\n\n                                <\/div>\n\n                                                       <\/div>\n                            <div class=\"slide-item ht-col-xs-12\">\n                                \n                                <div class=\"product-item  \">\n\n                                    <div class=\"product-inner\">\n                                        <div class=\"image-wrap\">\n                                            <a href=\"https:\/\/ifoffice.pt\/?product=tinteiro-brother-lc-225xlmbp-mfc-j-4420-dw-mfc-j-5620-dw-magenta-alta-capacidade-1200-pag\" class=\"image\">\n                                                <img loading=\"lazy\" decoding=\"async\" width=\"300\" height=\"229\" src=\"https:\/\/ifoffice.pt\/wp-content\/uploads\/2023\/03\/63899g-300x229.jpg\" class=\"attachment-woocommerce_thumbnail size-woocommerce_thumbnail\" alt=\"Tinteiro brother lc-225xlmbp mfc-j 4420 dw \/ mfc-j 5620 dw magenta alta capacidade 1200 pag\" srcset=\"https:\/\/ifoffice.pt\/wp-content\/uploads\/2023\/03\/63899g-300x229.jpg 300w, https:\/\/ifoffice.pt\/wp-content\/uploads\/2023\/03\/63899g-64x49.jpg 64w, https:\/\/ifoffice.pt\/wp-content\/uploads\/2023\/03\/63899g.jpg 420w\" sizes=\"(max-width: 300px) 100vw, 300px\" \/>                                            <\/a>\n                                                                                                                                        <div class=\"actions style_two\">\n                                                    <a href=\"\/index.php?rest_route=%2Fwp%2Fv2%2Fpages%2F56944&#038;add-to-cart=87658\" aria-describedby=\"woocommerce_loop_add_to_cart_link_describedby_87658\" data-quantity=\"1\" class=\"button product_type_simple add_to_cart_button ajax_add_to_cart\" data-product_id=\"87658\" data-product_sku=\"63899\" aria-label=\"Adiciona ao carrinho: &ldquo;Tinteiro brother lc-225xlmbp mfc-j 4420 dw \/ mfc-j 5620 dw magenta alta capacidade 1200 pag&rdquo;\" rel=\"nofollow\" data-success_message=\"&ldquo;Tinteiro brother lc-225xlmbp mfc-j 4420 dw \/ mfc-j 5620 dw magenta alta capacidade 1200 pag&rdquo; foi adicionado ao seu carrinho\" role=\"button\">Adicionar<\/a>\t<span id=\"woocommerce_loop_add_to_cart_link_describedby_87658\" class=\"screen-reader-text\">\n\t\t\t<\/span>\n<div class=\"tooltip_no wishlist button-default yith-wcwl-add-to-wishlist add-to-wishlist-87658\"><div class=\"yith-wcwl-add-button show\"><a href=\"https:\/\/ifoffice.pt\/?page_id=121&#038;wishlist-action\" data-product-id=\"87658\" data-product-type=\"simple\" class=\"add_to_wishlist\" aria-label=\"Wishlist\" rel=\"nofollow\"><i class=\"fa fa-heart-o\"><\/i><span class=\"ht-product-action-tooltip\">Adicionar \u00e0 lista de Desejos<\/span><\/a><i class=\"fa fa-spinner fa-pulse ajax-loading\" style=\"visibility:hidden\"><\/i><\/div><div class=\"yith-wcwl-wishlistaddedbrowse hide\" style=\"display:none;\"><a class=\"\" href=\"https:\/\/ifoffice.pt\/?page_id=121&#038;wishlist-action\" aria-label=\"Wishlist\" rel=\"nofollow\"><i class=\"fa fa-heart\"><\/i><span class=\"ht-product-action-tooltip\">Veja a sua lista de favoritos<\/span><\/a><\/div><div class=\"yith-wcwl-wishlistexistsbrowse hide\" style=\"display:none\"><a href=\"https:\/\/ifoffice.pt\/?page_id=121&#038;wishlist-action\" class=\"\" aria-label=\"Wishlist\" rel=\"nofollow\"><i class=\"fa fa-heart\"><\/i><span class=\"ht-product-action-tooltip\">Produto adicionado!<\/span><\/a><\/div><\/div>                                                <\/div>\n                                            \n                                            \n                                        <\/div>\n                                        \n                                        <div class=\"content\">\n                                            <h4 class=\"title\"><a href=\"https:\/\/ifoffice.pt\/?product=tinteiro-brother-lc-225xlmbp-mfc-j-4420-dw-mfc-j-5620-dw-magenta-alta-capacidade-1200-pag\">Tinteiro brother lc-225xlmbp mfc-j 4420 dw \/ mfc-j 5620 dw magenta alta capacidade 1200 pag<\/a><\/h4>\n                                            \n\t<span class=\"price\"><span class=\"woocommerce-Price-amount amount\"><bdi><span class=\"woocommerce-Price-currencySymbol\">&euro;<\/span>32.74<\/bdi><\/span> <small class=\"woocommerce-price-suffix\">IVA inc.<\/small><\/span>\n                                                                                    <\/div>\n                                    <\/div>\n\n                                <\/div>\n\n                                                       <\/div>\n                            <div class=\"slide-item ht-col-xs-12\">\n                                \n                                <div class=\"product-item  \">\n\n                                    <div class=\"product-inner\">\n                                        <div class=\"image-wrap\">\n                                            <a href=\"https:\/\/ifoffice.pt\/?product=tinteiro-epson-stylus-t7023-magenta-xl-wp-4000-4500-capacidade-2400-pag\" class=\"image\">\n                                                <img loading=\"lazy\" decoding=\"async\" width=\"300\" height=\"229\" src=\"https:\/\/ifoffice.pt\/wp-content\/uploads\/2021\/01\/57655g-300x229.jpg\" class=\"attachment-woocommerce_thumbnail size-woocommerce_thumbnail\" alt=\"Tinteiro epson stylus t7023 magenta xl wp-4000 4500 capacidade 2400 pag\" srcset=\"https:\/\/ifoffice.pt\/wp-content\/uploads\/2021\/01\/57655g-300x229.jpg 300w, https:\/\/ifoffice.pt\/wp-content\/uploads\/2021\/01\/57655g.jpg 420w\" sizes=\"(max-width: 300px) 100vw, 300px\" \/>                                            <\/a>\n                                                                                                                                        <div class=\"actions style_two\">\n                                                    <a href=\"https:\/\/ifoffice.pt\/?product=tinteiro-epson-stylus-t7023-magenta-xl-wp-4000-4500-capacidade-2400-pag\" aria-describedby=\"woocommerce_loop_add_to_cart_link_describedby_89828\" data-quantity=\"1\" class=\"button product_type_simple\" data-product_id=\"89828\" data-product_sku=\"57655\" aria-label=\"Leia mais sobre &ldquo;Tinteiro epson stylus t7023 magenta xl wp-4000 4500 capacidade 2400 pag&rdquo;\" rel=\"nofollow\" data-success_message=\"\">Ler mais<\/a>\t<span id=\"woocommerce_loop_add_to_cart_link_describedby_89828\" class=\"screen-reader-text\">\n\t\t\t<\/span>\n<div class=\"tooltip_no wishlist button-default yith-wcwl-add-to-wishlist add-to-wishlist-89828\"><div class=\"yith-wcwl-add-button show\"><a href=\"https:\/\/ifoffice.pt\/?page_id=121&#038;wishlist-action\" data-product-id=\"89828\" data-product-type=\"simple\" class=\"add_to_wishlist\" aria-label=\"Wishlist\" rel=\"nofollow\"><i class=\"fa fa-heart-o\"><\/i><span class=\"ht-product-action-tooltip\">Adicionar \u00e0 lista de Desejos<\/span><\/a><i class=\"fa fa-spinner fa-pulse ajax-loading\" style=\"visibility:hidden\"><\/i><\/div><div class=\"yith-wcwl-wishlistaddedbrowse hide\" style=\"display:none;\"><a class=\"\" href=\"https:\/\/ifoffice.pt\/?page_id=121&#038;wishlist-action\" aria-label=\"Wishlist\" rel=\"nofollow\"><i class=\"fa fa-heart\"><\/i><span class=\"ht-product-action-tooltip\">Veja a sua lista de favoritos<\/span><\/a><\/div><div class=\"yith-wcwl-wishlistexistsbrowse hide\" style=\"display:none\"><a href=\"https:\/\/ifoffice.pt\/?page_id=121&#038;wishlist-action\" class=\"\" aria-label=\"Wishlist\" rel=\"nofollow\"><i class=\"fa fa-heart\"><\/i><span class=\"ht-product-action-tooltip\">Produto adicionado!<\/span><\/a><\/div><\/div>                                                <\/div>\n                                            \n                                            \n                                        <\/div>\n                                        \n                                        <div class=\"content\">\n                                            <h4 class=\"title\"><a href=\"https:\/\/ifoffice.pt\/?product=tinteiro-epson-stylus-t7023-magenta-xl-wp-4000-4500-capacidade-2400-pag\">Tinteiro epson stylus t7023 magenta xl wp-4000 4500 capacidade 2400 pag<\/a><\/h4>\n                                            \n\t<span class=\"price\"><span class=\"woocommerce-Price-amount amount\"><bdi><span class=\"woocommerce-Price-currencySymbol\">&euro;<\/span>49.37<\/bdi><\/span> <small class=\"woocommerce-price-suffix\">IVA inc.<\/small><\/span>\n                                                                                    <\/div>\n                                    <\/div>\n\n                                <\/div>\n\n                                                       <\/div>\n                            <div class=\"slide-item ht-col-xs-12\">\n                                \n                                <div class=\"product-item  \">\n\n                                    <div class=\"product-inner\">\n                                        <div class=\"image-wrap\">\n                                            <a href=\"https:\/\/ifoffice.pt\/?product=tinteiro-canon-pfi-102m-ink-tank-magenta\" class=\"image\">\n                                                <img loading=\"lazy\" decoding=\"async\" width=\"300\" height=\"229\" src=\"https:\/\/ifoffice.pt\/wp-content\/uploads\/2021\/01\/51702g-300x229.jpg\" class=\"attachment-woocommerce_thumbnail size-woocommerce_thumbnail\" alt=\"Tinteiro canon pfi-102m ink tank magenta\" srcset=\"https:\/\/ifoffice.pt\/wp-content\/uploads\/2021\/01\/51702g-300x229.jpg 300w, https:\/\/ifoffice.pt\/wp-content\/uploads\/2021\/01\/51702g.jpg 420w\" sizes=\"(max-width: 300px) 100vw, 300px\" \/>                                            <\/a>\n                                                                                                                                        <div class=\"actions style_two\">\n                                                    <a href=\"https:\/\/ifoffice.pt\/?product=tinteiro-canon-pfi-102m-ink-tank-magenta\" aria-describedby=\"woocommerce_loop_add_to_cart_link_describedby_91317\" data-quantity=\"1\" class=\"button product_type_simple\" data-product_id=\"91317\" data-product_sku=\"51702\" aria-label=\"Leia mais sobre &ldquo;Tinteiro canon pfi-102m ink tank magenta&rdquo;\" rel=\"nofollow\" data-success_message=\"\">Ler mais<\/a>\t<span id=\"woocommerce_loop_add_to_cart_link_describedby_91317\" class=\"screen-reader-text\">\n\t\t\t<\/span>\n<div class=\"tooltip_no wishlist button-default yith-wcwl-add-to-wishlist add-to-wishlist-91317\"><div class=\"yith-wcwl-add-button show\"><a href=\"https:\/\/ifoffice.pt\/?page_id=121&#038;wishlist-action\" data-product-id=\"91317\" data-product-type=\"simple\" class=\"add_to_wishlist\" aria-label=\"Wishlist\" rel=\"nofollow\"><i class=\"fa fa-heart-o\"><\/i><span class=\"ht-product-action-tooltip\">Adicionar \u00e0 lista de Desejos<\/span><\/a><i class=\"fa fa-spinner fa-pulse ajax-loading\" style=\"visibility:hidden\"><\/i><\/div><div class=\"yith-wcwl-wishlistaddedbrowse hide\" style=\"display:none;\"><a class=\"\" href=\"https:\/\/ifoffice.pt\/?page_id=121&#038;wishlist-action\" aria-label=\"Wishlist\" rel=\"nofollow\"><i class=\"fa fa-heart\"><\/i><span class=\"ht-product-action-tooltip\">Veja a sua lista de favoritos<\/span><\/a><\/div><div class=\"yith-wcwl-wishlistexistsbrowse hide\" style=\"display:none\"><a href=\"https:\/\/ifoffice.pt\/?page_id=121&#038;wishlist-action\" class=\"\" aria-label=\"Wishlist\" rel=\"nofollow\"><i class=\"fa fa-heart\"><\/i><span class=\"ht-product-action-tooltip\">Produto adicionado!<\/span><\/a><\/div><\/div>                                                <\/div>\n                                            \n                                            \n                                        <\/div>\n                                        \n                                        <div class=\"content\">\n                                            <h4 class=\"title\"><a href=\"https:\/\/ifoffice.pt\/?product=tinteiro-canon-pfi-102m-ink-tank-magenta\">Tinteiro canon pfi-102m ink tank magenta<\/a><\/h4>\n                                            \n\t<span class=\"price\"><span class=\"woocommerce-Price-amount amount\"><bdi><span class=\"woocommerce-Price-currencySymbol\">&euro;<\/span>77.81<\/bdi><\/span> <small class=\"woocommerce-price-suffix\">IVA inc.<\/small><\/span>\n                                                                                    <\/div>\n                                    <\/div>\n\n                                <\/div>\n\n                                                       <\/div>\n                            <div class=\"slide-item ht-col-xs-12\">\n                                \n                                <div class=\"product-item  \">\n\n                                    <div class=\"product-inner\">\n                                        <div class=\"image-wrap\">\n                                            <a href=\"https:\/\/ifoffice.pt\/?product=tinteiro-hp-72-preto-mate-designjet-t610-1100-130ml\" class=\"image\">\n                                                <img loading=\"lazy\" decoding=\"async\" width=\"300\" height=\"229\" src=\"https:\/\/ifoffice.pt\/wp-content\/uploads\/2023\/03\/47109g-300x229.jpg\" class=\"attachment-woocommerce_thumbnail size-woocommerce_thumbnail\" alt=\"Tinteiro hp 72 preto mate designjet t610\/1100 130ml\" srcset=\"https:\/\/ifoffice.pt\/wp-content\/uploads\/2023\/03\/47109g-300x229.jpg 300w, https:\/\/ifoffice.pt\/wp-content\/uploads\/2023\/03\/47109g-64x49.jpg 64w, https:\/\/ifoffice.pt\/wp-content\/uploads\/2023\/03\/47109g.jpg 420w\" sizes=\"(max-width: 300px) 100vw, 300px\" \/>                                            <\/a>\n                                                                                                                                        <div class=\"actions style_two\">\n                                                    <a href=\"\/index.php?rest_route=%2Fwp%2Fv2%2Fpages%2F56944&#038;add-to-cart=92202\" aria-describedby=\"woocommerce_loop_add_to_cart_link_describedby_92202\" data-quantity=\"1\" class=\"button product_type_simple add_to_cart_button ajax_add_to_cart\" data-product_id=\"92202\" data-product_sku=\"47109\" aria-label=\"Adiciona ao carrinho: &ldquo;Tinteiro hp 72 preto mate designjet t610\/1100 130ml&rdquo;\" rel=\"nofollow\" data-success_message=\"&ldquo;Tinteiro hp 72 preto mate designjet t610\/1100 130ml&rdquo; foi adicionado ao seu carrinho\" role=\"button\">Adicionar<\/a>\t<span id=\"woocommerce_loop_add_to_cart_link_describedby_92202\" class=\"screen-reader-text\">\n\t\t\t<\/span>\n<div class=\"tooltip_no wishlist button-default yith-wcwl-add-to-wishlist add-to-wishlist-92202\"><div class=\"yith-wcwl-add-button show\"><a href=\"https:\/\/ifoffice.pt\/?page_id=121&#038;wishlist-action\" data-product-id=\"92202\" data-product-type=\"simple\" class=\"add_to_wishlist\" aria-label=\"Wishlist\" rel=\"nofollow\"><i class=\"fa fa-heart-o\"><\/i><span class=\"ht-product-action-tooltip\">Adicionar \u00e0 lista de Desejos<\/span><\/a><i class=\"fa fa-spinner fa-pulse ajax-loading\" style=\"visibility:hidden\"><\/i><\/div><div class=\"yith-wcwl-wishlistaddedbrowse hide\" style=\"display:none;\"><a class=\"\" href=\"https:\/\/ifoffice.pt\/?page_id=121&#038;wishlist-action\" aria-label=\"Wishlist\" rel=\"nofollow\"><i class=\"fa fa-heart\"><\/i><span class=\"ht-product-action-tooltip\">Veja a sua lista de favoritos<\/span><\/a><\/div><div class=\"yith-wcwl-wishlistexistsbrowse hide\" style=\"display:none\"><a href=\"https:\/\/ifoffice.pt\/?page_id=121&#038;wishlist-action\" class=\"\" aria-label=\"Wishlist\" rel=\"nofollow\"><i class=\"fa fa-heart\"><\/i><span class=\"ht-product-action-tooltip\">Produto adicionado!<\/span><\/a><\/div><\/div>                                                <\/div>\n                                            \n                                            \n                                        <\/div>\n                                        \n                                        <div class=\"content\">\n                                            <h4 class=\"title\"><a href=\"https:\/\/ifoffice.pt\/?product=tinteiro-hp-72-preto-mate-designjet-t610-1100-130ml\">Tinteiro hp 72 preto mate designjet t610\/1100 130ml<\/a><\/h4>\n                                            \n\t<span class=\"price\"><span class=\"woocommerce-Price-amount amount\"><bdi><span class=\"woocommerce-Price-currencySymbol\">&euro;<\/span>172.98<\/bdi><\/span> <small class=\"woocommerce-price-suffix\">IVA inc.<\/small><\/span>\n                                                                                    <\/div>\n                                    <\/div>\n\n                                <\/div>\n\n                                                       <\/div>\n                            <div class=\"slide-item ht-col-xs-12\">\n                                \n                                <div class=\"product-item  \">\n\n                                    <div class=\"product-inner\">\n                                        <div class=\"image-wrap\">\n                                            <a href=\"https:\/\/ifoffice.pt\/?product=tinteiro-epson-stylus-photo-r2880-t0962-cian\" class=\"image\">\n                                                <img loading=\"lazy\" decoding=\"async\" width=\"300\" height=\"229\" src=\"https:\/\/ifoffice.pt\/wp-content\/uploads\/2023\/03\/46010g-300x229.jpg\" class=\"attachment-woocommerce_thumbnail size-woocommerce_thumbnail\" alt=\"Tinteiro canon cli-521m magenta pixma mp620\/630\/980 ip3600\/4600\" srcset=\"https:\/\/ifoffice.pt\/wp-content\/uploads\/2023\/03\/46010g-300x229.jpg 300w, https:\/\/ifoffice.pt\/wp-content\/uploads\/2023\/03\/46010g-64x49.jpg 64w, https:\/\/ifoffice.pt\/wp-content\/uploads\/2023\/03\/46010g.jpg 420w\" sizes=\"(max-width: 300px) 100vw, 300px\" \/>                                            <\/a>\n                                                                                                                                        <div class=\"actions style_two\">\n                                                    <a href=\"\/index.php?rest_route=%2Fwp%2Fv2%2Fpages%2F56944&#038;add-to-cart=92471\" aria-describedby=\"woocommerce_loop_add_to_cart_link_describedby_92471\" data-quantity=\"1\" class=\"button product_type_simple add_to_cart_button ajax_add_to_cart\" data-product_id=\"92471\" data-product_sku=\"46010\" aria-label=\"Adiciona ao carrinho: &ldquo;Tinteiro canon cli-521m magenta pixma mp620\/630\/980 ip3600\/4600&rdquo;\" rel=\"nofollow\" data-success_message=\"&ldquo;Tinteiro canon cli-521m magenta pixma mp620\/630\/980 ip3600\/4600&rdquo; foi adicionado ao seu carrinho\" role=\"button\">Adicionar<\/a>\t<span id=\"woocommerce_loop_add_to_cart_link_describedby_92471\" class=\"screen-reader-text\">\n\t\t\t<\/span>\n<div class=\"tooltip_no wishlist button-default yith-wcwl-add-to-wishlist add-to-wishlist-92471\"><div class=\"yith-wcwl-add-button show\"><a href=\"https:\/\/ifoffice.pt\/?page_id=121&#038;wishlist-action\" data-product-id=\"92471\" data-product-type=\"simple\" class=\"add_to_wishlist\" aria-label=\"Wishlist\" rel=\"nofollow\"><i class=\"fa fa-heart-o\"><\/i><span class=\"ht-product-action-tooltip\">Adicionar \u00e0 lista de Desejos<\/span><\/a><i class=\"fa fa-spinner fa-pulse ajax-loading\" style=\"visibility:hidden\"><\/i><\/div><div class=\"yith-wcwl-wishlistaddedbrowse hide\" style=\"display:none;\"><a class=\"\" href=\"https:\/\/ifoffice.pt\/?page_id=121&#038;wishlist-action\" aria-label=\"Wishlist\" rel=\"nofollow\"><i class=\"fa fa-heart\"><\/i><span class=\"ht-product-action-tooltip\">Veja a sua lista de favoritos<\/span><\/a><\/div><div class=\"yith-wcwl-wishlistexistsbrowse hide\" style=\"display:none\"><a href=\"https:\/\/ifoffice.pt\/?page_id=121&#038;wishlist-action\" class=\"\" aria-label=\"Wishlist\" rel=\"nofollow\"><i class=\"fa fa-heart\"><\/i><span class=\"ht-product-action-tooltip\">Produto adicionado!<\/span><\/a><\/div><\/div>                                                <\/div>\n                                            \n                                            \n                                        <\/div>\n                                        \n                                        <div class=\"content\">\n                                            <h4 class=\"title\"><a href=\"https:\/\/ifoffice.pt\/?product=tinteiro-epson-stylus-photo-r2880-t0962-cian\">Tinteiro canon cli-521m magenta pixma mp620\/630\/980 ip3600\/4600<\/a><\/h4>\n                                            \n\t<span class=\"price\"><span class=\"woocommerce-Price-amount amount\"><bdi><span class=\"woocommerce-Price-currencySymbol\">&euro;<\/span>22.65<\/bdi><\/span> <small class=\"woocommerce-price-suffix\">IVA inc.<\/small><\/span>\n                                                                                    <\/div>\n                                    <\/div>\n\n                                <\/div>\n\n                                                       <\/div>\n                            <div class=\"slide-item ht-col-xs-12\">\n                                \n                                <div class=\"product-item  \">\n\n                                    <div class=\"product-inner\">\n                                        <div class=\"image-wrap\">\n                                            <a href=\"https:\/\/ifoffice.pt\/?product=tinteiro-hp-cc640ee-300-preto\" class=\"image\">\n                                                <img loading=\"lazy\" decoding=\"async\" width=\"300\" height=\"229\" src=\"https:\/\/ifoffice.pt\/wp-content\/uploads\/2023\/03\/43391g-300x229.jpg\" class=\"attachment-woocommerce_thumbnail size-woocommerce_thumbnail\" alt=\"Tinteiro hp cc640ee 300 preto\" srcset=\"https:\/\/ifoffice.pt\/wp-content\/uploads\/2023\/03\/43391g-300x229.jpg 300w, https:\/\/ifoffice.pt\/wp-content\/uploads\/2023\/03\/43391g-64x49.jpg 64w, https:\/\/ifoffice.pt\/wp-content\/uploads\/2023\/03\/43391g.jpg 420w\" sizes=\"(max-width: 300px) 100vw, 300px\" \/>                                            <\/a>\n                                                                                                                                        <div class=\"actions style_two\">\n                                                    <a href=\"https:\/\/ifoffice.pt\/?product=tinteiro-hp-cc640ee-300-preto\" aria-describedby=\"woocommerce_loop_add_to_cart_link_describedby_93524\" data-quantity=\"1\" class=\"button product_type_simple\" data-product_id=\"93524\" data-product_sku=\"43391\" aria-label=\"Leia mais sobre &ldquo;Tinteiro hp cc640ee 300 preto&rdquo;\" rel=\"nofollow\" data-success_message=\"\">Ler mais<\/a>\t<span id=\"woocommerce_loop_add_to_cart_link_describedby_93524\" class=\"screen-reader-text\">\n\t\t\t<\/span>\n<div class=\"tooltip_no wishlist button-default yith-wcwl-add-to-wishlist add-to-wishlist-93524\"><div class=\"yith-wcwl-add-button show\"><a href=\"https:\/\/ifoffice.pt\/?page_id=121&#038;wishlist-action\" data-product-id=\"93524\" data-product-type=\"simple\" class=\"add_to_wishlist\" aria-label=\"Wishlist\" rel=\"nofollow\"><i class=\"fa fa-heart-o\"><\/i><span class=\"ht-product-action-tooltip\">Adicionar \u00e0 lista de Desejos<\/span><\/a><i class=\"fa fa-spinner fa-pulse ajax-loading\" style=\"visibility:hidden\"><\/i><\/div><div class=\"yith-wcwl-wishlistaddedbrowse hide\" style=\"display:none;\"><a class=\"\" href=\"https:\/\/ifoffice.pt\/?page_id=121&#038;wishlist-action\" aria-label=\"Wishlist\" rel=\"nofollow\"><i class=\"fa fa-heart\"><\/i><span class=\"ht-product-action-tooltip\">Veja a sua lista de favoritos<\/span><\/a><\/div><div class=\"yith-wcwl-wishlistexistsbrowse hide\" style=\"display:none\"><a href=\"https:\/\/ifoffice.pt\/?page_id=121&#038;wishlist-action\" class=\"\" aria-label=\"Wishlist\" rel=\"nofollow\"><i class=\"fa fa-heart\"><\/i><span class=\"ht-product-action-tooltip\">Produto adicionado!<\/span><\/a><\/div><\/div>                                                <\/div>\n                                            \n                                            \n                                        <\/div>\n                                        \n                                        <div class=\"content\">\n                                            <h4 class=\"title\"><a href=\"https:\/\/ifoffice.pt\/?product=tinteiro-hp-cc640ee-300-preto\">Tinteiro hp cc640ee 300 preto<\/a><\/h4>\n                                            \n\t<span class=\"price\"><span class=\"woocommerce-Price-amount amount\"><bdi><span class=\"woocommerce-Price-currencySymbol\">&euro;<\/span>45.71<\/bdi><\/span> <small class=\"woocommerce-price-suffix\">IVA inc.<\/small><\/span>\n                                                                                    <\/div>\n                                    <\/div>\n\n                                <\/div>\n\n                                                       <\/div>\n                            <div class=\"slide-item ht-col-xs-12\">\n                                \n                                <div class=\"product-item  \">\n\n                                    <div class=\"product-inner\">\n                                        <div class=\"image-wrap\">\n                                            <a href=\"https:\/\/ifoffice.pt\/?product=tinteiro-brother-lc-1000c-cian\" class=\"image\">\n                                                <img loading=\"lazy\" decoding=\"async\" width=\"300\" height=\"229\" src=\"https:\/\/ifoffice.pt\/wp-content\/uploads\/2023\/03\/36585g-300x229.jpg\" class=\"attachment-woocommerce_thumbnail size-woocommerce_thumbnail\" alt=\"Tinteiro brother lc-1000c cian\" srcset=\"https:\/\/ifoffice.pt\/wp-content\/uploads\/2023\/03\/36585g-300x229.jpg 300w, https:\/\/ifoffice.pt\/wp-content\/uploads\/2023\/03\/36585g-64x49.jpg 64w, https:\/\/ifoffice.pt\/wp-content\/uploads\/2023\/03\/36585g.jpg 420w\" sizes=\"(max-width: 300px) 100vw, 300px\" \/>                                            <\/a>\n                                                                                                                                        <div class=\"actions style_two\">\n                                                    <a href=\"\/index.php?rest_route=%2Fwp%2Fv2%2Fpages%2F56944&#038;add-to-cart=94713\" aria-describedby=\"woocommerce_loop_add_to_cart_link_describedby_94713\" data-quantity=\"1\" class=\"button product_type_simple add_to_cart_button ajax_add_to_cart\" data-product_id=\"94713\" data-product_sku=\"36585\" aria-label=\"Adiciona ao carrinho: &ldquo;Tinteiro brother lc-1000c cian&rdquo;\" rel=\"nofollow\" data-success_message=\"&ldquo;Tinteiro brother lc-1000c cian&rdquo; foi adicionado ao seu carrinho\" role=\"button\">Adicionar<\/a>\t<span id=\"woocommerce_loop_add_to_cart_link_describedby_94713\" class=\"screen-reader-text\">\n\t\t\t<\/span>\n<div class=\"tooltip_no wishlist button-default yith-wcwl-add-to-wishlist add-to-wishlist-94713\"><div class=\"yith-wcwl-add-button show\"><a href=\"https:\/\/ifoffice.pt\/?page_id=121&#038;wishlist-action\" data-product-id=\"94713\" data-product-type=\"simple\" class=\"add_to_wishlist\" aria-label=\"Wishlist\" rel=\"nofollow\"><i class=\"fa fa-heart-o\"><\/i><span class=\"ht-product-action-tooltip\">Adicionar \u00e0 lista de Desejos<\/span><\/a><i class=\"fa fa-spinner fa-pulse ajax-loading\" style=\"visibility:hidden\"><\/i><\/div><div class=\"yith-wcwl-wishlistaddedbrowse hide\" style=\"display:none;\"><a class=\"\" href=\"https:\/\/ifoffice.pt\/?page_id=121&#038;wishlist-action\" aria-label=\"Wishlist\" rel=\"nofollow\"><i class=\"fa fa-heart\"><\/i><span class=\"ht-product-action-tooltip\">Veja a sua lista de favoritos<\/span><\/a><\/div><div class=\"yith-wcwl-wishlistexistsbrowse hide\" style=\"display:none\"><a href=\"https:\/\/ifoffice.pt\/?page_id=121&#038;wishlist-action\" class=\"\" aria-label=\"Wishlist\" rel=\"nofollow\"><i class=\"fa fa-heart\"><\/i><span class=\"ht-product-action-tooltip\">Produto adicionado!<\/span><\/a><\/div><\/div>                                                <\/div>\n                                            \n                                            \n                                        <\/div>\n                                        \n                                        <div class=\"content\">\n                                            <h4 class=\"title\"><a href=\"https:\/\/ifoffice.pt\/?product=tinteiro-brother-lc-1000c-cian\">Tinteiro brother lc-1000c cian<\/a><\/h4>\n                                            \n\t<span class=\"price\"><span class=\"woocommerce-Price-amount amount\"><bdi><span class=\"woocommerce-Price-currencySymbol\">&euro;<\/span>22.53<\/bdi><\/span> <small class=\"woocommerce-price-suffix\">IVA inc.<\/small><\/span>\n                                                                                    <\/div>\n                                    <\/div>\n\n                                <\/div>\n\n                                                       <\/div>\n                            <div class=\"slide-item ht-col-xs-12\">\n                                \n                                <div class=\"product-item  \">\n\n                                    <div class=\"product-inner\">\n                                        <div class=\"image-wrap\">\n                                            <a href=\"https:\/\/ifoffice.pt\/?product=tinteiro-brother-lc3237-hl-j6000dw-hl-j6100dw-mfc-j5945dw-mfc-j6945dw-mfc-j6947dw-1500-pag-cian\" class=\"image\">\n                                                <img loading=\"lazy\" decoding=\"async\" width=\"300\" height=\"229\" src=\"https:\/\/ifoffice.pt\/wp-content\/uploads\/2023\/03\/156290g-300x229.jpg\" class=\"attachment-woocommerce_thumbnail size-woocommerce_thumbnail\" alt=\"Tinteiro brother lc3237 hl-j6000dw \/ hl-j6100dw \/ mfc-j5945dw \/ mfc-j6945dw \/ mfc-j6947dw 1500 pag cian\" srcset=\"https:\/\/ifoffice.pt\/wp-content\/uploads\/2023\/03\/156290g-300x229.jpg 300w, https:\/\/ifoffice.pt\/wp-content\/uploads\/2023\/03\/156290g-64x49.jpg 64w, https:\/\/ifoffice.pt\/wp-content\/uploads\/2023\/03\/156290g.jpg 420w\" sizes=\"(max-width: 300px) 100vw, 300px\" \/>                                            <\/a>\n                                                                                                                                        <div class=\"actions style_two\">\n                                                    <a href=\"\/index.php?rest_route=%2Fwp%2Fv2%2Fpages%2F56944&#038;add-to-cart=110860\" aria-describedby=\"woocommerce_loop_add_to_cart_link_describedby_110860\" data-quantity=\"1\" class=\"button product_type_simple add_to_cart_button ajax_add_to_cart\" data-product_id=\"110860\" data-product_sku=\"156290\" aria-label=\"Adiciona ao carrinho: &ldquo;Tinteiro brother lc3237 hl-j6000dw \/ hl-j6100dw \/ mfc-j5945dw \/ mfc-j6945dw \/ mfc-j6947dw 1500 pag cian&rdquo;\" rel=\"nofollow\" data-success_message=\"&ldquo;Tinteiro brother lc3237 hl-j6000dw \/ hl-j6100dw \/ mfc-j5945dw \/ mfc-j6945dw \/ mfc-j6947dw 1500 pag cian&rdquo; foi adicionado ao seu carrinho\" role=\"button\">Adicionar<\/a>\t<span id=\"woocommerce_loop_add_to_cart_link_describedby_110860\" class=\"screen-reader-text\">\n\t\t\t<\/span>\n<div class=\"tooltip_no wishlist button-default yith-wcwl-add-to-wishlist add-to-wishlist-110860\"><div class=\"yith-wcwl-add-button show\"><a href=\"https:\/\/ifoffice.pt\/?page_id=121&#038;wishlist-action\" data-product-id=\"110860\" data-product-type=\"simple\" class=\"add_to_wishlist\" aria-label=\"Wishlist\" rel=\"nofollow\"><i class=\"fa fa-heart-o\"><\/i><span class=\"ht-product-action-tooltip\">Adicionar \u00e0 lista de Desejos<\/span><\/a><i class=\"fa fa-spinner fa-pulse ajax-loading\" style=\"visibility:hidden\"><\/i><\/div><div class=\"yith-wcwl-wishlistaddedbrowse hide\" style=\"display:none;\"><a class=\"\" href=\"https:\/\/ifoffice.pt\/?page_id=121&#038;wishlist-action\" aria-label=\"Wishlist\" rel=\"nofollow\"><i class=\"fa fa-heart\"><\/i><span class=\"ht-product-action-tooltip\">Veja a sua lista de favoritos<\/span><\/a><\/div><div class=\"yith-wcwl-wishlistexistsbrowse hide\" style=\"display:none\"><a href=\"https:\/\/ifoffice.pt\/?page_id=121&#038;wishlist-action\" class=\"\" aria-label=\"Wishlist\" rel=\"nofollow\"><i class=\"fa fa-heart\"><\/i><span class=\"ht-product-action-tooltip\">Produto adicionado!<\/span><\/a><\/div><\/div>                                                <\/div>\n                                            \n                                            \n                                        <\/div>\n                                        \n                                        <div class=\"content\">\n                                            <h4 class=\"title\"><a href=\"https:\/\/ifoffice.pt\/?product=tinteiro-brother-lc3237-hl-j6000dw-hl-j6100dw-mfc-j5945dw-mfc-j6945dw-mfc-j6947dw-1500-pag-cian\">Tinteiro brother lc3237 hl-j6000dw \/ hl-j6100dw \/ mfc-j5945dw \/ mfc-j6945dw \/ mfc-j6947dw 1500 pag cian<\/a><\/h4>\n                                            \n\t<span class=\"price\"><span class=\"woocommerce-Price-amount amount\"><bdi><span class=\"woocommerce-Price-currencySymbol\">&euro;<\/span>42.88<\/bdi><\/span> <small class=\"woocommerce-price-suffix\">IVA inc.<\/small><\/span>\n                                                                                    <\/div>\n                                    <\/div>\n\n                                <\/div>\n\n                                                       <\/div>\n                            <div class=\"slide-item ht-col-xs-12\">\n                                \n                                <div class=\"product-item  \">\n\n                                    <div class=\"product-inner\">\n                                        <div class=\"image-wrap\">\n                                            <a href=\"https:\/\/ifoffice.pt\/?product=tinteiro-epson-407l-clavier-wf-4745-series-preto-2900-paginas\" class=\"image\">\n                                                <img loading=\"lazy\" decoding=\"async\" width=\"300\" height=\"229\" src=\"https:\/\/ifoffice.pt\/wp-content\/uploads\/2023\/03\/162797g-300x229.jpg\" class=\"attachment-woocommerce_thumbnail size-woocommerce_thumbnail\" alt=\"Tinteiro epson 407l clavier wf-4745 series preto 2900 paginas\" srcset=\"https:\/\/ifoffice.pt\/wp-content\/uploads\/2023\/03\/162797g-300x229.jpg 300w, https:\/\/ifoffice.pt\/wp-content\/uploads\/2023\/03\/162797g-768x585.jpg 768w, https:\/\/ifoffice.pt\/wp-content\/uploads\/2023\/03\/162797g-600x457.jpg 600w, https:\/\/ifoffice.pt\/wp-content\/uploads\/2023\/03\/162797g-64x49.jpg 64w, https:\/\/ifoffice.pt\/wp-content\/uploads\/2023\/03\/162797g.jpg 1000w\" sizes=\"(max-width: 300px) 100vw, 300px\" \/>                                            <\/a>\n                                                                                                                                        <div class=\"actions style_two\">\n                                                    <a href=\"\/index.php?rest_route=%2Fwp%2Fv2%2Fpages%2F56944&#038;add-to-cart=110892\" aria-describedby=\"woocommerce_loop_add_to_cart_link_describedby_110892\" data-quantity=\"1\" class=\"button product_type_simple add_to_cart_button ajax_add_to_cart\" data-product_id=\"110892\" data-product_sku=\"162797\" aria-label=\"Adiciona ao carrinho: &ldquo;Tinteiro epson 407l clavier wf-4745 series preto 2900 paginas&rdquo;\" rel=\"nofollow\" data-success_message=\"&ldquo;Tinteiro epson 407l clavier wf-4745 series preto 2900 paginas&rdquo; foi adicionado ao seu carrinho\" role=\"button\">Adicionar<\/a>\t<span id=\"woocommerce_loop_add_to_cart_link_describedby_110892\" class=\"screen-reader-text\">\n\t\t\t<\/span>\n<div class=\"tooltip_no wishlist button-default yith-wcwl-add-to-wishlist add-to-wishlist-110892\"><div class=\"yith-wcwl-add-button show\"><a href=\"https:\/\/ifoffice.pt\/?page_id=121&#038;wishlist-action\" data-product-id=\"110892\" data-product-type=\"simple\" class=\"add_to_wishlist\" aria-label=\"Wishlist\" rel=\"nofollow\"><i class=\"fa fa-heart-o\"><\/i><span class=\"ht-product-action-tooltip\">Adicionar \u00e0 lista de Desejos<\/span><\/a><i class=\"fa fa-spinner fa-pulse ajax-loading\" style=\"visibility:hidden\"><\/i><\/div><div class=\"yith-wcwl-wishlistaddedbrowse hide\" style=\"display:none;\"><a class=\"\" href=\"https:\/\/ifoffice.pt\/?page_id=121&#038;wishlist-action\" aria-label=\"Wishlist\" rel=\"nofollow\"><i class=\"fa fa-heart\"><\/i><span class=\"ht-product-action-tooltip\">Veja a sua lista de favoritos<\/span><\/a><\/div><div class=\"yith-wcwl-wishlistexistsbrowse hide\" style=\"display:none\"><a href=\"https:\/\/ifoffice.pt\/?page_id=121&#038;wishlist-action\" class=\"\" aria-label=\"Wishlist\" rel=\"nofollow\"><i class=\"fa fa-heart\"><\/i><span class=\"ht-product-action-tooltip\">Produto adicionado!<\/span><\/a><\/div><\/div>                                                <\/div>\n                                            \n                                            \n                                        <\/div>\n                                        \n                                        <div class=\"content\">\n                                            <h4 class=\"title\"><a href=\"https:\/\/ifoffice.pt\/?product=tinteiro-epson-407l-clavier-wf-4745-series-preto-2900-paginas\">Tinteiro epson 407l clavier wf-4745 series preto 2900 paginas<\/a><\/h4>\n                                            \n\t<span class=\"price\"><span class=\"woocommerce-Price-amount amount\"><bdi><span class=\"woocommerce-Price-currencySymbol\">&euro;<\/span>79.25<\/bdi><\/span> <small class=\"woocommerce-price-suffix\">IVA inc.<\/small><\/span>\n                                                                                    <\/div>\n                                    <\/div>\n\n                                <\/div>\n\n                                                       <\/div>\n                            <div class=\"slide-item ht-col-xs-12\">\n                                \n                                <div class=\"product-item  \">\n\n                                    <div class=\"product-inner\">\n                                        <div class=\"image-wrap\">\n                                            <a href=\"https:\/\/ifoffice.pt\/?product=tinteiro-epson-gf-stylus-pro-4880-4800-amarelo\" class=\"image\">\n                                                <img loading=\"lazy\" decoding=\"async\" width=\"300\" height=\"229\" src=\"https:\/\/ifoffice.pt\/wp-content\/uploads\/2023\/03\/160871g-300x229.jpg\" class=\"attachment-woocommerce_thumbnail size-woocommerce_thumbnail\" alt=\"Tinteiro epson gf stylus pro 4880\/4800 amarelo\" srcset=\"https:\/\/ifoffice.pt\/wp-content\/uploads\/2023\/03\/160871g-300x229.jpg 300w, https:\/\/ifoffice.pt\/wp-content\/uploads\/2023\/03\/160871g-768x585.jpg 768w, https:\/\/ifoffice.pt\/wp-content\/uploads\/2023\/03\/160871g-600x457.jpg 600w, https:\/\/ifoffice.pt\/wp-content\/uploads\/2023\/03\/160871g-64x49.jpg 64w, https:\/\/ifoffice.pt\/wp-content\/uploads\/2023\/03\/160871g.jpg 1000w\" sizes=\"(max-width: 300px) 100vw, 300px\" \/>                                            <\/a>\n                                                                                                                                        <div class=\"actions style_two\">\n                                                    <a href=\"\/index.php?rest_route=%2Fwp%2Fv2%2Fpages%2F56944&#038;add-to-cart=110924\" aria-describedby=\"woocommerce_loop_add_to_cart_link_describedby_110924\" data-quantity=\"1\" class=\"button product_type_simple add_to_cart_button ajax_add_to_cart\" data-product_id=\"110924\" data-product_sku=\"160871\" aria-label=\"Adiciona ao carrinho: &ldquo;Tinteiro epson gf stylus pro 4880\/4800 amarelo&rdquo;\" rel=\"nofollow\" data-success_message=\"&ldquo;Tinteiro epson gf stylus pro 4880\/4800 amarelo&rdquo; foi adicionado ao seu carrinho\" role=\"button\">Adicionar<\/a>\t<span id=\"woocommerce_loop_add_to_cart_link_describedby_110924\" class=\"screen-reader-text\">\n\t\t\t<\/span>\n<div class=\"tooltip_no wishlist button-default yith-wcwl-add-to-wishlist add-to-wishlist-110924\"><div class=\"yith-wcwl-add-button show\"><a href=\"https:\/\/ifoffice.pt\/?page_id=121&#038;wishlist-action\" data-product-id=\"110924\" data-product-type=\"simple\" class=\"add_to_wishlist\" aria-label=\"Wishlist\" rel=\"nofollow\"><i class=\"fa fa-heart-o\"><\/i><span class=\"ht-product-action-tooltip\">Adicionar \u00e0 lista de Desejos<\/span><\/a><i class=\"fa fa-spinner fa-pulse ajax-loading\" style=\"visibility:hidden\"><\/i><\/div><div class=\"yith-wcwl-wishlistaddedbrowse hide\" style=\"display:none;\"><a class=\"\" href=\"https:\/\/ifoffice.pt\/?page_id=121&#038;wishlist-action\" aria-label=\"Wishlist\" rel=\"nofollow\"><i class=\"fa fa-heart\"><\/i><span class=\"ht-product-action-tooltip\">Veja a sua lista de favoritos<\/span><\/a><\/div><div class=\"yith-wcwl-wishlistexistsbrowse hide\" style=\"display:none\"><a href=\"https:\/\/ifoffice.pt\/?page_id=121&#038;wishlist-action\" class=\"\" aria-label=\"Wishlist\" rel=\"nofollow\"><i class=\"fa fa-heart\"><\/i><span class=\"ht-product-action-tooltip\">Produto adicionado!<\/span><\/a><\/div><\/div>                                                <\/div>\n                                            \n                                            \n                                        <\/div>\n                                        \n                                        <div class=\"content\">\n                                            <h4 class=\"title\"><a href=\"https:\/\/ifoffice.pt\/?product=tinteiro-epson-gf-stylus-pro-4880-4800-amarelo\">Tinteiro epson gf stylus pro 4880\/4800 amarelo<\/a><\/h4>\n                                            \n\t<span class=\"price\"><span class=\"woocommerce-Price-amount amount\"><bdi><span class=\"woocommerce-Price-currencySymbol\">&euro;<\/span>179.03<\/bdi><\/span> <small class=\"woocommerce-price-suffix\">IVA inc.<\/small><\/span>\n                                                                                    <\/div>\n                                    <\/div>\n\n                                <\/div>\n\n                                                       <\/div>\n                            <div class=\"slide-item ht-col-xs-12\">\n                                \n                                <div class=\"product-item  \">\n\n                                    <div class=\"product-inner\">\n                                        <div class=\"image-wrap\">\n                                            <a href=\"https:\/\/ifoffice.pt\/?product=tinteiro-epson-singlepack-light-gray-t800000-ultrachrome-pro-700ml\" class=\"image\">\n                                                <img loading=\"lazy\" decoding=\"async\" width=\"300\" height=\"229\" src=\"https:\/\/ifoffice.pt\/wp-content\/uploads\/2023\/03\/160934g-300x229.jpg\" class=\"attachment-woocommerce_thumbnail size-woocommerce_thumbnail\" alt=\"Tinteiro epson singlepack light gray t800000 ultrachrome pro 700ml\" srcset=\"https:\/\/ifoffice.pt\/wp-content\/uploads\/2023\/03\/160934g-300x229.jpg 300w, https:\/\/ifoffice.pt\/wp-content\/uploads\/2023\/03\/160934g-768x585.jpg 768w, https:\/\/ifoffice.pt\/wp-content\/uploads\/2023\/03\/160934g-600x457.jpg 600w, https:\/\/ifoffice.pt\/wp-content\/uploads\/2023\/03\/160934g-64x49.jpg 64w, https:\/\/ifoffice.pt\/wp-content\/uploads\/2023\/03\/160934g.jpg 1000w\" sizes=\"(max-width: 300px) 100vw, 300px\" \/>                                            <\/a>\n                                                                                                                                        <div class=\"actions style_two\">\n                                                    <a href=\"\/index.php?rest_route=%2Fwp%2Fv2%2Fpages%2F56944&#038;add-to-cart=110956\" aria-describedby=\"woocommerce_loop_add_to_cart_link_describedby_110956\" data-quantity=\"1\" class=\"button product_type_simple add_to_cart_button ajax_add_to_cart\" data-product_id=\"110956\" data-product_sku=\"160934\" aria-label=\"Adiciona ao carrinho: &ldquo;Tinteiro epson singlepack light gray t800000 ultrachrome pro 700ml&rdquo;\" rel=\"nofollow\" data-success_message=\"&ldquo;Tinteiro epson singlepack light gray t800000 ultrachrome pro 700ml&rdquo; foi adicionado ao seu carrinho\" role=\"button\">Adicionar<\/a>\t<span id=\"woocommerce_loop_add_to_cart_link_describedby_110956\" class=\"screen-reader-text\">\n\t\t\t<\/span>\n<div class=\"tooltip_no wishlist button-default yith-wcwl-add-to-wishlist add-to-wishlist-110956\"><div class=\"yith-wcwl-add-button show\"><a href=\"https:\/\/ifoffice.pt\/?page_id=121&#038;wishlist-action\" data-product-id=\"110956\" data-product-type=\"simple\" class=\"add_to_wishlist\" aria-label=\"Wishlist\" rel=\"nofollow\"><i class=\"fa fa-heart-o\"><\/i><span class=\"ht-product-action-tooltip\">Adicionar \u00e0 lista de Desejos<\/span><\/a><i class=\"fa fa-spinner fa-pulse ajax-loading\" style=\"visibility:hidden\"><\/i><\/div><div class=\"yith-wcwl-wishlistaddedbrowse hide\" style=\"display:none;\"><a class=\"\" href=\"https:\/\/ifoffice.pt\/?page_id=121&#038;wishlist-action\" aria-label=\"Wishlist\" rel=\"nofollow\"><i class=\"fa fa-heart\"><\/i><span class=\"ht-product-action-tooltip\">Veja a sua lista de favoritos<\/span><\/a><\/div><div class=\"yith-wcwl-wishlistexistsbrowse hide\" style=\"display:none\"><a href=\"https:\/\/ifoffice.pt\/?page_id=121&#038;wishlist-action\" class=\"\" aria-label=\"Wishlist\" rel=\"nofollow\"><i class=\"fa fa-heart\"><\/i><span class=\"ht-product-action-tooltip\">Produto adicionado!<\/span><\/a><\/div><\/div>                                                <\/div>\n                                            \n                                            \n                                        <\/div>\n                                        \n                                        <div class=\"content\">\n                                            <h4 class=\"title\"><a href=\"https:\/\/ifoffice.pt\/?product=tinteiro-epson-singlepack-light-gray-t800000-ultrachrome-pro-700ml\">Tinteiro epson singlepack light gray t800000 ultrachrome pro 700ml<\/a><\/h4>\n                                            \n\t<span class=\"price\"><span class=\"woocommerce-Price-amount amount\"><bdi><span class=\"woocommerce-Price-currencySymbol\">&euro;<\/span>514.03<\/bdi><\/span> <small class=\"woocommerce-price-suffix\">IVA inc.<\/small><\/span>\n                                                                                    <\/div>\n                                    <\/div>\n\n                                <\/div>\n\n                                                       <\/div>\n                            <div class=\"slide-item ht-col-xs-12\">\n                                \n                                <div class=\"product-item  \">\n\n                                    <div class=\"product-inner\">\n                                        <div class=\"image-wrap\">\n                                            <a href=\"https:\/\/ifoffice.pt\/?product=tinteiro-epson-ultrachrome-xd2-cian-t40d240-sc-t3100-sc-t5100-50-ml\" class=\"image\">\n                                                <img loading=\"lazy\" decoding=\"async\" width=\"300\" height=\"229\" src=\"https:\/\/ifoffice.pt\/wp-content\/uploads\/2023\/03\/160996g-300x229.jpg\" class=\"attachment-woocommerce_thumbnail size-woocommerce_thumbnail\" alt=\"Tinteiro epson ultrachrome xd2 cian t40d240 sc-t3100 \/ sc-t5100 50 ml\" srcset=\"https:\/\/ifoffice.pt\/wp-content\/uploads\/2023\/03\/160996g-300x229.jpg 300w, https:\/\/ifoffice.pt\/wp-content\/uploads\/2023\/03\/160996g-768x585.jpg 768w, https:\/\/ifoffice.pt\/wp-content\/uploads\/2023\/03\/160996g-600x457.jpg 600w, https:\/\/ifoffice.pt\/wp-content\/uploads\/2023\/03\/160996g-64x49.jpg 64w, https:\/\/ifoffice.pt\/wp-content\/uploads\/2023\/03\/160996g.jpg 1000w\" sizes=\"(max-width: 300px) 100vw, 300px\" \/>                                            <\/a>\n                                                                                                                                        <div class=\"actions style_two\">\n                                                    <a href=\"\/index.php?rest_route=%2Fwp%2Fv2%2Fpages%2F56944&#038;add-to-cart=110988\" aria-describedby=\"woocommerce_loop_add_to_cart_link_describedby_110988\" data-quantity=\"1\" class=\"button product_type_simple add_to_cart_button ajax_add_to_cart\" data-product_id=\"110988\" data-product_sku=\"160996\" aria-label=\"Adiciona ao carrinho: &ldquo;Tinteiro epson ultrachrome xd2 cian t40d240 sc-t3100 \/ sc-t5100 50 ml&rdquo;\" rel=\"nofollow\" data-success_message=\"&ldquo;Tinteiro epson ultrachrome xd2 cian t40d240 sc-t3100 \/ sc-t5100 50 ml&rdquo; foi adicionado ao seu carrinho\" role=\"button\">Adicionar<\/a>\t<span id=\"woocommerce_loop_add_to_cart_link_describedby_110988\" class=\"screen-reader-text\">\n\t\t\t<\/span>\n<div class=\"tooltip_no wishlist button-default yith-wcwl-add-to-wishlist add-to-wishlist-110988\"><div class=\"yith-wcwl-add-button show\"><a href=\"https:\/\/ifoffice.pt\/?page_id=121&#038;wishlist-action\" data-product-id=\"110988\" data-product-type=\"simple\" class=\"add_to_wishlist\" aria-label=\"Wishlist\" rel=\"nofollow\"><i class=\"fa fa-heart-o\"><\/i><span class=\"ht-product-action-tooltip\">Adicionar \u00e0 lista de Desejos<\/span><\/a><i class=\"fa fa-spinner fa-pulse ajax-loading\" style=\"visibility:hidden\"><\/i><\/div><div class=\"yith-wcwl-wishlistaddedbrowse hide\" style=\"display:none;\"><a class=\"\" href=\"https:\/\/ifoffice.pt\/?page_id=121&#038;wishlist-action\" aria-label=\"Wishlist\" rel=\"nofollow\"><i class=\"fa fa-heart\"><\/i><span class=\"ht-product-action-tooltip\">Veja a sua lista de favoritos<\/span><\/a><\/div><div class=\"yith-wcwl-wishlistexistsbrowse hide\" style=\"display:none\"><a href=\"https:\/\/ifoffice.pt\/?page_id=121&#038;wishlist-action\" class=\"\" aria-label=\"Wishlist\" rel=\"nofollow\"><i class=\"fa fa-heart\"><\/i><span class=\"ht-product-action-tooltip\">Produto adicionado!<\/span><\/a><\/div><\/div>                                                <\/div>\n                                            \n                                            \n                                        <\/div>\n                                        \n                                        <div class=\"content\">\n                                            <h4 class=\"title\"><a href=\"https:\/\/ifoffice.pt\/?product=tinteiro-epson-ultrachrome-xd2-cian-t40d240-sc-t3100-sc-t5100-50-ml\">Tinteiro epson ultrachrome xd2 cian t40d240 sc-t3100 \/ sc-t5100 50 ml<\/a><\/h4>\n                                            \n\t<span class=\"price\"><span class=\"woocommerce-Price-amount amount\"><bdi><span class=\"woocommerce-Price-currencySymbol\">&euro;<\/span>92.22<\/bdi><\/span> <small class=\"woocommerce-price-suffix\">IVA inc.<\/small><\/span>\n                                                                                    <\/div>\n                                    <\/div>\n\n                                <\/div>\n\n                                                       <\/div>\n                            <div class=\"slide-item ht-col-xs-12\">\n                                \n                                <div class=\"product-item  \">\n\n                                    <div class=\"product-inner\">\n                                        <div class=\"image-wrap\">\n                                            <a href=\"https:\/\/ifoffice.pt\/?product=tinteiro-epson-workforce-pro-wf-c869r-preto-xl-ink-supply-unit\" class=\"image\">\n                                                <img loading=\"lazy\" decoding=\"async\" width=\"300\" height=\"229\" src=\"https:\/\/ifoffice.pt\/wp-content\/uploads\/2023\/03\/161043g-300x229.jpg\" class=\"attachment-woocommerce_thumbnail size-woocommerce_thumbnail\" alt=\"Tinteiro epson workforce pro wf-c869r preto xl ink supply unit\" srcset=\"https:\/\/ifoffice.pt\/wp-content\/uploads\/2023\/03\/161043g-300x229.jpg 300w, https:\/\/ifoffice.pt\/wp-content\/uploads\/2023\/03\/161043g-768x585.jpg 768w, https:\/\/ifoffice.pt\/wp-content\/uploads\/2023\/03\/161043g-600x457.jpg 600w, https:\/\/ifoffice.pt\/wp-content\/uploads\/2023\/03\/161043g-64x49.jpg 64w, https:\/\/ifoffice.pt\/wp-content\/uploads\/2023\/03\/161043g.jpg 1000w\" sizes=\"(max-width: 300px) 100vw, 300px\" \/>                                            <\/a>\n                                                                                                                                        <div class=\"actions style_two\">\n                                                    <a href=\"https:\/\/ifoffice.pt\/?product=tinteiro-epson-workforce-pro-wf-c869r-preto-xl-ink-supply-unit\" aria-describedby=\"woocommerce_loop_add_to_cart_link_describedby_111020\" data-quantity=\"1\" class=\"button product_type_simple\" data-product_id=\"111020\" data-product_sku=\"161043\" aria-label=\"Leia mais sobre &ldquo;Tinteiro epson workforce pro wf-c869r preto xl ink supply unit&rdquo;\" rel=\"nofollow\" data-success_message=\"\">Ler mais<\/a>\t<span id=\"woocommerce_loop_add_to_cart_link_describedby_111020\" class=\"screen-reader-text\">\n\t\t\t<\/span>\n<div class=\"tooltip_no wishlist button-default yith-wcwl-add-to-wishlist add-to-wishlist-111020\"><div class=\"yith-wcwl-add-button show\"><a href=\"https:\/\/ifoffice.pt\/?page_id=121&#038;wishlist-action\" data-product-id=\"111020\" data-product-type=\"simple\" class=\"add_to_wishlist\" aria-label=\"Wishlist\" rel=\"nofollow\"><i class=\"fa fa-heart-o\"><\/i><span class=\"ht-product-action-tooltip\">Adicionar \u00e0 lista de Desejos<\/span><\/a><i class=\"fa fa-spinner fa-pulse ajax-loading\" style=\"visibility:hidden\"><\/i><\/div><div class=\"yith-wcwl-wishlistaddedbrowse hide\" style=\"display:none;\"><a class=\"\" href=\"https:\/\/ifoffice.pt\/?page_id=121&#038;wishlist-action\" aria-label=\"Wishlist\" rel=\"nofollow\"><i class=\"fa fa-heart\"><\/i><span class=\"ht-product-action-tooltip\">Veja a sua lista de favoritos<\/span><\/a><\/div><div class=\"yith-wcwl-wishlistexistsbrowse hide\" style=\"display:none\"><a href=\"https:\/\/ifoffice.pt\/?page_id=121&#038;wishlist-action\" class=\"\" aria-label=\"Wishlist\" rel=\"nofollow\"><i class=\"fa fa-heart\"><\/i><span class=\"ht-product-action-tooltip\">Produto adicionado!<\/span><\/a><\/div><\/div>                                                <\/div>\n                                            \n                                            \n                                        <\/div>\n                                        \n                                        <div class=\"content\">\n                                            <h4 class=\"title\"><a href=\"https:\/\/ifoffice.pt\/?product=tinteiro-epson-workforce-pro-wf-c869r-preto-xl-ink-supply-unit\">Tinteiro epson workforce pro wf-c869r preto xl ink supply unit<\/a><\/h4>\n                                            \n\t<span class=\"price\"><span class=\"woocommerce-Price-amount amount\"><bdi><span class=\"woocommerce-Price-currencySymbol\">&euro;<\/span>165.67<\/bdi><\/span> <small class=\"woocommerce-price-suffix\">IVA inc.<\/small><\/span>\n                                                                                    <\/div>\n                                    <\/div>\n\n                                <\/div>\n\n                                                       <\/div>\n                            <div class=\"slide-item ht-col-xs-12\">\n                                \n                                <div class=\"product-item  \">\n\n                                    <div class=\"product-inner\">\n                                        <div class=\"image-wrap\">\n                                            <a href=\"https:\/\/ifoffice.pt\/?product=toner-laser-lexmark-c734-cian-6000-paginas\" class=\"image\">\n                                                <img loading=\"lazy\" decoding=\"async\" width=\"300\" height=\"229\" src=\"https:\/\/ifoffice.pt\/wp-content\/uploads\/2023\/03\/162455g-300x229.jpg\" class=\"attachment-woocommerce_thumbnail size-woocommerce_thumbnail\" alt=\"Toner laser lexmark c734 cian 6000 paginas\" srcset=\"https:\/\/ifoffice.pt\/wp-content\/uploads\/2023\/03\/162455g-300x229.jpg 300w, https:\/\/ifoffice.pt\/wp-content\/uploads\/2023\/03\/162455g-768x585.jpg 768w, https:\/\/ifoffice.pt\/wp-content\/uploads\/2023\/03\/162455g-600x457.jpg 600w, https:\/\/ifoffice.pt\/wp-content\/uploads\/2023\/03\/162455g-64x49.jpg 64w, https:\/\/ifoffice.pt\/wp-content\/uploads\/2023\/03\/162455g.jpg 1000w\" sizes=\"(max-width: 300px) 100vw, 300px\" \/>                                            <\/a>\n                                                                                                                                        <div class=\"actions style_two\">\n                                                    <a href=\"\/index.php?rest_route=%2Fwp%2Fv2%2Fpages%2F56944&#038;add-to-cart=111330\" aria-describedby=\"woocommerce_loop_add_to_cart_link_describedby_111330\" data-quantity=\"1\" class=\"button product_type_simple add_to_cart_button ajax_add_to_cart\" data-product_id=\"111330\" data-product_sku=\"162455\" aria-label=\"Adiciona ao carrinho: &ldquo;Toner laser lexmark c734 cian 6000 paginas&rdquo;\" rel=\"nofollow\" data-success_message=\"&ldquo;Toner laser lexmark c734 cian 6000 paginas&rdquo; foi adicionado ao seu carrinho\" role=\"button\">Adicionar<\/a>\t<span id=\"woocommerce_loop_add_to_cart_link_describedby_111330\" class=\"screen-reader-text\">\n\t\t\t<\/span>\n<div class=\"tooltip_no wishlist button-default yith-wcwl-add-to-wishlist add-to-wishlist-111330\"><div class=\"yith-wcwl-add-button show\"><a href=\"https:\/\/ifoffice.pt\/?page_id=121&#038;wishlist-action\" data-product-id=\"111330\" data-product-type=\"simple\" class=\"add_to_wishlist\" aria-label=\"Wishlist\" rel=\"nofollow\"><i class=\"fa fa-heart-o\"><\/i><span class=\"ht-product-action-tooltip\">Adicionar \u00e0 lista de Desejos<\/span><\/a><i class=\"fa fa-spinner fa-pulse ajax-loading\" style=\"visibility:hidden\"><\/i><\/div><div class=\"yith-wcwl-wishlistaddedbrowse hide\" style=\"display:none;\"><a class=\"\" href=\"https:\/\/ifoffice.pt\/?page_id=121&#038;wishlist-action\" aria-label=\"Wishlist\" rel=\"nofollow\"><i class=\"fa fa-heart\"><\/i><span class=\"ht-product-action-tooltip\">Veja a sua lista de favoritos<\/span><\/a><\/div><div class=\"yith-wcwl-wishlistexistsbrowse hide\" style=\"display:none\"><a href=\"https:\/\/ifoffice.pt\/?page_id=121&#038;wishlist-action\" class=\"\" aria-label=\"Wishlist\" rel=\"nofollow\"><i class=\"fa fa-heart\"><\/i><span class=\"ht-product-action-tooltip\">Produto adicionado!<\/span><\/a><\/div><\/div>                                                <\/div>\n                                            \n                                            \n                                        <\/div>\n                                        \n                                        <div class=\"content\">\n                                            <h4 class=\"title\"><a href=\"https:\/\/ifoffice.pt\/?product=toner-laser-lexmark-c734-cian-6000-paginas\">Toner laser lexmark c734 cian 6000 paginas<\/a><\/h4>\n                                            \n\t<span class=\"price\"><span class=\"woocommerce-Price-amount amount\"><bdi><span class=\"woocommerce-Price-currencySymbol\">&euro;<\/span>782.92<\/bdi><\/span> <small class=\"woocommerce-price-suffix\">IVA inc.<\/small><\/span>\n                                                                                    <\/div>\n                                    <\/div>\n\n                                <\/div>\n\n                                                       <\/div>\n                            <div class=\"slide-item ht-col-xs-12\">\n                                \n                                <div class=\"product-item  \">\n\n                                    <div class=\"product-inner\">\n                                        <div class=\"image-wrap\">\n                                            <a href=\"https:\/\/ifoffice.pt\/?product=tinteiro-brother-mfc-j430w-dcp-j725w-j925w-magenta-300-pag\" class=\"image\">\n                                                <img loading=\"lazy\" decoding=\"async\" width=\"300\" height=\"229\" src=\"https:\/\/ifoffice.pt\/wp-content\/uploads\/2023\/03\/52682g-300x229.jpg\" class=\"attachment-woocommerce_thumbnail size-woocommerce_thumbnail\" alt=\"Tinteiro brother mfc-j430w dcp-j725w\/j925w magenta -300 pag\" srcset=\"https:\/\/ifoffice.pt\/wp-content\/uploads\/2023\/03\/52682g-300x229.jpg 300w, https:\/\/ifoffice.pt\/wp-content\/uploads\/2023\/03\/52682g-64x49.jpg 64w, https:\/\/ifoffice.pt\/wp-content\/uploads\/2023\/03\/52682g.jpg 420w\" sizes=\"(max-width: 300px) 100vw, 300px\" \/>                                            <\/a>\n                                                                                                                                        <div class=\"actions style_two\">\n                                                    <a href=\"\/index.php?rest_route=%2Fwp%2Fv2%2Fpages%2F56944&#038;add-to-cart=112087\" aria-describedby=\"woocommerce_loop_add_to_cart_link_describedby_112087\" data-quantity=\"1\" class=\"button product_type_simple add_to_cart_button ajax_add_to_cart\" data-product_id=\"112087\" data-product_sku=\"52682\" aria-label=\"Adiciona ao carrinho: &ldquo;Tinteiro brother mfc-j430w dcp-j725w\/j925w magenta -300 pag&rdquo;\" rel=\"nofollow\" data-success_message=\"&ldquo;Tinteiro brother mfc-j430w dcp-j725w\/j925w magenta -300 pag&rdquo; foi adicionado ao seu carrinho\" role=\"button\">Adicionar<\/a>\t<span id=\"woocommerce_loop_add_to_cart_link_describedby_112087\" class=\"screen-reader-text\">\n\t\t\t<\/span>\n<div class=\"tooltip_no wishlist button-default yith-wcwl-add-to-wishlist add-to-wishlist-112087\"><div class=\"yith-wcwl-add-button show\"><a href=\"https:\/\/ifoffice.pt\/?page_id=121&#038;wishlist-action\" data-product-id=\"112087\" data-product-type=\"simple\" class=\"add_to_wishlist\" aria-label=\"Wishlist\" rel=\"nofollow\"><i class=\"fa fa-heart-o\"><\/i><span class=\"ht-product-action-tooltip\">Adicionar \u00e0 lista de Desejos<\/span><\/a><i class=\"fa fa-spinner fa-pulse ajax-loading\" style=\"visibility:hidden\"><\/i><\/div><div class=\"yith-wcwl-wishlistaddedbrowse hide\" style=\"display:none;\"><a class=\"\" href=\"https:\/\/ifoffice.pt\/?page_id=121&#038;wishlist-action\" aria-label=\"Wishlist\" rel=\"nofollow\"><i class=\"fa fa-heart\"><\/i><span class=\"ht-product-action-tooltip\">Veja a sua lista de favoritos<\/span><\/a><\/div><div class=\"yith-wcwl-wishlistexistsbrowse hide\" style=\"display:none\"><a href=\"https:\/\/ifoffice.pt\/?page_id=121&#038;wishlist-action\" class=\"\" aria-label=\"Wishlist\" rel=\"nofollow\"><i class=\"fa fa-heart\"><\/i><span class=\"ht-product-action-tooltip\">Produto adicionado!<\/span><\/a><\/div><\/div>                                                <\/div>\n                                            \n                                            \n                                        <\/div>\n                                        \n                                        <div class=\"content\">\n                                            <h4 class=\"title\"><a href=\"https:\/\/ifoffice.pt\/?product=tinteiro-brother-mfc-j430w-dcp-j725w-j925w-magenta-300-pag\">Tinteiro brother mfc-j430w dcp-j725w\/j925w magenta -300 pag<\/a><\/h4>\n                                            \n\t<span class=\"price\"><span class=\"woocommerce-Price-amount amount\"><bdi><span class=\"woocommerce-Price-currencySymbol\">&euro;<\/span>18.30<\/bdi><\/span> <small class=\"woocommerce-price-suffix\">IVA inc.<\/small><\/span>\n                                                                                    <\/div>\n                                    <\/div>\n\n                                <\/div>\n\n                                                       <\/div>\n                            <div class=\"slide-item ht-col-xs-12\">\n                                \n                                <div class=\"product-item  \">\n\n                                    <div class=\"product-inner\">\n                                        <div class=\"image-wrap\">\n                                            <a href=\"https:\/\/ifoffice.pt\/?product=tinteiro-epson-gf-surecolor-serie-sc-p-vivid-magenta-ultrachrome-hdx-hd-700ml\" class=\"image\">\n                                                <img loading=\"lazy\" decoding=\"async\" width=\"300\" height=\"229\" src=\"https:\/\/ifoffice.pt\/wp-content\/uploads\/2023\/03\/160897g-300x229.jpg\" class=\"attachment-woocommerce_thumbnail size-woocommerce_thumbnail\" alt=\"Tinteiro epson gf surecolor serie sc-p vivid magenta ultrachrome hdx\/hd 700ml\" srcset=\"https:\/\/ifoffice.pt\/wp-content\/uploads\/2023\/03\/160897g-300x229.jpg 300w, https:\/\/ifoffice.pt\/wp-content\/uploads\/2023\/03\/160897g-768x585.jpg 768w, https:\/\/ifoffice.pt\/wp-content\/uploads\/2023\/03\/160897g-600x457.jpg 600w, https:\/\/ifoffice.pt\/wp-content\/uploads\/2023\/03\/160897g-64x49.jpg 64w, https:\/\/ifoffice.pt\/wp-content\/uploads\/2023\/03\/160897g.jpg 1000w\" sizes=\"(max-width: 300px) 100vw, 300px\" \/>                                            <\/a>\n                                                                                                                                        <div class=\"actions style_two\">\n                                                    <a href=\"https:\/\/ifoffice.pt\/?product=tinteiro-epson-gf-surecolor-serie-sc-p-vivid-magenta-ultrachrome-hdx-hd-700ml\" aria-describedby=\"woocommerce_loop_add_to_cart_link_describedby_112119\" data-quantity=\"1\" class=\"button product_type_simple\" data-product_id=\"112119\" data-product_sku=\"160897\" aria-label=\"Leia mais sobre &ldquo;Tinteiro epson gf surecolor serie sc-p vivid magenta ultrachrome hdx\/hd 700ml&rdquo;\" rel=\"nofollow\" data-success_message=\"\">Ler mais<\/a>\t<span id=\"woocommerce_loop_add_to_cart_link_describedby_112119\" class=\"screen-reader-text\">\n\t\t\t<\/span>\n<div class=\"tooltip_no wishlist button-default yith-wcwl-add-to-wishlist add-to-wishlist-112119\"><div class=\"yith-wcwl-add-button show\"><a href=\"https:\/\/ifoffice.pt\/?page_id=121&#038;wishlist-action\" data-product-id=\"112119\" data-product-type=\"simple\" class=\"add_to_wishlist\" aria-label=\"Wishlist\" rel=\"nofollow\"><i class=\"fa fa-heart-o\"><\/i><span class=\"ht-product-action-tooltip\">Adicionar \u00e0 lista de Desejos<\/span><\/a><i class=\"fa fa-spinner fa-pulse ajax-loading\" style=\"visibility:hidden\"><\/i><\/div><div class=\"yith-wcwl-wishlistaddedbrowse hide\" style=\"display:none;\"><a class=\"\" href=\"https:\/\/ifoffice.pt\/?page_id=121&#038;wishlist-action\" aria-label=\"Wishlist\" rel=\"nofollow\"><i class=\"fa fa-heart\"><\/i><span class=\"ht-product-action-tooltip\">Veja a sua lista de favoritos<\/span><\/a><\/div><div class=\"yith-wcwl-wishlistexistsbrowse hide\" style=\"display:none\"><a href=\"https:\/\/ifoffice.pt\/?page_id=121&#038;wishlist-action\" class=\"\" aria-label=\"Wishlist\" rel=\"nofollow\"><i class=\"fa fa-heart\"><\/i><span class=\"ht-product-action-tooltip\">Produto adicionado!<\/span><\/a><\/div><\/div>                                                <\/div>\n                                            \n                                            \n                                        <\/div>\n                                        \n                                        <div class=\"content\">\n                                            <h4 class=\"title\"><a href=\"https:\/\/ifoffice.pt\/?product=tinteiro-epson-gf-surecolor-serie-sc-p-vivid-magenta-ultrachrome-hdx-hd-700ml\">Tinteiro epson gf surecolor serie sc-p vivid magenta ultrachrome hdx\/hd 700ml<\/a><\/h4>\n                                            \n\t<span class=\"price\"><span class=\"woocommerce-Price-amount amount\"><bdi><span class=\"woocommerce-Price-currencySymbol\">&euro;<\/span>502.79<\/bdi><\/span> <small class=\"woocommerce-price-suffix\">IVA inc.<\/small><\/span>\n                                                                                    <\/div>\n                                    <\/div>\n\n                                <\/div>\n\n                                                       <\/div>\n                            <div class=\"slide-item ht-col-xs-12\">\n                                \n                                <div class=\"product-item  \">\n\n                                    <div class=\"product-inner\">\n                                        <div class=\"image-wrap\">\n                                            <a href=\"https:\/\/ifoffice.pt\/?product=tinteiro-hp-designjet-t120-t520-amarelo-n-711-pack-3-1000-paginas\" class=\"image\">\n                                                <img loading=\"lazy\" decoding=\"async\" width=\"300\" height=\"229\" src=\"https:\/\/ifoffice.pt\/wp-content\/uploads\/2023\/03\/161090g-300x229.jpg\" class=\"attachment-woocommerce_thumbnail size-woocommerce_thumbnail\" alt=\"Tinteiro hp designjet t120\/t520 amarelo n 711 pack 3\/1000 paginas\" srcset=\"https:\/\/ifoffice.pt\/wp-content\/uploads\/2023\/03\/161090g-300x229.jpg 300w, https:\/\/ifoffice.pt\/wp-content\/uploads\/2023\/03\/161090g-768x585.jpg 768w, https:\/\/ifoffice.pt\/wp-content\/uploads\/2023\/03\/161090g-600x457.jpg 600w, https:\/\/ifoffice.pt\/wp-content\/uploads\/2023\/03\/161090g-64x49.jpg 64w, https:\/\/ifoffice.pt\/wp-content\/uploads\/2023\/03\/161090g.jpg 1000w\" sizes=\"(max-width: 300px) 100vw, 300px\" \/>                                            <\/a>\n                                                                                                                                        <div class=\"actions style_two\">\n                                                    <a href=\"\/index.php?rest_route=%2Fwp%2Fv2%2Fpages%2F56944&#038;add-to-cart=112151\" aria-describedby=\"woocommerce_loop_add_to_cart_link_describedby_112151\" data-quantity=\"1\" class=\"button product_type_simple add_to_cart_button ajax_add_to_cart\" data-product_id=\"112151\" data-product_sku=\"161090\" aria-label=\"Adiciona ao carrinho: &ldquo;Tinteiro hp designjet t120\/t520 amarelo n 711 pack 3\/1000 paginas&rdquo;\" rel=\"nofollow\" data-success_message=\"&ldquo;Tinteiro hp designjet t120\/t520 amarelo n 711 pack 3\/1000 paginas&rdquo; foi adicionado ao seu carrinho\" role=\"button\">Adicionar<\/a>\t<span id=\"woocommerce_loop_add_to_cart_link_describedby_112151\" class=\"screen-reader-text\">\n\t\t\t<\/span>\n<div class=\"tooltip_no wishlist button-default yith-wcwl-add-to-wishlist add-to-wishlist-112151\"><div class=\"yith-wcwl-add-button show\"><a href=\"https:\/\/ifoffice.pt\/?page_id=121&#038;wishlist-action\" data-product-id=\"112151\" data-product-type=\"simple\" class=\"add_to_wishlist\" aria-label=\"Wishlist\" rel=\"nofollow\"><i class=\"fa fa-heart-o\"><\/i><span class=\"ht-product-action-tooltip\">Adicionar \u00e0 lista de Desejos<\/span><\/a><i class=\"fa fa-spinner fa-pulse ajax-loading\" style=\"visibility:hidden\"><\/i><\/div><div class=\"yith-wcwl-wishlistaddedbrowse hide\" style=\"display:none;\"><a class=\"\" href=\"https:\/\/ifoffice.pt\/?page_id=121&#038;wishlist-action\" aria-label=\"Wishlist\" rel=\"nofollow\"><i class=\"fa fa-heart\"><\/i><span class=\"ht-product-action-tooltip\">Veja a sua lista de favoritos<\/span><\/a><\/div><div class=\"yith-wcwl-wishlistexistsbrowse hide\" style=\"display:none\"><a href=\"https:\/\/ifoffice.pt\/?page_id=121&#038;wishlist-action\" class=\"\" aria-label=\"Wishlist\" rel=\"nofollow\"><i class=\"fa fa-heart\"><\/i><span class=\"ht-product-action-tooltip\">Produto adicionado!<\/span><\/a><\/div><\/div>                                                <\/div>\n                                            \n                                            \n                                        <\/div>\n                                        \n                                        <div class=\"content\">\n                                            <h4 class=\"title\"><a href=\"https:\/\/ifoffice.pt\/?product=tinteiro-hp-designjet-t120-t520-amarelo-n-711-pack-3-1000-paginas\">Tinteiro hp designjet t120\/t520 amarelo n 711 pack 3\/1000 paginas<\/a><\/h4>\n                                            \n\t<span class=\"price\"><span class=\"woocommerce-Price-amount amount\"><bdi><span class=\"woocommerce-Price-currencySymbol\">&euro;<\/span>146.08<\/bdi><\/span> <small class=\"woocommerce-price-suffix\">IVA inc.<\/small><\/span>\n                                                                                    <\/div>\n                                    <\/div>\n\n                                <\/div>\n\n                                                       <\/div>\n                            <div class=\"slide-item ht-col-xs-12\">\n                                \n                                <div class=\"product-item  \">\n\n                                    <div class=\"product-inner\">\n                                        <div class=\"image-wrap\">\n                                            <a href=\"https:\/\/ifoffice.pt\/?product=tinteiro-hp-n-903-xl-officejet-6960-6970-preto-825-pag\" class=\"image\">\n                                                <img loading=\"lazy\" decoding=\"async\" width=\"300\" height=\"229\" src=\"https:\/\/ifoffice.pt\/wp-content\/uploads\/2023\/03\/900078g-300x229.jpg\" class=\"attachment-woocommerce_thumbnail size-woocommerce_thumbnail\" alt=\"Tinteiro hp 903 xl officejet 6960 \/ 6970 preto 825 paginas\" srcset=\"https:\/\/ifoffice.pt\/wp-content\/uploads\/2023\/03\/900078g-300x229.jpg 300w, https:\/\/ifoffice.pt\/wp-content\/uploads\/2023\/03\/900078g-64x49.jpg 64w, https:\/\/ifoffice.pt\/wp-content\/uploads\/2023\/03\/900078g.jpg 420w\" sizes=\"(max-width: 300px) 100vw, 300px\" \/>                                            <\/a>\n                                                                                                                                        <div class=\"actions style_two\">\n                                                    <a href=\"\/index.php?rest_route=%2Fwp%2Fv2%2Fpages%2F56944&#038;add-to-cart=72704\" aria-describedby=\"woocommerce_loop_add_to_cart_link_describedby_72704\" data-quantity=\"1\" class=\"button product_type_simple add_to_cart_button ajax_add_to_cart\" data-product_id=\"72704\" data-product_sku=\"900078\" aria-label=\"Adiciona ao carrinho: &ldquo;Tinteiro hp 903 xl officejet 6960 \/ 6970 preto 825 paginas&rdquo;\" rel=\"nofollow\" data-success_message=\"&ldquo;Tinteiro hp 903 xl officejet 6960 \/ 6970 preto 825 paginas&rdquo; foi adicionado ao seu carrinho\" role=\"button\">Adicionar<\/a>\t<span id=\"woocommerce_loop_add_to_cart_link_describedby_72704\" class=\"screen-reader-text\">\n\t\t\t<\/span>\n<div class=\"tooltip_no wishlist button-default yith-wcwl-add-to-wishlist add-to-wishlist-72704\"><div class=\"yith-wcwl-add-button show\"><a href=\"https:\/\/ifoffice.pt\/?page_id=121&#038;wishlist-action\" data-product-id=\"72704\" data-product-type=\"simple\" class=\"add_to_wishlist\" aria-label=\"Wishlist\" rel=\"nofollow\"><i class=\"fa fa-heart-o\"><\/i><span class=\"ht-product-action-tooltip\">Adicionar \u00e0 lista de Desejos<\/span><\/a><i class=\"fa fa-spinner fa-pulse ajax-loading\" style=\"visibility:hidden\"><\/i><\/div><div class=\"yith-wcwl-wishlistaddedbrowse hide\" style=\"display:none;\"><a class=\"\" href=\"https:\/\/ifoffice.pt\/?page_id=121&#038;wishlist-action\" aria-label=\"Wishlist\" rel=\"nofollow\"><i class=\"fa fa-heart\"><\/i><span class=\"ht-product-action-tooltip\">Veja a sua lista de favoritos<\/span><\/a><\/div><div class=\"yith-wcwl-wishlistexistsbrowse hide\" style=\"display:none\"><a href=\"https:\/\/ifoffice.pt\/?page_id=121&#038;wishlist-action\" class=\"\" aria-label=\"Wishlist\" rel=\"nofollow\"><i class=\"fa fa-heart\"><\/i><span class=\"ht-product-action-tooltip\">Produto adicionado!<\/span><\/a><\/div><\/div>                                                <\/div>\n                                            \n                                            \n                                        <\/div>\n                                        \n                                        <div class=\"content\">\n                                            <h4 class=\"title\"><a href=\"https:\/\/ifoffice.pt\/?product=tinteiro-hp-n-903-xl-officejet-6960-6970-preto-825-pag\">Tinteiro hp 903 xl officejet 6960 \/ 6970 preto 825 paginas<\/a><\/h4>\n                                            \n\t<span class=\"price\"><span class=\"woocommerce-Price-amount amount\"><bdi><span class=\"woocommerce-Price-currencySymbol\">&euro;<\/span>83.75<\/bdi><\/span> <small class=\"woocommerce-price-suffix\">IVA inc.<\/small><\/span>\n                                                                                    <\/div>\n                                    <\/div>\n\n                                <\/div>\n\n                                                       <\/div>\n                            <div class=\"slide-item ht-col-xs-12\">\n                                \n                                <div class=\"product-item  \">\n\n                                    <div class=\"product-inner\">\n                                        <div class=\"image-wrap\">\n                                            <a href=\"https:\/\/ifoffice.pt\/?product=tinteiro-epson-603-xp-2100-2105-3100-4100-wf-2810-2830-2835-2850-cian-130-paginas\" class=\"image\">\n                                                <img loading=\"lazy\" decoding=\"async\" width=\"300\" height=\"229\" src=\"https:\/\/ifoffice.pt\/wp-content\/uploads\/2023\/03\/156635g-300x229.jpg\" class=\"attachment-woocommerce_thumbnail size-woocommerce_thumbnail\" alt=\"Tinteiro hp 963 xl officejet pro 9010 \/ 9020 \/ 9022 \/ 9023 \/ 9025 cian 1600 paginas\" srcset=\"https:\/\/ifoffice.pt\/wp-content\/uploads\/2023\/03\/156635g-300x229.jpg 300w, https:\/\/ifoffice.pt\/wp-content\/uploads\/2023\/03\/156635g-64x49.jpg 64w, https:\/\/ifoffice.pt\/wp-content\/uploads\/2023\/03\/156635g.jpg 420w\" sizes=\"(max-width: 300px) 100vw, 300px\" \/>                                            <\/a>\n                                                                                                                                        <div class=\"actions style_two\">\n                                                    <a href=\"\/index.php?rest_route=%2Fwp%2Fv2%2Fpages%2F56944&#038;add-to-cart=74861\" aria-describedby=\"woocommerce_loop_add_to_cart_link_describedby_74861\" data-quantity=\"1\" class=\"button product_type_simple add_to_cart_button ajax_add_to_cart\" data-product_id=\"74861\" data-product_sku=\"156635\" aria-label=\"Adiciona ao carrinho: &ldquo;Tinteiro hp 963 xl officejet pro 9010 \/ 9020 \/ 9022 \/ 9023 \/ 9025 cian 1600 paginas&rdquo;\" rel=\"nofollow\" data-success_message=\"&ldquo;Tinteiro hp 963 xl officejet pro 9010 \/ 9020 \/ 9022 \/ 9023 \/ 9025 cian 1600 paginas&rdquo; foi adicionado ao seu carrinho\" role=\"button\">Adicionar<\/a>\t<span id=\"woocommerce_loop_add_to_cart_link_describedby_74861\" class=\"screen-reader-text\">\n\t\t\t<\/span>\n<div class=\"tooltip_no wishlist button-default yith-wcwl-add-to-wishlist add-to-wishlist-74861\"><div class=\"yith-wcwl-add-button show\"><a href=\"https:\/\/ifoffice.pt\/?page_id=121&#038;wishlist-action\" data-product-id=\"74861\" data-product-type=\"simple\" class=\"add_to_wishlist\" aria-label=\"Wishlist\" rel=\"nofollow\"><i class=\"fa fa-heart-o\"><\/i><span class=\"ht-product-action-tooltip\">Adicionar \u00e0 lista de Desejos<\/span><\/a><i class=\"fa fa-spinner fa-pulse ajax-loading\" style=\"visibility:hidden\"><\/i><\/div><div class=\"yith-wcwl-wishlistaddedbrowse hide\" style=\"display:none;\"><a class=\"\" href=\"https:\/\/ifoffice.pt\/?page_id=121&#038;wishlist-action\" aria-label=\"Wishlist\" rel=\"nofollow\"><i class=\"fa fa-heart\"><\/i><span class=\"ht-product-action-tooltip\">Veja a sua lista de favoritos<\/span><\/a><\/div><div class=\"yith-wcwl-wishlistexistsbrowse hide\" style=\"display:none\"><a href=\"https:\/\/ifoffice.pt\/?page_id=121&#038;wishlist-action\" class=\"\" aria-label=\"Wishlist\" rel=\"nofollow\"><i class=\"fa fa-heart\"><\/i><span class=\"ht-product-action-tooltip\">Produto adicionado!<\/span><\/a><\/div><\/div>                                                <\/div>\n                                            \n                                            \n                                        <\/div>\n                                        \n                                        <div class=\"content\">\n                                            <h4 class=\"title\"><a href=\"https:\/\/ifoffice.pt\/?product=tinteiro-epson-603-xp-2100-2105-3100-4100-wf-2810-2830-2835-2850-cian-130-paginas\">Tinteiro hp 963 xl officejet pro 9010 \/ 9020 \/ 9022 \/ 9023 \/ 9025 cian 1600 paginas<\/a><\/h4>\n                                            \n\t<span class=\"price\"><span class=\"woocommerce-Price-amount amount\"><bdi><span class=\"woocommerce-Price-currencySymbol\">&euro;<\/span>66.48<\/bdi><\/span> <small class=\"woocommerce-price-suffix\">IVA inc.<\/small><\/span>\n                                                                                    <\/div>\n                                    <\/div>\n\n                                <\/div>\n\n                                                       <\/div>\n                            <div class=\"slide-item ht-col-xs-12\">\n                                \n                                <div class=\"product-item  \">\n\n                                    <div class=\"product-inner\">\n                                        <div class=\"image-wrap\">\n                                            <a href=\"https:\/\/ifoffice.pt\/?product=tinteiro-brother-lc22umbp-xl-dcp-j785dw-dcp-j785dwxl-mfc-j985dw-mfc-j985dw-magenta-1-200-pag\" class=\"image\">\n                                                <img loading=\"lazy\" decoding=\"async\" width=\"300\" height=\"229\" src=\"https:\/\/ifoffice.pt\/wp-content\/uploads\/2023\/03\/154547g-300x229.jpg\" class=\"attachment-woocommerce_thumbnail size-woocommerce_thumbnail\" alt=\"Tinteiro brother lc22umbp xl dcp-j785dw \/ dcp-j785dwxl \/ mfc-j985dw \/ mfc-j985dw magenta 1.200 pag\" srcset=\"https:\/\/ifoffice.pt\/wp-content\/uploads\/2023\/03\/154547g-300x229.jpg 300w, https:\/\/ifoffice.pt\/wp-content\/uploads\/2023\/03\/154547g-64x49.jpg 64w, https:\/\/ifoffice.pt\/wp-content\/uploads\/2023\/03\/154547g.jpg 420w\" sizes=\"(max-width: 300px) 100vw, 300px\" \/>                                            <\/a>\n                                                                                                                                        <div class=\"actions style_two\">\n                                                    <a href=\"\/index.php?rest_route=%2Fwp%2Fv2%2Fpages%2F56944&#038;add-to-cart=77436\" aria-describedby=\"woocommerce_loop_add_to_cart_link_describedby_77436\" data-quantity=\"1\" class=\"button product_type_simple add_to_cart_button ajax_add_to_cart\" data-product_id=\"77436\" data-product_sku=\"154547\" aria-label=\"Adiciona ao carrinho: &ldquo;Tinteiro brother lc22umbp xl dcp-j785dw \/ dcp-j785dwxl \/ mfc-j985dw \/ mfc-j985dw magenta 1.200 pag&rdquo;\" rel=\"nofollow\" data-success_message=\"&ldquo;Tinteiro brother lc22umbp xl dcp-j785dw \/ dcp-j785dwxl \/ mfc-j985dw \/ mfc-j985dw magenta 1.200 pag&rdquo; foi adicionado ao seu carrinho\" role=\"button\">Adicionar<\/a>\t<span id=\"woocommerce_loop_add_to_cart_link_describedby_77436\" class=\"screen-reader-text\">\n\t\t\t<\/span>\n<div class=\"tooltip_no wishlist button-default yith-wcwl-add-to-wishlist add-to-wishlist-77436\"><div class=\"yith-wcwl-add-button show\"><a href=\"https:\/\/ifoffice.pt\/?page_id=121&#038;wishlist-action\" data-product-id=\"77436\" data-product-type=\"simple\" class=\"add_to_wishlist\" aria-label=\"Wishlist\" rel=\"nofollow\"><i class=\"fa fa-heart-o\"><\/i><span class=\"ht-product-action-tooltip\">Adicionar \u00e0 lista de Desejos<\/span><\/a><i class=\"fa fa-spinner fa-pulse ajax-loading\" style=\"visibility:hidden\"><\/i><\/div><div class=\"yith-wcwl-wishlistaddedbrowse hide\" style=\"display:none;\"><a class=\"\" href=\"https:\/\/ifoffice.pt\/?page_id=121&#038;wishlist-action\" aria-label=\"Wishlist\" rel=\"nofollow\"><i class=\"fa fa-heart\"><\/i><span class=\"ht-product-action-tooltip\">Veja a sua lista de favoritos<\/span><\/a><\/div><div class=\"yith-wcwl-wishlistexistsbrowse hide\" style=\"display:none\"><a href=\"https:\/\/ifoffice.pt\/?page_id=121&#038;wishlist-action\" class=\"\" aria-label=\"Wishlist\" rel=\"nofollow\"><i class=\"fa fa-heart\"><\/i><span class=\"ht-product-action-tooltip\">Produto adicionado!<\/span><\/a><\/div><\/div>                                                <\/div>\n                                            \n                                            \n                                        <\/div>\n                                        \n                                        <div class=\"content\">\n                                            <h4 class=\"title\"><a href=\"https:\/\/ifoffice.pt\/?product=tinteiro-brother-lc22umbp-xl-dcp-j785dw-dcp-j785dwxl-mfc-j985dw-mfc-j985dw-magenta-1-200-pag\">Tinteiro brother lc22umbp xl dcp-j785dw \/ dcp-j785dwxl \/ mfc-j985dw \/ mfc-j985dw magenta 1.200 pag<\/a><\/h4>\n                                            \n\t<span class=\"price\"><span class=\"woocommerce-Price-amount amount\"><bdi><span class=\"woocommerce-Price-currencySymbol\">&euro;<\/span>22.31<\/bdi><\/span> <small class=\"woocommerce-price-suffix\">IVA inc.<\/small><\/span>\n                                                                                    <\/div>\n                                    <\/div>\n\n                                <\/div>\n\n                                                       <\/div>\n                            <div class=\"slide-item ht-col-xs-12\">\n                                \n                                <div class=\"product-item  \">\n\n                                    <div class=\"product-inner\">\n                                        <div class=\"image-wrap\">\n                                            <a href=\"https:\/\/ifoffice.pt\/?product=tinteiro-hp-c9363ee-344-tricolor\" class=\"image\">\n                                                <img loading=\"lazy\" decoding=\"async\" width=\"300\" height=\"229\" src=\"https:\/\/ifoffice.pt\/wp-content\/uploads\/2023\/03\/93939g-300x229.jpg\" class=\"attachment-woocommerce_thumbnail size-woocommerce_thumbnail\" alt=\"Tinteiro hp c9363ee 344 tricolor\" srcset=\"https:\/\/ifoffice.pt\/wp-content\/uploads\/2023\/03\/93939g-300x229.jpg 300w, https:\/\/ifoffice.pt\/wp-content\/uploads\/2023\/03\/93939g-64x49.jpg 64w, https:\/\/ifoffice.pt\/wp-content\/uploads\/2023\/03\/93939g.jpg 420w\" sizes=\"(max-width: 300px) 100vw, 300px\" \/>                                            <\/a>\n                                                                                                                                        <div class=\"actions style_two\">\n                                                    <a href=\"\/index.php?rest_route=%2Fwp%2Fv2%2Fpages%2F56944&#038;add-to-cart=80323\" aria-describedby=\"woocommerce_loop_add_to_cart_link_describedby_80323\" data-quantity=\"1\" class=\"button product_type_simple add_to_cart_button ajax_add_to_cart\" data-product_id=\"80323\" data-product_sku=\"93939\" aria-label=\"Adiciona ao carrinho: &ldquo;Tinteiro hp c9363ee 344 tricolor&rdquo;\" rel=\"nofollow\" data-success_message=\"&ldquo;Tinteiro hp c9363ee 344 tricolor&rdquo; foi adicionado ao seu carrinho\" role=\"button\">Adicionar<\/a>\t<span id=\"woocommerce_loop_add_to_cart_link_describedby_80323\" class=\"screen-reader-text\">\n\t\t\t<\/span>\n<div class=\"tooltip_no wishlist button-default yith-wcwl-add-to-wishlist add-to-wishlist-80323\"><div class=\"yith-wcwl-add-button show\"><a href=\"https:\/\/ifoffice.pt\/?page_id=121&#038;wishlist-action\" data-product-id=\"80323\" data-product-type=\"simple\" class=\"add_to_wishlist\" aria-label=\"Wishlist\" rel=\"nofollow\"><i class=\"fa fa-heart-o\"><\/i><span class=\"ht-product-action-tooltip\">Adicionar \u00e0 lista de Desejos<\/span><\/a><i class=\"fa fa-spinner fa-pulse ajax-loading\" style=\"visibility:hidden\"><\/i><\/div><div class=\"yith-wcwl-wishlistaddedbrowse hide\" style=\"display:none;\"><a class=\"\" href=\"https:\/\/ifoffice.pt\/?page_id=121&#038;wishlist-action\" aria-label=\"Wishlist\" rel=\"nofollow\"><i class=\"fa fa-heart\"><\/i><span class=\"ht-product-action-tooltip\">Veja a sua lista de favoritos<\/span><\/a><\/div><div class=\"yith-wcwl-wishlistexistsbrowse hide\" style=\"display:none\"><a href=\"https:\/\/ifoffice.pt\/?page_id=121&#038;wishlist-action\" class=\"\" aria-label=\"Wishlist\" rel=\"nofollow\"><i class=\"fa fa-heart\"><\/i><span class=\"ht-product-action-tooltip\">Produto adicionado!<\/span><\/a><\/div><\/div>                                                <\/div>\n                                            \n                                            \n                                        <\/div>\n                                        \n                                        <div class=\"content\">\n                                            <h4 class=\"title\"><a href=\"https:\/\/ifoffice.pt\/?product=tinteiro-hp-c9363ee-344-tricolor\">Tinteiro hp c9363ee 344 tricolor<\/a><\/h4>\n                                            \n\t<span class=\"price\"><span class=\"woocommerce-Price-amount amount\"><bdi><span class=\"woocommerce-Price-currencySymbol\">&euro;<\/span>92.30<\/bdi><\/span> <small class=\"woocommerce-price-suffix\">IVA inc.<\/small><\/span>\n                                                                                    <\/div>\n                                    <\/div>\n\n                                <\/div>\n\n                                                       <\/div>\n                            <div class=\"slide-item ht-col-xs-12\">\n                                \n                                <div class=\"product-item  \">\n\n                                    <div class=\"product-inner\">\n                                        <div class=\"image-wrap\">\n                                            <a href=\"https:\/\/ifoffice.pt\/?product=tinta-epson-t6641-et2500-2550-14000-l475-565-575-4500-preto-garrafa-70-ml-4-000-pag\" class=\"image\">\n                                                <img loading=\"lazy\" decoding=\"async\" width=\"300\" height=\"229\" src=\"https:\/\/ifoffice.pt\/wp-content\/uploads\/2023\/03\/79855g-300x229.jpg\" class=\"attachment-woocommerce_thumbnail size-woocommerce_thumbnail\" alt=\"Tinta epson t6641 et2500\/2550\/\/14000\/l475\/565\/575\/4500 preto garrafa 70 ml 4.000 pag\" srcset=\"https:\/\/ifoffice.pt\/wp-content\/uploads\/2023\/03\/79855g-300x229.jpg 300w, https:\/\/ifoffice.pt\/wp-content\/uploads\/2023\/03\/79855g-64x49.jpg 64w, https:\/\/ifoffice.pt\/wp-content\/uploads\/2023\/03\/79855g.jpg 420w\" sizes=\"(max-width: 300px) 100vw, 300px\" \/>                                            <\/a>\n                                                                                                                                        <div class=\"actions style_two\">\n                                                    <a href=\"\/index.php?rest_route=%2Fwp%2Fv2%2Fpages%2F56944&#038;add-to-cart=80961\" aria-describedby=\"woocommerce_loop_add_to_cart_link_describedby_80961\" data-quantity=\"1\" class=\"button product_type_simple add_to_cart_button ajax_add_to_cart\" data-product_id=\"80961\" data-product_sku=\"79855\" aria-label=\"Adiciona ao carrinho: &ldquo;Tinta epson t6641 et2500\/2550\/\/14000\/l475\/565\/575\/4500 preto garrafa 70 ml 4.000 pag&rdquo;\" rel=\"nofollow\" data-success_message=\"&ldquo;Tinta epson t6641 et2500\/2550\/\/14000\/l475\/565\/575\/4500 preto garrafa 70 ml 4.000 pag&rdquo; foi adicionado ao seu carrinho\" role=\"button\">Adicionar<\/a>\t<span id=\"woocommerce_loop_add_to_cart_link_describedby_80961\" class=\"screen-reader-text\">\n\t\t\t<\/span>\n<div class=\"tooltip_no wishlist button-default yith-wcwl-add-to-wishlist add-to-wishlist-80961\"><div class=\"yith-wcwl-add-button show\"><a href=\"https:\/\/ifoffice.pt\/?page_id=121&#038;wishlist-action\" data-product-id=\"80961\" data-product-type=\"simple\" class=\"add_to_wishlist\" aria-label=\"Wishlist\" rel=\"nofollow\"><i class=\"fa fa-heart-o\"><\/i><span class=\"ht-product-action-tooltip\">Adicionar \u00e0 lista de Desejos<\/span><\/a><i class=\"fa fa-spinner fa-pulse ajax-loading\" style=\"visibility:hidden\"><\/i><\/div><div class=\"yith-wcwl-wishlistaddedbrowse hide\" style=\"display:none;\"><a class=\"\" href=\"https:\/\/ifoffice.pt\/?page_id=121&#038;wishlist-action\" aria-label=\"Wishlist\" rel=\"nofollow\"><i class=\"fa fa-heart\"><\/i><span class=\"ht-product-action-tooltip\">Veja a sua lista de favoritos<\/span><\/a><\/div><div class=\"yith-wcwl-wishlistexistsbrowse hide\" style=\"display:none\"><a href=\"https:\/\/ifoffice.pt\/?page_id=121&#038;wishlist-action\" class=\"\" aria-label=\"Wishlist\" rel=\"nofollow\"><i class=\"fa fa-heart\"><\/i><span class=\"ht-product-action-tooltip\">Produto adicionado!<\/span><\/a><\/div><\/div>                                                <\/div>\n                                            \n                                            \n                                        <\/div>\n                                        \n                                        <div class=\"content\">\n                                            <h4 class=\"title\"><a href=\"https:\/\/ifoffice.pt\/?product=tinta-epson-t6641-et2500-2550-14000-l475-565-575-4500-preto-garrafa-70-ml-4-000-pag\">Tinta epson t6641 et2500\/2550\/\/14000\/l475\/565\/575\/4500 preto garrafa 70 ml 4.000 pag<\/a><\/h4>\n                                            \n\t<span class=\"price\"><span class=\"woocommerce-Price-amount amount\"><bdi><span class=\"woocommerce-Price-currencySymbol\">&euro;<\/span>15.90<\/bdi><\/span> <small class=\"woocommerce-price-suffix\">IVA inc.<\/small><\/span>\n                                                                                    <\/div>\n                                    <\/div>\n\n                                <\/div>\n\n                                                       <\/div>\n                            <div class=\"slide-item ht-col-xs-12\">\n                                \n                                <div class=\"product-item  \">\n\n                                    <div class=\"product-inner\">\n                                        <div class=\"image-wrap\">\n                                            <a href=\"https:\/\/ifoffice.pt\/?product=tinteiro-epson-16xl-wf2010w-wf2510wf-wf2520nf-wf2530wf-wf2540wf-magenta-450-pag\" class=\"image\">\n                                                <img loading=\"lazy\" decoding=\"async\" width=\"300\" height=\"229\" src=\"https:\/\/ifoffice.pt\/wp-content\/uploads\/2023\/03\/74403g-300x229.jpg\" class=\"attachment-woocommerce_thumbnail size-woocommerce_thumbnail\" alt=\"Tinteiro epson 16xl wf2010w wf2510wf wf2520nf wf2530wf wf2540wf magenta 450 pag\" srcset=\"https:\/\/ifoffice.pt\/wp-content\/uploads\/2023\/03\/74403g-300x229.jpg 300w, https:\/\/ifoffice.pt\/wp-content\/uploads\/2023\/03\/74403g-64x49.jpg 64w, https:\/\/ifoffice.pt\/wp-content\/uploads\/2023\/03\/74403g.jpg 420w\" sizes=\"(max-width: 300px) 100vw, 300px\" \/>                                            <\/a>\n                                                                                                                                        <div class=\"actions style_two\">\n                                                    <a href=\"\/index.php?rest_route=%2Fwp%2Fv2%2Fpages%2F56944&#038;add-to-cart=84232\" aria-describedby=\"woocommerce_loop_add_to_cart_link_describedby_84232\" data-quantity=\"1\" class=\"button product_type_simple add_to_cart_button ajax_add_to_cart\" data-product_id=\"84232\" data-product_sku=\"74403\" aria-label=\"Adiciona ao carrinho: &ldquo;Tinteiro epson 16xl wf2010w wf2510wf wf2520nf wf2530wf wf2540wf magenta 450 pag&rdquo;\" rel=\"nofollow\" data-success_message=\"&ldquo;Tinteiro epson 16xl wf2010w wf2510wf wf2520nf wf2530wf wf2540wf magenta 450 pag&rdquo; foi adicionado ao seu carrinho\" role=\"button\">Adicionar<\/a>\t<span id=\"woocommerce_loop_add_to_cart_link_describedby_84232\" class=\"screen-reader-text\">\n\t\t\t<\/span>\n<div class=\"tooltip_no wishlist button-default yith-wcwl-add-to-wishlist add-to-wishlist-84232\"><div class=\"yith-wcwl-add-button show\"><a href=\"https:\/\/ifoffice.pt\/?page_id=121&#038;wishlist-action\" data-product-id=\"84232\" data-product-type=\"simple\" class=\"add_to_wishlist\" aria-label=\"Wishlist\" rel=\"nofollow\"><i class=\"fa fa-heart-o\"><\/i><span class=\"ht-product-action-tooltip\">Adicionar \u00e0 lista de Desejos<\/span><\/a><i class=\"fa fa-spinner fa-pulse ajax-loading\" style=\"visibility:hidden\"><\/i><\/div><div class=\"yith-wcwl-wishlistaddedbrowse hide\" style=\"display:none;\"><a class=\"\" href=\"https:\/\/ifoffice.pt\/?page_id=121&#038;wishlist-action\" aria-label=\"Wishlist\" rel=\"nofollow\"><i class=\"fa fa-heart\"><\/i><span class=\"ht-product-action-tooltip\">Veja a sua lista de favoritos<\/span><\/a><\/div><div class=\"yith-wcwl-wishlistexistsbrowse hide\" style=\"display:none\"><a href=\"https:\/\/ifoffice.pt\/?page_id=121&#038;wishlist-action\" class=\"\" aria-label=\"Wishlist\" rel=\"nofollow\"><i class=\"fa fa-heart\"><\/i><span class=\"ht-product-action-tooltip\">Produto adicionado!<\/span><\/a><\/div><\/div>                                                <\/div>\n                                            \n                                            \n                                        <\/div>\n                                        \n                                        <div class=\"content\">\n                                            <h4 class=\"title\"><a href=\"https:\/\/ifoffice.pt\/?product=tinteiro-epson-16xl-wf2010w-wf2510wf-wf2520nf-wf2530wf-wf2540wf-magenta-450-pag\">Tinteiro epson 16xl wf2010w wf2510wf wf2520nf wf2530wf wf2540wf magenta 450 pag<\/a><\/h4>\n                                            \n\t<span class=\"price\"><span class=\"woocommerce-Price-amount amount\"><bdi><span class=\"woocommerce-Price-currencySymbol\">&euro;<\/span>33.92<\/bdi><\/span> <small class=\"woocommerce-price-suffix\">IVA inc.<\/small><\/span>\n                                                                                    <\/div>\n                                    <\/div>\n\n                                <\/div>\n\n                                                       <\/div>\n                            <div class=\"slide-item ht-col-xs-12\">\n                                \n                                <div class=\"product-item  \">\n\n                                    <div class=\"product-inner\">\n                                        <div class=\"image-wrap\">\n                                            <a href=\"https:\/\/ifoffice.pt\/?product=tinteiro-hp-jet-973x-pagewide-452-477-p55250-p57750-cian-7000-pag\" class=\"image\">\n                                                <img loading=\"lazy\" decoding=\"async\" width=\"300\" height=\"229\" src=\"https:\/\/ifoffice.pt\/wp-content\/uploads\/2023\/03\/64723g-300x229.jpg\" class=\"attachment-woocommerce_thumbnail size-woocommerce_thumbnail\" alt=\"Tinteiro hp jet 973x pagewide 452 \/ 477 \/ p55250 \/ p57750 cian 7000 pag\" srcset=\"https:\/\/ifoffice.pt\/wp-content\/uploads\/2023\/03\/64723g-300x229.jpg 300w, https:\/\/ifoffice.pt\/wp-content\/uploads\/2023\/03\/64723g-64x49.jpg 64w, https:\/\/ifoffice.pt\/wp-content\/uploads\/2023\/03\/64723g.jpg 420w\" sizes=\"(max-width: 300px) 100vw, 300px\" \/>                                            <\/a>\n                                                                                                                                        <div class=\"actions style_two\">\n                                                    <a href=\"https:\/\/ifoffice.pt\/?product=tinteiro-hp-jet-973x-pagewide-452-477-p55250-p57750-cian-7000-pag\" aria-describedby=\"woocommerce_loop_add_to_cart_link_describedby_87192\" data-quantity=\"1\" class=\"button product_type_simple\" data-product_id=\"87192\" data-product_sku=\"64723\" aria-label=\"Leia mais sobre &ldquo;Tinteiro hp jet 973x pagewide 452 \/ 477 \/ p55250 \/ p57750 cian 7000 pag&rdquo;\" rel=\"nofollow\" data-success_message=\"\">Ler mais<\/a>\t<span id=\"woocommerce_loop_add_to_cart_link_describedby_87192\" class=\"screen-reader-text\">\n\t\t\t<\/span>\n<div class=\"tooltip_no wishlist button-default yith-wcwl-add-to-wishlist add-to-wishlist-87192\"><div class=\"yith-wcwl-add-button show\"><a href=\"https:\/\/ifoffice.pt\/?page_id=121&#038;wishlist-action\" data-product-id=\"87192\" data-product-type=\"simple\" class=\"add_to_wishlist\" aria-label=\"Wishlist\" rel=\"nofollow\"><i class=\"fa fa-heart-o\"><\/i><span class=\"ht-product-action-tooltip\">Adicionar \u00e0 lista de Desejos<\/span><\/a><i class=\"fa fa-spinner fa-pulse ajax-loading\" style=\"visibility:hidden\"><\/i><\/div><div class=\"yith-wcwl-wishlistaddedbrowse hide\" style=\"display:none;\"><a class=\"\" href=\"https:\/\/ifoffice.pt\/?page_id=121&#038;wishlist-action\" aria-label=\"Wishlist\" rel=\"nofollow\"><i class=\"fa fa-heart\"><\/i><span class=\"ht-product-action-tooltip\">Veja a sua lista de favoritos<\/span><\/a><\/div><div class=\"yith-wcwl-wishlistexistsbrowse hide\" style=\"display:none\"><a href=\"https:\/\/ifoffice.pt\/?page_id=121&#038;wishlist-action\" class=\"\" aria-label=\"Wishlist\" rel=\"nofollow\"><i class=\"fa fa-heart\"><\/i><span class=\"ht-product-action-tooltip\">Produto adicionado!<\/span><\/a><\/div><\/div>                                                <\/div>\n                                            \n                                            \n                                        <\/div>\n                                        \n                                        <div class=\"content\">\n                                            <h4 class=\"title\"><a href=\"https:\/\/ifoffice.pt\/?product=tinteiro-hp-jet-973x-pagewide-452-477-p55250-p57750-cian-7000-pag\">Tinteiro hp jet 973x pagewide 452 \/ 477 \/ p55250 \/ p57750 cian 7000 pag<\/a><\/h4>\n                                            \n\t<span class=\"price\"><span class=\"woocommerce-Price-amount amount\"><bdi><span class=\"woocommerce-Price-currencySymbol\">&euro;<\/span>266.76<\/bdi><\/span> <small class=\"woocommerce-price-suffix\">IVA inc.<\/small><\/span>\n                                                                                    <\/div>\n                                    <\/div>\n\n                                <\/div>\n\n                                                       <\/div>\n                            <div class=\"slide-item ht-col-xs-12\">\n                                \n                                <div class=\"product-item  \">\n\n                                    <div class=\"product-inner\">\n                                        <div class=\"image-wrap\">\n                                            <a href=\"https:\/\/ifoffice.pt\/?product=tinteiro-hp-950-preto-cn049ae-capacidade-1000-pag\" class=\"image\">\n                                                <img loading=\"lazy\" decoding=\"async\" width=\"300\" height=\"229\" src=\"https:\/\/ifoffice.pt\/wp-content\/uploads\/2023\/03\/57715g-300x229.jpg\" class=\"attachment-woocommerce_thumbnail size-woocommerce_thumbnail\" alt=\"Tinteiro hp 950 preto cn049ae capacidade 1000 pag\" srcset=\"https:\/\/ifoffice.pt\/wp-content\/uploads\/2023\/03\/57715g-300x229.jpg 300w, https:\/\/ifoffice.pt\/wp-content\/uploads\/2023\/03\/57715g-64x49.jpg 64w, https:\/\/ifoffice.pt\/wp-content\/uploads\/2023\/03\/57715g.jpg 420w\" sizes=\"(max-width: 300px) 100vw, 300px\" \/>                                            <\/a>\n                                                                                                                                        <div class=\"actions style_two\">\n                                                    <a href=\"\/index.php?rest_route=%2Fwp%2Fv2%2Fpages%2F56944&#038;add-to-cart=89763\" aria-describedby=\"woocommerce_loop_add_to_cart_link_describedby_89763\" data-quantity=\"1\" class=\"button product_type_simple add_to_cart_button ajax_add_to_cart\" data-product_id=\"89763\" data-product_sku=\"57715\" aria-label=\"Adiciona ao carrinho: &ldquo;Tinteiro hp 950 preto cn049ae capacidade 1000 pag&rdquo;\" rel=\"nofollow\" data-success_message=\"&ldquo;Tinteiro hp 950 preto cn049ae capacidade 1000 pag&rdquo; foi adicionado ao seu carrinho\" role=\"button\">Adicionar<\/a>\t<span id=\"woocommerce_loop_add_to_cart_link_describedby_89763\" class=\"screen-reader-text\">\n\t\t\t<\/span>\n<div class=\"tooltip_no wishlist button-default yith-wcwl-add-to-wishlist add-to-wishlist-89763\"><div class=\"yith-wcwl-add-button show\"><a href=\"https:\/\/ifoffice.pt\/?page_id=121&#038;wishlist-action\" data-product-id=\"89763\" data-product-type=\"simple\" class=\"add_to_wishlist\" aria-label=\"Wishlist\" rel=\"nofollow\"><i class=\"fa fa-heart-o\"><\/i><span class=\"ht-product-action-tooltip\">Adicionar \u00e0 lista de Desejos<\/span><\/a><i class=\"fa fa-spinner fa-pulse ajax-loading\" style=\"visibility:hidden\"><\/i><\/div><div class=\"yith-wcwl-wishlistaddedbrowse hide\" style=\"display:none;\"><a class=\"\" href=\"https:\/\/ifoffice.pt\/?page_id=121&#038;wishlist-action\" aria-label=\"Wishlist\" rel=\"nofollow\"><i class=\"fa fa-heart\"><\/i><span class=\"ht-product-action-tooltip\">Veja a sua lista de favoritos<\/span><\/a><\/div><div class=\"yith-wcwl-wishlistexistsbrowse hide\" style=\"display:none\"><a href=\"https:\/\/ifoffice.pt\/?page_id=121&#038;wishlist-action\" class=\"\" aria-label=\"Wishlist\" rel=\"nofollow\"><i class=\"fa fa-heart\"><\/i><span class=\"ht-product-action-tooltip\">Produto adicionado!<\/span><\/a><\/div><\/div>                                                <\/div>\n                                            \n                                            \n                                        <\/div>\n                                        \n                                        <div class=\"content\">\n                                            <h4 class=\"title\"><a href=\"https:\/\/ifoffice.pt\/?product=tinteiro-hp-950-preto-cn049ae-capacidade-1000-pag\">Tinteiro hp 950 preto cn049ae capacidade 1000 pag<\/a><\/h4>\n                                            \n\t<span class=\"price\"><span class=\"woocommerce-Price-amount amount\"><bdi><span class=\"woocommerce-Price-currencySymbol\">&euro;<\/span>65.44<\/bdi><\/span> <small class=\"woocommerce-price-suffix\">IVA inc.<\/small><\/span>\n                                                                                    <\/div>\n                                    <\/div>\n\n                                <\/div>\n\n                                                       <\/div>\n                            <div class=\"slide-item ht-col-xs-12\">\n                                \n                                <div class=\"product-item  \">\n\n                                    <div class=\"product-inner\">\n                                        <div class=\"image-wrap\">\n                                            <a href=\"https:\/\/ifoffice.pt\/?product=tinteiro-epson-stylus-to7924-cian-p50-px650-700w-710-720wd-730wd-800fw\" class=\"image\">\n                                                <img loading=\"lazy\" decoding=\"async\" width=\"300\" height=\"229\" src=\"https:\/\/ifoffice.pt\/wp-content\/uploads\/2023\/03\/57644g-300x229.jpg\" class=\"attachment-woocommerce_thumbnail size-woocommerce_thumbnail\" alt=\"Tinteiro epson stylus to7924 cian p50\/ px650\/ 700w\/ 710\/ 720wd\/ 730wd\/ 800fw\" srcset=\"https:\/\/ifoffice.pt\/wp-content\/uploads\/2023\/03\/57644g-300x229.jpg 300w, https:\/\/ifoffice.pt\/wp-content\/uploads\/2023\/03\/57644g-64x49.jpg 64w, https:\/\/ifoffice.pt\/wp-content\/uploads\/2023\/03\/57644g.jpg 420w\" sizes=\"(max-width: 300px) 100vw, 300px\" \/>                                            <\/a>\n                                                                                                                                        <div class=\"actions style_two\">\n                                                    <a href=\"https:\/\/ifoffice.pt\/?product=tinteiro-epson-stylus-to7924-cian-p50-px650-700w-710-720wd-730wd-800fw\" aria-describedby=\"woocommerce_loop_add_to_cart_link_describedby_89866\" data-quantity=\"1\" class=\"button product_type_simple\" data-product_id=\"89866\" data-product_sku=\"57644\" aria-label=\"Leia mais sobre &ldquo;Tinteiro epson stylus to7924 cian p50\/ px650\/ 700w\/ 710\/ 720wd\/ 730wd\/ 800fw&rdquo;\" rel=\"nofollow\" data-success_message=\"\">Ler mais<\/a>\t<span id=\"woocommerce_loop_add_to_cart_link_describedby_89866\" class=\"screen-reader-text\">\n\t\t\t<\/span>\n<div class=\"tooltip_no wishlist button-default yith-wcwl-add-to-wishlist add-to-wishlist-89866\"><div class=\"yith-wcwl-add-button show\"><a href=\"https:\/\/ifoffice.pt\/?page_id=121&#038;wishlist-action\" data-product-id=\"89866\" data-product-type=\"simple\" class=\"add_to_wishlist\" aria-label=\"Wishlist\" rel=\"nofollow\"><i class=\"fa fa-heart-o\"><\/i><span class=\"ht-product-action-tooltip\">Adicionar \u00e0 lista de Desejos<\/span><\/a><i class=\"fa fa-spinner fa-pulse ajax-loading\" style=\"visibility:hidden\"><\/i><\/div><div class=\"yith-wcwl-wishlistaddedbrowse hide\" style=\"display:none;\"><a class=\"\" href=\"https:\/\/ifoffice.pt\/?page_id=121&#038;wishlist-action\" aria-label=\"Wishlist\" rel=\"nofollow\"><i class=\"fa fa-heart\"><\/i><span class=\"ht-product-action-tooltip\">Veja a sua lista de favoritos<\/span><\/a><\/div><div class=\"yith-wcwl-wishlistexistsbrowse hide\" style=\"display:none\"><a href=\"https:\/\/ifoffice.pt\/?page_id=121&#038;wishlist-action\" class=\"\" aria-label=\"Wishlist\" rel=\"nofollow\"><i class=\"fa fa-heart\"><\/i><span class=\"ht-product-action-tooltip\">Produto adicionado!<\/span><\/a><\/div><\/div>                                                <\/div>\n                                            \n                                            \n                                        <\/div>\n                                        \n                                        <div class=\"content\">\n                                            <h4 class=\"title\"><a href=\"https:\/\/ifoffice.pt\/?product=tinteiro-epson-stylus-to7924-cian-p50-px650-700w-710-720wd-730wd-800fw\">Tinteiro epson stylus to7924 cian p50\/ px650\/ 700w\/ 710\/ 720wd\/ 730wd\/ 800fw<\/a><\/h4>\n                                            \n\t<span class=\"price\"><span class=\"woocommerce-Price-amount amount\"><bdi><span class=\"woocommerce-Price-currencySymbol\">&euro;<\/span>31.92<\/bdi><\/span> <small class=\"woocommerce-price-suffix\">IVA inc.<\/small><\/span>\n                                                                                    <\/div>\n                                    <\/div>\n\n                                <\/div>\n\n                                                       <\/div>\n                            <div class=\"slide-item ht-col-xs-12\">\n                                \n                                <div class=\"product-item  \">\n\n                                    <div class=\"product-inner\">\n                                        <div class=\"image-wrap\">\n                                            <a href=\"https:\/\/ifoffice.pt\/?product=tinteiro-brother-lc-1240c-cian-600pag-mfc-j6510dw-mfc-j6710dw-mfc-j6910dw\" class=\"image\">\n                                                <img loading=\"lazy\" decoding=\"async\" width=\"300\" height=\"229\" src=\"https:\/\/ifoffice.pt\/wp-content\/uploads\/2023\/03\/49891g-300x229.jpg\" class=\"attachment-woocommerce_thumbnail size-woocommerce_thumbnail\" alt=\"Tinteiro brother lc-1240c cian -600pag mfc-j6510dw mfc-j6710dw mfc-j6910dw\" srcset=\"https:\/\/ifoffice.pt\/wp-content\/uploads\/2023\/03\/49891g-300x229.jpg 300w, https:\/\/ifoffice.pt\/wp-content\/uploads\/2023\/03\/49891g-64x49.jpg 64w, https:\/\/ifoffice.pt\/wp-content\/uploads\/2023\/03\/49891g.jpg 420w\" sizes=\"(max-width: 300px) 100vw, 300px\" \/>                                            <\/a>\n                                                                                                                                        <div class=\"actions style_two\">\n                                                    <a href=\"\/index.php?rest_route=%2Fwp%2Fv2%2Fpages%2F56944&#038;add-to-cart=91478\" aria-describedby=\"woocommerce_loop_add_to_cart_link_describedby_91478\" data-quantity=\"1\" class=\"button product_type_simple add_to_cart_button ajax_add_to_cart\" data-product_id=\"91478\" data-product_sku=\"49891\" aria-label=\"Adiciona ao carrinho: &ldquo;Tinteiro brother lc-1240c cian -600pag mfc-j6510dw mfc-j6710dw mfc-j6910dw&rdquo;\" rel=\"nofollow\" data-success_message=\"&ldquo;Tinteiro brother lc-1240c cian -600pag mfc-j6510dw mfc-j6710dw mfc-j6910dw&rdquo; foi adicionado ao seu carrinho\" role=\"button\">Adicionar<\/a>\t<span id=\"woocommerce_loop_add_to_cart_link_describedby_91478\" class=\"screen-reader-text\">\n\t\t\t<\/span>\n<div class=\"tooltip_no wishlist button-default yith-wcwl-add-to-wishlist add-to-wishlist-91478\"><div class=\"yith-wcwl-add-button show\"><a href=\"https:\/\/ifoffice.pt\/?page_id=121&#038;wishlist-action\" data-product-id=\"91478\" data-product-type=\"simple\" class=\"add_to_wishlist\" aria-label=\"Wishlist\" rel=\"nofollow\"><i class=\"fa fa-heart-o\"><\/i><span class=\"ht-product-action-tooltip\">Adicionar \u00e0 lista de Desejos<\/span><\/a><i class=\"fa fa-spinner fa-pulse ajax-loading\" style=\"visibility:hidden\"><\/i><\/div><div class=\"yith-wcwl-wishlistaddedbrowse hide\" style=\"display:none;\"><a class=\"\" href=\"https:\/\/ifoffice.pt\/?page_id=121&#038;wishlist-action\" aria-label=\"Wishlist\" rel=\"nofollow\"><i class=\"fa fa-heart\"><\/i><span class=\"ht-product-action-tooltip\">Veja a sua lista de favoritos<\/span><\/a><\/div><div class=\"yith-wcwl-wishlistexistsbrowse hide\" style=\"display:none\"><a href=\"https:\/\/ifoffice.pt\/?page_id=121&#038;wishlist-action\" class=\"\" aria-label=\"Wishlist\" rel=\"nofollow\"><i class=\"fa fa-heart\"><\/i><span class=\"ht-product-action-tooltip\">Produto adicionado!<\/span><\/a><\/div><\/div>                                                <\/div>\n                                            \n                                            \n                                        <\/div>\n                                        \n                                        <div class=\"content\">\n                                            <h4 class=\"title\"><a href=\"https:\/\/ifoffice.pt\/?product=tinteiro-brother-lc-1240c-cian-600pag-mfc-j6510dw-mfc-j6710dw-mfc-j6910dw\">Tinteiro brother lc-1240c cian -600pag mfc-j6510dw mfc-j6710dw mfc-j6910dw<\/a><\/h4>\n                                            \n\t<span class=\"price\"><span class=\"woocommerce-Price-amount amount\"><bdi><span class=\"woocommerce-Price-currencySymbol\">&euro;<\/span>26.93<\/bdi><\/span> <small class=\"woocommerce-price-suffix\">IVA inc.<\/small><\/span>\n                                                                                    <\/div>\n                                    <\/div>\n\n                                <\/div>\n\n                                                       <\/div>\n                            <div class=\"slide-item ht-col-xs-12\">\n                                \n                                <div class=\"product-item  \">\n\n                                    <div class=\"product-inner\">\n                                        <div class=\"image-wrap\">\n                                            <a href=\"https:\/\/ifoffice.pt\/?product=tinteiro-hp-72-preto-foto-designjet-t610-1100-130ml\" class=\"image\">\n                                                <img loading=\"lazy\" decoding=\"async\" width=\"300\" height=\"229\" src=\"https:\/\/ifoffice.pt\/wp-content\/uploads\/2023\/03\/47096g-300x229.jpg\" class=\"attachment-woocommerce_thumbnail size-woocommerce_thumbnail\" alt=\"Tinteiro hp 72 preto foto designjet t610\/1100 130ml\" srcset=\"https:\/\/ifoffice.pt\/wp-content\/uploads\/2023\/03\/47096g-300x229.jpg 300w, https:\/\/ifoffice.pt\/wp-content\/uploads\/2023\/03\/47096g-64x49.jpg 64w, https:\/\/ifoffice.pt\/wp-content\/uploads\/2023\/03\/47096g.jpg 420w\" sizes=\"(max-width: 300px) 100vw, 300px\" \/>                                            <\/a>\n                                                                                                                                        <div class=\"actions style_two\">\n                                                    <a href=\"\/index.php?rest_route=%2Fwp%2Fv2%2Fpages%2F56944&#038;add-to-cart=92214\" aria-describedby=\"woocommerce_loop_add_to_cart_link_describedby_92214\" data-quantity=\"1\" class=\"button product_type_simple add_to_cart_button ajax_add_to_cart\" data-product_id=\"92214\" data-product_sku=\"47096\" aria-label=\"Adiciona ao carrinho: &ldquo;Tinteiro hp 72 preto foto designjet t610\/1100 130ml&rdquo;\" rel=\"nofollow\" data-success_message=\"&ldquo;Tinteiro hp 72 preto foto designjet t610\/1100 130ml&rdquo; foi adicionado ao seu carrinho\" role=\"button\">Adicionar<\/a>\t<span id=\"woocommerce_loop_add_to_cart_link_describedby_92214\" class=\"screen-reader-text\">\n\t\t\t<\/span>\n<div class=\"tooltip_no wishlist button-default yith-wcwl-add-to-wishlist add-to-wishlist-92214\"><div class=\"yith-wcwl-add-button show\"><a href=\"https:\/\/ifoffice.pt\/?page_id=121&#038;wishlist-action\" data-product-id=\"92214\" data-product-type=\"simple\" class=\"add_to_wishlist\" aria-label=\"Wishlist\" rel=\"nofollow\"><i class=\"fa fa-heart-o\"><\/i><span class=\"ht-product-action-tooltip\">Adicionar \u00e0 lista de Desejos<\/span><\/a><i class=\"fa fa-spinner fa-pulse ajax-loading\" style=\"visibility:hidden\"><\/i><\/div><div class=\"yith-wcwl-wishlistaddedbrowse hide\" style=\"display:none;\"><a class=\"\" href=\"https:\/\/ifoffice.pt\/?page_id=121&#038;wishlist-action\" aria-label=\"Wishlist\" rel=\"nofollow\"><i class=\"fa fa-heart\"><\/i><span class=\"ht-product-action-tooltip\">Veja a sua lista de favoritos<\/span><\/a><\/div><div class=\"yith-wcwl-wishlistexistsbrowse hide\" style=\"display:none\"><a href=\"https:\/\/ifoffice.pt\/?page_id=121&#038;wishlist-action\" class=\"\" aria-label=\"Wishlist\" rel=\"nofollow\"><i class=\"fa fa-heart\"><\/i><span class=\"ht-product-action-tooltip\">Produto adicionado!<\/span><\/a><\/div><\/div>                                                <\/div>\n                                            \n                                            \n                                        <\/div>\n                                        \n                                        <div class=\"content\">\n                                            <h4 class=\"title\"><a href=\"https:\/\/ifoffice.pt\/?product=tinteiro-hp-72-preto-foto-designjet-t610-1100-130ml\">Tinteiro hp 72 preto foto designjet t610\/1100 130ml<\/a><\/h4>\n                                            \n\t<span class=\"price\"><span class=\"woocommerce-Price-amount amount\"><bdi><span class=\"woocommerce-Price-currencySymbol\">&euro;<\/span>172.86<\/bdi><\/span> <small class=\"woocommerce-price-suffix\">IVA inc.<\/small><\/span>\n                                                                                    <\/div>\n                                    <\/div>\n\n                                <\/div>\n\n                                                       <\/div>\n                            <div class=\"slide-item ht-col-xs-12\">\n                                \n                                <div class=\"product-item  \">\n\n                                    <div class=\"product-inner\">\n                                        <div class=\"image-wrap\">\n                                            <a href=\"https:\/\/ifoffice.pt\/?product=tinteiro-epson-t089240-cian\" class=\"image\">\n                                                <img loading=\"lazy\" decoding=\"async\" width=\"300\" height=\"229\" src=\"https:\/\/ifoffice.pt\/wp-content\/uploads\/2023\/03\/45932g-300x229.jpg\" class=\"attachment-woocommerce_thumbnail size-woocommerce_thumbnail\" alt=\"Tinteiro epson t089240 cian\" srcset=\"https:\/\/ifoffice.pt\/wp-content\/uploads\/2023\/03\/45932g-300x229.jpg 300w, https:\/\/ifoffice.pt\/wp-content\/uploads\/2023\/03\/45932g-64x49.jpg 64w, https:\/\/ifoffice.pt\/wp-content\/uploads\/2023\/03\/45932g.jpg 420w\" sizes=\"(max-width: 300px) 100vw, 300px\" \/>                                            <\/a>\n                                                                                                                                        <div class=\"actions style_two\">\n                                                    <a href=\"\/index.php?rest_route=%2Fwp%2Fv2%2Fpages%2F56944&#038;add-to-cart=92592\" aria-describedby=\"woocommerce_loop_add_to_cart_link_describedby_92592\" data-quantity=\"1\" class=\"button product_type_simple add_to_cart_button ajax_add_to_cart\" data-product_id=\"92592\" data-product_sku=\"45932\" aria-label=\"Adiciona ao carrinho: &ldquo;Tinteiro epson t089240 cian&rdquo;\" rel=\"nofollow\" data-success_message=\"&ldquo;Tinteiro epson t089240 cian&rdquo; foi adicionado ao seu carrinho\" role=\"button\">Adicionar<\/a>\t<span id=\"woocommerce_loop_add_to_cart_link_describedby_92592\" class=\"screen-reader-text\">\n\t\t\t<\/span>\n<div class=\"tooltip_no wishlist button-default yith-wcwl-add-to-wishlist add-to-wishlist-92592\"><div class=\"yith-wcwl-add-button show\"><a href=\"https:\/\/ifoffice.pt\/?page_id=121&#038;wishlist-action\" data-product-id=\"92592\" data-product-type=\"simple\" class=\"add_to_wishlist\" aria-label=\"Wishlist\" rel=\"nofollow\"><i class=\"fa fa-heart-o\"><\/i><span class=\"ht-product-action-tooltip\">Adicionar \u00e0 lista de Desejos<\/span><\/a><i class=\"fa fa-spinner fa-pulse ajax-loading\" style=\"visibility:hidden\"><\/i><\/div><div class=\"yith-wcwl-wishlistaddedbrowse hide\" style=\"display:none;\"><a class=\"\" href=\"https:\/\/ifoffice.pt\/?page_id=121&#038;wishlist-action\" aria-label=\"Wishlist\" rel=\"nofollow\"><i class=\"fa fa-heart\"><\/i><span class=\"ht-product-action-tooltip\">Veja a sua lista de favoritos<\/span><\/a><\/div><div class=\"yith-wcwl-wishlistexistsbrowse hide\" style=\"display:none\"><a href=\"https:\/\/ifoffice.pt\/?page_id=121&#038;wishlist-action\" class=\"\" aria-label=\"Wishlist\" rel=\"nofollow\"><i class=\"fa fa-heart\"><\/i><span class=\"ht-product-action-tooltip\">Produto adicionado!<\/span><\/a><\/div><\/div>                                                <\/div>\n                                            \n                                            \n                                        <\/div>\n                                        \n                                        <div class=\"content\">\n                                            <h4 class=\"title\"><a href=\"https:\/\/ifoffice.pt\/?product=tinteiro-epson-t089240-cian\">Tinteiro epson t089240 cian<\/a><\/h4>\n                                            \n\t<span class=\"price\"><span class=\"woocommerce-Price-amount amount\"><bdi><span class=\"woocommerce-Price-currencySymbol\">&euro;<\/span>13.75<\/bdi><\/span> <small class=\"woocommerce-price-suffix\">IVA inc.<\/small><\/span>\n                                                                                    <\/div>\n                                    <\/div>\n\n                                <\/div>\n\n                                                       <\/div>\n                            <div class=\"slide-item ht-col-xs-12\">\n                                \n                                <div class=\"product-item  \">\n\n                                    <div class=\"product-inner\">\n                                        <div class=\"image-wrap\">\n                                            <a href=\"https:\/\/ifoffice.pt\/?product=tinteiro-epson-t080140-preto\" class=\"image\">\n                                                <img loading=\"lazy\" decoding=\"async\" width=\"300\" height=\"229\" src=\"https:\/\/ifoffice.pt\/wp-content\/uploads\/2023\/03\/38116g-300x229.jpg\" class=\"attachment-woocommerce_thumbnail size-woocommerce_thumbnail\" alt=\"Tinteiro epson t080140 preto\" srcset=\"https:\/\/ifoffice.pt\/wp-content\/uploads\/2023\/03\/38116g-300x229.jpg 300w, https:\/\/ifoffice.pt\/wp-content\/uploads\/2023\/03\/38116g-64x49.jpg 64w, https:\/\/ifoffice.pt\/wp-content\/uploads\/2023\/03\/38116g.jpg 420w\" sizes=\"(max-width: 300px) 100vw, 300px\" \/>                                            <\/a>\n                                                                                                                                        <div class=\"actions style_two\">\n                                                    <a href=\"\/index.php?rest_route=%2Fwp%2Fv2%2Fpages%2F56944&#038;add-to-cart=94258\" aria-describedby=\"woocommerce_loop_add_to_cart_link_describedby_94258\" data-quantity=\"1\" class=\"button product_type_simple add_to_cart_button ajax_add_to_cart\" data-product_id=\"94258\" data-product_sku=\"38116\" aria-label=\"Adiciona ao carrinho: &ldquo;Tinteiro epson t080140 preto&rdquo;\" rel=\"nofollow\" data-success_message=\"&ldquo;Tinteiro epson t080140 preto&rdquo; foi adicionado ao seu carrinho\" role=\"button\">Adicionar<\/a>\t<span id=\"woocommerce_loop_add_to_cart_link_describedby_94258\" class=\"screen-reader-text\">\n\t\t\t<\/span>\n<div class=\"tooltip_no wishlist button-default yith-wcwl-add-to-wishlist add-to-wishlist-94258\"><div class=\"yith-wcwl-add-button show\"><a href=\"https:\/\/ifoffice.pt\/?page_id=121&#038;wishlist-action\" data-product-id=\"94258\" data-product-type=\"simple\" class=\"add_to_wishlist\" aria-label=\"Wishlist\" rel=\"nofollow\"><i class=\"fa fa-heart-o\"><\/i><span class=\"ht-product-action-tooltip\">Adicionar \u00e0 lista de Desejos<\/span><\/a><i class=\"fa fa-spinner fa-pulse ajax-loading\" style=\"visibility:hidden\"><\/i><\/div><div class=\"yith-wcwl-wishlistaddedbrowse hide\" style=\"display:none;\"><a class=\"\" href=\"https:\/\/ifoffice.pt\/?page_id=121&#038;wishlist-action\" aria-label=\"Wishlist\" rel=\"nofollow\"><i class=\"fa fa-heart\"><\/i><span class=\"ht-product-action-tooltip\">Veja a sua lista de favoritos<\/span><\/a><\/div><div class=\"yith-wcwl-wishlistexistsbrowse hide\" style=\"display:none\"><a href=\"https:\/\/ifoffice.pt\/?page_id=121&#038;wishlist-action\" class=\"\" aria-label=\"Wishlist\" rel=\"nofollow\"><i class=\"fa fa-heart\"><\/i><span class=\"ht-product-action-tooltip\">Produto adicionado!<\/span><\/a><\/div><\/div>                                                <\/div>\n                                            \n                                            \n                                        <\/div>\n                                        \n                                        <div class=\"content\">\n                                            <h4 class=\"title\"><a href=\"https:\/\/ifoffice.pt\/?product=tinteiro-epson-t080140-preto\">Tinteiro epson t080140 preto<\/a><\/h4>\n                                            \n\t<span class=\"price\"><span class=\"woocommerce-Price-amount amount\"><bdi><span class=\"woocommerce-Price-currencySymbol\">&euro;<\/span>22.29<\/bdi><\/span> <small class=\"woocommerce-price-suffix\">IVA inc.<\/small><\/span>\n                                                                                    <\/div>\n                                    <\/div>\n\n                                <\/div>\n\n                                                       <\/div>\n                            <div class=\"slide-item ht-col-xs-12\">\n                                \n                                <div class=\"product-item  \">\n\n                                    <div class=\"product-inner\">\n                                        <div class=\"image-wrap\">\n                                            <a href=\"https:\/\/ifoffice.pt\/?product=tinteiro-hp-c6657ae-57-tricolor-alta-capacidade\" class=\"image\">\n                                                <img loading=\"lazy\" decoding=\"async\" width=\"300\" height=\"229\" src=\"https:\/\/ifoffice.pt\/wp-content\/uploads\/2023\/03\/31947g-300x229.jpg\" class=\"attachment-woocommerce_thumbnail size-woocommerce_thumbnail\" alt=\"Tinteiro hp c6657ae 57 tricolor alta capacidade\" srcset=\"https:\/\/ifoffice.pt\/wp-content\/uploads\/2023\/03\/31947g-300x229.jpg 300w, https:\/\/ifoffice.pt\/wp-content\/uploads\/2023\/03\/31947g-64x49.jpg 64w, https:\/\/ifoffice.pt\/wp-content\/uploads\/2023\/03\/31947g.jpg 420w\" sizes=\"(max-width: 300px) 100vw, 300px\" \/>                                            <\/a>\n                                                                                                                                        <div class=\"actions style_two\">\n                                                    <a href=\"\/index.php?rest_route=%2Fwp%2Fv2%2Fpages%2F56944&#038;add-to-cart=95824\" aria-describedby=\"woocommerce_loop_add_to_cart_link_describedby_95824\" data-quantity=\"1\" class=\"button product_type_simple add_to_cart_button ajax_add_to_cart\" data-product_id=\"95824\" data-product_sku=\"31947\" aria-label=\"Adiciona ao carrinho: &ldquo;Tinteiro hp c6657ae 57 tricolor alta capacidade&rdquo;\" rel=\"nofollow\" data-success_message=\"&ldquo;Tinteiro hp c6657ae 57 tricolor alta capacidade&rdquo; foi adicionado ao seu carrinho\" role=\"button\">Adicionar<\/a>\t<span id=\"woocommerce_loop_add_to_cart_link_describedby_95824\" class=\"screen-reader-text\">\n\t\t\t<\/span>\n<div class=\"tooltip_no wishlist button-default yith-wcwl-add-to-wishlist add-to-wishlist-95824\"><div class=\"yith-wcwl-add-button show\"><a href=\"https:\/\/ifoffice.pt\/?page_id=121&#038;wishlist-action\" data-product-id=\"95824\" data-product-type=\"simple\" class=\"add_to_wishlist\" aria-label=\"Wishlist\" rel=\"nofollow\"><i class=\"fa fa-heart-o\"><\/i><span class=\"ht-product-action-tooltip\">Adicionar \u00e0 lista de Desejos<\/span><\/a><i class=\"fa fa-spinner fa-pulse ajax-loading\" style=\"visibility:hidden\"><\/i><\/div><div class=\"yith-wcwl-wishlistaddedbrowse hide\" style=\"display:none;\"><a class=\"\" href=\"https:\/\/ifoffice.pt\/?page_id=121&#038;wishlist-action\" aria-label=\"Wishlist\" rel=\"nofollow\"><i class=\"fa fa-heart\"><\/i><span class=\"ht-product-action-tooltip\">Veja a sua lista de favoritos<\/span><\/a><\/div><div class=\"yith-wcwl-wishlistexistsbrowse hide\" style=\"display:none\"><a href=\"https:\/\/ifoffice.pt\/?page_id=121&#038;wishlist-action\" class=\"\" aria-label=\"Wishlist\" rel=\"nofollow\"><i class=\"fa fa-heart\"><\/i><span class=\"ht-product-action-tooltip\">Produto adicionado!<\/span><\/a><\/div><\/div>                                                <\/div>\n                                            \n                                            \n                                        <\/div>\n                                        \n                                        <div class=\"content\">\n                                            <h4 class=\"title\"><a href=\"https:\/\/ifoffice.pt\/?product=tinteiro-hp-c6657ae-57-tricolor-alta-capacidade\">Tinteiro hp c6657ae 57 tricolor alta capacidade<\/a><\/h4>\n                                            \n\t<span class=\"price\"><span class=\"woocommerce-Price-amount amount\"><bdi><span class=\"woocommerce-Price-currencySymbol\">&euro;<\/span>126.22<\/bdi><\/span> <small class=\"woocommerce-price-suffix\">IVA inc.<\/small><\/span>\n                                                                                    <\/div>\n                                    <\/div>\n\n                                <\/div>\n\n                                                       <\/div>\n                            <div class=\"slide-item ht-col-xs-12\">\n                                \n                                <div class=\"product-item  \">\n\n                                    <div class=\"product-inner\">\n                                        <div class=\"image-wrap\">\n                                            <a href=\"https:\/\/ifoffice.pt\/?product=tinteiro-canon-cli-551-mg5450-ip7250-mg6350-cian\" class=\"image\">\n                                                <img loading=\"lazy\" decoding=\"async\" width=\"300\" height=\"229\" src=\"https:\/\/ifoffice.pt\/wp-content\/uploads\/2023\/03\/90740g-300x229.jpg\" class=\"attachment-woocommerce_thumbnail size-woocommerce_thumbnail\" alt=\"Tinteiro canon cli-551 mg5450 \/ ip7250 \/ mg6350 cian\" srcset=\"https:\/\/ifoffice.pt\/wp-content\/uploads\/2023\/03\/90740g-300x229.jpg 300w, https:\/\/ifoffice.pt\/wp-content\/uploads\/2023\/03\/90740g-64x49.jpg 64w, https:\/\/ifoffice.pt\/wp-content\/uploads\/2023\/03\/90740g.jpg 420w\" sizes=\"(max-width: 300px) 100vw, 300px\" \/>                                            <\/a>\n                                                                                                                                        <div class=\"actions style_two\">\n                                                    <a href=\"\/index.php?rest_route=%2Fwp%2Fv2%2Fpages%2F56944&#038;add-to-cart=110871\" aria-describedby=\"woocommerce_loop_add_to_cart_link_describedby_110871\" data-quantity=\"1\" class=\"button product_type_simple add_to_cart_button ajax_add_to_cart\" data-product_id=\"110871\" data-product_sku=\"90740\" aria-label=\"Adiciona ao carrinho: &ldquo;Tinteiro canon cli-551 mg5450 \/ ip7250 \/ mg6350 cian&rdquo;\" rel=\"nofollow\" data-success_message=\"&ldquo;Tinteiro canon cli-551 mg5450 \/ ip7250 \/ mg6350 cian&rdquo; foi adicionado ao seu carrinho\" role=\"button\">Adicionar<\/a>\t<span id=\"woocommerce_loop_add_to_cart_link_describedby_110871\" class=\"screen-reader-text\">\n\t\t\t<\/span>\n<div class=\"tooltip_no wishlist button-default yith-wcwl-add-to-wishlist add-to-wishlist-110871\"><div class=\"yith-wcwl-add-button show\"><a href=\"https:\/\/ifoffice.pt\/?page_id=121&#038;wishlist-action\" data-product-id=\"110871\" data-product-type=\"simple\" class=\"add_to_wishlist\" aria-label=\"Wishlist\" rel=\"nofollow\"><i class=\"fa fa-heart-o\"><\/i><span class=\"ht-product-action-tooltip\">Adicionar \u00e0 lista de Desejos<\/span><\/a><i class=\"fa fa-spinner fa-pulse ajax-loading\" style=\"visibility:hidden\"><\/i><\/div><div class=\"yith-wcwl-wishlistaddedbrowse hide\" style=\"display:none;\"><a class=\"\" href=\"https:\/\/ifoffice.pt\/?page_id=121&#038;wishlist-action\" aria-label=\"Wishlist\" rel=\"nofollow\"><i class=\"fa fa-heart\"><\/i><span class=\"ht-product-action-tooltip\">Veja a sua lista de favoritos<\/span><\/a><\/div><div class=\"yith-wcwl-wishlistexistsbrowse hide\" style=\"display:none\"><a href=\"https:\/\/ifoffice.pt\/?page_id=121&#038;wishlist-action\" class=\"\" aria-label=\"Wishlist\" rel=\"nofollow\"><i class=\"fa fa-heart\"><\/i><span class=\"ht-product-action-tooltip\">Produto adicionado!<\/span><\/a><\/div><\/div>                                                <\/div>\n                                            \n                                            \n                                        <\/div>\n                                        \n                                        <div class=\"content\">\n                                            <h4 class=\"title\"><a href=\"https:\/\/ifoffice.pt\/?product=tinteiro-canon-cli-551-mg5450-ip7250-mg6350-cian\">Tinteiro canon cli-551 mg5450 \/ ip7250 \/ mg6350 cian<\/a><\/h4>\n                                            \n\t<span class=\"price\"><span class=\"woocommerce-Price-amount amount\"><bdi><span class=\"woocommerce-Price-currencySymbol\">&euro;<\/span>21.94<\/bdi><\/span> <small class=\"woocommerce-price-suffix\">IVA inc.<\/small><\/span>\n                                                                                    <\/div>\n                                    <\/div>\n\n                                <\/div>\n\n                                                       <\/div>\n                            <div class=\"slide-item ht-col-xs-12\">\n                                \n                                <div class=\"product-item  \">\n\n                                    <div class=\"product-inner\">\n                                        <div class=\"image-wrap\">\n                                            <a href=\"https:\/\/ifoffice.pt\/?product=tinteiro-epson-ecotank-c13t03m140-bk-5k-12-0ml-et-m1100-m1140-m1170-m1180-m2120m-preto-6000\" class=\"image\">\n                                                <img loading=\"lazy\" decoding=\"async\" width=\"300\" height=\"229\" src=\"https:\/\/ifoffice.pt\/wp-content\/uploads\/2023\/03\/162798g-300x229.jpg\" class=\"attachment-woocommerce_thumbnail size-woocommerce_thumbnail\" alt=\"Tinteiro epson ecotank c13t03m140 bk 5k 12 0ml et-m1100 \/ m1140 \/ m1170 \/ m1180 \/ m2120m preto 6000\" srcset=\"https:\/\/ifoffice.pt\/wp-content\/uploads\/2023\/03\/162798g-300x229.jpg 300w, https:\/\/ifoffice.pt\/wp-content\/uploads\/2023\/03\/162798g-768x585.jpg 768w, https:\/\/ifoffice.pt\/wp-content\/uploads\/2023\/03\/162798g-600x457.jpg 600w, https:\/\/ifoffice.pt\/wp-content\/uploads\/2023\/03\/162798g-64x49.jpg 64w, https:\/\/ifoffice.pt\/wp-content\/uploads\/2023\/03\/162798g.jpg 1000w\" sizes=\"(max-width: 300px) 100vw, 300px\" \/>                                            <\/a>\n                                                                                                                                        <div class=\"actions style_two\">\n                                                    <a href=\"\/index.php?rest_route=%2Fwp%2Fv2%2Fpages%2F56944&#038;add-to-cart=110903\" aria-describedby=\"woocommerce_loop_add_to_cart_link_describedby_110903\" data-quantity=\"1\" class=\"button product_type_simple add_to_cart_button ajax_add_to_cart\" data-product_id=\"110903\" data-product_sku=\"162798\" aria-label=\"Adiciona ao carrinho: &ldquo;Tinteiro epson ecotank c13t03m140 bk 5k 12 0ml et-m1100 \/ m1140 \/ m1170 \/ m1180 \/ m2120m preto 6000&rdquo;\" rel=\"nofollow\" data-success_message=\"&ldquo;Tinteiro epson ecotank c13t03m140 bk 5k 12 0ml et-m1100 \/ m1140 \/ m1170 \/ m1180 \/ m2120m preto 6000&rdquo; foi adicionado ao seu carrinho\" role=\"button\">Adicionar<\/a>\t<span id=\"woocommerce_loop_add_to_cart_link_describedby_110903\" class=\"screen-reader-text\">\n\t\t\t<\/span>\n<div class=\"tooltip_no wishlist button-default yith-wcwl-add-to-wishlist add-to-wishlist-110903\"><div class=\"yith-wcwl-add-button show\"><a href=\"https:\/\/ifoffice.pt\/?page_id=121&#038;wishlist-action\" data-product-id=\"110903\" data-product-type=\"simple\" class=\"add_to_wishlist\" aria-label=\"Wishlist\" rel=\"nofollow\"><i class=\"fa fa-heart-o\"><\/i><span class=\"ht-product-action-tooltip\">Adicionar \u00e0 lista de Desejos<\/span><\/a><i class=\"fa fa-spinner fa-pulse ajax-loading\" style=\"visibility:hidden\"><\/i><\/div><div class=\"yith-wcwl-wishlistaddedbrowse hide\" style=\"display:none;\"><a class=\"\" href=\"https:\/\/ifoffice.pt\/?page_id=121&#038;wishlist-action\" aria-label=\"Wishlist\" rel=\"nofollow\"><i class=\"fa fa-heart\"><\/i><span class=\"ht-product-action-tooltip\">Veja a sua lista de favoritos<\/span><\/a><\/div><div class=\"yith-wcwl-wishlistexistsbrowse hide\" style=\"display:none\"><a href=\"https:\/\/ifoffice.pt\/?page_id=121&#038;wishlist-action\" class=\"\" aria-label=\"Wishlist\" rel=\"nofollow\"><i class=\"fa fa-heart\"><\/i><span class=\"ht-product-action-tooltip\">Produto adicionado!<\/span><\/a><\/div><\/div>                                                <\/div>\n                                            \n                                            \n                                        <\/div>\n                                        \n                                        <div class=\"content\">\n                                            <h4 class=\"title\"><a href=\"https:\/\/ifoffice.pt\/?product=tinteiro-epson-ecotank-c13t03m140-bk-5k-12-0ml-et-m1100-m1140-m1170-m1180-m2120m-preto-6000\">Tinteiro epson ecotank c13t03m140 bk 5k 12 0ml et-m1100 \/ m1140 \/ m1170 \/ m1180 \/ m2120m preto 6000<\/a><\/h4>\n                                            \n\t<span class=\"price\"><span class=\"woocommerce-Price-amount amount\"><bdi><span class=\"woocommerce-Price-currencySymbol\">&euro;<\/span>23.75<\/bdi><\/span> <small class=\"woocommerce-price-suffix\">IVA inc.<\/small><\/span>\n                                                                                    <\/div>\n                                    <\/div>\n\n                                <\/div>\n\n                                                       <\/div>\n                            <div class=\"slide-item ht-col-xs-12\">\n                                \n                                <div class=\"product-item  \">\n\n                                    <div class=\"product-inner\">\n                                        <div class=\"image-wrap\">\n                                            <a href=\"https:\/\/ifoffice.pt\/?product=tinteiro-epson-gf-surecolor-serie-sc-p-cinza-ultrachrome-hdx-hd-700ml\" class=\"image\">\n                                                <img loading=\"lazy\" decoding=\"async\" width=\"300\" height=\"229\" src=\"https:\/\/ifoffice.pt\/wp-content\/uploads\/2023\/03\/160906g-300x229.jpg\" class=\"attachment-woocommerce_thumbnail size-woocommerce_thumbnail\" alt=\"Tinteiro epson gf surecolor serie sc-p cinza ultrachrome hdx\/hd 700ml\" srcset=\"https:\/\/ifoffice.pt\/wp-content\/uploads\/2023\/03\/160906g-300x229.jpg 300w, https:\/\/ifoffice.pt\/wp-content\/uploads\/2023\/03\/160906g-768x585.jpg 768w, https:\/\/ifoffice.pt\/wp-content\/uploads\/2023\/03\/160906g-600x457.jpg 600w, https:\/\/ifoffice.pt\/wp-content\/uploads\/2023\/03\/160906g-64x49.jpg 64w, https:\/\/ifoffice.pt\/wp-content\/uploads\/2023\/03\/160906g.jpg 1000w\" sizes=\"(max-width: 300px) 100vw, 300px\" \/>                                            <\/a>\n                                                                                                                                        <div class=\"actions style_two\">\n                                                    <a href=\"\/index.php?rest_route=%2Fwp%2Fv2%2Fpages%2F56944&#038;add-to-cart=110935\" aria-describedby=\"woocommerce_loop_add_to_cart_link_describedby_110935\" data-quantity=\"1\" class=\"button product_type_simple add_to_cart_button ajax_add_to_cart\" data-product_id=\"110935\" data-product_sku=\"160906\" aria-label=\"Adiciona ao carrinho: &ldquo;Tinteiro epson gf surecolor serie sc-p cinza ultrachrome hdx\/hd 700ml&rdquo;\" rel=\"nofollow\" data-success_message=\"&ldquo;Tinteiro epson gf surecolor serie sc-p cinza ultrachrome hdx\/hd 700ml&rdquo; foi adicionado ao seu carrinho\" role=\"button\">Adicionar<\/a>\t<span id=\"woocommerce_loop_add_to_cart_link_describedby_110935\" class=\"screen-reader-text\">\n\t\t\t<\/span>\n<div class=\"tooltip_no wishlist button-default yith-wcwl-add-to-wishlist add-to-wishlist-110935\"><div class=\"yith-wcwl-add-button show\"><a href=\"https:\/\/ifoffice.pt\/?page_id=121&#038;wishlist-action\" data-product-id=\"110935\" data-product-type=\"simple\" class=\"add_to_wishlist\" aria-label=\"Wishlist\" rel=\"nofollow\"><i class=\"fa fa-heart-o\"><\/i><span class=\"ht-product-action-tooltip\">Adicionar \u00e0 lista de Desejos<\/span><\/a><i class=\"fa fa-spinner fa-pulse ajax-loading\" style=\"visibility:hidden\"><\/i><\/div><div class=\"yith-wcwl-wishlistaddedbrowse hide\" style=\"display:none;\"><a class=\"\" href=\"https:\/\/ifoffice.pt\/?page_id=121&#038;wishlist-action\" aria-label=\"Wishlist\" rel=\"nofollow\"><i class=\"fa fa-heart\"><\/i><span class=\"ht-product-action-tooltip\">Veja a sua lista de favoritos<\/span><\/a><\/div><div class=\"yith-wcwl-wishlistexistsbrowse hide\" style=\"display:none\"><a href=\"https:\/\/ifoffice.pt\/?page_id=121&#038;wishlist-action\" class=\"\" aria-label=\"Wishlist\" rel=\"nofollow\"><i class=\"fa fa-heart\"><\/i><span class=\"ht-product-action-tooltip\">Produto adicionado!<\/span><\/a><\/div><\/div>                                                <\/div>\n                                            \n                                            \n                                        <\/div>\n                                        \n                                        <div class=\"content\">\n                                            <h4 class=\"title\"><a href=\"https:\/\/ifoffice.pt\/?product=tinteiro-epson-gf-surecolor-serie-sc-p-cinza-ultrachrome-hdx-hd-700ml\">Tinteiro epson gf surecolor serie sc-p cinza ultrachrome hdx\/hd 700ml<\/a><\/h4>\n                                            \n\t<span class=\"price\"><span class=\"woocommerce-Price-amount amount\"><bdi><span class=\"woocommerce-Price-currencySymbol\">&euro;<\/span>413.40<\/bdi><\/span> <small class=\"woocommerce-price-suffix\">IVA inc.<\/small><\/span>\n                                                                                    <\/div>\n                                    <\/div>\n\n                                <\/div>\n\n                                                       <\/div>\n                            <div class=\"slide-item ht-col-xs-12\">\n                                \n                                <div class=\"product-item  \">\n\n                                    <div class=\"product-inner\">\n                                        <div class=\"image-wrap\">\n                                            <a href=\"https:\/\/ifoffice.pt\/?product=tinteiro-epson-surecolor-sc-p600-magenta-vivo\" class=\"image\">\n                                                <img loading=\"lazy\" decoding=\"async\" width=\"300\" height=\"229\" src=\"https:\/\/ifoffice.pt\/wp-content\/uploads\/2023\/03\/160967g-300x229.jpg\" class=\"attachment-woocommerce_thumbnail size-woocommerce_thumbnail\" alt=\"Tinteiro epson surecolor sc-p600 magenta vivo\" srcset=\"https:\/\/ifoffice.pt\/wp-content\/uploads\/2023\/03\/160967g-300x229.jpg 300w, https:\/\/ifoffice.pt\/wp-content\/uploads\/2023\/03\/160967g-768x585.jpg 768w, https:\/\/ifoffice.pt\/wp-content\/uploads\/2023\/03\/160967g-600x457.jpg 600w, https:\/\/ifoffice.pt\/wp-content\/uploads\/2023\/03\/160967g-64x49.jpg 64w, https:\/\/ifoffice.pt\/wp-content\/uploads\/2023\/03\/160967g.jpg 1000w\" sizes=\"(max-width: 300px) 100vw, 300px\" \/>                                            <\/a>\n                                                                                                                                        <div class=\"actions style_two\">\n                                                    <a href=\"\/index.php?rest_route=%2Fwp%2Fv2%2Fpages%2F56944&#038;add-to-cart=110967\" aria-describedby=\"woocommerce_loop_add_to_cart_link_describedby_110967\" data-quantity=\"1\" class=\"button product_type_simple add_to_cart_button ajax_add_to_cart\" data-product_id=\"110967\" data-product_sku=\"160967\" aria-label=\"Adiciona ao carrinho: &ldquo;Tinteiro epson surecolor sc-p600 magenta vivo&rdquo;\" rel=\"nofollow\" data-success_message=\"&ldquo;Tinteiro epson surecolor sc-p600 magenta vivo&rdquo; foi adicionado ao seu carrinho\" role=\"button\">Adicionar<\/a>\t<span id=\"woocommerce_loop_add_to_cart_link_describedby_110967\" class=\"screen-reader-text\">\n\t\t\t<\/span>\n<div class=\"tooltip_no wishlist button-default yith-wcwl-add-to-wishlist add-to-wishlist-110967\"><div class=\"yith-wcwl-add-button show\"><a href=\"https:\/\/ifoffice.pt\/?page_id=121&#038;wishlist-action\" data-product-id=\"110967\" data-product-type=\"simple\" class=\"add_to_wishlist\" aria-label=\"Wishlist\" rel=\"nofollow\"><i class=\"fa fa-heart-o\"><\/i><span class=\"ht-product-action-tooltip\">Adicionar \u00e0 lista de Desejos<\/span><\/a><i class=\"fa fa-spinner fa-pulse ajax-loading\" style=\"visibility:hidden\"><\/i><\/div><div class=\"yith-wcwl-wishlistaddedbrowse hide\" style=\"display:none;\"><a class=\"\" href=\"https:\/\/ifoffice.pt\/?page_id=121&#038;wishlist-action\" aria-label=\"Wishlist\" rel=\"nofollow\"><i class=\"fa fa-heart\"><\/i><span class=\"ht-product-action-tooltip\">Veja a sua lista de favoritos<\/span><\/a><\/div><div class=\"yith-wcwl-wishlistexistsbrowse hide\" style=\"display:none\"><a href=\"https:\/\/ifoffice.pt\/?page_id=121&#038;wishlist-action\" class=\"\" aria-label=\"Wishlist\" rel=\"nofollow\"><i class=\"fa fa-heart\"><\/i><span class=\"ht-product-action-tooltip\">Produto adicionado!<\/span><\/a><\/div><\/div>                                                <\/div>\n                                            \n                                            \n                                        <\/div>\n                                        \n                                        <div class=\"content\">\n                                            <h4 class=\"title\"><a href=\"https:\/\/ifoffice.pt\/?product=tinteiro-epson-surecolor-sc-p600-magenta-vivo\">Tinteiro epson surecolor sc-p600 magenta vivo<\/a><\/h4>\n                                            \n\t<span class=\"price\"><span class=\"woocommerce-Price-amount amount\"><bdi><span class=\"woocommerce-Price-currencySymbol\">&euro;<\/span>45.73<\/bdi><\/span> <small class=\"woocommerce-price-suffix\">IVA inc.<\/small><\/span>\n                                                                                    <\/div>\n                                    <\/div>\n\n                                <\/div>\n\n                                                       <\/div>\n                            <div class=\"slide-item ht-col-xs-12\">\n                                \n                                <div class=\"product-item  \">\n\n                                    <div class=\"product-inner\">\n                                        <div class=\"image-wrap\">\n                                            <a href=\"https:\/\/ifoffice.pt\/?product=tinteiro-epson-wf-c81xx-wf-c86xx-xl-preto\" class=\"image\">\n                                                <img loading=\"lazy\" decoding=\"async\" width=\"300\" height=\"229\" src=\"https:\/\/ifoffice.pt\/wp-content\/uploads\/2023\/03\/161019g-300x229.jpg\" class=\"attachment-woocommerce_thumbnail size-woocommerce_thumbnail\" alt=\"Tinteiro epson wf-c81xx \/ wf-c86xx xl preto\" srcset=\"https:\/\/ifoffice.pt\/wp-content\/uploads\/2023\/03\/161019g-300x229.jpg 300w, https:\/\/ifoffice.pt\/wp-content\/uploads\/2023\/03\/161019g-768x585.jpg 768w, https:\/\/ifoffice.pt\/wp-content\/uploads\/2023\/03\/161019g-600x457.jpg 600w, https:\/\/ifoffice.pt\/wp-content\/uploads\/2023\/03\/161019g-64x49.jpg 64w, https:\/\/ifoffice.pt\/wp-content\/uploads\/2023\/03\/161019g.jpg 1000w\" sizes=\"(max-width: 300px) 100vw, 300px\" \/>                                            <\/a>\n                                                                                                                                        <div class=\"actions style_two\">\n                                                    <a href=\"\/index.php?rest_route=%2Fwp%2Fv2%2Fpages%2F56944&#038;add-to-cart=110999\" aria-describedby=\"woocommerce_loop_add_to_cart_link_describedby_110999\" data-quantity=\"1\" class=\"button product_type_simple add_to_cart_button ajax_add_to_cart\" data-product_id=\"110999\" data-product_sku=\"161019\" aria-label=\"Adiciona ao carrinho: &ldquo;Tinteiro epson wf-c81xx \/ wf-c86xx xl preto&rdquo;\" rel=\"nofollow\" data-success_message=\"&ldquo;Tinteiro epson wf-c81xx \/ wf-c86xx xl preto&rdquo; foi adicionado ao seu carrinho\" role=\"button\">Adicionar<\/a>\t<span id=\"woocommerce_loop_add_to_cart_link_describedby_110999\" class=\"screen-reader-text\">\n\t\t\t<\/span>\n<div class=\"tooltip_no wishlist button-default yith-wcwl-add-to-wishlist add-to-wishlist-110999\"><div class=\"yith-wcwl-add-button show\"><a href=\"https:\/\/ifoffice.pt\/?page_id=121&#038;wishlist-action\" data-product-id=\"110999\" data-product-type=\"simple\" class=\"add_to_wishlist\" aria-label=\"Wishlist\" rel=\"nofollow\"><i class=\"fa fa-heart-o\"><\/i><span class=\"ht-product-action-tooltip\">Adicionar \u00e0 lista de Desejos<\/span><\/a><i class=\"fa fa-spinner fa-pulse ajax-loading\" style=\"visibility:hidden\"><\/i><\/div><div class=\"yith-wcwl-wishlistaddedbrowse hide\" style=\"display:none;\"><a class=\"\" href=\"https:\/\/ifoffice.pt\/?page_id=121&#038;wishlist-action\" aria-label=\"Wishlist\" rel=\"nofollow\"><i class=\"fa fa-heart\"><\/i><span class=\"ht-product-action-tooltip\">Veja a sua lista de favoritos<\/span><\/a><\/div><div class=\"yith-wcwl-wishlistexistsbrowse hide\" style=\"display:none\"><a href=\"https:\/\/ifoffice.pt\/?page_id=121&#038;wishlist-action\" class=\"\" aria-label=\"Wishlist\" rel=\"nofollow\"><i class=\"fa fa-heart\"><\/i><span class=\"ht-product-action-tooltip\">Produto adicionado!<\/span><\/a><\/div><\/div>                                                <\/div>\n                                            \n                                            \n                                        <\/div>\n                                        \n                                        <div class=\"content\">\n                                            <h4 class=\"title\"><a href=\"https:\/\/ifoffice.pt\/?product=tinteiro-epson-wf-c81xx-wf-c86xx-xl-preto\">Tinteiro epson wf-c81xx \/ wf-c86xx xl preto<\/a><\/h4>\n                                            \n\t<span class=\"price\"><span class=\"woocommerce-Price-amount amount\"><bdi><span class=\"woocommerce-Price-currencySymbol\">&euro;<\/span>155.68<\/bdi><\/span> <small class=\"woocommerce-price-suffix\">IVA inc.<\/small><\/span>\n                                                                                    <\/div>\n                                    <\/div>\n\n                                <\/div>\n\n                                                       <\/div>\n                            <div class=\"slide-item ht-col-xs-12\">\n                                \n                                <div class=\"product-item  \">\n\n                                    <div class=\"product-inner\">\n                                        <div class=\"image-wrap\">\n                                            <a href=\"https:\/\/ifoffice.pt\/?product=tinteiro-hp-designjet-t920-t1500-n-727-preto-mate-alta-1000-paginas\" class=\"image\">\n                                                <img loading=\"lazy\" decoding=\"async\" width=\"300\" height=\"229\" src=\"https:\/\/ifoffice.pt\/wp-content\/uploads\/2023\/03\/161119g-300x229.jpg\" class=\"attachment-woocommerce_thumbnail size-woocommerce_thumbnail\" alt=\"Tinteiro hp designjet t920\/t1500 n 727 preto mate alta\/1000 paginas\" srcset=\"https:\/\/ifoffice.pt\/wp-content\/uploads\/2023\/03\/161119g-300x229.jpg 300w, https:\/\/ifoffice.pt\/wp-content\/uploads\/2023\/03\/161119g-768x585.jpg 768w, https:\/\/ifoffice.pt\/wp-content\/uploads\/2023\/03\/161119g-600x457.jpg 600w, https:\/\/ifoffice.pt\/wp-content\/uploads\/2023\/03\/161119g-64x49.jpg 64w, https:\/\/ifoffice.pt\/wp-content\/uploads\/2023\/03\/161119g.jpg 1000w\" sizes=\"(max-width: 300px) 100vw, 300px\" \/>                                            <\/a>\n                                                                                                                                        <div class=\"actions style_two\">\n                                                    <a href=\"\/index.php?rest_route=%2Fwp%2Fv2%2Fpages%2F56944&#038;add-to-cart=111031\" aria-describedby=\"woocommerce_loop_add_to_cart_link_describedby_111031\" data-quantity=\"1\" class=\"button product_type_simple add_to_cart_button ajax_add_to_cart\" data-product_id=\"111031\" data-product_sku=\"161119\" aria-label=\"Adiciona ao carrinho: &ldquo;Tinteiro hp designjet t920\/t1500 n 727 preto mate alta\/1000 paginas&rdquo;\" rel=\"nofollow\" data-success_message=\"&ldquo;Tinteiro hp designjet t920\/t1500 n 727 preto mate alta\/1000 paginas&rdquo; foi adicionado ao seu carrinho\" role=\"button\">Adicionar<\/a>\t<span id=\"woocommerce_loop_add_to_cart_link_describedby_111031\" class=\"screen-reader-text\">\n\t\t\t<\/span>\n<div class=\"tooltip_no wishlist button-default yith-wcwl-add-to-wishlist add-to-wishlist-111031\"><div class=\"yith-wcwl-add-button show\"><a href=\"https:\/\/ifoffice.pt\/?page_id=121&#038;wishlist-action\" data-product-id=\"111031\" data-product-type=\"simple\" class=\"add_to_wishlist\" aria-label=\"Wishlist\" rel=\"nofollow\"><i class=\"fa fa-heart-o\"><\/i><span class=\"ht-product-action-tooltip\">Adicionar \u00e0 lista de Desejos<\/span><\/a><i class=\"fa fa-spinner fa-pulse ajax-loading\" style=\"visibility:hidden\"><\/i><\/div><div class=\"yith-wcwl-wishlistaddedbrowse hide\" style=\"display:none;\"><a class=\"\" href=\"https:\/\/ifoffice.pt\/?page_id=121&#038;wishlist-action\" aria-label=\"Wishlist\" rel=\"nofollow\"><i class=\"fa fa-heart\"><\/i><span class=\"ht-product-action-tooltip\">Veja a sua lista de favoritos<\/span><\/a><\/div><div class=\"yith-wcwl-wishlistexistsbrowse hide\" style=\"display:none\"><a href=\"https:\/\/ifoffice.pt\/?page_id=121&#038;wishlist-action\" class=\"\" aria-label=\"Wishlist\" rel=\"nofollow\"><i class=\"fa fa-heart\"><\/i><span class=\"ht-product-action-tooltip\">Produto adicionado!<\/span><\/a><\/div><\/div>                                                <\/div>\n                                            \n                                            \n                                        <\/div>\n                                        \n                                        <div class=\"content\">\n                                            <h4 class=\"title\"><a href=\"https:\/\/ifoffice.pt\/?product=tinteiro-hp-designjet-t920-t1500-n-727-preto-mate-alta-1000-paginas\">Tinteiro hp designjet t920\/t1500 n 727 preto mate alta\/1000 paginas<\/a><\/h4>\n                                            \n\t<span class=\"price\"><span class=\"woocommerce-Price-amount amount\"><bdi><span class=\"woocommerce-Price-currencySymbol\">&euro;<\/span>181.65<\/bdi><\/span> <small class=\"woocommerce-price-suffix\">IVA inc.<\/small><\/span>\n                                                                                    <\/div>\n                                    <\/div>\n\n                                <\/div>\n\n                                                       <\/div>\n                            <div class=\"slide-item ht-col-xs-12\">\n                                \n                                <div class=\"product-item  \">\n\n                                    <div class=\"product-inner\">\n                                        <div class=\"image-wrap\">\n                                            <a href=\"https:\/\/ifoffice.pt\/?product=toner-lexmark-laser-74c20m0-cx725de-cs720de-cs725de-magenta-3000-paginas\" class=\"image\">\n                                                <img loading=\"lazy\" decoding=\"async\" width=\"300\" height=\"229\" src=\"https:\/\/ifoffice.pt\/wp-content\/uploads\/2023\/03\/162489g-300x229.jpg\" class=\"attachment-woocommerce_thumbnail size-woocommerce_thumbnail\" alt=\"Toner lexmark laser 74c20m0 cx725de \/ cs720de \/ cs725de magenta 3000 paginas\" srcset=\"https:\/\/ifoffice.pt\/wp-content\/uploads\/2023\/03\/162489g-300x229.jpg 300w, https:\/\/ifoffice.pt\/wp-content\/uploads\/2023\/03\/162489g-768x585.jpg 768w, https:\/\/ifoffice.pt\/wp-content\/uploads\/2023\/03\/162489g-600x457.jpg 600w, https:\/\/ifoffice.pt\/wp-content\/uploads\/2023\/03\/162489g-64x49.jpg 64w, https:\/\/ifoffice.pt\/wp-content\/uploads\/2023\/03\/162489g.jpg 1000w\" sizes=\"(max-width: 300px) 100vw, 300px\" \/>                                            <\/a>\n                                                                                                                                        <div class=\"actions style_two\">\n                                                    <a href=\"https:\/\/ifoffice.pt\/?product=toner-lexmark-laser-74c20m0-cx725de-cs720de-cs725de-magenta-3000-paginas\" aria-describedby=\"woocommerce_loop_add_to_cart_link_describedby_111344\" data-quantity=\"1\" class=\"button product_type_simple\" data-product_id=\"111344\" data-product_sku=\"162489\" aria-label=\"Leia mais sobre &ldquo;Toner lexmark laser 74c20m0 cx725de \/ cs720de \/ cs725de magenta 3000 paginas&rdquo;\" rel=\"nofollow\" data-success_message=\"\">Ler mais<\/a>\t<span id=\"woocommerce_loop_add_to_cart_link_describedby_111344\" class=\"screen-reader-text\">\n\t\t\t<\/span>\n<div class=\"tooltip_no wishlist button-default yith-wcwl-add-to-wishlist add-to-wishlist-111344\"><div class=\"yith-wcwl-add-button show\"><a href=\"https:\/\/ifoffice.pt\/?page_id=121&#038;wishlist-action\" data-product-id=\"111344\" data-product-type=\"simple\" class=\"add_to_wishlist\" aria-label=\"Wishlist\" rel=\"nofollow\"><i class=\"fa fa-heart-o\"><\/i><span class=\"ht-product-action-tooltip\">Adicionar \u00e0 lista de Desejos<\/span><\/a><i class=\"fa fa-spinner fa-pulse ajax-loading\" style=\"visibility:hidden\"><\/i><\/div><div class=\"yith-wcwl-wishlistaddedbrowse hide\" style=\"display:none;\"><a class=\"\" href=\"https:\/\/ifoffice.pt\/?page_id=121&#038;wishlist-action\" aria-label=\"Wishlist\" rel=\"nofollow\"><i class=\"fa fa-heart\"><\/i><span class=\"ht-product-action-tooltip\">Veja a sua lista de favoritos<\/span><\/a><\/div><div class=\"yith-wcwl-wishlistexistsbrowse hide\" style=\"display:none\"><a href=\"https:\/\/ifoffice.pt\/?page_id=121&#038;wishlist-action\" class=\"\" aria-label=\"Wishlist\" rel=\"nofollow\"><i class=\"fa fa-heart\"><\/i><span class=\"ht-product-action-tooltip\">Produto adicionado!<\/span><\/a><\/div><\/div>                                                <\/div>\n                                            \n                                            \n                                        <\/div>\n                                        \n                                        <div class=\"content\">\n                                            <h4 class=\"title\"><a href=\"https:\/\/ifoffice.pt\/?product=toner-lexmark-laser-74c20m0-cx725de-cs720de-cs725de-magenta-3000-paginas\">Toner lexmark laser 74c20m0 cx725de \/ cs720de \/ cs725de magenta 3000 paginas<\/a><\/h4>\n                                            \n\t<span class=\"price\"><span class=\"woocommerce-Price-amount amount\"><bdi><span class=\"woocommerce-Price-currencySymbol\">&euro;<\/span>321.98<\/bdi><\/span> <small class=\"woocommerce-price-suffix\">IVA inc.<\/small><\/span>\n                                                                                    <\/div>\n                                    <\/div>\n\n                                <\/div>\n\n                                                       <\/div>\n                            <div class=\"slide-item ht-col-xs-12\">\n                                \n                                <div class=\"product-item  \">\n\n                                    <div class=\"product-inner\">\n                                        <div class=\"image-wrap\">\n                                            <a href=\"https:\/\/ifoffice.pt\/?product=tinteiro-epson-378-xl-expression-home-xp-8605-8606-xp-15000-xp-8500-8505-cian-claro-830-pag\" class=\"image\">\n                                                <img loading=\"lazy\" decoding=\"async\" width=\"300\" height=\"229\" src=\"https:\/\/ifoffice.pt\/wp-content\/uploads\/2023\/03\/159534g-300x229.jpg\" class=\"attachment-woocommerce_thumbnail size-woocommerce_thumbnail\" alt=\"Tinteiro epson 378 xl expression home xp-8605 \/ 8606 \/ xp-15000 \/ xp-8500 \/ 8505 cian claro 830 pag\" srcset=\"https:\/\/ifoffice.pt\/wp-content\/uploads\/2023\/03\/159534g-300x229.jpg 300w, https:\/\/ifoffice.pt\/wp-content\/uploads\/2023\/03\/159534g-768x585.jpg 768w, https:\/\/ifoffice.pt\/wp-content\/uploads\/2023\/03\/159534g-600x457.jpg 600w, https:\/\/ifoffice.pt\/wp-content\/uploads\/2023\/03\/159534g-64x49.jpg 64w, https:\/\/ifoffice.pt\/wp-content\/uploads\/2023\/03\/159534g.jpg 1000w\" sizes=\"(max-width: 300px) 100vw, 300px\" \/>                                            <\/a>\n                                                                                                                                        <div class=\"actions style_two\">\n                                                    <a href=\"\/index.php?rest_route=%2Fwp%2Fv2%2Fpages%2F56944&#038;add-to-cart=112098\" aria-describedby=\"woocommerce_loop_add_to_cart_link_describedby_112098\" data-quantity=\"1\" class=\"button product_type_simple add_to_cart_button ajax_add_to_cart\" data-product_id=\"112098\" data-product_sku=\"159534\" aria-label=\"Adiciona ao carrinho: &ldquo;Tinteiro epson 378 xl expression home xp-8605 \/ 8606 \/ xp-15000 \/ xp-8500 \/ 8505 cian claro 830 pag&rdquo;\" rel=\"nofollow\" data-success_message=\"&ldquo;Tinteiro epson 378 xl expression home xp-8605 \/ 8606 \/ xp-15000 \/ xp-8500 \/ 8505 cian claro 830 pag&rdquo; foi adicionado ao seu carrinho\" role=\"button\">Adicionar<\/a>\t<span id=\"woocommerce_loop_add_to_cart_link_describedby_112098\" class=\"screen-reader-text\">\n\t\t\t<\/span>\n<div class=\"tooltip_no wishlist button-default yith-wcwl-add-to-wishlist add-to-wishlist-112098\"><div class=\"yith-wcwl-add-button show\"><a href=\"https:\/\/ifoffice.pt\/?page_id=121&#038;wishlist-action\" data-product-id=\"112098\" data-product-type=\"simple\" class=\"add_to_wishlist\" aria-label=\"Wishlist\" rel=\"nofollow\"><i class=\"fa fa-heart-o\"><\/i><span class=\"ht-product-action-tooltip\">Adicionar \u00e0 lista de Desejos<\/span><\/a><i class=\"fa fa-spinner fa-pulse ajax-loading\" style=\"visibility:hidden\"><\/i><\/div><div class=\"yith-wcwl-wishlistaddedbrowse hide\" style=\"display:none;\"><a class=\"\" href=\"https:\/\/ifoffice.pt\/?page_id=121&#038;wishlist-action\" aria-label=\"Wishlist\" rel=\"nofollow\"><i class=\"fa fa-heart\"><\/i><span class=\"ht-product-action-tooltip\">Veja a sua lista de favoritos<\/span><\/a><\/div><div class=\"yith-wcwl-wishlistexistsbrowse hide\" style=\"display:none\"><a href=\"https:\/\/ifoffice.pt\/?page_id=121&#038;wishlist-action\" class=\"\" aria-label=\"Wishlist\" rel=\"nofollow\"><i class=\"fa fa-heart\"><\/i><span class=\"ht-product-action-tooltip\">Produto adicionado!<\/span><\/a><\/div><\/div>                                                <\/div>\n                                            \n                                            \n                                        <\/div>\n                                        \n                                        <div class=\"content\">\n                                            <h4 class=\"title\"><a href=\"https:\/\/ifoffice.pt\/?product=tinteiro-epson-378-xl-expression-home-xp-8605-8606-xp-15000-xp-8500-8505-cian-claro-830-pag\">Tinteiro epson 378 xl expression home xp-8605 \/ 8606 \/ xp-15000 \/ xp-8500 \/ 8505 cian claro 830 pag<\/a><\/h4>\n                                            \n\t<span class=\"price\"><span class=\"woocommerce-Price-amount amount\"><bdi><span class=\"woocommerce-Price-currencySymbol\">&euro;<\/span>37.80<\/bdi><\/span> <small class=\"woocommerce-price-suffix\">IVA inc.<\/small><\/span>\n                                                                                    <\/div>\n                                    <\/div>\n\n                                <\/div>\n\n                                                       <\/div>\n                            <div class=\"slide-item ht-col-xs-12\">\n                                \n                                <div class=\"product-item  \">\n\n                                    <div class=\"product-inner\">\n                                        <div class=\"image-wrap\">\n                                            <a href=\"https:\/\/ifoffice.pt\/?product=tinteiro-epson-surecolor-sc-p600-amarelo\" class=\"image\">\n                                                <img loading=\"lazy\" decoding=\"async\" width=\"300\" height=\"229\" src=\"https:\/\/ifoffice.pt\/wp-content\/uploads\/2023\/03\/160962g-300x229.jpg\" class=\"attachment-woocommerce_thumbnail size-woocommerce_thumbnail\" alt=\"Tinteiro epson surecolor sc-p600 amarelo\" srcset=\"https:\/\/ifoffice.pt\/wp-content\/uploads\/2023\/03\/160962g-300x229.jpg 300w, https:\/\/ifoffice.pt\/wp-content\/uploads\/2023\/03\/160962g-768x585.jpg 768w, https:\/\/ifoffice.pt\/wp-content\/uploads\/2023\/03\/160962g-600x457.jpg 600w, https:\/\/ifoffice.pt\/wp-content\/uploads\/2023\/03\/160962g-64x49.jpg 64w, https:\/\/ifoffice.pt\/wp-content\/uploads\/2023\/03\/160962g.jpg 1000w\" sizes=\"(max-width: 300px) 100vw, 300px\" \/>                                            <\/a>\n                                                                                                                                        <div class=\"actions style_two\">\n                                                    <a href=\"https:\/\/ifoffice.pt\/?product=tinteiro-epson-surecolor-sc-p600-amarelo\" aria-describedby=\"woocommerce_loop_add_to_cart_link_describedby_112130\" data-quantity=\"1\" class=\"button product_type_simple\" data-product_id=\"112130\" data-product_sku=\"160962\" aria-label=\"Leia mais sobre &ldquo;Tinteiro epson surecolor sc-p600 amarelo&rdquo;\" rel=\"nofollow\" data-success_message=\"\">Ler mais<\/a>\t<span id=\"woocommerce_loop_add_to_cart_link_describedby_112130\" class=\"screen-reader-text\">\n\t\t\t<\/span>\n<div class=\"tooltip_no wishlist button-default yith-wcwl-add-to-wishlist add-to-wishlist-112130\"><div class=\"yith-wcwl-add-button show\"><a href=\"https:\/\/ifoffice.pt\/?page_id=121&#038;wishlist-action\" data-product-id=\"112130\" data-product-type=\"simple\" class=\"add_to_wishlist\" aria-label=\"Wishlist\" rel=\"nofollow\"><i class=\"fa fa-heart-o\"><\/i><span class=\"ht-product-action-tooltip\">Adicionar \u00e0 lista de Desejos<\/span><\/a><i class=\"fa fa-spinner fa-pulse ajax-loading\" style=\"visibility:hidden\"><\/i><\/div><div class=\"yith-wcwl-wishlistaddedbrowse hide\" style=\"display:none;\"><a class=\"\" href=\"https:\/\/ifoffice.pt\/?page_id=121&#038;wishlist-action\" aria-label=\"Wishlist\" rel=\"nofollow\"><i class=\"fa fa-heart\"><\/i><span class=\"ht-product-action-tooltip\">Veja a sua lista de favoritos<\/span><\/a><\/div><div class=\"yith-wcwl-wishlistexistsbrowse hide\" style=\"display:none\"><a href=\"https:\/\/ifoffice.pt\/?page_id=121&#038;wishlist-action\" class=\"\" aria-label=\"Wishlist\" rel=\"nofollow\"><i class=\"fa fa-heart\"><\/i><span class=\"ht-product-action-tooltip\">Produto adicionado!<\/span><\/a><\/div><\/div>                                                <\/div>\n                                            \n                                            \n                                        <\/div>\n                                        \n                                        <div class=\"content\">\n                                            <h4 class=\"title\"><a href=\"https:\/\/ifoffice.pt\/?product=tinteiro-epson-surecolor-sc-p600-amarelo\">Tinteiro epson surecolor sc-p600 amarelo<\/a><\/h4>\n                                            \n\t<span class=\"price\"><span class=\"woocommerce-Price-amount amount\"><bdi><span class=\"woocommerce-Price-currencySymbol\">&euro;<\/span>34.38<\/bdi><\/span> <small class=\"woocommerce-price-suffix\">IVA inc.<\/small><\/span>\n                                                                                    <\/div>\n                                    <\/div>\n\n                                <\/div>\n\n                                                       <\/div>\n                            <div class=\"slide-item ht-col-xs-12\">\n                                \n                                <div class=\"product-item  \">\n\n                                    <div class=\"product-inner\">\n                                        <div class=\"image-wrap\">\n                                            <a href=\"https:\/\/ifoffice.pt\/?product=toner-lexmark-laser-52d2x0e-ms811-series-ms812-series-preto-45000-paginas\" class=\"image\">\n                                                <img loading=\"lazy\" decoding=\"async\" width=\"300\" height=\"229\" src=\"https:\/\/ifoffice.pt\/wp-content\/uploads\/2023\/03\/162815g-300x229.jpg\" class=\"attachment-woocommerce_thumbnail size-woocommerce_thumbnail\" alt=\"Toner lexmark laser 52d2x0e ms811 series \/ ms812 series preto 45000 paginas\" srcset=\"https:\/\/ifoffice.pt\/wp-content\/uploads\/2023\/03\/162815g-300x229.jpg 300w, https:\/\/ifoffice.pt\/wp-content\/uploads\/2023\/03\/162815g-768x585.jpg 768w, https:\/\/ifoffice.pt\/wp-content\/uploads\/2023\/03\/162815g-600x457.jpg 600w, https:\/\/ifoffice.pt\/wp-content\/uploads\/2023\/03\/162815g-64x49.jpg 64w, https:\/\/ifoffice.pt\/wp-content\/uploads\/2023\/03\/162815g.jpg 1000w\" sizes=\"(max-width: 300px) 100vw, 300px\" \/>                                            <\/a>\n                                                                                                                                        <div class=\"actions style_two\">\n                                                    <a href=\"\/index.php?rest_route=%2Fwp%2Fv2%2Fpages%2F56944&#038;add-to-cart=112207\" aria-describedby=\"woocommerce_loop_add_to_cart_link_describedby_112207\" data-quantity=\"1\" class=\"button product_type_simple add_to_cart_button ajax_add_to_cart\" data-product_id=\"112207\" data-product_sku=\"162815\" aria-label=\"Adiciona ao carrinho: &ldquo;Toner lexmark laser 52d2x0e ms811 series \/ ms812 series preto 45000 paginas&rdquo;\" rel=\"nofollow\" data-success_message=\"&ldquo;Toner lexmark laser 52d2x0e ms811 series \/ ms812 series preto 45000 paginas&rdquo; foi adicionado ao seu carrinho\" role=\"button\">Adicionar<\/a>\t<span id=\"woocommerce_loop_add_to_cart_link_describedby_112207\" class=\"screen-reader-text\">\n\t\t\t<\/span>\n<div class=\"tooltip_no wishlist button-default yith-wcwl-add-to-wishlist add-to-wishlist-112207\"><div class=\"yith-wcwl-add-button show\"><a href=\"https:\/\/ifoffice.pt\/?page_id=121&#038;wishlist-action\" data-product-id=\"112207\" data-product-type=\"simple\" class=\"add_to_wishlist\" aria-label=\"Wishlist\" rel=\"nofollow\"><i class=\"fa fa-heart-o\"><\/i><span class=\"ht-product-action-tooltip\">Adicionar \u00e0 lista de Desejos<\/span><\/a><i class=\"fa fa-spinner fa-pulse ajax-loading\" style=\"visibility:hidden\"><\/i><\/div><div class=\"yith-wcwl-wishlistaddedbrowse hide\" style=\"display:none;\"><a class=\"\" href=\"https:\/\/ifoffice.pt\/?page_id=121&#038;wishlist-action\" aria-label=\"Wishlist\" rel=\"nofollow\"><i class=\"fa fa-heart\"><\/i><span class=\"ht-product-action-tooltip\">Veja a sua lista de favoritos<\/span><\/a><\/div><div class=\"yith-wcwl-wishlistexistsbrowse hide\" style=\"display:none\"><a href=\"https:\/\/ifoffice.pt\/?page_id=121&#038;wishlist-action\" class=\"\" aria-label=\"Wishlist\" rel=\"nofollow\"><i class=\"fa fa-heart\"><\/i><span class=\"ht-product-action-tooltip\">Produto adicionado!<\/span><\/a><\/div><\/div>                                                <\/div>\n                                            \n                                            \n                                        <\/div>\n                                        \n                                        <div class=\"content\">\n                                            <h4 class=\"title\"><a href=\"https:\/\/ifoffice.pt\/?product=toner-lexmark-laser-52d2x0e-ms811-series-ms812-series-preto-45000-paginas\">Toner lexmark laser 52d2x0e ms811 series \/ ms812 series preto 45000 paginas<\/a><\/h4>\n                                            \n\t<span class=\"price\"><span class=\"woocommerce-Price-amount amount\"><bdi><span class=\"woocommerce-Price-currencySymbol\">&euro;<\/span>1,524.33<\/bdi><\/span> <small class=\"woocommerce-price-suffix\">IVA inc.<\/small><\/span>\n                                                                                    <\/div>\n                                    <\/div>\n\n                                <\/div>\n\n                                                       <\/div>\n                            <div class=\"slide-item ht-col-xs-12\">\n                                \n                                <div class=\"product-item  \">\n\n                                    <div class=\"product-inner\">\n                                        <div class=\"image-wrap\">\n                                            <a href=\"https:\/\/ifoffice.pt\/?product=tinteiro-epson-378-xl-expression-home-xp-8605-8606-xp-15000-xp-8500-8505-amarelo-830-pag\" class=\"image\">\n                                                <img loading=\"lazy\" decoding=\"async\" width=\"300\" height=\"229\" src=\"https:\/\/ifoffice.pt\/wp-content\/uploads\/2023\/03\/159533g-300x229.jpg\" class=\"attachment-woocommerce_thumbnail size-woocommerce_thumbnail\" alt=\"Tinteiro epson 378 xl expression home xp-8605 \/ 8606 \/ xp-15000 \/ xp-8500 \/ 8505 amarelo 830 pag\" srcset=\"https:\/\/ifoffice.pt\/wp-content\/uploads\/2023\/03\/159533g-300x229.jpg 300w, https:\/\/ifoffice.pt\/wp-content\/uploads\/2023\/03\/159533g-768x585.jpg 768w, https:\/\/ifoffice.pt\/wp-content\/uploads\/2023\/03\/159533g-600x457.jpg 600w, https:\/\/ifoffice.pt\/wp-content\/uploads\/2023\/03\/159533g-64x49.jpg 64w, https:\/\/ifoffice.pt\/wp-content\/uploads\/2023\/03\/159533g.jpg 1000w\" sizes=\"(max-width: 300px) 100vw, 300px\" \/>                                            <\/a>\n                                                                                                                                        <div class=\"actions style_two\">\n                                                    <a href=\"https:\/\/ifoffice.pt\/?product=tinteiro-epson-378-xl-expression-home-xp-8605-8606-xp-15000-xp-8500-8505-amarelo-830-pag\" aria-describedby=\"woocommerce_loop_add_to_cart_link_describedby_74073\" data-quantity=\"1\" class=\"button product_type_simple\" data-product_id=\"74073\" data-product_sku=\"159533\" aria-label=\"Leia mais sobre &ldquo;Tinteiro epson 378 xl expression home xp-8605 \/ 8606 \/ xp-15000 \/ xp-8500 \/ 8505 amarelo 830 pag&rdquo;\" rel=\"nofollow\" data-success_message=\"\">Ler mais<\/a>\t<span id=\"woocommerce_loop_add_to_cart_link_describedby_74073\" class=\"screen-reader-text\">\n\t\t\t<\/span>\n<div class=\"tooltip_no wishlist button-default yith-wcwl-add-to-wishlist add-to-wishlist-74073\"><div class=\"yith-wcwl-add-button show\"><a href=\"https:\/\/ifoffice.pt\/?page_id=121&#038;wishlist-action\" data-product-id=\"74073\" data-product-type=\"simple\" class=\"add_to_wishlist\" aria-label=\"Wishlist\" rel=\"nofollow\"><i class=\"fa fa-heart-o\"><\/i><span class=\"ht-product-action-tooltip\">Adicionar \u00e0 lista de Desejos<\/span><\/a><i class=\"fa fa-spinner fa-pulse ajax-loading\" style=\"visibility:hidden\"><\/i><\/div><div class=\"yith-wcwl-wishlistaddedbrowse hide\" style=\"display:none;\"><a class=\"\" href=\"https:\/\/ifoffice.pt\/?page_id=121&#038;wishlist-action\" aria-label=\"Wishlist\" rel=\"nofollow\"><i class=\"fa fa-heart\"><\/i><span class=\"ht-product-action-tooltip\">Veja a sua lista de favoritos<\/span><\/a><\/div><div class=\"yith-wcwl-wishlistexistsbrowse hide\" style=\"display:none\"><a href=\"https:\/\/ifoffice.pt\/?page_id=121&#038;wishlist-action\" class=\"\" aria-label=\"Wishlist\" rel=\"nofollow\"><i class=\"fa fa-heart\"><\/i><span class=\"ht-product-action-tooltip\">Produto adicionado!<\/span><\/a><\/div><\/div>                                                <\/div>\n                                            \n                                            \n                                        <\/div>\n                                        \n                                        <div class=\"content\">\n                                            <h4 class=\"title\"><a href=\"https:\/\/ifoffice.pt\/?product=tinteiro-epson-378-xl-expression-home-xp-8605-8606-xp-15000-xp-8500-8505-amarelo-830-pag\">Tinteiro epson 378 xl expression home xp-8605 \/ 8606 \/ xp-15000 \/ xp-8500 \/ 8505 amarelo 830 pag<\/a><\/h4>\n                                            \n\t<span class=\"price\"><span class=\"woocommerce-Price-amount amount\"><bdi><span class=\"woocommerce-Price-currencySymbol\">&euro;<\/span>38.66<\/bdi><\/span> <small class=\"woocommerce-price-suffix\">IVA inc.<\/small><\/span>\n                                                                                    <\/div>\n                                    <\/div>\n\n                                <\/div>\n\n                                                       <\/div>\n                            <div class=\"slide-item ht-col-xs-12\">\n                                \n                                <div class=\"product-item  \">\n\n                                    <div class=\"product-inner\">\n                                        <div class=\"image-wrap\">\n                                            <a href=\"https:\/\/ifoffice.pt\/?product=tinta-espon-ecotanao-104-et-2710-2711-2712-2720-2726-4700-cian-7500-pag\" class=\"image\">\n                                                <img loading=\"lazy\" decoding=\"async\" width=\"300\" height=\"229\" src=\"https:\/\/ifoffice.pt\/wp-content\/uploads\/2023\/03\/156531g-300x229.jpg\" class=\"attachment-woocommerce_thumbnail size-woocommerce_thumbnail\" alt=\"Tinteiro epson ecotank 104 et-2710 \/ 2711 \/ 2712 \/ 2720 \/ 2726 \/ 4700 cian 7500 paginas\" srcset=\"https:\/\/ifoffice.pt\/wp-content\/uploads\/2023\/03\/156531g-300x229.jpg 300w, https:\/\/ifoffice.pt\/wp-content\/uploads\/2023\/03\/156531g-64x49.jpg 64w, https:\/\/ifoffice.pt\/wp-content\/uploads\/2023\/03\/156531g.jpg 420w\" sizes=\"(max-width: 300px) 100vw, 300px\" \/>                                            <\/a>\n                                                                                                                                        <div class=\"actions style_two\">\n                                                    <a href=\"\/index.php?rest_route=%2Fwp%2Fv2%2Fpages%2F56944&#038;add-to-cart=75021\" aria-describedby=\"woocommerce_loop_add_to_cart_link_describedby_75021\" data-quantity=\"1\" class=\"button product_type_simple add_to_cart_button ajax_add_to_cart\" data-product_id=\"75021\" data-product_sku=\"156531\" aria-label=\"Adiciona ao carrinho: &ldquo;Tinteiro epson ecotank 104 et-2710 \/ 2711 \/ 2712 \/ 2720 \/ 2726 \/ 4700 cian 7500 paginas&rdquo;\" rel=\"nofollow\" data-success_message=\"&ldquo;Tinteiro epson ecotank 104 et-2710 \/ 2711 \/ 2712 \/ 2720 \/ 2726 \/ 4700 cian 7500 paginas&rdquo; foi adicionado ao seu carrinho\" role=\"button\">Adicionar<\/a>\t<span id=\"woocommerce_loop_add_to_cart_link_describedby_75021\" class=\"screen-reader-text\">\n\t\t\t<\/span>\n<div class=\"tooltip_no wishlist button-default yith-wcwl-add-to-wishlist add-to-wishlist-75021\"><div class=\"yith-wcwl-add-button show\"><a href=\"https:\/\/ifoffice.pt\/?page_id=121&#038;wishlist-action\" data-product-id=\"75021\" data-product-type=\"simple\" class=\"add_to_wishlist\" aria-label=\"Wishlist\" rel=\"nofollow\"><i class=\"fa fa-heart-o\"><\/i><span class=\"ht-product-action-tooltip\">Adicionar \u00e0 lista de Desejos<\/span><\/a><i class=\"fa fa-spinner fa-pulse ajax-loading\" style=\"visibility:hidden\"><\/i><\/div><div class=\"yith-wcwl-wishlistaddedbrowse hide\" style=\"display:none;\"><a class=\"\" href=\"https:\/\/ifoffice.pt\/?page_id=121&#038;wishlist-action\" aria-label=\"Wishlist\" rel=\"nofollow\"><i class=\"fa fa-heart\"><\/i><span class=\"ht-product-action-tooltip\">Veja a sua lista de favoritos<\/span><\/a><\/div><div class=\"yith-wcwl-wishlistexistsbrowse hide\" style=\"display:none\"><a href=\"https:\/\/ifoffice.pt\/?page_id=121&#038;wishlist-action\" class=\"\" aria-label=\"Wishlist\" rel=\"nofollow\"><i class=\"fa fa-heart\"><\/i><span class=\"ht-product-action-tooltip\">Produto adicionado!<\/span><\/a><\/div><\/div>                                                <\/div>\n                                            \n                                            \n                                        <\/div>\n                                        \n                                        <div class=\"content\">\n                                            <h4 class=\"title\"><a href=\"https:\/\/ifoffice.pt\/?product=tinta-espon-ecotanao-104-et-2710-2711-2712-2720-2726-4700-cian-7500-pag\">Tinteiro epson ecotank 104 et-2710 \/ 2711 \/ 2712 \/ 2720 \/ 2726 \/ 4700 cian 7500 paginas<\/a><\/h4>\n                                            \n\t<span class=\"price\"><span class=\"woocommerce-Price-amount amount\"><bdi><span class=\"woocommerce-Price-currencySymbol\">&euro;<\/span>16.31<\/bdi><\/span> <small class=\"woocommerce-price-suffix\">IVA inc.<\/small><\/span>\n                                                                                    <\/div>\n                                    <\/div>\n\n                                <\/div>\n\n                                                       <\/div>\n                            <div class=\"slide-item ht-col-xs-12\">\n                                \n                                <div class=\"product-item  \">\n\n                                    <div class=\"product-inner\">\n                                        <div class=\"image-wrap\">\n                                            <a href=\"https:\/\/ifoffice.pt\/?product=tinteiro-hp-302-deskjet-11xx-21xx-36xx-envy-45xx-officejet-38xx-46xx-52xx-pack-multicolor-preto-amarelo-cian-m\" class=\"image\">\n                                                <img loading=\"lazy\" decoding=\"async\" width=\"300\" height=\"229\" src=\"https:\/\/ifoffice.pt\/wp-content\/uploads\/2023\/03\/153415g-300x229.jpg\" class=\"attachment-woocommerce_thumbnail size-woocommerce_thumbnail\" alt=\"Tinteiro hp 302 deskjet 11xx \/ 21xx \/ 36xx envy 45xx \/ officejet 38xx \/ 46xx \/ 52xx pack multicolor preto amarelo cian m\" srcset=\"https:\/\/ifoffice.pt\/wp-content\/uploads\/2023\/03\/153415g-300x229.jpg 300w, https:\/\/ifoffice.pt\/wp-content\/uploads\/2023\/03\/153415g-64x49.jpg 64w, https:\/\/ifoffice.pt\/wp-content\/uploads\/2023\/03\/153415g.jpg 420w\" sizes=\"(max-width: 300px) 100vw, 300px\" \/>                                            <\/a>\n                                                                                                                                        <div class=\"actions style_two\">\n                                                    <a href=\"\/index.php?rest_route=%2Fwp%2Fv2%2Fpages%2F56944&#038;add-to-cart=78423\" aria-describedby=\"woocommerce_loop_add_to_cart_link_describedby_78423\" data-quantity=\"1\" class=\"button product_type_simple add_to_cart_button ajax_add_to_cart\" data-product_id=\"78423\" data-product_sku=\"153415\" aria-label=\"Adiciona ao carrinho: &ldquo;Tinteiro hp 302 deskjet 11xx \/ 21xx \/ 36xx envy 45xx \/ officejet 38xx \/ 46xx \/ 52xx pack multicolor preto amarelo cian m&rdquo;\" rel=\"nofollow\" data-success_message=\"&ldquo;Tinteiro hp 302 deskjet 11xx \/ 21xx \/ 36xx envy 45xx \/ officejet 38xx \/ 46xx \/ 52xx pack multicolor preto amarelo cian m&rdquo; foi adicionado ao seu carrinho\" role=\"button\">Adicionar<\/a>\t<span id=\"woocommerce_loop_add_to_cart_link_describedby_78423\" class=\"screen-reader-text\">\n\t\t\t<\/span>\n<div class=\"tooltip_no wishlist button-default yith-wcwl-add-to-wishlist add-to-wishlist-78423\"><div class=\"yith-wcwl-add-button show\"><a href=\"https:\/\/ifoffice.pt\/?page_id=121&#038;wishlist-action\" data-product-id=\"78423\" data-product-type=\"simple\" class=\"add_to_wishlist\" aria-label=\"Wishlist\" rel=\"nofollow\"><i class=\"fa fa-heart-o\"><\/i><span class=\"ht-product-action-tooltip\">Adicionar \u00e0 lista de Desejos<\/span><\/a><i class=\"fa fa-spinner fa-pulse ajax-loading\" style=\"visibility:hidden\"><\/i><\/div><div class=\"yith-wcwl-wishlistaddedbrowse hide\" style=\"display:none;\"><a class=\"\" href=\"https:\/\/ifoffice.pt\/?page_id=121&#038;wishlist-action\" aria-label=\"Wishlist\" rel=\"nofollow\"><i class=\"fa fa-heart\"><\/i><span class=\"ht-product-action-tooltip\">Veja a sua lista de favoritos<\/span><\/a><\/div><div class=\"yith-wcwl-wishlistexistsbrowse hide\" style=\"display:none\"><a href=\"https:\/\/ifoffice.pt\/?page_id=121&#038;wishlist-action\" class=\"\" aria-label=\"Wishlist\" rel=\"nofollow\"><i class=\"fa fa-heart\"><\/i><span class=\"ht-product-action-tooltip\">Produto adicionado!<\/span><\/a><\/div><\/div>                                                <\/div>\n                                            \n                                            \n                                        <\/div>\n                                        \n                                        <div class=\"content\">\n                                            <h4 class=\"title\"><a href=\"https:\/\/ifoffice.pt\/?product=tinteiro-hp-302-deskjet-11xx-21xx-36xx-envy-45xx-officejet-38xx-46xx-52xx-pack-multicolor-preto-amarelo-cian-m\">Tinteiro hp 302 deskjet 11xx \/ 21xx \/ 36xx envy 45xx \/ officejet 38xx \/ 46xx \/ 52xx pack multicolor preto amarelo cian m<\/a><\/h4>\n                                            \n\t<span class=\"price\"><span class=\"woocommerce-Price-amount amount\"><bdi><span class=\"woocommerce-Price-currencySymbol\">&euro;<\/span>77.87<\/bdi><\/span> <small class=\"woocommerce-price-suffix\">IVA inc.<\/small><\/span>\n                                                                                    <\/div>\n                                    <\/div>\n\n                                <\/div>\n\n                                                       <\/div>\n                            <div class=\"slide-item ht-col-xs-12\">\n                                \n                                <div class=\"product-item  \">\n\n                                    <div class=\"product-inner\">\n                                        <div class=\"image-wrap\">\n                                            <a href=\"https:\/\/ifoffice.pt\/?product=tinteiro-epson-27xl-wf3620-7110-7610-7620-cyan-1-100-pag\" class=\"image\">\n                                                <img loading=\"lazy\" decoding=\"async\" width=\"300\" height=\"229\" src=\"https:\/\/ifoffice.pt\/wp-content\/uploads\/2023\/03\/90848g-300x229.jpg\" class=\"attachment-woocommerce_thumbnail size-woocommerce_thumbnail\" alt=\"Tinteiro epson 27xl wf3620 \/ 7110 \/ 7610 \/ 7620 cyan 1.100 pag\" srcset=\"https:\/\/ifoffice.pt\/wp-content\/uploads\/2023\/03\/90848g-300x229.jpg 300w, https:\/\/ifoffice.pt\/wp-content\/uploads\/2023\/03\/90848g-64x49.jpg 64w, https:\/\/ifoffice.pt\/wp-content\/uploads\/2023\/03\/90848g.jpg 420w\" sizes=\"(max-width: 300px) 100vw, 300px\" \/>                                            <\/a>\n                                                                                                                                        <div class=\"actions style_two\">\n                                                    <a href=\"\/index.php?rest_route=%2Fwp%2Fv2%2Fpages%2F56944&#038;add-to-cart=80496\" aria-describedby=\"woocommerce_loop_add_to_cart_link_describedby_80496\" data-quantity=\"1\" class=\"button product_type_simple add_to_cart_button ajax_add_to_cart\" data-product_id=\"80496\" data-product_sku=\"90848\" aria-label=\"Adiciona ao carrinho: &ldquo;Tinteiro epson 27xl wf3620 \/ 7110 \/ 7610 \/ 7620 cyan 1.100 pag&rdquo;\" rel=\"nofollow\" data-success_message=\"&ldquo;Tinteiro epson 27xl wf3620 \/ 7110 \/ 7610 \/ 7620 cyan 1.100 pag&rdquo; foi adicionado ao seu carrinho\" role=\"button\">Adicionar<\/a>\t<span id=\"woocommerce_loop_add_to_cart_link_describedby_80496\" class=\"screen-reader-text\">\n\t\t\t<\/span>\n<div class=\"tooltip_no wishlist button-default yith-wcwl-add-to-wishlist add-to-wishlist-80496\"><div class=\"yith-wcwl-add-button show\"><a href=\"https:\/\/ifoffice.pt\/?page_id=121&#038;wishlist-action\" data-product-id=\"80496\" data-product-type=\"simple\" class=\"add_to_wishlist\" aria-label=\"Wishlist\" rel=\"nofollow\"><i class=\"fa fa-heart-o\"><\/i><span class=\"ht-product-action-tooltip\">Adicionar \u00e0 lista de Desejos<\/span><\/a><i class=\"fa fa-spinner fa-pulse ajax-loading\" style=\"visibility:hidden\"><\/i><\/div><div class=\"yith-wcwl-wishlistaddedbrowse hide\" style=\"display:none;\"><a class=\"\" href=\"https:\/\/ifoffice.pt\/?page_id=121&#038;wishlist-action\" aria-label=\"Wishlist\" rel=\"nofollow\"><i class=\"fa fa-heart\"><\/i><span class=\"ht-product-action-tooltip\">Veja a sua lista de favoritos<\/span><\/a><\/div><div class=\"yith-wcwl-wishlistexistsbrowse hide\" style=\"display:none\"><a href=\"https:\/\/ifoffice.pt\/?page_id=121&#038;wishlist-action\" class=\"\" aria-label=\"Wishlist\" rel=\"nofollow\"><i class=\"fa fa-heart\"><\/i><span class=\"ht-product-action-tooltip\">Produto adicionado!<\/span><\/a><\/div><\/div>                                                <\/div>\n                                            \n                                            \n                                        <\/div>\n                                        \n                                        <div class=\"content\">\n                                            <h4 class=\"title\"><a href=\"https:\/\/ifoffice.pt\/?product=tinteiro-epson-27xl-wf3620-7110-7610-7620-cyan-1-100-pag\">Tinteiro epson 27xl wf3620 \/ 7110 \/ 7610 \/ 7620 cyan 1.100 pag<\/a><\/h4>\n                                            \n\t<span class=\"price\"><span class=\"woocommerce-Price-amount amount\"><bdi><span class=\"woocommerce-Price-currencySymbol\">&euro;<\/span>54.61<\/bdi><\/span> <small class=\"woocommerce-price-suffix\">IVA inc.<\/small><\/span>\n                                                                                    <\/div>\n                                    <\/div>\n\n                                <\/div>\n\n                                                       <\/div>\n                            <div class=\"slide-item ht-col-xs-12\">\n                                \n                                <div class=\"product-item  \">\n\n                                    <div class=\"product-inner\">\n                                        <div class=\"image-wrap\">\n                                            <a href=\"https:\/\/ifoffice.pt\/?product=tinteiro-epson-home-29-t2984-xp435-330-335-332-430-235-432-amarelo-175-pag\" class=\"image\">\n                                                <img loading=\"lazy\" decoding=\"async\" width=\"300\" height=\"229\" src=\"https:\/\/ifoffice.pt\/wp-content\/uploads\/2024\/02\/79466g-1.jpg\" class=\"attachment-woocommerce_thumbnail size-woocommerce_thumbnail\" alt=\"Tinteiro epson home 29 t2984 xp435\/330\/335\/332\/430\/235\/432 amarelo 175 pag\" \/>                                            <\/a>\n                                                                                                                                        <div class=\"actions style_two\">\n                                                    <a href=\"\/index.php?rest_route=%2Fwp%2Fv2%2Fpages%2F56944&#038;add-to-cart=81277\" aria-describedby=\"woocommerce_loop_add_to_cart_link_describedby_81277\" data-quantity=\"1\" class=\"button product_type_simple add_to_cart_button ajax_add_to_cart\" data-product_id=\"81277\" data-product_sku=\"79466\" aria-label=\"Adiciona ao carrinho: &ldquo;Tinteiro epson home 29 t2984 xp435\/330\/335\/332\/430\/235\/432 amarelo 175 pag&rdquo;\" rel=\"nofollow\" data-success_message=\"&ldquo;Tinteiro epson home 29 t2984 xp435\/330\/335\/332\/430\/235\/432 amarelo 175 pag&rdquo; foi adicionado ao seu carrinho\" role=\"button\">Adicionar<\/a>\t<span id=\"woocommerce_loop_add_to_cart_link_describedby_81277\" class=\"screen-reader-text\">\n\t\t\t<\/span>\n<div class=\"tooltip_no wishlist button-default yith-wcwl-add-to-wishlist add-to-wishlist-81277\"><div class=\"yith-wcwl-add-button show\"><a href=\"https:\/\/ifoffice.pt\/?page_id=121&#038;wishlist-action\" data-product-id=\"81277\" data-product-type=\"simple\" class=\"add_to_wishlist\" aria-label=\"Wishlist\" rel=\"nofollow\"><i class=\"fa fa-heart-o\"><\/i><span class=\"ht-product-action-tooltip\">Adicionar \u00e0 lista de Desejos<\/span><\/a><i class=\"fa fa-spinner fa-pulse ajax-loading\" style=\"visibility:hidden\"><\/i><\/div><div class=\"yith-wcwl-wishlistaddedbrowse hide\" style=\"display:none;\"><a class=\"\" href=\"https:\/\/ifoffice.pt\/?page_id=121&#038;wishlist-action\" aria-label=\"Wishlist\" rel=\"nofollow\"><i class=\"fa fa-heart\"><\/i><span class=\"ht-product-action-tooltip\">Veja a sua lista de favoritos<\/span><\/a><\/div><div class=\"yith-wcwl-wishlistexistsbrowse hide\" style=\"display:none\"><a href=\"https:\/\/ifoffice.pt\/?page_id=121&#038;wishlist-action\" class=\"\" aria-label=\"Wishlist\" rel=\"nofollow\"><i class=\"fa fa-heart\"><\/i><span class=\"ht-product-action-tooltip\">Produto adicionado!<\/span><\/a><\/div><\/div>                                                <\/div>\n                                            \n                                            \n                                        <\/div>\n                                        \n                                        <div class=\"content\">\n                                            <h4 class=\"title\"><a href=\"https:\/\/ifoffice.pt\/?product=tinteiro-epson-home-29-t2984-xp435-330-335-332-430-235-432-amarelo-175-pag\">Tinteiro epson home 29 t2984 xp435\/330\/335\/332\/430\/235\/432 amarelo 175 pag<\/a><\/h4>\n                                            \n\t<span class=\"price\"><span class=\"woocommerce-Price-amount amount\"><bdi><span class=\"woocommerce-Price-currencySymbol\">&euro;<\/span>17.82<\/bdi><\/span> <small class=\"woocommerce-price-suffix\">IVA inc.<\/small><\/span>\n                                                                                    <\/div>\n                                    <\/div>\n\n                                <\/div>\n\n                                                       <\/div>\n                            <div class=\"slide-item ht-col-xs-12\">\n                                \n                                <div class=\"product-item  \">\n\n                                    <div class=\"product-inner\">\n                                        <div class=\"image-wrap\">\n                                            <a href=\"https:\/\/ifoffice.pt\/?product=tinteiro-hp-xl-cn626ae-x451dn-x451dw-551dw-x476dn-x476dw-x576dw-cian-6-600pag\" class=\"image\">\n                                                <img loading=\"lazy\" decoding=\"async\" width=\"300\" height=\"229\" src=\"https:\/\/ifoffice.pt\/wp-content\/uploads\/2023\/03\/72882g-300x229.jpg\" class=\"attachment-woocommerce_thumbnail size-woocommerce_thumbnail\" alt=\"Tinteiro hp xl cn626ae x451dn x451dw\/551dw x476dn x476dw x576dw cian 6.600pag\" srcset=\"https:\/\/ifoffice.pt\/wp-content\/uploads\/2023\/03\/72882g-300x229.jpg 300w, https:\/\/ifoffice.pt\/wp-content\/uploads\/2023\/03\/72882g-64x49.jpg 64w, https:\/\/ifoffice.pt\/wp-content\/uploads\/2023\/03\/72882g.jpg 420w\" sizes=\"(max-width: 300px) 100vw, 300px\" \/>                                            <\/a>\n                                                                                                                                        <div class=\"actions style_two\">\n                                                    <a href=\"\/index.php?rest_route=%2Fwp%2Fv2%2Fpages%2F56944&#038;add-to-cart=84992\" aria-describedby=\"woocommerce_loop_add_to_cart_link_describedby_84992\" data-quantity=\"1\" class=\"button product_type_simple add_to_cart_button ajax_add_to_cart\" data-product_id=\"84992\" data-product_sku=\"72882\" aria-label=\"Adiciona ao carrinho: &ldquo;Tinteiro hp xl cn626ae x451dn x451dw\/551dw x476dn x476dw x576dw cian 6.600pag&rdquo;\" rel=\"nofollow\" data-success_message=\"&ldquo;Tinteiro hp xl cn626ae x451dn x451dw\/551dw x476dn x476dw x576dw cian 6.600pag&rdquo; foi adicionado ao seu carrinho\" role=\"button\">Adicionar<\/a>\t<span id=\"woocommerce_loop_add_to_cart_link_describedby_84992\" class=\"screen-reader-text\">\n\t\t\t<\/span>\n<div class=\"tooltip_no wishlist button-default yith-wcwl-add-to-wishlist add-to-wishlist-84992\"><div class=\"yith-wcwl-add-button show\"><a href=\"https:\/\/ifoffice.pt\/?page_id=121&#038;wishlist-action\" data-product-id=\"84992\" data-product-type=\"simple\" class=\"add_to_wishlist\" aria-label=\"Wishlist\" rel=\"nofollow\"><i class=\"fa fa-heart-o\"><\/i><span class=\"ht-product-action-tooltip\">Adicionar \u00e0 lista de Desejos<\/span><\/a><i class=\"fa fa-spinner fa-pulse ajax-loading\" style=\"visibility:hidden\"><\/i><\/div><div class=\"yith-wcwl-wishlistaddedbrowse hide\" style=\"display:none;\"><a class=\"\" href=\"https:\/\/ifoffice.pt\/?page_id=121&#038;wishlist-action\" aria-label=\"Wishlist\" rel=\"nofollow\"><i class=\"fa fa-heart\"><\/i><span class=\"ht-product-action-tooltip\">Veja a sua lista de favoritos<\/span><\/a><\/div><div class=\"yith-wcwl-wishlistexistsbrowse hide\" style=\"display:none\"><a href=\"https:\/\/ifoffice.pt\/?page_id=121&#038;wishlist-action\" class=\"\" aria-label=\"Wishlist\" rel=\"nofollow\"><i class=\"fa fa-heart\"><\/i><span class=\"ht-product-action-tooltip\">Produto adicionado!<\/span><\/a><\/div><\/div>                                                <\/div>\n                                            \n                                            \n                                        <\/div>\n                                        \n                                        <div class=\"content\">\n                                            <h4 class=\"title\"><a href=\"https:\/\/ifoffice.pt\/?product=tinteiro-hp-xl-cn626ae-x451dn-x451dw-551dw-x476dn-x476dw-x576dw-cian-6-600pag\">Tinteiro hp xl cn626ae x451dn x451dw\/551dw x476dn x476dw x576dw cian 6.600pag<\/a><\/h4>\n                                            \n\t<span class=\"price\"><span class=\"woocommerce-Price-amount amount\"><bdi><span class=\"woocommerce-Price-currencySymbol\">&euro;<\/span>252.69<\/bdi><\/span> <small class=\"woocommerce-price-suffix\">IVA inc.<\/small><\/span>\n                                                                                    <\/div>\n                                    <\/div>\n\n                                <\/div>\n\n                                                       <\/div>\n                    <\/div>                <\/div>\n            \n        <\/div>  \n\n\n        \t\t\t\t<\/div>\n\t\t\t\t<\/div>\n\t\t\t\t<div class=\"elementor-element elementor-element-9e98da6 elementor-align-center elementor-mobile-align-center elementor-widget elementor-widget-button\" data-id=\"9e98da6\" data-element_type=\"widget\" data-e-type=\"widget\" data-widget_type=\"button.default\">\n\t\t\t\t<div class=\"elementor-widget-container\">\n\t\t\t\t\t\t\t\t\t<div class=\"elementor-button-wrapper\">\n\t\t\t\t\t<a class=\"elementor-button elementor-button-link elementor-size-md elementor-animation-shrink\" href=\"https:\/\/ifoffice.pt\/?product_cat=tinteiros-originais\">\n\t\t\t\t\t\t<span class=\"elementor-button-content-wrapper\">\n\t\t\t\t\t\t\t\t\t<span class=\"elementor-button-text\">Ver Tinteiros Originais<\/span>\n\t\t\t\t\t<\/span>\n\t\t\t\t\t<\/a>\n\t\t\t\t<\/div>\n\t\t\t\t\t\t\t\t<\/div>\n\t\t\t\t<\/div>\n\t\t\t\t\t<\/div>\n\t\t<\/div>\n\t\t\t\t\t<\/div>\n\t\t<\/section>\n\t\t\t\t<section class=\"elementor-section elementor-top-section elementor-element elementor-element-f577443 elementor-hidden-desktop elementor-section-boxed elementor-section-height-default elementor-section-height-default wpr-particle-no wpr-jarallax-no wpr-parallax-no wpr-sticky-section-no wpr-equal-height-no elementor-invisible\" data-id=\"f577443\" data-element_type=\"section\" data-e-type=\"section\" data-settings=\"{&quot;background_background&quot;:&quot;classic&quot;,&quot;animation&quot;:&quot;fadeIn&quot;}\">\n\t\t\t\t\t\t<div class=\"elementor-container elementor-column-gap-default\">\n\t\t\t\t\t<div class=\"elementor-column elementor-col-50 elementor-top-column elementor-element elementor-element-eb3bd8c\" data-id=\"eb3bd8c\" data-element_type=\"column\" data-e-type=\"column\">\n\t\t\t<div class=\"elementor-widget-wrap elementor-element-populated\">\n\t\t\t\t\t\t<div class=\"elementor-element elementor-element-c12101b elementor-widget elementor-widget-image\" data-id=\"c12101b\" data-element_type=\"widget\" data-e-type=\"widget\" data-widget_type=\"image.default\">\n\t\t\t\t<div class=\"elementor-widget-container\">\n\t\t\t\t\t\t\t\t\t\t\t\t\t\t\t<img loading=\"lazy\" decoding=\"async\" width=\"173\" height=\"47\" src=\"https:\/\/ifoffice.pt\/wp-content\/uploads\/2021\/01\/my-shop-logo-1552818392-1.jpg\" class=\"attachment-large size-large wp-image-101746\" alt=\"\" \/>\t\t\t\t\t\t\t\t\t\t\t\t\t\t\t<\/div>\n\t\t\t\t<\/div>\n\t\t\t\t<div class=\"elementor-element elementor-element-9cc9456 elementor-widget elementor-widget-heading\" data-id=\"9cc9456\" data-element_type=\"widget\" data-e-type=\"widget\" data-widget_type=\"heading.default\">\n\t\t\t\t<div class=\"elementor-widget-container\">\n\t\t\t\t\t<h2 class=\"elementor-heading-title elementor-size-default\">SOBRE N\u00d3S<\/h2>\t\t\t\t<\/div>\n\t\t\t\t<\/div>\n\t\t\t\t<div class=\"elementor-element elementor-element-bd21d9c elementor-widget elementor-widget-text-editor\" data-id=\"bd21d9c\" data-element_type=\"widget\" data-e-type=\"widget\" data-widget_type=\"text-editor.default\">\n\t\t\t\t<div class=\"elementor-widget-container\">\n\t\t\t\t\t\t\t\t\t<p>A IF Office foi criada a pensar em si, por isso desejamos estabelecer uma rela\u00e7\u00e3o transparente que assenta numa parceria vantajosa, oferecendo assessoria e atendimento personalizado.<\/p><p>A satisfa\u00e7\u00e3o do cliente \u00e9 o objectivo, por isso, disp\u00f5e de um servi\u00e7o pr\u00f3prio de distribui\u00e7\u00e3o de encomendas que \u00e9 feito 24 a 48 horas ap\u00f3s o pedido, salvo rutura de stock. Trabalha com parceiros de toda a Europa que representam as grandes marcas do sector.<\/p>\t\t\t\t\t\t\t\t<\/div>\n\t\t\t\t<\/div>\n\t\t\t\t<div class=\"elementor-element elementor-element-1013906 elementor-align-center elementor-widget elementor-widget-button\" data-id=\"1013906\" data-element_type=\"widget\" data-e-type=\"widget\" data-widget_type=\"button.default\">\n\t\t\t\t<div class=\"elementor-widget-container\">\n\t\t\t\t\t\t\t\t\t<div class=\"elementor-button-wrapper\">\n\t\t\t\t\t<a class=\"elementor-button elementor-button-link elementor-size-sm\" href=\"https:\/\/ifoffice.pt\/?page_id=56956\">\n\t\t\t\t\t\t<span class=\"elementor-button-content-wrapper\">\n\t\t\t\t\t\t\t\t\t<span class=\"elementor-button-text\">Saber mais<\/span>\n\t\t\t\t\t<\/span>\n\t\t\t\t\t<\/a>\n\t\t\t\t<\/div>\n\t\t\t\t\t\t\t\t<\/div>\n\t\t\t\t<\/div>\n\t\t\t\t\t<\/div>\n\t\t<\/div>\n\t\t\t\t<div class=\"elementor-column elementor-col-50 elementor-top-column elementor-element elementor-element-33eccd3\" data-id=\"33eccd3\" data-element_type=\"column\" data-e-type=\"column\">\n\t\t\t<div class=\"elementor-widget-wrap\">\n\t\t\t\t\t\t\t<\/div>\n\t\t<\/div>\n\t\t\t\t\t<\/div>\n\t\t<\/section>\n\t\t\t\t<section class=\"elementor-section elementor-top-section elementor-element elementor-element-bfb7a64 elementor-hidden-desktop elementor-section-boxed elementor-section-height-default elementor-section-height-default wpr-particle-no wpr-jarallax-no wpr-parallax-no wpr-sticky-section-no wpr-equal-height-no\" data-id=\"bfb7a64\" data-element_type=\"section\" data-e-type=\"section\" data-settings=\"{&quot;shape_divider_bottom&quot;:&quot;opacity-tilt&quot;}\">\n\t\t\t\t\t<div class=\"elementor-shape elementor-shape-bottom\" aria-hidden=\"true\" data-negative=\"false\">\n\t\t\t<svg xmlns=\"http:\/\/www.w3.org\/2000\/svg\" viewBox=\"0 0 2600 131.1\" preserveAspectRatio=\"none\">\n\t<path class=\"elementor-shape-fill\" d=\"M0 0L2600 0 2600 69.1 0 0z\"\/>\n\t<path class=\"elementor-shape-fill\" style=\"opacity:0.5\" d=\"M0 0L2600 0 2600 69.1 0 69.1z\"\/>\n\t<path class=\"elementor-shape-fill\" style=\"opacity:0.25\" d=\"M2600 0L0 0 0 130.1 2600 69.1z\"\/>\n<\/svg>\t\t<\/div>\n\t\t\t\t\t<div class=\"elementor-container elementor-column-gap-default\">\n\t\t\t\t\t<div class=\"elementor-column elementor-col-100 elementor-top-column elementor-element elementor-element-9790d41\" data-id=\"9790d41\" data-element_type=\"column\" data-e-type=\"column\">\n\t\t\t<div class=\"elementor-widget-wrap elementor-element-populated\">\n\t\t\t\t\t\t<div class=\"elementor-element elementor-element-9fc9b46 elementor-widget elementor-widget-spacer\" data-id=\"9fc9b46\" data-element_type=\"widget\" data-e-type=\"widget\" data-widget_type=\"spacer.default\">\n\t\t\t\t<div class=\"elementor-widget-container\">\n\t\t\t\t\t\t\t<div class=\"elementor-spacer\">\n\t\t\t<div class=\"elementor-spacer-inner\"><\/div>\n\t\t<\/div>\n\t\t\t\t\t\t<\/div>\n\t\t\t\t<\/div>\n\t\t\t\t\t<\/div>\n\t\t<\/div>\n\t\t\t\t\t<\/div>\n\t\t<\/section>\n\t\t\t\t<\/div>\n\t\t","protected":false},"excerpt":{"rendered":"<p>Portes de Envio Gratuitos em compras superiores a 75\u20ac +iva PAGAMENTO SEGURO pagamentos online em seguran\u00e7a, sem riscos FORMAS DE PAGAMENTO MultiBanco | Transfer\u00eancia Banc\u00e1ria | PayPal Destaques do M\u00eas Adicionar Adicionar \u00e0 lista de DesejosVeja a sua lista de favoritosProduto adicionado! Caderno espiral liderpapel A5 smart capa suave &#8211; Pautado &euro;1.08 IVA inc. Adicionar Adicionar \u00e0 lista de DesejosVeja a sua lista de favoritosProduto adicionado! Papel fotocopia A4 My Print 5x500Fls &euro;23.68 IVA inc. Adicionar Adicionar \u00e0 lista de DesejosVeja a sua lista de favoritosProduto adicionado! Marcador fluorescente mini liderpapel &#8211; Estojo 6 unidades &euro;5.47 O pre\u00e7o original era: &euro;5.47.&euro;4.01O pre\u00e7o atual \u00e9: &euro;4.01. IVA inc. Adicionar Adicionar \u00e0 lista de DesejosVeja a sua lista de favoritosProduto adicionado! Papel fotocopia Q-Connect ECONOMY A4 80 gr 500 folhas &euro;5.10 O pre\u00e7o original era: &euro;5.10.&euro;4.92O pre\u00e7o atual \u00e9: &euro;4.92. IVA inc. TOP VENDAS! Adicionar Adicionar \u00e0 lista de DesejosVeja a sua lista de favoritosProduto adicionado! Pasta de arquivo econ\u00f3mico com caixa em cart\u00e3o revestido a papel marmoreado IFoffice &euro;2.71 IVA inc. Adicionar Adicionar \u00e0 lista de DesejosVeja a sua lista de favoritosProduto adicionado! CADEIRA DE ESCRITORIO Q-CONNECT MALHA BASE METAL ALT MAX 1000 MM LARG 560 MM PROF 570 MM RODAS PREMIUM COR BRANCO\/CINZA &euro;116.85 IVA inc. TOP VENDAS! Adicionar Adicionar \u00e0 lista de DesejosVeja a sua lista de favoritosProduto adicionado! Papel higi\u00e9nico jumbo 2 folhas. 12 rolos &euro;15.38 IVA inc. Adicionar Adicionar \u00e0 lista de DesejosVeja a sua lista de favoritosProduto adicionado! Comando &#8216;Power A&#8217; sem fios enhanced para nintendo switch fortnite &euro;120.77 O pre\u00e7o original era: &euro;120.77.&euro;83.30O pre\u00e7o atual \u00e9: &euro;83.30. IVA inc. Adicionar Adicionar \u00e0 lista de DesejosVeja a sua lista de favoritosProduto adicionado! Cola Universal Bisnaga 35ml Safel &euro;1.29 IVA inc. Adicionar Adicionar \u00e0 lista de DesejosVeja a sua lista de favoritosProduto adicionado! ESFEROGRAFICA BELIUS PASSION DOR ALUMINIO TEXTURA ESCOVADO DESENHO VERMELHO E DOURADO TINTA AZUL CAIXA DESIGN &euro;12.24 IVA inc. Adicionar Adicionar \u00e0 lista de DesejosVeja a sua lista de favoritosProduto adicionado! Kit maped desenho mandalas 33 pecas &euro;27.83 O pre\u00e7o original era: &euro;27.83.&euro;23.65O pre\u00e7o atual \u00e9: &euro;23.65. IVA inc. SUPER PRE\u00c7O! Adicionar Adicionar \u00e0 lista de DesejosVeja a sua lista de favoritosProduto adicionado! Marcador BIC permanente Marking 2000 azul &euro;16.24 O pre\u00e7o original era: &euro;16.24.&euro;11.81O pre\u00e7o atual \u00e9: &euro;11.81. IVA inc. Adicionar Adicionar \u00e0 lista de DesejosVeja a sua lista de favoritosProduto adicionado! Maquina de caf\u00e9 ForYou Jukebox MOAK &euro;209.10 IVA inc. Adicionar Adicionar \u00e0 lista de DesejosVeja a sua lista de favoritosProduto adicionado! CADEIRA DE DIRECAO Q-CONNECT IMIT DE PELE BASE METAL ALT MAX 1210 MM LARG 650 MM PROF 730 MM RODAS PREMIUM COR BRANCO &euro;239.85 O pre\u00e7o original era: &euro;239.85.&euro;202.95O pre\u00e7o atual \u00e9: &euro;202.95. IVA inc. Adicionar Adicionar \u00e0 lista de DesejosVeja a sua lista de favoritosProduto adicionado! Papel fotocopia Q-Connect ECONOMY A3 80 gr 500 folhas &euro;12.30 IVA inc. SUPER PRE\u00c7O! Adicionar Adicionar \u00e0 lista de DesejosVeja a sua lista de favoritosProduto adicionado! Marcador edding permanente 300 vermelho ponta redonda 1,5 mm &euro;13.65 O pre\u00e7o original era: &euro;13.65.&euro;9.84O pre\u00e7o atual \u00e9: &euro;9.84. IVA inc. https:\/\/ifoffice.pt\/wp-content\/uploads\/2024\/06\/dossier-ifoffice.mp4 Tinteiros e toners Adicionar Adicionar \u00e0 lista de DesejosVeja a sua lista de favoritosProduto adicionado! Tinteiro hp 903xl officejet 6960 \/ 6970 preto 825 paginas &euro;52.18 IVA inc.&nbsp;&euro;49.57 IVA inc. Adicionar Adicionar \u00e0 lista de DesejosVeja a sua lista de favoritosProduto adicionado! Tinteiro hp 903xl officejet 6960 \/ 6970 magenta 825 paginas &euro;25.83 IVA inc.&nbsp;&euro;24.54 IVA inc. Adicionar Adicionar \u00e0 lista de DesejosVeja a sua lista de favoritosProduto adicionado! Tinteiro hp 304xl deskjet 3000 \/ 3720 \/ 3730 preto 300 paginas &euro;37.05 IVA inc.&nbsp;&euro;35.19 IVA inc. Adicionar Adicionar \u00e0 lista de DesejosVeja a sua lista de favoritosProduto adicionado! Tinteiro hp n.304 deskjet 3000 \/ 3720 \/ 3730 tricolor 100 paginas &euro;18.52 IVA inc.&nbsp;&euro;17.60 IVA inc. Ler mais Adicionar \u00e0 lista de DesejosVeja a sua lista de favoritosProduto adicionado! Tinteiro canon pgi550xl pixma mg5450\/5550\/ 6350\/7150 preto grande capacidade &euro;23.91 IVA inc.&nbsp;&euro;22.72 IVA inc. Adicionar Adicionar \u00e0 lista de DesejosVeja a sua lista de favoritosProduto adicionado! Tinteiro brother lc229xlbk mfc-j5320dw \/ 5620dw \/ 5625dw \/ 5720 dw preto 2400 pag &euro;38.90 IVA inc.&nbsp;&euro;36.96 IVA inc. Adicionar Adicionar \u00e0 lista de DesejosVeja a sua lista de favoritosProduto adicionado! Tinteiro hp 305xl deskjet 1210 \/ 1212 \/ 1255 \/ 2732 \/ 2752 \/ 4155 \/ 4158 envy 6020 \/ 6052 \/6055 \/ 6420 tricolor 200 &euro;23.55 IVA inc.&nbsp;&euro;22.37 IVA inc. Adicionar Adicionar \u00e0 lista de DesejosVeja a sua lista de favoritosProduto adicionado! Tinteiro hp 305xl deskjet 1210 \/ 1212 \/ 1255 \/ 2732 \/ 2752 \/ 4155 \/ 4158 envy 6020 \/ 6052 \/6055 \/ 6420 preto 240 &euro;25.74 IVA inc.&nbsp;&euro;24.45 IVA inc. Adicionar Adicionar \u00e0 lista de DesejosVeja a sua lista de favoritosProduto adicionado! Tinteiro hp 305 deskjet 1210 \/ 1212 \/ 1255 \/ 2732 \/ 2752 \/ 4155 \/ 4158 envy 6020 \/ 6052 \/6055 \/ 6420 tricolor 100 &euro;14.75 IVA inc.&nbsp;&euro;14.01 IVA inc. Adicionar Adicionar \u00e0 lista de DesejosVeja a sua lista de favoritosProduto adicionado! Tinteiro hp 305 deskjet 1210 \/ 1212 \/ 1255 \/ 2732 \/ 2752 \/ 4155 \/ 4158 envy 6020 \/ 6052 \/6055 \/ 6420 preto 120 &euro;14.74 IVA inc.&nbsp;&euro;14.00 IVA inc. Adicionar Adicionar \u00e0 lista de DesejosVeja a sua lista de favoritosProduto adicionado! Tinteiro epson 378 expression home xp-8605 \/ 15000 \/ 8500 preto amarelo cian magenta cian claro magenta claro 360 &euro;80.09 IVA inc.&nbsp;&euro;76.08 IVA inc. Adicionar Adicionar \u00e0 lista de DesejosVeja a sua lista de favoritosProduto adicionado! Tinteiro epson 378 expression home xp-8605 \/ 8606 \/ xp-15000 \/ xp-8500 \/ 8505 cian 360 pag &euro;13.36 IVA inc.&nbsp;&euro;12.69 IVA inc. Adicionar Adicionar \u00e0 lista de DesejosVeja a sua lista de favoritosProduto adicionado! Tinteiro epson 378 xl expression home xp-8605 \/ 15000 \/ 8500 preto amarelo cian magenta cian claro &euro;152.41 IVA inc.&nbsp;&euro;144.78 IVA inc. Adicionar Adicionar \u00e0 lista de DesejosVeja a sua lista de favoritosProduto adicionado! Tinteiro epson 378 xl expression home xp-8605 \/ 8606 \/ xp-15000 \/ xp-8500 \/ 8505 amarelo 830 pag &euro;25.60 IVA inc.&nbsp;&euro;24.32 IVA inc. Adicionar Adicionar \u00e0 lista de DesejosVeja a sua lista de favoritosProduto<a href=\"https:\/\/ifoffice.pt\/?product=tinteiro-hp-xl-cn626ae-x451dn-x451dw-551dw-x476dn-x476dw-x576dw-cian-6-600pag\" rel=\"bookmark\">Ler mais &raquo;<span class=\"screen-reader-text\">Tinteiro hp xl cn626ae x451dn x451dw\/551dw x476dn x476dw x576dw cian 6.600pag<\/span><\/a><\/p>\n","protected":false},"author":1,"featured_media":0,"parent":0,"menu_order":0,"comment_status":"closed","ping_status":"closed","template":"page-templates\/template-pagebuilder-full-width.php","meta":{"neve_meta_sidebar":"","neve_meta_container":"","neve_meta_enable_content_width":"","neve_meta_content_width":70,"neve_meta_title_alignment":"","neve_meta_author_avatar":"","neve_post_elements_order":"","neve_meta_disable_header":"","neve_meta_disable_footer":"","neve_meta_disable_title":"","footnotes":""},"class_list":["post-56944","page","type-page","status-publish","hentry"],"_links":{"self":[{"href":"https:\/\/ifoffice.pt\/index.php?rest_route=\/wp\/v2\/pages\/56944","targetHints":{"allow":["GET"]}}],"collection":[{"href":"https:\/\/ifoffice.pt\/index.php?rest_route=\/wp\/v2\/pages"}],"about":[{"href":"https:\/\/ifoffice.pt\/index.php?rest_route=\/wp\/v2\/types\/page"}],"author":[{"embeddable":true,"href":"https:\/\/ifoffice.pt\/index.php?rest_route=\/wp\/v2\/users\/1"}],"replies":[{"embeddable":true,"href":"https:\/\/ifoffice.pt\/index.php?rest_route=%2Fwp%2Fv2%2Fcomments&post=56944"}],"version-history":[{"count":555,"href":"https:\/\/ifoffice.pt\/index.php?rest_route=\/wp\/v2\/pages\/56944\/revisions"}],"predecessor-version":[{"id":134928,"href":"https:\/\/ifoffice.pt\/index.php?rest_route=\/wp\/v2\/pages\/56944\/revisions\/134928"}],"wp:attachment":[{"href":"https:\/\/ifoffice.pt\/index.php?rest_route=%2Fwp%2Fv2%2Fmedia&parent=56944"}],"curies":[{"name":"wp","href":"https:\/\/api.w.org\/{rel}","templated":true}]}}